{"id":48647,"date":"2022-11-24T09:49:47","date_gmt":"2022-11-24T09:49:47","guid":{"rendered":"https:\/\/pro.costa-verde.com\/produto\/plato-redondo-30-h5cm\/"},"modified":"2022-11-24T09:49:47","modified_gmt":"2022-11-24T09:49:47","slug":"plato-redondo-30-h5cm","status":"publish","type":"product","link":"https:\/\/pro.costa-verde.com\/es\/produto\/plato-redondo-30-h5cm\/","title":{"rendered":"Plato Redondo 30 h5cm"},"content":{"rendered":"","protected":false},"excerpt":{"rendered":"","protected":false},"featured_media":48535,"comment_status":"open","ping_status":"closed","template":"","meta":[],"product_brand":[],"product_cat":[1793],"product_tag":[],"class_list":{"0":"post-48647","1":"product","2":"type-product","3":"status-publish","4":"has-post-thumbnail","6":"product_cat-platos-del-chef","7":"pa_colecao-terra-es","9":"first","10":"onbackorder","11":"taxable","12":"shipping-taxable","13":"product-type-simple"},"yoast_head":"<!-- This site is optimized with the Yoast SEO plugin v26.9 - https:\/\/yoast.com\/product\/yoast-seo-wordpress\/ -->\n<title>Plato Redondo 30 h5cm - Costa Verde<\/title>\n<meta name=\"description\" content=\"Con l\u00edneas llamativas y perfiles org\u00e1nicos, el Plato Redondo 30cm de la Colecci\u00f3n Terra simboliza el inicio de una nueva era para la marca Costa Verde. Del tacto \u00e1spero al satinado, de la superficie plana a la escarpada, cada pieza es \u00fanica y disruptiva.\" \/>\n<meta name=\"robots\" content=\"index, follow, max-snippet:-1, max-image-preview:large, max-video-preview:-1\" \/>\n<link rel=\"canonical\" href=\"https:\/\/pro.costa-verde.com\/produto\/prato-redondo-30-h5cm\/\" \/>\n<meta property=\"og:locale\" content=\"es_ES\" \/>\n<meta property=\"og:type\" content=\"article\" \/>\n<meta property=\"og:title\" content=\"Plato Redondo 30 h5cm - Costa Verde\" \/>\n<meta property=\"og:description\" content=\"Con l\u00edneas llamativas y perfiles org\u00e1nicos, el Plato Redondo 30cm de la Colecci\u00f3n Terra simboliza el inicio de una nueva era para la marca Costa Verde. Del tacto \u00e1spero al satinado, de la superficie plana a la escarpada, cada pieza es \u00fanica y disruptiva.\" \/>\n<meta property=\"og:url\" content=\"https:\/\/pro.costa-verde.com\/produto\/prato-redondo-30-h5cm\/\" \/>\n<meta property=\"og:site_name\" content=\"Costa Verde\" \/>\n<meta property=\"article:publisher\" content=\"https:\/\/www.facebook.com\/costaverdeporcelanas\/\" \/>\n<meta property=\"og:image\" content=\"https:\/\/pro.costa-verde.com\/wp-content\/uploads\/2022\/11\/067000300001-Prato-Redondo-30cm.jpg\" \/>\n\t<meta property=\"og:image:width\" content=\"1920\" \/>\n\t<meta property=\"og:image:height\" content=\"1230\" \/>\n\t<meta property=\"og:image:type\" content=\"image\/jpeg\" \/>\n<meta name=\"twitter:card\" content=\"summary_large_image\" \/>\n<script type=\"application\/ld+json\" class=\"yoast-schema-graph\">{\"@context\":\"https:\/\/schema.org\",\"@graph\":[{\"@type\":\"WebPage\",\"@id\":\"https:\/\/pro.costa-verde.com\/produto\/prato-redondo-30-h5cm\/\",\"url\":\"https:\/\/pro.costa-verde.com\/produto\/prato-redondo-30-h5cm\/\",\"name\":\"Plato Redondo 30 h5cm - Costa Verde\",\"isPartOf\":{\"@id\":\"https:\/\/pro.costa-verde.com\/#website\"},\"primaryImageOfPage\":{\"@id\":\"https:\/\/pro.costa-verde.com\/produto\/prato-redondo-30-h5cm\/#primaryimage\"},\"image\":{\"@id\":\"https:\/\/pro.costa-verde.com\/produto\/prato-redondo-30-h5cm\/#primaryimage\"},\"thumbnailUrl\":\"https:\/\/pro.costa-verde.com\/wp-content\/uploads\/2022\/11\/067000300001-Prato-Redondo-30cm.jpg\",\"datePublished\":\"2022-11-24T09:49:47+00:00\",\"description\":\"Con l\u00edneas llamativas y perfiles org\u00e1nicos, el Plato Redondo 30cm de la Colecci\u00f3n Terra simboliza el inicio de una nueva era para la marca Costa Verde. Del tacto \u00e1spero al satinado, de la superficie plana a la escarpada, cada pieza es \u00fanica y disruptiva.\",\"breadcrumb\":{\"@id\":\"https:\/\/pro.costa-verde.com\/produto\/prato-redondo-30-h5cm\/#breadcrumb\"},\"inLanguage\":\"es\",\"potentialAction\":[{\"@type\":\"ReadAction\",\"target\":[\"https:\/\/pro.costa-verde.com\/produto\/prato-redondo-30-h5cm\/\"]}]},{\"@type\":\"ImageObject\",\"inLanguage\":\"es\",\"@id\":\"https:\/\/pro.costa-verde.com\/produto\/prato-redondo-30-h5cm\/#primaryimage\",\"url\":\"https:\/\/pro.costa-verde.com\/wp-content\/uploads\/2022\/11\/067000300001-Prato-Redondo-30cm.jpg\",\"contentUrl\":\"https:\/\/pro.costa-verde.com\/wp-content\/uploads\/2022\/11\/067000300001-Prato-Redondo-30cm.jpg\",\"width\":1920,\"height\":1230,\"caption\":\"Plato Redondo 30cm - Colecci\u00f3n Terra\"},{\"@type\":\"BreadcrumbList\",\"@id\":\"https:\/\/pro.costa-verde.com\/produto\/prato-redondo-30-h5cm\/#breadcrumb\",\"itemListElement\":[{\"@type\":\"ListItem\",\"position\":1,\"name\":\"In\u00edcio\",\"item\":\"https:\/\/pro.costa-verde.com\/es\/\"},{\"@type\":\"ListItem\",\"position\":2,\"name\":\"Loja online\",\"item\":\"https:\/\/pro.costa-verde.com\/loja-online\/\"},{\"@type\":\"ListItem\",\"position\":3,\"name\":\"Plato Redondo 30 h5cm\"}]},{\"@type\":\"WebSite\",\"@id\":\"https:\/\/pro.costa-verde.com\/#website\",\"url\":\"https:\/\/pro.costa-verde.com\/\",\"name\":\"Costa Verde\",\"description\":\"Loja Online\",\"potentialAction\":[{\"@type\":\"SearchAction\",\"target\":{\"@type\":\"EntryPoint\",\"urlTemplate\":\"https:\/\/pro.costa-verde.com\/?s={search_term_string}\"},\"query-input\":{\"@type\":\"PropertyValueSpecification\",\"valueRequired\":true,\"valueName\":\"search_term_string\"}}],\"inLanguage\":\"es\"}]}<\/script>\n<!-- \/ Yoast SEO plugin. -->","yoast_head_json":{"title":"Plato Redondo 30 h5cm - Costa Verde","description":"Con l\u00edneas llamativas y perfiles org\u00e1nicos, el Plato Redondo 30cm de la Colecci\u00f3n Terra simboliza el inicio de una nueva era para la marca Costa Verde. Del tacto \u00e1spero al satinado, de la superficie plana a la escarpada, cada pieza es \u00fanica y disruptiva.","robots":{"index":"index","follow":"follow","max-snippet":"max-snippet:-1","max-image-preview":"max-image-preview:large","max-video-preview":"max-video-preview:-1"},"canonical":"https:\/\/pro.costa-verde.com\/produto\/prato-redondo-30-h5cm\/","og_locale":"es_ES","og_type":"article","og_title":"Plato Redondo 30 h5cm - Costa Verde","og_description":"Con l\u00edneas llamativas y perfiles org\u00e1nicos, el Plato Redondo 30cm de la Colecci\u00f3n Terra simboliza el inicio de una nueva era para la marca Costa Verde. Del tacto \u00e1spero al satinado, de la superficie plana a la escarpada, cada pieza es \u00fanica y disruptiva.","og_url":"https:\/\/pro.costa-verde.com\/produto\/prato-redondo-30-h5cm\/","og_site_name":"Costa Verde","article_publisher":"https:\/\/www.facebook.com\/costaverdeporcelanas\/","og_image":[{"width":1920,"height":1230,"url":"https:\/\/pro.costa-verde.com\/wp-content\/uploads\/2022\/11\/067000300001-Prato-Redondo-30cm.jpg","type":"image\/jpeg"}],"twitter_card":"summary_large_image","schema":{"@context":"https:\/\/schema.org","@graph":[{"@type":"WebPage","@id":"https:\/\/pro.costa-verde.com\/produto\/prato-redondo-30-h5cm\/","url":"https:\/\/pro.costa-verde.com\/produto\/prato-redondo-30-h5cm\/","name":"Plato Redondo 30 h5cm - Costa Verde","isPartOf":{"@id":"https:\/\/pro.costa-verde.com\/#website"},"primaryImageOfPage":{"@id":"https:\/\/pro.costa-verde.com\/produto\/prato-redondo-30-h5cm\/#primaryimage"},"image":{"@id":"https:\/\/pro.costa-verde.com\/produto\/prato-redondo-30-h5cm\/#primaryimage"},"thumbnailUrl":"https:\/\/pro.costa-verde.com\/wp-content\/uploads\/2022\/11\/067000300001-Prato-Redondo-30cm.jpg","datePublished":"2022-11-24T09:49:47+00:00","description":"Con l\u00edneas llamativas y perfiles org\u00e1nicos, el Plato Redondo 30cm de la Colecci\u00f3n Terra simboliza el inicio de una nueva era para la marca Costa Verde. Del tacto \u00e1spero al satinado, de la superficie plana a la escarpada, cada pieza es \u00fanica y disruptiva.","breadcrumb":{"@id":"https:\/\/pro.costa-verde.com\/produto\/prato-redondo-30-h5cm\/#breadcrumb"},"inLanguage":"es","potentialAction":[{"@type":"ReadAction","target":["https:\/\/pro.costa-verde.com\/produto\/prato-redondo-30-h5cm\/"]}]},{"@type":"ImageObject","inLanguage":"es","@id":"https:\/\/pro.costa-verde.com\/produto\/prato-redondo-30-h5cm\/#primaryimage","url":"https:\/\/pro.costa-verde.com\/wp-content\/uploads\/2022\/11\/067000300001-Prato-Redondo-30cm.jpg","contentUrl":"https:\/\/pro.costa-verde.com\/wp-content\/uploads\/2022\/11\/067000300001-Prato-Redondo-30cm.jpg","width":1920,"height":1230,"caption":"Plato Redondo 30cm - Colecci\u00f3n Terra"},{"@type":"BreadcrumbList","@id":"https:\/\/pro.costa-verde.com\/produto\/prato-redondo-30-h5cm\/#breadcrumb","itemListElement":[{"@type":"ListItem","position":1,"name":"In\u00edcio","item":"https:\/\/pro.costa-verde.com\/es\/"},{"@type":"ListItem","position":2,"name":"Loja online","item":"https:\/\/pro.costa-verde.com\/loja-online\/"},{"@type":"ListItem","position":3,"name":"Plato Redondo 30 h5cm"}]},{"@type":"WebSite","@id":"https:\/\/pro.costa-verde.com\/#website","url":"https:\/\/pro.costa-verde.com\/","name":"Costa Verde","description":"Loja Online","potentialAction":[{"@type":"SearchAction","target":{"@type":"EntryPoint","urlTemplate":"https:\/\/pro.costa-verde.com\/?s={search_term_string}"},"query-input":{"@type":"PropertyValueSpecification","valueRequired":true,"valueName":"search_term_string"}}],"inLanguage":"es"}]}},"_links":{"self":[{"href":"https:\/\/pro.costa-verde.com\/es\/wp-json\/wp\/v2\/product\/48647","targetHints":{"allow":["GET"]}}],"collection":[{"href":"https:\/\/pro.costa-verde.com\/es\/wp-json\/wp\/v2\/product"}],"about":[{"href":"https:\/\/pro.costa-verde.com\/es\/wp-json\/wp\/v2\/types\/product"}],"replies":[{"embeddable":true,"href":"https:\/\/pro.costa-verde.com\/es\/wp-json\/wp\/v2\/comments?post=48647"}],"version-history":[{"count":0,"href":"https:\/\/pro.costa-verde.com\/es\/wp-json\/wp\/v2\/product\/48647\/revisions"}],"wp:featuredmedia":[{"embeddable":true,"href":"https:\/\/pro.costa-verde.com\/es\/wp-json\/wp\/v2\/media\/48535"}],"wp:attachment":[{"href":"https:\/\/pro.costa-verde.com\/es\/wp-json\/wp\/v2\/media?parent=48647"}],"wp:term":[{"taxonomy":"product_brand","embeddable":true,"href":"https:\/\/pro.costa-verde.com\/es\/wp-json\/wp\/v2\/product_brand?post=48647"},{"taxonomy":"product_cat","embeddable":true,"href":"https:\/\/pro.costa-verde.com\/es\/wp-json\/wp\/v2\/product_cat?post=48647"},{"taxonomy":"product_tag","embeddable":true,"href":"https:\/\/pro.costa-verde.com\/es\/wp-json\/wp\/v2\/product_tag?post=48647"}],"curies":[{"name":"wp","href":"https:\/\/api.w.org\/{rel}","templated":true}]}}