{"id":48605,"date":"2022-11-28T09:40:40","date_gmt":"2022-11-28T09:40:40","guid":{"rendered":"https:\/\/pro.costa-verde.com\/?post_type=product&#038;p=48605"},"modified":"2022-11-28T10:33:32","modified_gmt":"2022-11-28T10:33:32","slug":"plato-rectangular-26x18cm","status":"publish","type":"product","link":"https:\/\/pro.costa-verde.com\/es\/produto\/plato-rectangular-26x18cm\/","title":{"rendered":"Plato Rectangular 26x18cm"},"content":{"rendered":"","protected":false},"excerpt":{"rendered":"","protected":false},"featured_media":48569,"comment_status":"open","ping_status":"closed","template":"","meta":[],"product_brand":[],"product_cat":[1793],"product_tag":[],"class_list":{"0":"post-48605","1":"product","2":"type-product","3":"status-publish","4":"has-post-thumbnail","6":"product_cat-platos-del-chef","7":"pa_colecao-terra-es","9":"first","10":"onbackorder","11":"taxable","12":"shipping-taxable","13":"product-type-simple"},"yoast_head":"<!-- This site is optimized with the Yoast SEO plugin v26.9 - https:\/\/yoast.com\/product\/yoast-seo-wordpress\/ -->\n<title>Plato Rectangular 26x18cm - Costa Verde<\/title>\n<meta name=\"description\" content=\"Con l\u00edneas llamativas y perfiles org\u00e1nicos, el Plato Rectangular 26x18cm de la Colecci\u00f3n Terra simboliza el inicio de una nueva era para la marca Costa Verde. Del tacto \u00e1spero al satinado, de la superficie plana a la escarpada, cada pieza es \u00fanica y disruptiva.\" \/>\n<meta name=\"robots\" content=\"index, follow, max-snippet:-1, max-image-preview:large, max-video-preview:-1\" \/>\n<link rel=\"canonical\" href=\"https:\/\/pro.costa-verde.com\/produto\/prato-retangular-26x18cm\/\" \/>\n<meta property=\"og:locale\" content=\"es_ES\" \/>\n<meta property=\"og:type\" content=\"article\" \/>\n<meta property=\"og:title\" content=\"Plato Rectangular 26x18cm - Costa Verde\" \/>\n<meta property=\"og:description\" content=\"Con l\u00edneas llamativas y perfiles org\u00e1nicos, el Plato Rectangular 26x18cm de la Colecci\u00f3n Terra simboliza el inicio de una nueva era para la marca Costa Verde. Del tacto \u00e1spero al satinado, de la superficie plana a la escarpada, cada pieza es \u00fanica y disruptiva.\" \/>\n<meta property=\"og:url\" content=\"https:\/\/pro.costa-verde.com\/produto\/prato-retangular-26x18cm\/\" \/>\n<meta property=\"og:site_name\" content=\"Costa Verde\" \/>\n<meta property=\"article:publisher\" content=\"https:\/\/www.facebook.com\/costaverdeporcelanas\/\" \/>\n<meta property=\"article:modified_time\" content=\"2022-11-28T10:33:32+00:00\" \/>\n<meta property=\"og:image\" content=\"https:\/\/pro.costa-verde.com\/wp-content\/uploads\/2022\/11\/067001700001-Prato-Retangular-26cm.jpg\" \/>\n\t<meta property=\"og:image:width\" content=\"1920\" \/>\n\t<meta property=\"og:image:height\" content=\"1230\" \/>\n\t<meta property=\"og:image:type\" content=\"image\/jpeg\" \/>\n<meta name=\"twitter:card\" content=\"summary_large_image\" \/>\n<script type=\"application\/ld+json\" class=\"yoast-schema-graph\">{\"@context\":\"https:\/\/schema.org\",\"@graph\":[{\"@type\":\"WebPage\",\"@id\":\"https:\/\/pro.costa-verde.com\/produto\/prato-retangular-26x18cm\/\",\"url\":\"https:\/\/pro.costa-verde.com\/produto\/prato-retangular-26x18cm\/\",\"name\":\"Plato Rectangular 26x18cm - Costa Verde\",\"isPartOf\":{\"@id\":\"https:\/\/pro.costa-verde.com\/#website\"},\"primaryImageOfPage\":{\"@id\":\"https:\/\/pro.costa-verde.com\/produto\/prato-retangular-26x18cm\/#primaryimage\"},\"image\":{\"@id\":\"https:\/\/pro.costa-verde.com\/produto\/prato-retangular-26x18cm\/#primaryimage\"},\"thumbnailUrl\":\"https:\/\/pro.costa-verde.com\/wp-content\/uploads\/2022\/11\/067001700001-Prato-Retangular-26cm.jpg\",\"datePublished\":\"2022-11-28T09:40:40+00:00\",\"dateModified\":\"2022-11-28T10:33:32+00:00\",\"description\":\"Con l\u00edneas llamativas y perfiles org\u00e1nicos, el Plato Rectangular 26x18cm de la Colecci\u00f3n Terra simboliza el inicio de una nueva era para la marca Costa Verde. Del tacto \u00e1spero al satinado, de la superficie plana a la escarpada, cada pieza es \u00fanica y disruptiva.\",\"breadcrumb\":{\"@id\":\"https:\/\/pro.costa-verde.com\/produto\/prato-retangular-26x18cm\/#breadcrumb\"},\"inLanguage\":\"es\",\"potentialAction\":[{\"@type\":\"ReadAction\",\"target\":[\"https:\/\/pro.costa-verde.com\/produto\/prato-retangular-26x18cm\/\"]}]},{\"@type\":\"ImageObject\",\"inLanguage\":\"es\",\"@id\":\"https:\/\/pro.costa-verde.com\/produto\/prato-retangular-26x18cm\/#primaryimage\",\"url\":\"https:\/\/pro.costa-verde.com\/wp-content\/uploads\/2022\/11\/067001700001-Prato-Retangular-26cm.jpg\",\"contentUrl\":\"https:\/\/pro.costa-verde.com\/wp-content\/uploads\/2022\/11\/067001700001-Prato-Retangular-26cm.jpg\",\"width\":1920,\"height\":1230,\"caption\":\"Plato Rectangular 26x18cm - Colecci\u00f3n Terra\"},{\"@type\":\"BreadcrumbList\",\"@id\":\"https:\/\/pro.costa-verde.com\/produto\/prato-retangular-26x18cm\/#breadcrumb\",\"itemListElement\":[{\"@type\":\"ListItem\",\"position\":1,\"name\":\"In\u00edcio\",\"item\":\"https:\/\/pro.costa-verde.com\/es\/\"},{\"@type\":\"ListItem\",\"position\":2,\"name\":\"Loja online\",\"item\":\"https:\/\/pro.costa-verde.com\/loja-online\/\"},{\"@type\":\"ListItem\",\"position\":3,\"name\":\"Plato Rectangular 26x18cm\"}]},{\"@type\":\"WebSite\",\"@id\":\"https:\/\/pro.costa-verde.com\/#website\",\"url\":\"https:\/\/pro.costa-verde.com\/\",\"name\":\"Costa Verde\",\"description\":\"Loja Online\",\"potentialAction\":[{\"@type\":\"SearchAction\",\"target\":{\"@type\":\"EntryPoint\",\"urlTemplate\":\"https:\/\/pro.costa-verde.com\/?s={search_term_string}\"},\"query-input\":{\"@type\":\"PropertyValueSpecification\",\"valueRequired\":true,\"valueName\":\"search_term_string\"}}],\"inLanguage\":\"es\"}]}<\/script>\n<!-- \/ Yoast SEO plugin. -->","yoast_head_json":{"title":"Plato Rectangular 26x18cm - Costa Verde","description":"Con l\u00edneas llamativas y perfiles org\u00e1nicos, el Plato Rectangular 26x18cm de la Colecci\u00f3n Terra simboliza el inicio de una nueva era para la marca Costa Verde. Del tacto \u00e1spero al satinado, de la superficie plana a la escarpada, cada pieza es \u00fanica y disruptiva.","robots":{"index":"index","follow":"follow","max-snippet":"max-snippet:-1","max-image-preview":"max-image-preview:large","max-video-preview":"max-video-preview:-1"},"canonical":"https:\/\/pro.costa-verde.com\/produto\/prato-retangular-26x18cm\/","og_locale":"es_ES","og_type":"article","og_title":"Plato Rectangular 26x18cm - Costa Verde","og_description":"Con l\u00edneas llamativas y perfiles org\u00e1nicos, el Plato Rectangular 26x18cm de la Colecci\u00f3n Terra simboliza el inicio de una nueva era para la marca Costa Verde. Del tacto \u00e1spero al satinado, de la superficie plana a la escarpada, cada pieza es \u00fanica y disruptiva.","og_url":"https:\/\/pro.costa-verde.com\/produto\/prato-retangular-26x18cm\/","og_site_name":"Costa Verde","article_publisher":"https:\/\/www.facebook.com\/costaverdeporcelanas\/","article_modified_time":"2022-11-28T10:33:32+00:00","og_image":[{"width":1920,"height":1230,"url":"https:\/\/pro.costa-verde.com\/wp-content\/uploads\/2022\/11\/067001700001-Prato-Retangular-26cm.jpg","type":"image\/jpeg"}],"twitter_card":"summary_large_image","schema":{"@context":"https:\/\/schema.org","@graph":[{"@type":"WebPage","@id":"https:\/\/pro.costa-verde.com\/produto\/prato-retangular-26x18cm\/","url":"https:\/\/pro.costa-verde.com\/produto\/prato-retangular-26x18cm\/","name":"Plato Rectangular 26x18cm - Costa Verde","isPartOf":{"@id":"https:\/\/pro.costa-verde.com\/#website"},"primaryImageOfPage":{"@id":"https:\/\/pro.costa-verde.com\/produto\/prato-retangular-26x18cm\/#primaryimage"},"image":{"@id":"https:\/\/pro.costa-verde.com\/produto\/prato-retangular-26x18cm\/#primaryimage"},"thumbnailUrl":"https:\/\/pro.costa-verde.com\/wp-content\/uploads\/2022\/11\/067001700001-Prato-Retangular-26cm.jpg","datePublished":"2022-11-28T09:40:40+00:00","dateModified":"2022-11-28T10:33:32+00:00","description":"Con l\u00edneas llamativas y perfiles org\u00e1nicos, el Plato Rectangular 26x18cm de la Colecci\u00f3n Terra simboliza el inicio de una nueva era para la marca Costa Verde. Del tacto \u00e1spero al satinado, de la superficie plana a la escarpada, cada pieza es \u00fanica y disruptiva.","breadcrumb":{"@id":"https:\/\/pro.costa-verde.com\/produto\/prato-retangular-26x18cm\/#breadcrumb"},"inLanguage":"es","potentialAction":[{"@type":"ReadAction","target":["https:\/\/pro.costa-verde.com\/produto\/prato-retangular-26x18cm\/"]}]},{"@type":"ImageObject","inLanguage":"es","@id":"https:\/\/pro.costa-verde.com\/produto\/prato-retangular-26x18cm\/#primaryimage","url":"https:\/\/pro.costa-verde.com\/wp-content\/uploads\/2022\/11\/067001700001-Prato-Retangular-26cm.jpg","contentUrl":"https:\/\/pro.costa-verde.com\/wp-content\/uploads\/2022\/11\/067001700001-Prato-Retangular-26cm.jpg","width":1920,"height":1230,"caption":"Plato Rectangular 26x18cm - Colecci\u00f3n Terra"},{"@type":"BreadcrumbList","@id":"https:\/\/pro.costa-verde.com\/produto\/prato-retangular-26x18cm\/#breadcrumb","itemListElement":[{"@type":"ListItem","position":1,"name":"In\u00edcio","item":"https:\/\/pro.costa-verde.com\/es\/"},{"@type":"ListItem","position":2,"name":"Loja online","item":"https:\/\/pro.costa-verde.com\/loja-online\/"},{"@type":"ListItem","position":3,"name":"Plato Rectangular 26x18cm"}]},{"@type":"WebSite","@id":"https:\/\/pro.costa-verde.com\/#website","url":"https:\/\/pro.costa-verde.com\/","name":"Costa Verde","description":"Loja Online","potentialAction":[{"@type":"SearchAction","target":{"@type":"EntryPoint","urlTemplate":"https:\/\/pro.costa-verde.com\/?s={search_term_string}"},"query-input":{"@type":"PropertyValueSpecification","valueRequired":true,"valueName":"search_term_string"}}],"inLanguage":"es"}]}},"_links":{"self":[{"href":"https:\/\/pro.costa-verde.com\/es\/wp-json\/wp\/v2\/product\/48605","targetHints":{"allow":["GET"]}}],"collection":[{"href":"https:\/\/pro.costa-verde.com\/es\/wp-json\/wp\/v2\/product"}],"about":[{"href":"https:\/\/pro.costa-verde.com\/es\/wp-json\/wp\/v2\/types\/product"}],"replies":[{"embeddable":true,"href":"https:\/\/pro.costa-verde.com\/es\/wp-json\/wp\/v2\/comments?post=48605"}],"version-history":[{"count":1,"href":"https:\/\/pro.costa-verde.com\/es\/wp-json\/wp\/v2\/product\/48605\/revisions"}],"predecessor-version":[{"id":48608,"href":"https:\/\/pro.costa-verde.com\/es\/wp-json\/wp\/v2\/product\/48605\/revisions\/48608"}],"wp:featuredmedia":[{"embeddable":true,"href":"https:\/\/pro.costa-verde.com\/es\/wp-json\/wp\/v2\/media\/48569"}],"wp:attachment":[{"href":"https:\/\/pro.costa-verde.com\/es\/wp-json\/wp\/v2\/media?parent=48605"}],"wp:term":[{"taxonomy":"product_brand","embeddable":true,"href":"https:\/\/pro.costa-verde.com\/es\/wp-json\/wp\/v2\/product_brand?post=48605"},{"taxonomy":"product_cat","embeddable":true,"href":"https:\/\/pro.costa-verde.com\/es\/wp-json\/wp\/v2\/product_cat?post=48605"},{"taxonomy":"product_tag","embeddable":true,"href":"https:\/\/pro.costa-verde.com\/es\/wp-json\/wp\/v2\/product_tag?post=48605"}],"curies":[{"name":"wp","href":"https:\/\/api.w.org\/{rel}","templated":true}]}}