{"id":70562,"date":"2026-04-16T12:51:30","date_gmt":"2026-04-16T11:51:30","guid":{"rendered":"https:\/\/pro.costa-verde.com\/?page_id=70562"},"modified":"2026-04-16T12:54:35","modified_gmt":"2026-04-16T11:54:35","slug":"costa-verde-vuelve-a-distinguir-la-excelencia-deportiva-en-la-gala-vaga-douro","status":"publish","type":"page","link":"https:\/\/pro.costa-verde.com\/es\/costa-verde-vuelve-a-distinguir-la-excelencia-deportiva-en-la-gala-vaga-douro\/","title":{"rendered":"Costa Verde vuelve a distinguir la excelencia deportiva en la Gala Vaga d\u2019Ouro"},"content":{"rendered":"\t\t<div data-elementor-type=\"wp-page\" data-elementor-id=\"70562\" class=\"elementor elementor-70562 elementor-70560\" data-elementor-post-type=\"page\">\n\t\t\t\t\t\t<section class=\"elementor-section elementor-top-section elementor-element elementor-element-4e696d57 elementor-section-boxed elementor-section-height-default elementor-section-height-default\" data-id=\"4e696d57\" data-element_type=\"section\">\n\t\t\t\t\t\t<div class=\"elementor-container elementor-column-gap-default\">\n\t\t\t\t\t<div class=\"elementor-column elementor-col-100 elementor-top-column elementor-element elementor-element-7149df70\" data-id=\"7149df70\" data-element_type=\"column\">\n\t\t\t<div class=\"elementor-widget-wrap elementor-element-populated\">\n\t\t\t\t\t\t<div class=\"elementor-element elementor-element-3311861 elementor-widget elementor-widget-image\" data-id=\"3311861\" data-element_type=\"widget\" data-widget_type=\"image.default\">\n\t\t\t\t<div class=\"elementor-widget-container\">\n\t\t\t\t\t\t\t\t\t\t\t\t\t\t\t<img fetchpriority=\"high\" decoding=\"async\" width=\"1024\" height=\"683\" src=\"https:\/\/pro.costa-verde.com\/wp-content\/uploads\/2026\/04\/XVII-Gala-Vaga-D-Ouro-Vencedor-Carlos-Ramos-1-1024x683.jpg\" class=\"attachment-large size-large wp-image-70566\" alt=\"\" srcset=\"https:\/\/pro.costa-verde.com\/wp-content\/uploads\/2026\/04\/XVII-Gala-Vaga-D-Ouro-Vencedor-Carlos-Ramos-1-1024x683.jpg 1024w, https:\/\/pro.costa-verde.com\/wp-content\/uploads\/2026\/04\/XVII-Gala-Vaga-D-Ouro-Vencedor-Carlos-Ramos-1-300x200.jpg 300w, https:\/\/pro.costa-verde.com\/wp-content\/uploads\/2026\/04\/XVII-Gala-Vaga-D-Ouro-Vencedor-Carlos-Ramos-1-768x512.jpg 768w, https:\/\/pro.costa-verde.com\/wp-content\/uploads\/2026\/04\/XVII-Gala-Vaga-D-Ouro-Vencedor-Carlos-Ramos-1-1536x1024.jpg 1536w, https:\/\/pro.costa-verde.com\/wp-content\/uploads\/2026\/04\/XVII-Gala-Vaga-D-Ouro-Vencedor-Carlos-Ramos-1-600x400.jpg 600w, https:\/\/pro.costa-verde.com\/wp-content\/uploads\/2026\/04\/XVII-Gala-Vaga-D-Ouro-Vencedor-Carlos-Ramos-1-120x80.jpg 120w, https:\/\/pro.costa-verde.com\/wp-content\/uploads\/2026\/04\/XVII-Gala-Vaga-D-Ouro-Vencedor-Carlos-Ramos-1.jpg 1920w\" sizes=\"(max-width: 1024px) 100vw, 1024px\" \/>\t\t\t\t\t\t\t\t\t\t\t\t\t\t\t<\/div>\n\t\t\t\t<\/div>\n\t\t\t\t<div class=\"elementor-element elementor-element-7843fbcb elementor-widget elementor-widget-text-editor\" data-id=\"7843fbcb\" data-element_type=\"widget\" data-widget_type=\"text-editor.default\">\n\t\t\t\t<div class=\"elementor-widget-container\">\n\t\t\t\t\t\t\t\t\t<p style=\"text-align: justify;\">Costa Verde volvi\u00f3 a estar presente en la <b>Gala Vaga d\u2019Ouro<\/b>, reafirmando su compromiso con este evento que distingue a empresas, instituciones y personalidades destacadas del municipio de Vagos.<\/p><p style=\"text-align: justify;\">En esta edici\u00f3n, la empresa tuvo el privilegio de entregar el premio <b>Vaga d\u2019Ouro Deporte Masculino<\/b> al <b>atleta de BTT Carlos Ramos<\/b>, reconocido por su trayectoria deportiva, su dedicaci\u00f3n, los resultados alcanzados en la disciplina y el esp\u00edritu de superaci\u00f3n que demuestra en cada desaf\u00edo que enfrenta.<\/p><p style=\"text-align: justify;\">La ceremonia de la Gala Vaga d\u2019Ouro reuni\u00f3 a diversas personalidades del deporte, la cultura y la sociedad civil, destacando una vez m\u00e1s el papel de individuos y organizaciones que contribuyen de manera relevante al desarrollo de la regi\u00f3n.<\/p><p style=\"text-align: justify;\">Para Costa Verde, esta participaci\u00f3n representa un momento de especial significado, reforzando su v\u00ednculo con iniciativas que promueven valores como la excelencia, la superaci\u00f3n, el trabajo en equipo y la valorizaci\u00f3n del m\u00e9rito.<\/p><p style=\"text-align: justify;\">La empresa felicita al atleta Carlos Ramos por la distinci\u00f3n y le desea los mayores \u00e9xitos en su trayectoria deportiva y personal.<\/p>\t\t\t\t\t\t\t\t<\/div>\n\t\t\t\t<\/div>\n\t\t\t\t\t<\/div>\n\t\t<\/div>\n\t\t\t\t\t<\/div>\n\t\t<\/section>\n\t\t\t\t<\/div>\n\t\t","protected":false},"excerpt":{"rendered":"<p>Costa Verde volvi\u00f3 a estar presente en la Gala Vaga d\u2019Ouro, reafirmando su compromiso con este evento que distingue a empresas, instituciones y personalidades destacadas del municipio de Vagos. En esta edici\u00f3n, la empresa tuvo el privilegio de entregar el premio Vaga d\u2019Ouro Deporte Masculino al atleta de BTT Carlos Ramos, reconocido por su trayectoria [&hellip;]<\/p>\n","protected":false},"author":438,"featured_media":70566,"parent":0,"menu_order":0,"comment_status":"open","ping_status":"closed","template":"","meta":{"footnotes":""},"class_list":["post-70562","page","type-page","status-publish","has-post-thumbnail","hentry"],"yoast_head":"<!-- This site is optimized with the Yoast SEO plugin v26.9 - https:\/\/yoast.com\/product\/yoast-seo-wordpress\/ -->\n<title>Costa Verde vuelve a distinguir la excelencia deportiva en la Gala Vaga d\u2019Ouro - Costa Verde<\/title>\n<meta name=\"description\" content=\"Costa Verde volvi\u00f3 a estar presente en la Gala Vaga d\u2019Ouro, reafirmando su compromiso con este evento. Sepa m\u00e1s!\" \/>\n<meta name=\"robots\" content=\"index, follow, max-snippet:-1, max-image-preview:large, max-video-preview:-1\" \/>\n<link rel=\"canonical\" href=\"https:\/\/pro.costa-verde.com\/es\/costa-verde-vuelve-a-distinguir-la-excelencia-deportiva-en-la-gala-vaga-douro\/\" \/>\n<meta property=\"og:locale\" content=\"es_ES\" \/>\n<meta property=\"og:type\" content=\"article\" \/>\n<meta property=\"og:title\" content=\"Costa Verde vuelve a distinguir la excelencia deportiva en la Gala Vaga d\u2019Ouro - Costa Verde\" \/>\n<meta property=\"og:description\" content=\"Costa Verde volvi\u00f3 a estar presente en la Gala Vaga d\u2019Ouro, reafirmando su compromiso con este evento. Sepa m\u00e1s!\" \/>\n<meta property=\"og:url\" content=\"https:\/\/pro.costa-verde.com\/es\/costa-verde-vuelve-a-distinguir-la-excelencia-deportiva-en-la-gala-vaga-douro\/\" \/>\n<meta property=\"og:site_name\" content=\"Costa Verde\" \/>\n<meta property=\"article:publisher\" content=\"https:\/\/www.facebook.com\/costaverdeporcelanas\/\" \/>\n<meta property=\"article:modified_time\" content=\"2026-04-16T11:54:35+00:00\" \/>\n<meta property=\"og:image\" content=\"https:\/\/pro.costa-verde.com\/wp-content\/uploads\/2026\/04\/XVII-Gala-Vaga-D-Ouro-Vencedor-Carlos-Ramos-1.jpg\" \/>\n\t<meta property=\"og:image:width\" content=\"1920\" \/>\n\t<meta property=\"og:image:height\" content=\"1280\" \/>\n\t<meta property=\"og:image:type\" content=\"image\/jpeg\" \/>\n<meta name=\"twitter:card\" content=\"summary_large_image\" \/>\n<meta name=\"twitter:label1\" content=\"Tiempo de lectura\" \/>\n\t<meta name=\"twitter:data1\" content=\"1 minuto\" \/>\n<script type=\"application\/ld+json\" class=\"yoast-schema-graph\">{\"@context\":\"https:\/\/schema.org\",\"@graph\":[{\"@type\":\"WebPage\",\"@id\":\"https:\/\/pro.costa-verde.com\/es\/costa-verde-vuelve-a-distinguir-la-excelencia-deportiva-en-la-gala-vaga-douro\/\",\"url\":\"https:\/\/pro.costa-verde.com\/es\/costa-verde-vuelve-a-distinguir-la-excelencia-deportiva-en-la-gala-vaga-douro\/\",\"name\":\"Costa Verde vuelve a distinguir la excelencia deportiva en la Gala Vaga d\u2019Ouro - Costa Verde\",\"isPartOf\":{\"@id\":\"https:\/\/pro.costa-verde.com\/#website\"},\"primaryImageOfPage\":{\"@id\":\"https:\/\/pro.costa-verde.com\/es\/costa-verde-vuelve-a-distinguir-la-excelencia-deportiva-en-la-gala-vaga-douro\/#primaryimage\"},\"image\":{\"@id\":\"https:\/\/pro.costa-verde.com\/es\/costa-verde-vuelve-a-distinguir-la-excelencia-deportiva-en-la-gala-vaga-douro\/#primaryimage\"},\"thumbnailUrl\":\"https:\/\/pro.costa-verde.com\/wp-content\/uploads\/2026\/04\/XVII-Gala-Vaga-D-Ouro-Vencedor-Carlos-Ramos-1.jpg\",\"datePublished\":\"2026-04-16T11:51:30+00:00\",\"dateModified\":\"2026-04-16T11:54:35+00:00\",\"description\":\"Costa Verde volvi\u00f3 a estar presente en la Gala Vaga d\u2019Ouro, reafirmando su compromiso con este evento. Sepa m\u00e1s!\",\"breadcrumb\":{\"@id\":\"https:\/\/pro.costa-verde.com\/es\/costa-verde-vuelve-a-distinguir-la-excelencia-deportiva-en-la-gala-vaga-douro\/#breadcrumb\"},\"inLanguage\":\"es\",\"potentialAction\":[{\"@type\":\"ReadAction\",\"target\":[\"https:\/\/pro.costa-verde.com\/es\/costa-verde-vuelve-a-distinguir-la-excelencia-deportiva-en-la-gala-vaga-douro\/\"]}]},{\"@type\":\"ImageObject\",\"inLanguage\":\"es\",\"@id\":\"https:\/\/pro.costa-verde.com\/es\/costa-verde-vuelve-a-distinguir-la-excelencia-deportiva-en-la-gala-vaga-douro\/#primaryimage\",\"url\":\"https:\/\/pro.costa-verde.com\/wp-content\/uploads\/2026\/04\/XVII-Gala-Vaga-D-Ouro-Vencedor-Carlos-Ramos-1.jpg\",\"contentUrl\":\"https:\/\/pro.costa-verde.com\/wp-content\/uploads\/2026\/04\/XVII-Gala-Vaga-D-Ouro-Vencedor-Carlos-Ramos-1.jpg\",\"width\":1920,\"height\":1280},{\"@type\":\"BreadcrumbList\",\"@id\":\"https:\/\/pro.costa-verde.com\/es\/costa-verde-vuelve-a-distinguir-la-excelencia-deportiva-en-la-gala-vaga-douro\/#breadcrumb\",\"itemListElement\":[{\"@type\":\"ListItem\",\"position\":1,\"name\":\"In\u00edcio\",\"item\":\"https:\/\/pro.costa-verde.com\/es\/\"},{\"@type\":\"ListItem\",\"position\":2,\"name\":\"Costa Verde vuelve a distinguir la excelencia deportiva en la Gala Vaga d\u2019Ouro\"}]},{\"@type\":\"WebSite\",\"@id\":\"https:\/\/pro.costa-verde.com\/#website\",\"url\":\"https:\/\/pro.costa-verde.com\/\",\"name\":\"Costa Verde\",\"description\":\"Loja Online\",\"potentialAction\":[{\"@type\":\"SearchAction\",\"target\":{\"@type\":\"EntryPoint\",\"urlTemplate\":\"https:\/\/pro.costa-verde.com\/?s={search_term_string}\"},\"query-input\":{\"@type\":\"PropertyValueSpecification\",\"valueRequired\":true,\"valueName\":\"search_term_string\"}}],\"inLanguage\":\"es\"}]}<\/script>\n<!-- \/ Yoast SEO plugin. -->","yoast_head_json":{"title":"Costa Verde vuelve a distinguir la excelencia deportiva en la Gala Vaga d\u2019Ouro - Costa Verde","description":"Costa Verde volvi\u00f3 a estar presente en la Gala Vaga d\u2019Ouro, reafirmando su compromiso con este evento. Sepa m\u00e1s!","robots":{"index":"index","follow":"follow","max-snippet":"max-snippet:-1","max-image-preview":"max-image-preview:large","max-video-preview":"max-video-preview:-1"},"canonical":"https:\/\/pro.costa-verde.com\/es\/costa-verde-vuelve-a-distinguir-la-excelencia-deportiva-en-la-gala-vaga-douro\/","og_locale":"es_ES","og_type":"article","og_title":"Costa Verde vuelve a distinguir la excelencia deportiva en la Gala Vaga d\u2019Ouro - Costa Verde","og_description":"Costa Verde volvi\u00f3 a estar presente en la Gala Vaga d\u2019Ouro, reafirmando su compromiso con este evento. Sepa m\u00e1s!","og_url":"https:\/\/pro.costa-verde.com\/es\/costa-verde-vuelve-a-distinguir-la-excelencia-deportiva-en-la-gala-vaga-douro\/","og_site_name":"Costa Verde","article_publisher":"https:\/\/www.facebook.com\/costaverdeporcelanas\/","article_modified_time":"2026-04-16T11:54:35+00:00","og_image":[{"width":1920,"height":1280,"url":"https:\/\/pro.costa-verde.com\/wp-content\/uploads\/2026\/04\/XVII-Gala-Vaga-D-Ouro-Vencedor-Carlos-Ramos-1.jpg","type":"image\/jpeg"}],"twitter_card":"summary_large_image","twitter_misc":{"Tiempo de lectura":"1 minuto"},"schema":{"@context":"https:\/\/schema.org","@graph":[{"@type":"WebPage","@id":"https:\/\/pro.costa-verde.com\/es\/costa-verde-vuelve-a-distinguir-la-excelencia-deportiva-en-la-gala-vaga-douro\/","url":"https:\/\/pro.costa-verde.com\/es\/costa-verde-vuelve-a-distinguir-la-excelencia-deportiva-en-la-gala-vaga-douro\/","name":"Costa Verde vuelve a distinguir la excelencia deportiva en la Gala Vaga d\u2019Ouro - Costa Verde","isPartOf":{"@id":"https:\/\/pro.costa-verde.com\/#website"},"primaryImageOfPage":{"@id":"https:\/\/pro.costa-verde.com\/es\/costa-verde-vuelve-a-distinguir-la-excelencia-deportiva-en-la-gala-vaga-douro\/#primaryimage"},"image":{"@id":"https:\/\/pro.costa-verde.com\/es\/costa-verde-vuelve-a-distinguir-la-excelencia-deportiva-en-la-gala-vaga-douro\/#primaryimage"},"thumbnailUrl":"https:\/\/pro.costa-verde.com\/wp-content\/uploads\/2026\/04\/XVII-Gala-Vaga-D-Ouro-Vencedor-Carlos-Ramos-1.jpg","datePublished":"2026-04-16T11:51:30+00:00","dateModified":"2026-04-16T11:54:35+00:00","description":"Costa Verde volvi\u00f3 a estar presente en la Gala Vaga d\u2019Ouro, reafirmando su compromiso con este evento. Sepa m\u00e1s!","breadcrumb":{"@id":"https:\/\/pro.costa-verde.com\/es\/costa-verde-vuelve-a-distinguir-la-excelencia-deportiva-en-la-gala-vaga-douro\/#breadcrumb"},"inLanguage":"es","potentialAction":[{"@type":"ReadAction","target":["https:\/\/pro.costa-verde.com\/es\/costa-verde-vuelve-a-distinguir-la-excelencia-deportiva-en-la-gala-vaga-douro\/"]}]},{"@type":"ImageObject","inLanguage":"es","@id":"https:\/\/pro.costa-verde.com\/es\/costa-verde-vuelve-a-distinguir-la-excelencia-deportiva-en-la-gala-vaga-douro\/#primaryimage","url":"https:\/\/pro.costa-verde.com\/wp-content\/uploads\/2026\/04\/XVII-Gala-Vaga-D-Ouro-Vencedor-Carlos-Ramos-1.jpg","contentUrl":"https:\/\/pro.costa-verde.com\/wp-content\/uploads\/2026\/04\/XVII-Gala-Vaga-D-Ouro-Vencedor-Carlos-Ramos-1.jpg","width":1920,"height":1280},{"@type":"BreadcrumbList","@id":"https:\/\/pro.costa-verde.com\/es\/costa-verde-vuelve-a-distinguir-la-excelencia-deportiva-en-la-gala-vaga-douro\/#breadcrumb","itemListElement":[{"@type":"ListItem","position":1,"name":"In\u00edcio","item":"https:\/\/pro.costa-verde.com\/es\/"},{"@type":"ListItem","position":2,"name":"Costa Verde vuelve a distinguir la excelencia deportiva en la Gala Vaga d\u2019Ouro"}]},{"@type":"WebSite","@id":"https:\/\/pro.costa-verde.com\/#website","url":"https:\/\/pro.costa-verde.com\/","name":"Costa Verde","description":"Loja Online","potentialAction":[{"@type":"SearchAction","target":{"@type":"EntryPoint","urlTemplate":"https:\/\/pro.costa-verde.com\/?s={search_term_string}"},"query-input":{"@type":"PropertyValueSpecification","valueRequired":true,"valueName":"search_term_string"}}],"inLanguage":"es"}]}},"_links":{"self":[{"href":"https:\/\/pro.costa-verde.com\/es\/wp-json\/wp\/v2\/pages\/70562","targetHints":{"allow":["GET"]}}],"collection":[{"href":"https:\/\/pro.costa-verde.com\/es\/wp-json\/wp\/v2\/pages"}],"about":[{"href":"https:\/\/pro.costa-verde.com\/es\/wp-json\/wp\/v2\/types\/page"}],"author":[{"embeddable":true,"href":"https:\/\/pro.costa-verde.com\/es\/wp-json\/wp\/v2\/users\/438"}],"replies":[{"embeddable":true,"href":"https:\/\/pro.costa-verde.com\/es\/wp-json\/wp\/v2\/comments?post=70562"}],"version-history":[{"count":7,"href":"https:\/\/pro.costa-verde.com\/es\/wp-json\/wp\/v2\/pages\/70562\/revisions"}],"predecessor-version":[{"id":70587,"href":"https:\/\/pro.costa-verde.com\/es\/wp-json\/wp\/v2\/pages\/70562\/revisions\/70587"}],"wp:featuredmedia":[{"embeddable":true,"href":"https:\/\/pro.costa-verde.com\/es\/wp-json\/wp\/v2\/media\/70566"}],"wp:attachment":[{"href":"https:\/\/pro.costa-verde.com\/es\/wp-json\/wp\/v2\/media?parent=70562"}],"curies":[{"name":"wp","href":"https:\/\/api.w.org\/{rel}","templated":true}]}}