{"id":69752,"date":"2026-03-11T18:16:21","date_gmt":"2026-03-11T18:16:21","guid":{"rendered":"https:\/\/pro.costa-verde.com\/?page_id=69752"},"modified":"2026-03-11T18:24:24","modified_gmt":"2026-03-11T18:24:24","slug":"gala-michelin-2026","status":"publish","type":"page","link":"https:\/\/pro.costa-verde.com\/es\/gala-michelin-2026\/","title":{"rendered":"Gala Michelin 2026"},"content":{"rendered":"\t\t<div data-elementor-type=\"wp-page\" data-elementor-id=\"69752\" class=\"elementor elementor-69752 elementor-69750\" data-elementor-post-type=\"page\">\n\t\t\t\t\t\t<section class=\"elementor-section elementor-top-section elementor-element elementor-element-4e696d57 elementor-section-boxed elementor-section-height-default elementor-section-height-default\" data-id=\"4e696d57\" data-element_type=\"section\">\n\t\t\t\t\t\t<div class=\"elementor-container elementor-column-gap-default\">\n\t\t\t\t\t<div class=\"elementor-column elementor-col-100 elementor-top-column elementor-element elementor-element-7149df70\" data-id=\"7149df70\" data-element_type=\"column\">\n\t\t\t<div class=\"elementor-widget-wrap elementor-element-populated\">\n\t\t\t\t\t\t<div class=\"elementor-element elementor-element-3311861 elementor-widget elementor-widget-image\" data-id=\"3311861\" data-element_type=\"widget\" data-widget_type=\"image.default\">\n\t\t\t\t<div class=\"elementor-widget-container\">\n\t\t\t\t\t\t\t\t\t\t\t\t\t\t\t<img fetchpriority=\"high\" decoding=\"async\" width=\"825\" height=\"828\" src=\"https:\/\/pro.costa-verde.com\/wp-content\/uploads\/2026\/03\/\u00a9-Robin-Barbosa-DOP.jpg\" class=\"attachment-large size-large wp-image-69757\" alt=\"\" srcset=\"https:\/\/pro.costa-verde.com\/wp-content\/uploads\/2026\/03\/\u00a9-Robin-Barbosa-DOP.jpg 825w, https:\/\/pro.costa-verde.com\/wp-content\/uploads\/2026\/03\/\u00a9-Robin-Barbosa-DOP-300x301.jpg 300w, https:\/\/pro.costa-verde.com\/wp-content\/uploads\/2026\/03\/\u00a9-Robin-Barbosa-DOP-150x150.jpg 150w, https:\/\/pro.costa-verde.com\/wp-content\/uploads\/2026\/03\/\u00a9-Robin-Barbosa-DOP-768x771.jpg 768w, https:\/\/pro.costa-verde.com\/wp-content\/uploads\/2026\/03\/\u00a9-Robin-Barbosa-DOP-600x602.jpg 600w, https:\/\/pro.costa-verde.com\/wp-content\/uploads\/2026\/03\/\u00a9-Robin-Barbosa-DOP-120x120.jpg 120w\" sizes=\"(max-width: 825px) 100vw, 825px\" \/>\t\t\t\t\t\t\t\t\t\t\t\t\t\t\t<\/div>\n\t\t\t\t<\/div>\n\t\t\t\t<div class=\"elementor-element elementor-element-6dbc870 elementor-widget elementor-widget-text-editor\" data-id=\"6dbc870\" data-element_type=\"widget\" data-widget_type=\"text-editor.default\">\n\t\t\t\t<div class=\"elementor-widget-container\">\n\t\t\t\t\t\t\t\t\t<p>\u00a9Robin Barbosa\/DOP<\/p>\t\t\t\t\t\t\t\t<\/div>\n\t\t\t\t<\/div>\n\t\t\t\t<div class=\"elementor-element elementor-element-7843fbcb elementor-widget elementor-widget-text-editor\" data-id=\"7843fbcb\" data-element_type=\"widget\" data-widget_type=\"text-editor.default\">\n\t\t\t\t<div class=\"elementor-widget-container\">\n\t\t\t\t\t\t\t\t\t<p>La isla de Madeira fue el escenario de la mayor gala gastron\u00f3mica del pa\u00eds: la <b>Gala Michelin<\/b>. Este a\u00f1o se anunciaron 11 novedades, elevando a 53 el n\u00famero de restaurantes con Estrellas MICHELIN en Portugal.<\/p>\n<p>Seg\u00fan la <b>Gu\u00eda MICHELIN<\/b>, \u201cel resultado es inequ\u00edvoco: el panorama culinario portugu\u00e9s vive una evoluci\u00f3n acelerada hacia la m\u00e1xima excelencia\u201d. La gu\u00eda tambi\u00e9n subraya que \u201cse trata de un avance sostenido por productos locales que se consolidan como una verdadera bandera, trabajados con rigor y respeto por la estacionalidad; por una identidad en la mesa cada vez m\u00e1s definida; y por chefs que demuestran un s\u00f3lido compromiso con la innovaci\u00f3n, sin perder de vista los sabores tradicionales portugueses\u201d.<\/p>\n<h5><strong>Dos Estrellas MICHELIN<\/strong><\/h5>\n<p>Las dos Estrellas MICHELIN, otorgadas a establecimientos con cocina excepcional, representan la segunda distinci\u00f3n m\u00e1s alta de la gu\u00eda.<\/p>\n<p>Al grupo ya existente: <b>Belcanto<\/b> en Lisboa; <b>Vila Joya<\/b> en Albufeira; <b>Antiqvvm<\/b> en Oporto; <b>Il Gallo d\u2019Oro<\/b> en Funchal; <b>Casa de Ch\u00e1 da Boa Nova<\/b> en Le\u00e7a da Palmeira; H<b>enrique S\u00e1 Pessoa<\/b> en Lisboa; <b>Ocean<\/b> en Porches; y <b>The Yeatman Gastronomic Restaurant<\/b> en Vila Nova de Gaia, se suma ahora el prestigioso restaurante <b>Fifty Seconds<\/b> en Lisboa.<\/p>\n<p>Situado a 120 metros de altura, Fifty Seconds ofrece una vista impresionante sobre el r\u00edo Tajo en un entorno elegante y contempor\u00e1neo. El viaje gastron\u00f3mico est\u00e1 dirigido por el chef <b>Rui Silvestre<\/b> y su equipo.<\/p>\n<h5><strong>Una Estrella MICHELIN<\/strong><\/h5>\n<p>Todos los galardonados merecen felicitaciones, pero el norte del pa\u00eds recibi\u00f3 un reconocimiento especial en esta edici\u00f3n al conquistar seis nuevas Estrellas MICHELIN. Fue en Oporto donde se registr\u00f3 la mayor concentraci\u00f3n de nuevas distinciones.<\/p>\n<p>Entre los restaurantes premiados destacan <b>DOP<\/b>, dirigido por el chef Rui Paula; <b>\u00c9on<\/b>, por el chef Tiago Bonito;<b> Gastro by Elemento<\/b>, por el chef Ricardo Dias Ferreira; e <b>In Diferente<\/b>, por la chef Ang\u00e9lica Salvador.<\/p>\n<p>Sin embargo, no solo en las grandes ciudades encontramos experiencias gastron\u00f3micas dignas de esta estrella. Tambi\u00e9n existen proyectos que han sabido transformar su aislamiento en identidad, integrando el territorio, el paisaje y los productores locales en la experiencia. Es el caso de <b>A Cozinha do Pa\u00e7o<\/b> en \u00c9vora y <b>MAPA<\/b> en Montemor-o-Novo, ambos rodeados por los vi\u00f1edos del Alentejo, as\u00ed como <b>Schist\u00f3<\/b> en Peso da R\u00e9gua, junto al r\u00edo, en el coraz\u00f3n del Valle del Duero.<\/p>\n<p>Tambi\u00e9n merecen destacarse <b>Largo do Pa\u00e7o<\/b> en Amarante, <b>Kappo<\/b> en Cascais y <b>Alameda<\/b> en Faro.<\/p>\n<p>\u00a1Costa Verde felicita a todos los premiados!<\/p>\t\t\t\t\t\t\t\t<\/div>\n\t\t\t\t<\/div>\n\t\t\t\t\t<\/div>\n\t\t<\/div>\n\t\t\t\t\t<\/div>\n\t\t<\/section>\n\t\t\t\t<\/div>\n\t\t","protected":false},"excerpt":{"rendered":"<p>\u00a9Robin Barbosa\/DOP La isla de Madeira fue el escenario de la mayor gala gastron\u00f3mica del pa\u00eds: la Gala Michelin. Este a\u00f1o se anunciaron 11 novedades, elevando a 53 el n\u00famero de restaurantes con Estrellas MICHELIN en Portugal. Seg\u00fan la Gu\u00eda MICHELIN, \u201cel resultado es inequ\u00edvoco: el panorama culinario portugu\u00e9s vive una evoluci\u00f3n acelerada hacia la [&hellip;]<\/p>\n","protected":false},"author":438,"featured_media":69757,"parent":0,"menu_order":0,"comment_status":"open","ping_status":"closed","template":"","meta":{"footnotes":""},"class_list":["post-69752","page","type-page","status-publish","has-post-thumbnail","hentry"],"yoast_head":"<!-- This site is optimized with the Yoast SEO plugin v26.9 - https:\/\/yoast.com\/product\/yoast-seo-wordpress\/ -->\n<title>Gala Michelin 2026 - Costa Verde<\/title>\n<meta name=\"description\" content=\"La isla de Madeira fue el escenario de la mayor gala gastron\u00f3mica del pa\u00eds: la Gala Michelin. Sepa m\u00e1s!\" \/>\n<meta name=\"robots\" content=\"index, follow, max-snippet:-1, max-image-preview:large, max-video-preview:-1\" \/>\n<link rel=\"canonical\" href=\"https:\/\/pro.costa-verde.com\/es\/gala-michelin-2026\/\" \/>\n<meta property=\"og:locale\" content=\"es_ES\" \/>\n<meta property=\"og:type\" content=\"article\" \/>\n<meta property=\"og:title\" content=\"Gala Michelin 2026 - Costa Verde\" \/>\n<meta property=\"og:description\" content=\"La isla de Madeira fue el escenario de la mayor gala gastron\u00f3mica del pa\u00eds: la Gala Michelin. Sepa m\u00e1s!\" \/>\n<meta property=\"og:url\" content=\"https:\/\/pro.costa-verde.com\/es\/gala-michelin-2026\/\" \/>\n<meta property=\"og:site_name\" content=\"Costa Verde\" \/>\n<meta property=\"article:publisher\" content=\"https:\/\/www.facebook.com\/costaverdeporcelanas\/\" \/>\n<meta property=\"article:modified_time\" content=\"2026-03-11T18:24:24+00:00\" \/>\n<meta property=\"og:image\" content=\"https:\/\/pro.costa-verde.com\/wp-content\/uploads\/2026\/03\/\u00a9-Robin-Barbosa-DOP.jpg\" \/>\n\t<meta property=\"og:image:width\" content=\"825\" \/>\n\t<meta property=\"og:image:height\" content=\"828\" \/>\n\t<meta property=\"og:image:type\" content=\"image\/jpeg\" \/>\n<meta name=\"twitter:card\" content=\"summary_large_image\" \/>\n<meta name=\"twitter:label1\" content=\"Tiempo de lectura\" \/>\n\t<meta name=\"twitter:data1\" content=\"3 minutos\" \/>\n<script type=\"application\/ld+json\" class=\"yoast-schema-graph\">{\"@context\":\"https:\/\/schema.org\",\"@graph\":[{\"@type\":\"WebPage\",\"@id\":\"https:\/\/pro.costa-verde.com\/es\/gala-michelin-2026\/\",\"url\":\"https:\/\/pro.costa-verde.com\/es\/gala-michelin-2026\/\",\"name\":\"Gala Michelin 2026 - Costa Verde\",\"isPartOf\":{\"@id\":\"https:\/\/pro.costa-verde.com\/#website\"},\"primaryImageOfPage\":{\"@id\":\"https:\/\/pro.costa-verde.com\/es\/gala-michelin-2026\/#primaryimage\"},\"image\":{\"@id\":\"https:\/\/pro.costa-verde.com\/es\/gala-michelin-2026\/#primaryimage\"},\"thumbnailUrl\":\"https:\/\/pro.costa-verde.com\/wp-content\/uploads\/2026\/03\/\u00a9-Robin-Barbosa-DOP.jpg\",\"datePublished\":\"2026-03-11T18:16:21+00:00\",\"dateModified\":\"2026-03-11T18:24:24+00:00\",\"description\":\"La isla de Madeira fue el escenario de la mayor gala gastron\u00f3mica del pa\u00eds: la Gala Michelin. Sepa m\u00e1s!\",\"breadcrumb\":{\"@id\":\"https:\/\/pro.costa-verde.com\/es\/gala-michelin-2026\/#breadcrumb\"},\"inLanguage\":\"es\",\"potentialAction\":[{\"@type\":\"ReadAction\",\"target\":[\"https:\/\/pro.costa-verde.com\/es\/gala-michelin-2026\/\"]}]},{\"@type\":\"ImageObject\",\"inLanguage\":\"es\",\"@id\":\"https:\/\/pro.costa-verde.com\/es\/gala-michelin-2026\/#primaryimage\",\"url\":\"https:\/\/pro.costa-verde.com\/wp-content\/uploads\/2026\/03\/\u00a9-Robin-Barbosa-DOP.jpg\",\"contentUrl\":\"https:\/\/pro.costa-verde.com\/wp-content\/uploads\/2026\/03\/\u00a9-Robin-Barbosa-DOP.jpg\",\"width\":825,\"height\":828,\"caption\":\"\u00a9Robin-Barbosa\/DOP\"},{\"@type\":\"BreadcrumbList\",\"@id\":\"https:\/\/pro.costa-verde.com\/es\/gala-michelin-2026\/#breadcrumb\",\"itemListElement\":[{\"@type\":\"ListItem\",\"position\":1,\"name\":\"In\u00edcio\",\"item\":\"https:\/\/pro.costa-verde.com\/es\/\"},{\"@type\":\"ListItem\",\"position\":2,\"name\":\"Gala Michelin 2026\"}]},{\"@type\":\"WebSite\",\"@id\":\"https:\/\/pro.costa-verde.com\/#website\",\"url\":\"https:\/\/pro.costa-verde.com\/\",\"name\":\"Costa Verde\",\"description\":\"Loja Online\",\"potentialAction\":[{\"@type\":\"SearchAction\",\"target\":{\"@type\":\"EntryPoint\",\"urlTemplate\":\"https:\/\/pro.costa-verde.com\/?s={search_term_string}\"},\"query-input\":{\"@type\":\"PropertyValueSpecification\",\"valueRequired\":true,\"valueName\":\"search_term_string\"}}],\"inLanguage\":\"es\"}]}<\/script>\n<!-- \/ Yoast SEO plugin. -->","yoast_head_json":{"title":"Gala Michelin 2026 - Costa Verde","description":"La isla de Madeira fue el escenario de la mayor gala gastron\u00f3mica del pa\u00eds: la Gala Michelin. Sepa m\u00e1s!","robots":{"index":"index","follow":"follow","max-snippet":"max-snippet:-1","max-image-preview":"max-image-preview:large","max-video-preview":"max-video-preview:-1"},"canonical":"https:\/\/pro.costa-verde.com\/es\/gala-michelin-2026\/","og_locale":"es_ES","og_type":"article","og_title":"Gala Michelin 2026 - Costa Verde","og_description":"La isla de Madeira fue el escenario de la mayor gala gastron\u00f3mica del pa\u00eds: la Gala Michelin. Sepa m\u00e1s!","og_url":"https:\/\/pro.costa-verde.com\/es\/gala-michelin-2026\/","og_site_name":"Costa Verde","article_publisher":"https:\/\/www.facebook.com\/costaverdeporcelanas\/","article_modified_time":"2026-03-11T18:24:24+00:00","og_image":[{"width":825,"height":828,"url":"https:\/\/pro.costa-verde.com\/wp-content\/uploads\/2026\/03\/\u00a9-Robin-Barbosa-DOP.jpg","type":"image\/jpeg"}],"twitter_card":"summary_large_image","twitter_misc":{"Tiempo de lectura":"3 minutos"},"schema":{"@context":"https:\/\/schema.org","@graph":[{"@type":"WebPage","@id":"https:\/\/pro.costa-verde.com\/es\/gala-michelin-2026\/","url":"https:\/\/pro.costa-verde.com\/es\/gala-michelin-2026\/","name":"Gala Michelin 2026 - Costa Verde","isPartOf":{"@id":"https:\/\/pro.costa-verde.com\/#website"},"primaryImageOfPage":{"@id":"https:\/\/pro.costa-verde.com\/es\/gala-michelin-2026\/#primaryimage"},"image":{"@id":"https:\/\/pro.costa-verde.com\/es\/gala-michelin-2026\/#primaryimage"},"thumbnailUrl":"https:\/\/pro.costa-verde.com\/wp-content\/uploads\/2026\/03\/\u00a9-Robin-Barbosa-DOP.jpg","datePublished":"2026-03-11T18:16:21+00:00","dateModified":"2026-03-11T18:24:24+00:00","description":"La isla de Madeira fue el escenario de la mayor gala gastron\u00f3mica del pa\u00eds: la Gala Michelin. Sepa m\u00e1s!","breadcrumb":{"@id":"https:\/\/pro.costa-verde.com\/es\/gala-michelin-2026\/#breadcrumb"},"inLanguage":"es","potentialAction":[{"@type":"ReadAction","target":["https:\/\/pro.costa-verde.com\/es\/gala-michelin-2026\/"]}]},{"@type":"ImageObject","inLanguage":"es","@id":"https:\/\/pro.costa-verde.com\/es\/gala-michelin-2026\/#primaryimage","url":"https:\/\/pro.costa-verde.com\/wp-content\/uploads\/2026\/03\/\u00a9-Robin-Barbosa-DOP.jpg","contentUrl":"https:\/\/pro.costa-verde.com\/wp-content\/uploads\/2026\/03\/\u00a9-Robin-Barbosa-DOP.jpg","width":825,"height":828,"caption":"\u00a9Robin-Barbosa\/DOP"},{"@type":"BreadcrumbList","@id":"https:\/\/pro.costa-verde.com\/es\/gala-michelin-2026\/#breadcrumb","itemListElement":[{"@type":"ListItem","position":1,"name":"In\u00edcio","item":"https:\/\/pro.costa-verde.com\/es\/"},{"@type":"ListItem","position":2,"name":"Gala Michelin 2026"}]},{"@type":"WebSite","@id":"https:\/\/pro.costa-verde.com\/#website","url":"https:\/\/pro.costa-verde.com\/","name":"Costa Verde","description":"Loja Online","potentialAction":[{"@type":"SearchAction","target":{"@type":"EntryPoint","urlTemplate":"https:\/\/pro.costa-verde.com\/?s={search_term_string}"},"query-input":{"@type":"PropertyValueSpecification","valueRequired":true,"valueName":"search_term_string"}}],"inLanguage":"es"}]}},"_links":{"self":[{"href":"https:\/\/pro.costa-verde.com\/es\/wp-json\/wp\/v2\/pages\/69752","targetHints":{"allow":["GET"]}}],"collection":[{"href":"https:\/\/pro.costa-verde.com\/es\/wp-json\/wp\/v2\/pages"}],"about":[{"href":"https:\/\/pro.costa-verde.com\/es\/wp-json\/wp\/v2\/types\/page"}],"author":[{"embeddable":true,"href":"https:\/\/pro.costa-verde.com\/es\/wp-json\/wp\/v2\/users\/438"}],"replies":[{"embeddable":true,"href":"https:\/\/pro.costa-verde.com\/es\/wp-json\/wp\/v2\/comments?post=69752"}],"version-history":[{"count":7,"href":"https:\/\/pro.costa-verde.com\/es\/wp-json\/wp\/v2\/pages\/69752\/revisions"}],"predecessor-version":[{"id":69848,"href":"https:\/\/pro.costa-verde.com\/es\/wp-json\/wp\/v2\/pages\/69752\/revisions\/69848"}],"wp:featuredmedia":[{"embeddable":true,"href":"https:\/\/pro.costa-verde.com\/es\/wp-json\/wp\/v2\/media\/69757"}],"wp:attachment":[{"href":"https:\/\/pro.costa-verde.com\/es\/wp-json\/wp\/v2\/media?parent=69752"}],"curies":[{"name":"wp","href":"https:\/\/api.w.org\/{rel}","templated":true}]}}