{"id":69701,"date":"2026-03-04T12:50:19","date_gmt":"2026-03-04T12:50:19","guid":{"rendered":"https:\/\/pro.costa-verde.com\/?page_id=69701"},"modified":"2026-03-04T14:24:19","modified_gmt":"2026-03-04T14:24:19","slug":"la-innovacion-de-costa-verde-protagonista-en-ambiente","status":"publish","type":"page","link":"https:\/\/pro.costa-verde.com\/es\/la-innovacion-de-costa-verde-protagonista-en-ambiente\/","title":{"rendered":"La innovaci\u00f3n de Costa Verde, protagonista en Ambiente"},"content":{"rendered":"\t\t<div data-elementor-type=\"wp-page\" data-elementor-id=\"69701\" class=\"elementor elementor-69701 elementor-69699\" data-elementor-post-type=\"page\">\n\t\t\t\t\t\t<section class=\"elementor-section elementor-top-section elementor-element elementor-element-4e696d57 elementor-section-boxed elementor-section-height-default elementor-section-height-default\" data-id=\"4e696d57\" data-element_type=\"section\">\n\t\t\t\t\t\t<div class=\"elementor-container elementor-column-gap-default\">\n\t\t\t\t\t<div class=\"elementor-column elementor-col-100 elementor-top-column elementor-element elementor-element-7149df70\" data-id=\"7149df70\" data-element_type=\"column\">\n\t\t\t<div class=\"elementor-widget-wrap elementor-element-populated\">\n\t\t\t\t\t\t<div class=\"elementor-element elementor-element-3311861 elementor-widget elementor-widget-image\" data-id=\"3311861\" data-element_type=\"widget\" data-widget_type=\"image.default\">\n\t\t\t\t<div class=\"elementor-widget-container\">\n\t\t\t\t\t\t\t\t\t\t\t\t\t\t\t<img fetchpriority=\"high\" decoding=\"async\" width=\"683\" height=\"1024\" src=\"https:\/\/pro.costa-verde.com\/wp-content\/uploads\/2026\/03\/foto-banner-editada-683x1024.jpg\" class=\"attachment-large size-large wp-image-69705\" alt=\"\" srcset=\"https:\/\/pro.costa-verde.com\/wp-content\/uploads\/2026\/03\/foto-banner-editada-683x1024.jpg 683w, https:\/\/pro.costa-verde.com\/wp-content\/uploads\/2026\/03\/foto-banner-editada-200x300.jpg 200w, https:\/\/pro.costa-verde.com\/wp-content\/uploads\/2026\/03\/foto-banner-editada-768x1152.jpg 768w, https:\/\/pro.costa-verde.com\/wp-content\/uploads\/2026\/03\/foto-banner-editada-300x450.jpg 300w, https:\/\/pro.costa-verde.com\/wp-content\/uploads\/2026\/03\/foto-banner-editada-600x900.jpg 600w, https:\/\/pro.costa-verde.com\/wp-content\/uploads\/2026\/03\/foto-banner-editada-100x150.jpg 100w, https:\/\/pro.costa-verde.com\/wp-content\/uploads\/2026\/03\/foto-banner-editada.jpg 1024w\" sizes=\"(max-width: 683px) 100vw, 683px\" \/>\t\t\t\t\t\t\t\t\t\t\t\t\t\t\t<\/div>\n\t\t\t\t<\/div>\n\t\t\t\t<div class=\"elementor-element elementor-element-7843fbcb elementor-widget elementor-widget-text-editor\" data-id=\"7843fbcb\" data-element_type=\"widget\" data-widget_type=\"text-editor.default\">\n\t\t\t\t<div class=\"elementor-widget-container\">\n\t\t\t\t\t\t\t\t\t<p data-start=\"695\" data-end=\"948\">Tras su participaci\u00f3n en la feria Ambiente, Costa Verde present\u00f3 sus proyectos de <strong>Investigaci\u00f3n y Desarrollo (I+D)<\/strong>, mostrando soluciones innovadoras que contribuyen a reforzar la competitividad y la sostenibilidad en el sector cer\u00e1mico.<\/p><p data-start=\"950\" data-end=\"1389\">Entre las iniciativas actualmente en curso y destacadas en el certamen se encuentran los proyectos <a href=\"https:\/\/pro.costa-verde.com\/es\/proyecto-lasercer\/\"><strong>LaserCer<\/strong><\/a>, <a href=\"https:\/\/pro.costa-verde.com\/es\/proyecto-porcoating\/\"><strong>PorCoating<\/strong><\/a>, <a href=\"https:\/\/pro.costa-verde.com\/es\/proyecto-cipocer\/\"><strong>CiPoCer<\/strong><\/a> y <a href=\"https:\/\/pro.costa-verde.com\/es\/proyecto-lasermarker\/\"><strong>Lasermarker<\/strong><\/a>, enfocados en la incorporaci\u00f3n de tecnolog\u00edas avanzadas de sinterizaci\u00f3n y decoraci\u00f3n, la optimizaci\u00f3n de los procesos productivos y la implementaci\u00f3n de soluciones innovadoras en el \u00e1mbito del reciclaje, lo que permite a la empresa destacarse de manera diferenciadora en el mercado de vajilla.<\/p>\t\t\t\t\t\t\t\t<\/div>\n\t\t\t\t<\/div>\n\t\t\t\t\t<\/div>\n\t\t<\/div>\n\t\t\t\t\t<\/div>\n\t\t<\/section>\n\t\t\t\t<\/div>\n\t\t","protected":false},"excerpt":{"rendered":"<p>Tras su participaci\u00f3n en la feria Ambiente, Costa Verde present\u00f3 sus proyectos de Investigaci\u00f3n y Desarrollo (I+D), mostrando soluciones innovadoras que contribuyen a reforzar la competitividad y la sostenibilidad en el sector cer\u00e1mico. Entre las iniciativas actualmente en curso y destacadas en el certamen se encuentran los proyectos LaserCer, PorCoating, CiPoCer y Lasermarker, enfocados en [&hellip;]<\/p>\n","protected":false},"author":438,"featured_media":69705,"parent":0,"menu_order":0,"comment_status":"open","ping_status":"closed","template":"","meta":{"footnotes":""},"class_list":["post-69701","page","type-page","status-publish","has-post-thumbnail","hentry"],"yoast_head":"<!-- This site is optimized with the Yoast SEO plugin v26.9 - https:\/\/yoast.com\/product\/yoast-seo-wordpress\/ -->\n<title>La innovaci\u00f3n de Costa Verde, protagonista en Ambiente<\/title>\n<meta name=\"robots\" content=\"index, follow, max-snippet:-1, max-image-preview:large, max-video-preview:-1\" \/>\n<link rel=\"canonical\" href=\"https:\/\/pro.costa-verde.com\/es\/la-innovacion-de-costa-verde-protagonista-en-ambiente\/\" \/>\n<meta property=\"og:locale\" content=\"es_ES\" \/>\n<meta property=\"og:type\" content=\"article\" \/>\n<meta property=\"og:title\" content=\"La innovaci\u00f3n de Costa Verde, protagonista en Ambiente\" \/>\n<meta property=\"og:description\" content=\"Tras su participaci\u00f3n en la feria Ambiente, Costa Verde present\u00f3 sus proyectos de Investigaci\u00f3n y Desarrollo (I+D), mostrando soluciones innovadoras que contribuyen a reforzar la competitividad y la sostenibilidad en el sector cer\u00e1mico. Entre las iniciativas actualmente en curso y destacadas en el certamen se encuentran los proyectos LaserCer, PorCoating, CiPoCer y Lasermarker, enfocados en [&hellip;]\" \/>\n<meta property=\"og:url\" content=\"https:\/\/pro.costa-verde.com\/es\/la-innovacion-de-costa-verde-protagonista-en-ambiente\/\" \/>\n<meta property=\"og:site_name\" content=\"Costa Verde\" \/>\n<meta property=\"article:publisher\" content=\"https:\/\/www.facebook.com\/costaverdeporcelanas\/\" \/>\n<meta property=\"article:modified_time\" content=\"2026-03-04T14:24:19+00:00\" \/>\n<meta property=\"og:image\" content=\"https:\/\/pro.costa-verde.com\/wp-content\/uploads\/2026\/03\/foto-banner-editada.jpg\" \/>\n\t<meta property=\"og:image:width\" content=\"1024\" \/>\n\t<meta property=\"og:image:height\" content=\"1536\" \/>\n\t<meta property=\"og:image:type\" content=\"image\/jpeg\" \/>\n<meta name=\"twitter:card\" content=\"summary_large_image\" \/>\n<meta name=\"twitter:label1\" content=\"Tiempo de lectura\" \/>\n\t<meta name=\"twitter:data1\" content=\"1 minuto\" \/>\n<script type=\"application\/ld+json\" class=\"yoast-schema-graph\">{\"@context\":\"https:\/\/schema.org\",\"@graph\":[{\"@type\":\"WebPage\",\"@id\":\"https:\/\/pro.costa-verde.com\/es\/la-innovacion-de-costa-verde-protagonista-en-ambiente\/\",\"url\":\"https:\/\/pro.costa-verde.com\/es\/la-innovacion-de-costa-verde-protagonista-en-ambiente\/\",\"name\":\"La innovaci\u00f3n de Costa Verde, protagonista en Ambiente\",\"isPartOf\":{\"@id\":\"https:\/\/pro.costa-verde.com\/#website\"},\"primaryImageOfPage\":{\"@id\":\"https:\/\/pro.costa-verde.com\/es\/la-innovacion-de-costa-verde-protagonista-en-ambiente\/#primaryimage\"},\"image\":{\"@id\":\"https:\/\/pro.costa-verde.com\/es\/la-innovacion-de-costa-verde-protagonista-en-ambiente\/#primaryimage\"},\"thumbnailUrl\":\"https:\/\/pro.costa-verde.com\/wp-content\/uploads\/2026\/03\/foto-banner-editada.jpg\",\"datePublished\":\"2026-03-04T12:50:19+00:00\",\"dateModified\":\"2026-03-04T14:24:19+00:00\",\"breadcrumb\":{\"@id\":\"https:\/\/pro.costa-verde.com\/es\/la-innovacion-de-costa-verde-protagonista-en-ambiente\/#breadcrumb\"},\"inLanguage\":\"es\",\"potentialAction\":[{\"@type\":\"ReadAction\",\"target\":[\"https:\/\/pro.costa-verde.com\/es\/la-innovacion-de-costa-verde-protagonista-en-ambiente\/\"]}]},{\"@type\":\"ImageObject\",\"inLanguage\":\"es\",\"@id\":\"https:\/\/pro.costa-verde.com\/es\/la-innovacion-de-costa-verde-protagonista-en-ambiente\/#primaryimage\",\"url\":\"https:\/\/pro.costa-verde.com\/wp-content\/uploads\/2026\/03\/foto-banner-editada.jpg\",\"contentUrl\":\"https:\/\/pro.costa-verde.com\/wp-content\/uploads\/2026\/03\/foto-banner-editada.jpg\",\"width\":1024,\"height\":1536},{\"@type\":\"BreadcrumbList\",\"@id\":\"https:\/\/pro.costa-verde.com\/es\/la-innovacion-de-costa-verde-protagonista-en-ambiente\/#breadcrumb\",\"itemListElement\":[{\"@type\":\"ListItem\",\"position\":1,\"name\":\"In\u00edcio\",\"item\":\"https:\/\/pro.costa-verde.com\/es\/\"},{\"@type\":\"ListItem\",\"position\":2,\"name\":\"La innovaci\u00f3n de Costa Verde, protagonista en Ambiente\"}]},{\"@type\":\"WebSite\",\"@id\":\"https:\/\/pro.costa-verde.com\/#website\",\"url\":\"https:\/\/pro.costa-verde.com\/\",\"name\":\"Costa Verde\",\"description\":\"Loja Online\",\"potentialAction\":[{\"@type\":\"SearchAction\",\"target\":{\"@type\":\"EntryPoint\",\"urlTemplate\":\"https:\/\/pro.costa-verde.com\/?s={search_term_string}\"},\"query-input\":{\"@type\":\"PropertyValueSpecification\",\"valueRequired\":true,\"valueName\":\"search_term_string\"}}],\"inLanguage\":\"es\"}]}<\/script>\n<!-- \/ Yoast SEO plugin. -->","yoast_head_json":{"title":"La innovaci\u00f3n de Costa Verde, protagonista en Ambiente","robots":{"index":"index","follow":"follow","max-snippet":"max-snippet:-1","max-image-preview":"max-image-preview:large","max-video-preview":"max-video-preview:-1"},"canonical":"https:\/\/pro.costa-verde.com\/es\/la-innovacion-de-costa-verde-protagonista-en-ambiente\/","og_locale":"es_ES","og_type":"article","og_title":"La innovaci\u00f3n de Costa Verde, protagonista en Ambiente","og_description":"Tras su participaci\u00f3n en la feria Ambiente, Costa Verde present\u00f3 sus proyectos de Investigaci\u00f3n y Desarrollo (I+D), mostrando soluciones innovadoras que contribuyen a reforzar la competitividad y la sostenibilidad en el sector cer\u00e1mico. Entre las iniciativas actualmente en curso y destacadas en el certamen se encuentran los proyectos LaserCer, PorCoating, CiPoCer y Lasermarker, enfocados en [&hellip;]","og_url":"https:\/\/pro.costa-verde.com\/es\/la-innovacion-de-costa-verde-protagonista-en-ambiente\/","og_site_name":"Costa Verde","article_publisher":"https:\/\/www.facebook.com\/costaverdeporcelanas\/","article_modified_time":"2026-03-04T14:24:19+00:00","og_image":[{"width":1024,"height":1536,"url":"https:\/\/pro.costa-verde.com\/wp-content\/uploads\/2026\/03\/foto-banner-editada.jpg","type":"image\/jpeg"}],"twitter_card":"summary_large_image","twitter_misc":{"Tiempo de lectura":"1 minuto"},"schema":{"@context":"https:\/\/schema.org","@graph":[{"@type":"WebPage","@id":"https:\/\/pro.costa-verde.com\/es\/la-innovacion-de-costa-verde-protagonista-en-ambiente\/","url":"https:\/\/pro.costa-verde.com\/es\/la-innovacion-de-costa-verde-protagonista-en-ambiente\/","name":"La innovaci\u00f3n de Costa Verde, protagonista en Ambiente","isPartOf":{"@id":"https:\/\/pro.costa-verde.com\/#website"},"primaryImageOfPage":{"@id":"https:\/\/pro.costa-verde.com\/es\/la-innovacion-de-costa-verde-protagonista-en-ambiente\/#primaryimage"},"image":{"@id":"https:\/\/pro.costa-verde.com\/es\/la-innovacion-de-costa-verde-protagonista-en-ambiente\/#primaryimage"},"thumbnailUrl":"https:\/\/pro.costa-verde.com\/wp-content\/uploads\/2026\/03\/foto-banner-editada.jpg","datePublished":"2026-03-04T12:50:19+00:00","dateModified":"2026-03-04T14:24:19+00:00","breadcrumb":{"@id":"https:\/\/pro.costa-verde.com\/es\/la-innovacion-de-costa-verde-protagonista-en-ambiente\/#breadcrumb"},"inLanguage":"es","potentialAction":[{"@type":"ReadAction","target":["https:\/\/pro.costa-verde.com\/es\/la-innovacion-de-costa-verde-protagonista-en-ambiente\/"]}]},{"@type":"ImageObject","inLanguage":"es","@id":"https:\/\/pro.costa-verde.com\/es\/la-innovacion-de-costa-verde-protagonista-en-ambiente\/#primaryimage","url":"https:\/\/pro.costa-verde.com\/wp-content\/uploads\/2026\/03\/foto-banner-editada.jpg","contentUrl":"https:\/\/pro.costa-verde.com\/wp-content\/uploads\/2026\/03\/foto-banner-editada.jpg","width":1024,"height":1536},{"@type":"BreadcrumbList","@id":"https:\/\/pro.costa-verde.com\/es\/la-innovacion-de-costa-verde-protagonista-en-ambiente\/#breadcrumb","itemListElement":[{"@type":"ListItem","position":1,"name":"In\u00edcio","item":"https:\/\/pro.costa-verde.com\/es\/"},{"@type":"ListItem","position":2,"name":"La innovaci\u00f3n de Costa Verde, protagonista en Ambiente"}]},{"@type":"WebSite","@id":"https:\/\/pro.costa-verde.com\/#website","url":"https:\/\/pro.costa-verde.com\/","name":"Costa Verde","description":"Loja Online","potentialAction":[{"@type":"SearchAction","target":{"@type":"EntryPoint","urlTemplate":"https:\/\/pro.costa-verde.com\/?s={search_term_string}"},"query-input":{"@type":"PropertyValueSpecification","valueRequired":true,"valueName":"search_term_string"}}],"inLanguage":"es"}]}},"_links":{"self":[{"href":"https:\/\/pro.costa-verde.com\/es\/wp-json\/wp\/v2\/pages\/69701","targetHints":{"allow":["GET"]}}],"collection":[{"href":"https:\/\/pro.costa-verde.com\/es\/wp-json\/wp\/v2\/pages"}],"about":[{"href":"https:\/\/pro.costa-verde.com\/es\/wp-json\/wp\/v2\/types\/page"}],"author":[{"embeddable":true,"href":"https:\/\/pro.costa-verde.com\/es\/wp-json\/wp\/v2\/users\/438"}],"replies":[{"embeddable":true,"href":"https:\/\/pro.costa-verde.com\/es\/wp-json\/wp\/v2\/comments?post=69701"}],"version-history":[{"count":10,"href":"https:\/\/pro.costa-verde.com\/es\/wp-json\/wp\/v2\/pages\/69701\/revisions"}],"predecessor-version":[{"id":69745,"href":"https:\/\/pro.costa-verde.com\/es\/wp-json\/wp\/v2\/pages\/69701\/revisions\/69745"}],"wp:featuredmedia":[{"embeddable":true,"href":"https:\/\/pro.costa-verde.com\/es\/wp-json\/wp\/v2\/media\/69705"}],"wp:attachment":[{"href":"https:\/\/pro.costa-verde.com\/es\/wp-json\/wp\/v2\/media?parent=69701"}],"curies":[{"name":"wp","href":"https:\/\/api.w.org\/{rel}","templated":true}]}}