{"id":62947,"date":"2025-01-23T12:12:59","date_gmt":"2025-01-23T12:12:59","guid":{"rendered":"https:\/\/pro.costa-verde.com\/?page_id=62947"},"modified":"2025-07-16T17:26:59","modified_gmt":"2025-07-16T16:26:59","slug":"onda","status":"publish","type":"page","link":"https:\/\/pro.costa-verde.com\/es\/colecciones-costa-verde\/onda\/","title":{"rendered":"Onda"},"content":{"rendered":"\t\t<div data-elementor-type=\"wp-page\" data-elementor-id=\"62947\" class=\"elementor elementor-62947 elementor-62945\" data-elementor-post-type=\"page\">\n\t\t\t\t\t\t<section class=\"elementor-section elementor-top-section elementor-element elementor-element-0d9fbc4 elementor-section-stretched elementor-reverse-mobile elementor-reverse-tablet elementor-section-boxed elementor-section-height-default elementor-section-height-default\" data-id=\"0d9fbc4\" data-element_type=\"section\" data-settings=\"{&quot;background_background&quot;:&quot;classic&quot;,&quot;stretch_section&quot;:&quot;section-stretched&quot;}\">\n\t\t\t\t\t\t\t<div class=\"elementor-background-overlay\"><\/div>\n\t\t\t\t\t\t\t<div class=\"elementor-container elementor-column-gap-extended\">\n\t\t\t\t\t<div class=\"elementor-column elementor-col-50 elementor-top-column elementor-element elementor-element-9453f61\" data-id=\"9453f61\" data-element_type=\"column\" data-settings=\"{&quot;background_background&quot;:&quot;classic&quot;}\">\n\t\t\t<div class=\"elementor-widget-wrap elementor-element-populated\">\n\t\t\t\t\t<div class=\"elementor-background-overlay\"><\/div>\n\t\t\t\t\t\t<div class=\"elementor-element elementor-element-4ab18f7 elementor-widget elementor-widget-gallery\" data-id=\"4ab18f7\" data-element_type=\"widget\" data-settings=\"{&quot;gallery_layout&quot;:&quot;justified&quot;,&quot;ideal_row_height&quot;:{&quot;unit&quot;:&quot;px&quot;,&quot;size&quot;:325,&quot;sizes&quot;:[]},&quot;ideal_row_height_tablet&quot;:{&quot;unit&quot;:&quot;px&quot;,&quot;size&quot;:325,&quot;sizes&quot;:[]},&quot;lazyload&quot;:&quot;yes&quot;,&quot;ideal_row_height_mobile&quot;:{&quot;unit&quot;:&quot;px&quot;,&quot;size&quot;:150,&quot;sizes&quot;:[]},&quot;gap&quot;:{&quot;unit&quot;:&quot;px&quot;,&quot;size&quot;:10,&quot;sizes&quot;:[]},&quot;gap_tablet&quot;:{&quot;unit&quot;:&quot;px&quot;,&quot;size&quot;:10,&quot;sizes&quot;:[]},&quot;gap_mobile&quot;:{&quot;unit&quot;:&quot;px&quot;,&quot;size&quot;:10,&quot;sizes&quot;:[]},&quot;link_to&quot;:&quot;file&quot;,&quot;overlay_background&quot;:&quot;yes&quot;,&quot;content_hover_animation&quot;:&quot;fade-in&quot;}\" data-widget_type=\"gallery.default\">\n\t\t\t\t<div class=\"elementor-widget-container\">\n\t\t\t\t\t\t\t<div class=\"elementor-gallery__container\">\n\t\t\t\t\t\t\t<a class=\"e-gallery-item elementor-gallery-item elementor-animated-content\" href=\"https:\/\/pro.costa-verde.com\/wp-content\/uploads\/2025\/01\/241211_COSTA_VERDE_13550.jpg\" data-elementor-open-lightbox=\"yes\" data-elementor-lightbox-slideshow=\"4ab18f7\" data-elementor-lightbox-title=\"241211_COSTA_VERDE_13550\" data-e-action-hash=\"#elementor-action%3Aaction%3Dlightbox%26settings%3DeyJpZCI6NjI5MDYsInVybCI6Imh0dHBzOlwvXC9wcm8uY29zdGEtdmVyZGUuY29tXC93cC1jb250ZW50XC91cGxvYWRzXC8yMDI1XC8wMVwvMjQxMjExX0NPU1RBX1ZFUkRFXzEzNTUwLmpwZyIsInNsaWRlc2hvdyI6IjRhYjE4ZjcifQ%3D%3D\">\n\t\t\t\t\t<div class=\"e-gallery-image elementor-gallery-item__image\" data-thumbnail=\"https:\/\/pro.costa-verde.com\/wp-content\/uploads\/2025\/01\/241211_COSTA_VERDE_13550-768x1152.jpg\" data-width=\"768\" data-height=\"1152\" aria-label=\"\" role=\"img\" ><\/div>\n\t\t\t\t\t\t\t\t\t\t\t<div class=\"elementor-gallery-item__overlay\"><\/div>\n\t\t\t\t\t\t\t\t\t\t\t\t\t\t<\/a>\n\t\t\t\t\t\t\t<a class=\"e-gallery-item elementor-gallery-item elementor-animated-content\" href=\"https:\/\/pro.costa-verde.com\/wp-content\/uploads\/2025\/07\/250407_COSTAVERDE_ONDA_1916-1.jpg\" data-elementor-open-lightbox=\"yes\" data-elementor-lightbox-slideshow=\"4ab18f7\" data-elementor-lightbox-title=\"250407_COSTAVERDE_ONDA_1916 1\" data-e-action-hash=\"#elementor-action%3Aaction%3Dlightbox%26settings%3DeyJpZCI6NjY5NDYsInVybCI6Imh0dHBzOlwvXC9wcm8uY29zdGEtdmVyZGUuY29tXC93cC1jb250ZW50XC91cGxvYWRzXC8yMDI1XC8wN1wvMjUwNDA3X0NPU1RBVkVSREVfT05EQV8xOTE2LTEuanBnIiwic2xpZGVzaG93IjoiNGFiMThmNyJ9\">\n\t\t\t\t\t<div class=\"e-gallery-image elementor-gallery-item__image\" data-thumbnail=\"https:\/\/pro.costa-verde.com\/wp-content\/uploads\/2025\/07\/250407_COSTAVERDE_ONDA_1916-1-768x471.jpg\" data-width=\"768\" data-height=\"471\" aria-label=\"\" role=\"img\" ><\/div>\n\t\t\t\t\t\t\t\t\t\t\t<div class=\"elementor-gallery-item__overlay\"><\/div>\n\t\t\t\t\t\t\t\t\t\t\t\t\t\t<\/a>\n\t\t\t\t\t\t\t<a class=\"e-gallery-item elementor-gallery-item elementor-animated-content\" href=\"https:\/\/pro.costa-verde.com\/wp-content\/uploads\/2025\/01\/241211_COSTA_VERDE_13542.jpg\" data-elementor-open-lightbox=\"yes\" data-elementor-lightbox-slideshow=\"4ab18f7\" data-elementor-lightbox-title=\"241211_COSTA_VERDE_13542\" data-e-action-hash=\"#elementor-action%3Aaction%3Dlightbox%26settings%3DeyJpZCI6NjI5MDIsInVybCI6Imh0dHBzOlwvXC9wcm8uY29zdGEtdmVyZGUuY29tXC93cC1jb250ZW50XC91cGxvYWRzXC8yMDI1XC8wMVwvMjQxMjExX0NPU1RBX1ZFUkRFXzEzNTQyLmpwZyIsInNsaWRlc2hvdyI6IjRhYjE4ZjcifQ%3D%3D\">\n\t\t\t\t\t<div class=\"e-gallery-image elementor-gallery-item__image\" data-thumbnail=\"https:\/\/pro.costa-verde.com\/wp-content\/uploads\/2025\/01\/241211_COSTA_VERDE_13542-768x1152.jpg\" data-width=\"768\" data-height=\"1152\" aria-label=\"\" role=\"img\" ><\/div>\n\t\t\t\t\t\t\t\t\t\t\t<div class=\"elementor-gallery-item__overlay\"><\/div>\n\t\t\t\t\t\t\t\t\t\t\t\t\t\t<\/a>\n\t\t\t\t\t\t\t<a class=\"e-gallery-item elementor-gallery-item elementor-animated-content\" href=\"https:\/\/pro.costa-verde.com\/wp-content\/uploads\/2025\/07\/250407_COSTAVERDE_ONDA_1909.jpg\" data-elementor-open-lightbox=\"yes\" data-elementor-lightbox-slideshow=\"4ab18f7\" data-elementor-lightbox-title=\"250407_COSTAVERDE_ONDA_1909\" data-e-action-hash=\"#elementor-action%3Aaction%3Dlightbox%26settings%3DeyJpZCI6NjY5NDIsInVybCI6Imh0dHBzOlwvXC9wcm8uY29zdGEtdmVyZGUuY29tXC93cC1jb250ZW50XC91cGxvYWRzXC8yMDI1XC8wN1wvMjUwNDA3X0NPU1RBVkVSREVfT05EQV8xOTA5LmpwZyIsInNsaWRlc2hvdyI6IjRhYjE4ZjcifQ%3D%3D\">\n\t\t\t\t\t<div class=\"e-gallery-image elementor-gallery-item__image\" data-thumbnail=\"https:\/\/pro.costa-verde.com\/wp-content\/uploads\/2025\/07\/250407_COSTAVERDE_ONDA_1909-768x576.jpg\" data-width=\"768\" data-height=\"576\" aria-label=\"\" role=\"img\" ><\/div>\n\t\t\t\t\t\t\t\t\t\t\t<div class=\"elementor-gallery-item__overlay\"><\/div>\n\t\t\t\t\t\t\t\t\t\t\t\t\t\t<\/a>\n\t\t\t\t\t\t\t<a class=\"e-gallery-item elementor-gallery-item elementor-animated-content\" href=\"https:\/\/pro.costa-verde.com\/wp-content\/uploads\/2025\/07\/250407_COSTAVERDE_ONDA_1935.jpg\" data-elementor-open-lightbox=\"yes\" data-elementor-lightbox-slideshow=\"4ab18f7\" data-elementor-lightbox-title=\"250407_COSTAVERDE_ONDA_1935\" data-e-action-hash=\"#elementor-action%3Aaction%3Dlightbox%26settings%3DeyJpZCI6NjY5MzQsInVybCI6Imh0dHBzOlwvXC9wcm8uY29zdGEtdmVyZGUuY29tXC93cC1jb250ZW50XC91cGxvYWRzXC8yMDI1XC8wN1wvMjUwNDA3X0NPU1RBVkVSREVfT05EQV8xOTM1LmpwZyIsInNsaWRlc2hvdyI6IjRhYjE4ZjcifQ%3D%3D\">\n\t\t\t\t\t<div class=\"e-gallery-image elementor-gallery-item__image\" data-thumbnail=\"https:\/\/pro.costa-verde.com\/wp-content\/uploads\/2025\/07\/250407_COSTAVERDE_ONDA_1935-768x541.jpg\" data-width=\"768\" data-height=\"541\" aria-label=\"\" role=\"img\" ><\/div>\n\t\t\t\t\t\t\t\t\t\t\t<div class=\"elementor-gallery-item__overlay\"><\/div>\n\t\t\t\t\t\t\t\t\t\t\t\t\t\t<\/a>\n\t\t\t\t\t\t\t<a class=\"e-gallery-item elementor-gallery-item elementor-animated-content\" href=\"https:\/\/pro.costa-verde.com\/wp-content\/uploads\/2025\/01\/241211_COSTA_VERDE_13520.jpg\" data-elementor-open-lightbox=\"yes\" data-elementor-lightbox-slideshow=\"4ab18f7\" data-elementor-lightbox-title=\"241211_COSTA_VERDE_13520\" data-e-action-hash=\"#elementor-action%3Aaction%3Dlightbox%26settings%3DeyJpZCI6NjI4OTgsInVybCI6Imh0dHBzOlwvXC9wcm8uY29zdGEtdmVyZGUuY29tXC93cC1jb250ZW50XC91cGxvYWRzXC8yMDI1XC8wMVwvMjQxMjExX0NPU1RBX1ZFUkRFXzEzNTIwLmpwZyIsInNsaWRlc2hvdyI6IjRhYjE4ZjcifQ%3D%3D\">\n\t\t\t\t\t<div class=\"e-gallery-image elementor-gallery-item__image\" data-thumbnail=\"https:\/\/pro.costa-verde.com\/wp-content\/uploads\/2025\/01\/241211_COSTA_VERDE_13520-768x1152.jpg\" data-width=\"768\" data-height=\"1152\" aria-label=\"\" role=\"img\" ><\/div>\n\t\t\t\t\t\t\t\t\t\t\t<div class=\"elementor-gallery-item__overlay\"><\/div>\n\t\t\t\t\t\t\t\t\t\t\t\t\t\t<\/a>\n\t\t\t\t\t\t\t<a class=\"e-gallery-item elementor-gallery-item elementor-animated-content\" href=\"https:\/\/pro.costa-verde.com\/wp-content\/uploads\/2025\/01\/241211_COSTA_VERDE_0005.jpg\" data-elementor-open-lightbox=\"yes\" data-elementor-lightbox-slideshow=\"4ab18f7\" data-elementor-lightbox-title=\"241211_COSTA_VERDE_0005\" data-e-action-hash=\"#elementor-action%3Aaction%3Dlightbox%26settings%3DeyJpZCI6NjI4OTAsInVybCI6Imh0dHBzOlwvXC9wcm8uY29zdGEtdmVyZGUuY29tXC93cC1jb250ZW50XC91cGxvYWRzXC8yMDI1XC8wMVwvMjQxMjExX0NPU1RBX1ZFUkRFXzAwMDUuanBnIiwic2xpZGVzaG93IjoiNGFiMThmNyJ9\">\n\t\t\t\t\t<div class=\"e-gallery-image elementor-gallery-item__image\" data-thumbnail=\"https:\/\/pro.costa-verde.com\/wp-content\/uploads\/2025\/01\/241211_COSTA_VERDE_0005-768x512.jpg\" data-width=\"768\" data-height=\"512\" aria-label=\"\" role=\"img\" ><\/div>\n\t\t\t\t\t\t\t\t\t\t\t<div class=\"elementor-gallery-item__overlay\"><\/div>\n\t\t\t\t\t\t\t\t\t\t\t\t\t\t<\/a>\n\t\t\t\t\t\t\t<a class=\"e-gallery-item elementor-gallery-item elementor-animated-content\" href=\"https:\/\/pro.costa-verde.com\/wp-content\/uploads\/2025\/07\/250407_COSTAVERDE_ONDA_1908-1.jpg\" data-elementor-open-lightbox=\"yes\" data-elementor-lightbox-slideshow=\"4ab18f7\" data-elementor-lightbox-title=\"250407_COSTAVERDE_ONDA_1908\" data-e-action-hash=\"#elementor-action%3Aaction%3Dlightbox%26settings%3DeyJpZCI6NjY5MzgsInVybCI6Imh0dHBzOlwvXC9wcm8uY29zdGEtdmVyZGUuY29tXC93cC1jb250ZW50XC91cGxvYWRzXC8yMDI1XC8wN1wvMjUwNDA3X0NPU1RBVkVSREVfT05EQV8xOTA4LTEuanBnIiwic2xpZGVzaG93IjoiNGFiMThmNyJ9\">\n\t\t\t\t\t<div class=\"e-gallery-image elementor-gallery-item__image\" data-thumbnail=\"https:\/\/pro.costa-verde.com\/wp-content\/uploads\/2025\/07\/250407_COSTAVERDE_ONDA_1908-1-768x576.jpg\" data-width=\"768\" data-height=\"576\" aria-label=\"\" role=\"img\" ><\/div>\n\t\t\t\t\t\t\t\t\t\t\t<div class=\"elementor-gallery-item__overlay\"><\/div>\n\t\t\t\t\t\t\t\t\t\t\t\t\t\t<\/a>\n\t\t\t\t\t<\/div>\n\t\t\t\t\t<\/div>\n\t\t\t\t<\/div>\n\t\t\t\t\t<\/div>\n\t\t<\/div>\n\t\t\t\t<div class=\"elementor-column elementor-col-50 elementor-top-column elementor-element elementor-element-0291c3a\" data-id=\"0291c3a\" data-element_type=\"column\">\n\t\t\t<div class=\"elementor-widget-wrap elementor-element-populated\">\n\t\t\t\t\t\t<div class=\"elementor-element elementor-element-982df95 lust elementor-widget elementor-widget-text-editor\" data-id=\"982df95\" data-element_type=\"widget\" data-widget_type=\"text-editor.default\">\n\t\t\t\t<div class=\"elementor-widget-container\">\n\t\t\t\t\t\t\t\t\t<h1>Onda<\/h1>\t\t\t\t\t\t\t\t<\/div>\n\t\t\t\t<\/div>\n\t\t\t\t<div class=\"elementor-element elementor-element-8582e90 background-text elementor-absolute elementor-hidden-phone elementor-invisible elementor-widget elementor-widget-text-editor\" data-id=\"8582e90\" data-element_type=\"widget\" data-settings=\"{&quot;_position&quot;:&quot;absolute&quot;,&quot;_animation&quot;:&quot;fadeIn&quot;}\" data-widget_type=\"text-editor.default\">\n\t\t\t\t<div class=\"elementor-widget-container\">\n\t\t\t\t\t\t\t\t\t<p>Onda<\/p>\t\t\t\t\t\t\t\t<\/div>\n\t\t\t\t<\/div>\n\t\t\t\t<div class=\"elementor-element elementor-element-e1d6d4c elementor-widget elementor-widget-text-editor\" data-id=\"e1d6d4c\" data-element_type=\"widget\" data-widget_type=\"text-editor.default\">\n\t\t\t\t<div class=\"elementor-widget-container\">\n\t\t\t\t\t\t\t\t\t<h4>Elegancia y resistencia en cada detalle<\/h4>\t\t\t\t\t\t\t\t<\/div>\n\t\t\t\t<\/div>\n\t\t\t\t<div class=\"elementor-element elementor-element-638f0b0 elementor-widget elementor-widget-text-editor\" data-id=\"638f0b0\" data-element_type=\"widget\" data-widget_type=\"text-editor.default\">\n\t\t\t\t<div class=\"elementor-widget-container\">\n\t\t\t\t\t\t\t\t\t<p><span style=\"font-size: 12pt; color: var( --e-global-color-text );\">Onda, una colecci\u00f3n refinada y elegante disponible en blanco, crema y azul, transmite una pureza refinada, ideal para ambientes de excelencia.<\/span><\/p>\n<p><span style=\"font-size: 12pt; color: var( --e-global-color-text );\">Dise\u00f1ada para resistir el paso del tiempo, Onda se destaca por su durabilidad, gracias al refuerzo en el borde, que asegura una resistencia excepcional, manteniendo la belleza y funcionalidad en ambientes de alta exigencia.<\/span><\/p>\n<p><span style=\"color: var( --e-global-color-text ); font-size: 12pt;\">Perfecta para quien busca calidad, elegancia y un toque de distinci\u00f3n en cada detalle, la colecci\u00f3n Onda es la elecci\u00f3n ideal para ambientes sofisticados que celebran la perfecci\u00f3n.<\/span><\/p>\t\t\t\t\t\t\t\t<\/div>\n\t\t\t\t<\/div>\n\t\t\t\t<div class=\"elementor-element elementor-element-ee52c9b lust elementor-widget elementor-widget-text-editor\" data-id=\"ee52c9b\" data-element_type=\"widget\" data-widget_type=\"text-editor.default\">\n\t\t\t\t<div class=\"elementor-widget-container\">\n\t\t\t\t\t\t\t\t\t<h5>Links<\/h5>\n\t\t\t\t\t\t\t\t<\/div>\n\t\t\t\t<\/div>\n\t\t\t\t<div class=\"elementor-element elementor-element-ce9034c elementor-widget-divider--view-line elementor-widget elementor-widget-divider\" data-id=\"ce9034c\" data-element_type=\"widget\" data-widget_type=\"divider.default\">\n\t\t\t\t<div class=\"elementor-widget-container\">\n\t\t\t\t\t\t\t<div class=\"elementor-divider\">\n\t\t\t<span class=\"elementor-divider-separator\">\n\t\t\t\t\t\t<\/span>\n\t\t<\/div>\n\t\t\t\t\t\t<\/div>\n\t\t\t\t<\/div>\n\t\t\t\t<div class=\"elementor-element elementor-element-8f43c7f elementor-widget__width-auto elementor-widget elementor-widget-button\" data-id=\"8f43c7f\" data-element_type=\"widget\" data-widget_type=\"button.default\">\n\t\t\t\t<div class=\"elementor-widget-container\">\n\t\t\t\t\t\t\t\t\t<div class=\"elementor-button-wrapper\">\n\t\t\t\t\t<a class=\"elementor-button elementor-button-link elementor-size-sm\" href=\"https:\/\/pro.costa-verde.com\/wp-content\/uploads\/2024\/12\/Catalogo_CostaVerde_2024_1.pdf\" target=\"_blank\">\n\t\t\t\t\t\t<span class=\"elementor-button-content-wrapper\">\n\t\t\t\t\t\t<span class=\"elementor-button-icon\">\n\t\t\t\t<i aria-hidden=\"true\" class=\"stroke pe-7s-download\"><\/i>\t\t\t<\/span>\n\t\t\t\t\t\t\t\t\t<span class=\"elementor-button-text\">Cat\u00e1logo<\/span>\n\t\t\t\t\t<\/span>\n\t\t\t\t\t<\/a>\n\t\t\t\t<\/div>\n\t\t\t\t\t\t\t\t<\/div>\n\t\t\t\t<\/div>\n\t\t\t\t<div class=\"elementor-element elementor-element-1a5f7d6 elementor-widget__width-auto elementor-widget elementor-widget-button\" data-id=\"1a5f7d6\" data-element_type=\"widget\" data-widget_type=\"button.default\">\n\t\t\t\t<div class=\"elementor-widget-container\">\n\t\t\t\t\t\t\t\t\t<div class=\"elementor-button-wrapper\">\n\t\t\t\t\t<a class=\"elementor-button elementor-button-link elementor-size-sm\" href=\"https:\/\/pro.costa-verde.com\/wp-content\/uploads\/2025\/01\/Folheto_Onda.pdf\" target=\"_blank\">\n\t\t\t\t\t\t<span class=\"elementor-button-content-wrapper\">\n\t\t\t\t\t\t<span class=\"elementor-button-icon\">\n\t\t\t\t<i aria-hidden=\"true\" class=\"stroke pe-7s-download\"><\/i>\t\t\t<\/span>\n\t\t\t\t\t\t\t\t\t<span class=\"elementor-button-text\">Folheto<\/span>\n\t\t\t\t\t<\/span>\n\t\t\t\t\t<\/a>\n\t\t\t\t<\/div>\n\t\t\t\t\t\t\t\t<\/div>\n\t\t\t\t<\/div>\n\t\t\t\t\t<\/div>\n\t\t<\/div>\n\t\t\t\t\t<\/div>\n\t\t<\/section>\n\t\t\t\t<section class=\"elementor-section elementor-top-section elementor-element elementor-element-50ec07b elementor-section-stretched elementor-section-boxed elementor-section-height-default elementor-section-height-default\" data-id=\"50ec07b\" data-element_type=\"section\" data-settings=\"{&quot;stretch_section&quot;:&quot;section-stretched&quot;}\">\n\t\t\t\t\t\t<div class=\"elementor-container elementor-column-gap-default\">\n\t\t\t\t\t<div class=\"elementor-column elementor-col-100 elementor-top-column elementor-element elementor-element-18555b8\" data-id=\"18555b8\" data-element_type=\"column\">\n\t\t\t<div class=\"elementor-widget-wrap elementor-element-populated\">\n\t\t\t\t\t\t<div class=\"elementor-element elementor-element-f35cea7 elementor-widget elementor-widget-text-editor\" data-id=\"f35cea7\" data-element_type=\"widget\" data-widget_type=\"text-editor.default\">\n\t\t\t\t<div class=\"elementor-widget-container\">\n\t\t\t\t\t\t\t\t\t<h3>Las piezas de la Colecci\u00f3n Onda<\/h3>\t\t\t\t\t\t\t\t<\/div>\n\t\t\t\t<\/div>\n\t\t\t\t<div class=\"elementor-element elementor-element-9a72a8e elementor-grid-4 elementor-grid-tablet-3 elementor-grid-mobile-2 elementor-products-grid elementor-wc-products elementor-widget elementor-widget-woocommerce-products\" data-id=\"9a72a8e\" data-element_type=\"widget\" data-widget_type=\"woocommerce-products.default\">\n\t\t\t\t<div class=\"elementor-widget-container\">\n\t\t\t\t\t<div class=\"woocommerce columns-4 \">\t<div class=\"products jas-row\"  >\n\t\t<div class=\"jas-col-md-3 jas-col-sm-4 jas-col-xs-6 mt__30 post-62933 product type-product status-publish has-post-thumbnail product_cat-platos-es-7 pa_colecao-onda-es first instock taxable shipping-taxable product-type-simple\">\n\t<div class=\"product-inner pr\">\n\t\t<div class=\"product-image pr\">\n\t\t\t\t\t\t<a class=\"db\" href=\"https:\/\/pro.costa-verde.com\/es\/produto\/plato-24cm-onda\/\"><img fetchpriority=\"high\" decoding=\"async\" width=\"300\" height=\"192\" src=\"https:\/\/pro.costa-verde.com\/wp-content\/uploads\/2025\/07\/72.20-OND-PRATO-24CM-2-300x192.jpg\" class=\"attachment-shop_catalog size-shop_catalog\" alt=\"Plato 24cm\" srcset=\"https:\/\/pro.costa-verde.com\/wp-content\/uploads\/2025\/07\/72.20-OND-PRATO-24CM-2-300x192.jpg 300w, https:\/\/pro.costa-verde.com\/wp-content\/uploads\/2025\/07\/72.20-OND-PRATO-24CM-2-1024x656.jpg 1024w, https:\/\/pro.costa-verde.com\/wp-content\/uploads\/2025\/07\/72.20-OND-PRATO-24CM-2-768x492.jpg 768w, https:\/\/pro.costa-verde.com\/wp-content\/uploads\/2025\/07\/72.20-OND-PRATO-24CM-2-1536x984.jpg 1536w, https:\/\/pro.costa-verde.com\/wp-content\/uploads\/2025\/07\/72.20-OND-PRATO-24CM-2-600x384.jpg 600w, https:\/\/pro.costa-verde.com\/wp-content\/uploads\/2025\/07\/72.20-OND-PRATO-24CM-2-120x77.jpg 120w, https:\/\/pro.costa-verde.com\/wp-content\/uploads\/2025\/07\/72.20-OND-PRATO-24CM-2.jpg 1920w\" sizes=\"(max-width: 300px) 100vw, 300px\" \/><\/a>\n\t\t\t<div class=\"product-btn pa flex column ts__03\">\n\t\t\t\t\n\t\t\t\t\t\t\t<\/div>\n\t\t\t\n\t\t\t\t\t\t\t\t<\/div><!-- .product-image -->\n\t\t<div class=\"product-info mt__15\">\n\t\t\t<h3 class=\"product-title pr fs__14 mg__0 fwm\"><a class=\"cd chp\" href=\"https:\/\/pro.costa-verde.com\/es\/produto\/plato-24cm-onda\/\">Plato 24cm<\/a><\/h3>\n\t\t<\/div><!-- .product-info -->\n\t<\/div><!-- .product-inner -->\n<\/div>\n<div class=\"jas-col-md-3 jas-col-sm-4 jas-col-xs-6 mt__30 post-62924 product type-product status-publish has-post-thumbnail product_cat-platos-es-7 pa_colecao-onda-es  instock taxable shipping-taxable product-type-simple\">\n\t<div class=\"product-inner pr\">\n\t\t<div class=\"product-image pr\">\n\t\t\t\t\t\t<a class=\"db\" href=\"https:\/\/pro.costa-verde.com\/es\/produto\/plato-32cm-onda\/\"><img decoding=\"async\" width=\"300\" height=\"192\" src=\"https:\/\/pro.costa-verde.com\/wp-content\/uploads\/2025\/07\/72.2-OND-PRATO-32CM-2-300x192.jpg\" class=\"attachment-shop_catalog size-shop_catalog\" alt=\"Plato 32cm\" srcset=\"https:\/\/pro.costa-verde.com\/wp-content\/uploads\/2025\/07\/72.2-OND-PRATO-32CM-2-300x192.jpg 300w, https:\/\/pro.costa-verde.com\/wp-content\/uploads\/2025\/07\/72.2-OND-PRATO-32CM-2-1024x656.jpg 1024w, https:\/\/pro.costa-verde.com\/wp-content\/uploads\/2025\/07\/72.2-OND-PRATO-32CM-2-768x492.jpg 768w, https:\/\/pro.costa-verde.com\/wp-content\/uploads\/2025\/07\/72.2-OND-PRATO-32CM-2-1536x984.jpg 1536w, https:\/\/pro.costa-verde.com\/wp-content\/uploads\/2025\/07\/72.2-OND-PRATO-32CM-2-600x384.jpg 600w, https:\/\/pro.costa-verde.com\/wp-content\/uploads\/2025\/07\/72.2-OND-PRATO-32CM-2-120x77.jpg 120w, https:\/\/pro.costa-verde.com\/wp-content\/uploads\/2025\/07\/72.2-OND-PRATO-32CM-2.jpg 1920w\" sizes=\"(max-width: 300px) 100vw, 300px\" \/><\/a>\n\t\t\t<div class=\"product-btn pa flex column ts__03\">\n\t\t\t\t\n\t\t\t\t\t\t\t<\/div>\n\t\t\t\n\t\t\t\t\t\t\t\t<\/div><!-- .product-image -->\n\t\t<div class=\"product-info mt__15\">\n\t\t\t<h3 class=\"product-title pr fs__14 mg__0 fwm\"><a class=\"cd chp\" href=\"https:\/\/pro.costa-verde.com\/es\/produto\/plato-32cm-onda\/\">Plato 32cm<\/a><\/h3>\n\t\t<\/div><!-- .product-info -->\n\t<\/div><!-- .product-inner -->\n<\/div>\n<div class=\"jas-col-md-3 jas-col-sm-4 jas-col-xs-6 mt__30 post-62925 product type-product status-publish has-post-thumbnail product_cat-platos-es-7 pa_colecao-onda-es  instock taxable shipping-taxable product-type-simple\">\n\t<div class=\"product-inner pr\">\n\t\t<div class=\"product-image pr\">\n\t\t\t\t\t\t<a class=\"db\" href=\"https:\/\/pro.costa-verde.com\/es\/produto\/plato-29cm-onda\/\"><img decoding=\"async\" width=\"300\" height=\"192\" src=\"https:\/\/pro.costa-verde.com\/wp-content\/uploads\/2025\/07\/72.10-OND-PRATO-29CM-2-300x192.jpg\" class=\"attachment-shop_catalog size-shop_catalog\" alt=\"Plato 29cm\" srcset=\"https:\/\/pro.costa-verde.com\/wp-content\/uploads\/2025\/07\/72.10-OND-PRATO-29CM-2-300x192.jpg 300w, https:\/\/pro.costa-verde.com\/wp-content\/uploads\/2025\/07\/72.10-OND-PRATO-29CM-2-1024x656.jpg 1024w, https:\/\/pro.costa-verde.com\/wp-content\/uploads\/2025\/07\/72.10-OND-PRATO-29CM-2-768x492.jpg 768w, https:\/\/pro.costa-verde.com\/wp-content\/uploads\/2025\/07\/72.10-OND-PRATO-29CM-2-1536x984.jpg 1536w, https:\/\/pro.costa-verde.com\/wp-content\/uploads\/2025\/07\/72.10-OND-PRATO-29CM-2-600x384.jpg 600w, https:\/\/pro.costa-verde.com\/wp-content\/uploads\/2025\/07\/72.10-OND-PRATO-29CM-2-120x77.jpg 120w, https:\/\/pro.costa-verde.com\/wp-content\/uploads\/2025\/07\/72.10-OND-PRATO-29CM-2.jpg 1920w\" sizes=\"(max-width: 300px) 100vw, 300px\" \/><\/a>\n\t\t\t<div class=\"product-btn pa flex column ts__03\">\n\t\t\t\t\n\t\t\t\t\t\t\t<\/div>\n\t\t\t\n\t\t\t\t\t\t\t\t<\/div><!-- .product-image -->\n\t\t<div class=\"product-info mt__15\">\n\t\t\t<h3 class=\"product-title pr fs__14 mg__0 fwm\"><a class=\"cd chp\" href=\"https:\/\/pro.costa-verde.com\/es\/produto\/plato-29cm-onda\/\">Plato 29cm<\/a><\/h3>\n\t\t<\/div><!-- .product-info -->\n\t<\/div><!-- .product-inner -->\n<\/div>\n<div class=\"jas-col-md-3 jas-col-sm-4 jas-col-xs-6 mt__30 post-62932 product type-product status-publish has-post-thumbnail product_cat-platos-hondo-es-3 product_cat-platos-pasta pa_colecao-onda-es last instock taxable shipping-taxable product-type-simple\">\n\t<div class=\"product-inner pr\">\n\t\t<div class=\"product-image pr\">\n\t\t\t\t\t\t<a class=\"db\" href=\"https:\/\/pro.costa-verde.com\/es\/produto\/plato-hondo-coupe-20cm-onda\/\"><img loading=\"lazy\" decoding=\"async\" width=\"300\" height=\"192\" src=\"https:\/\/pro.costa-verde.com\/wp-content\/uploads\/2025\/07\/72.35-OND-PRATO-FUNDO-20CM-2-300x192.jpg\" class=\"attachment-shop_catalog size-shop_catalog\" alt=\"Plato Hondo Coupe 20cm\" srcset=\"https:\/\/pro.costa-verde.com\/wp-content\/uploads\/2025\/07\/72.35-OND-PRATO-FUNDO-20CM-2-300x192.jpg 300w, https:\/\/pro.costa-verde.com\/wp-content\/uploads\/2025\/07\/72.35-OND-PRATO-FUNDO-20CM-2-1024x656.jpg 1024w, https:\/\/pro.costa-verde.com\/wp-content\/uploads\/2025\/07\/72.35-OND-PRATO-FUNDO-20CM-2-768x492.jpg 768w, https:\/\/pro.costa-verde.com\/wp-content\/uploads\/2025\/07\/72.35-OND-PRATO-FUNDO-20CM-2-1536x984.jpg 1536w, https:\/\/pro.costa-verde.com\/wp-content\/uploads\/2025\/07\/72.35-OND-PRATO-FUNDO-20CM-2-600x384.jpg 600w, https:\/\/pro.costa-verde.com\/wp-content\/uploads\/2025\/07\/72.35-OND-PRATO-FUNDO-20CM-2-120x77.jpg 120w, https:\/\/pro.costa-verde.com\/wp-content\/uploads\/2025\/07\/72.35-OND-PRATO-FUNDO-20CM-2.jpg 1920w\" sizes=\"(max-width: 300px) 100vw, 300px\" \/><\/a>\n\t\t\t<div class=\"product-btn pa flex column ts__03\">\n\t\t\t\t\n\t\t\t\t\t\t\t<\/div>\n\t\t\t\n\t\t\t\t\t\t\t\t<\/div><!-- .product-image -->\n\t\t<div class=\"product-info mt__15\">\n\t\t\t<h3 class=\"product-title pr fs__14 mg__0 fwm\"><a class=\"cd chp\" href=\"https:\/\/pro.costa-verde.com\/es\/produto\/plato-hondo-coupe-20cm-onda\/\">Plato Hondo Coupe 20cm<\/a><\/h3>\n\t\t<\/div><!-- .product-info -->\n\t<\/div><!-- .product-inner -->\n<\/div>\n<div class=\"jas-col-md-3 jas-col-sm-4 jas-col-xs-6 mt__30 post-62944 product type-product status-publish has-post-thumbnail product_cat-platos-es-7 pa_colecao-onda-es first instock taxable shipping-taxable product-type-simple\">\n\t<div class=\"product-inner pr\">\n\t\t<div class=\"product-image pr\">\n\t\t\t\t\t\t<a class=\"db\" href=\"https:\/\/pro.costa-verde.com\/es\/produto\/plato-18cm-onda\/\"><img loading=\"lazy\" decoding=\"async\" width=\"300\" height=\"192\" src=\"https:\/\/pro.costa-verde.com\/wp-content\/uploads\/2025\/07\/72.40-OND-PRATO-18CM-2-300x192.jpg\" class=\"attachment-shop_catalog size-shop_catalog\" alt=\"Plato 18cm\" srcset=\"https:\/\/pro.costa-verde.com\/wp-content\/uploads\/2025\/07\/72.40-OND-PRATO-18CM-2-300x192.jpg 300w, https:\/\/pro.costa-verde.com\/wp-content\/uploads\/2025\/07\/72.40-OND-PRATO-18CM-2-1024x656.jpg 1024w, https:\/\/pro.costa-verde.com\/wp-content\/uploads\/2025\/07\/72.40-OND-PRATO-18CM-2-768x492.jpg 768w, https:\/\/pro.costa-verde.com\/wp-content\/uploads\/2025\/07\/72.40-OND-PRATO-18CM-2-1536x984.jpg 1536w, https:\/\/pro.costa-verde.com\/wp-content\/uploads\/2025\/07\/72.40-OND-PRATO-18CM-2-600x384.jpg 600w, https:\/\/pro.costa-verde.com\/wp-content\/uploads\/2025\/07\/72.40-OND-PRATO-18CM-2-120x77.jpg 120w, https:\/\/pro.costa-verde.com\/wp-content\/uploads\/2025\/07\/72.40-OND-PRATO-18CM-2.jpg 1920w\" sizes=\"(max-width: 300px) 100vw, 300px\" \/><\/a>\n\t\t\t<div class=\"product-btn pa flex column ts__03\">\n\t\t\t\t\n\t\t\t\t\t\t\t<\/div>\n\t\t\t\n\t\t\t\t\t\t\t\t<\/div><!-- .product-image -->\n\t\t<div class=\"product-info mt__15\">\n\t\t\t<h3 class=\"product-title pr fs__14 mg__0 fwm\"><a class=\"cd chp\" href=\"https:\/\/pro.costa-verde.com\/es\/produto\/plato-18cm-onda\/\">Plato 18cm<\/a><\/h3>\n\t\t<\/div><!-- .product-info -->\n\t<\/div><!-- .product-inner -->\n<\/div>\n<div class=\"jas-col-md-3 jas-col-sm-4 jas-col-xs-6 mt__30 post-62943 product type-product status-publish has-post-thumbnail product_cat-fuentes-es pa_colecao-onda-es  instock taxable shipping-taxable product-type-simple\">\n\t<div class=\"product-inner pr\">\n\t\t<div class=\"product-image pr\">\n\t\t\t\t\t\t<a class=\"db\" href=\"https:\/\/pro.costa-verde.com\/es\/produto\/fuente-oval-32x25cm-onda\/\"><img loading=\"lazy\" decoding=\"async\" width=\"300\" height=\"192\" src=\"https:\/\/pro.costa-verde.com\/wp-content\/uploads\/2025\/07\/72.50-OND-TRAVESSA-OVAL-32CM-2-300x192.jpg\" class=\"attachment-shop_catalog size-shop_catalog\" alt=\"Fuente Oval 32x25cm\" srcset=\"https:\/\/pro.costa-verde.com\/wp-content\/uploads\/2025\/07\/72.50-OND-TRAVESSA-OVAL-32CM-2-300x192.jpg 300w, https:\/\/pro.costa-verde.com\/wp-content\/uploads\/2025\/07\/72.50-OND-TRAVESSA-OVAL-32CM-2-1024x656.jpg 1024w, https:\/\/pro.costa-verde.com\/wp-content\/uploads\/2025\/07\/72.50-OND-TRAVESSA-OVAL-32CM-2-768x492.jpg 768w, https:\/\/pro.costa-verde.com\/wp-content\/uploads\/2025\/07\/72.50-OND-TRAVESSA-OVAL-32CM-2-1536x984.jpg 1536w, https:\/\/pro.costa-verde.com\/wp-content\/uploads\/2025\/07\/72.50-OND-TRAVESSA-OVAL-32CM-2-600x384.jpg 600w, https:\/\/pro.costa-verde.com\/wp-content\/uploads\/2025\/07\/72.50-OND-TRAVESSA-OVAL-32CM-2-120x77.jpg 120w, https:\/\/pro.costa-verde.com\/wp-content\/uploads\/2025\/07\/72.50-OND-TRAVESSA-OVAL-32CM-2.jpg 1920w\" sizes=\"(max-width: 300px) 100vw, 300px\" \/><\/a>\n\t\t\t<div class=\"product-btn pa flex column ts__03\">\n\t\t\t\t\n\t\t\t\t\t\t\t<\/div>\n\t\t\t\n\t\t\t\t\t\t\t\t<\/div><!-- .product-image -->\n\t\t<div class=\"product-info mt__15\">\n\t\t\t<h3 class=\"product-title pr fs__14 mg__0 fwm\"><a class=\"cd chp\" href=\"https:\/\/pro.costa-verde.com\/es\/produto\/fuente-oval-32x25cm-onda\/\">Fuente Oval 32x25cm<\/a><\/h3>\n\t\t<\/div><!-- .product-info -->\n\t<\/div><!-- .product-inner -->\n<\/div>\n<div class=\"jas-col-md-3 jas-col-sm-4 jas-col-xs-6 mt__30 post-62942 product type-product status-publish has-post-thumbnail product_cat-platillo-cafe pa_colecao-onda-es  instock taxable shipping-taxable product-type-simple\">\n\t<div class=\"product-inner pr\">\n\t\t<div class=\"product-image pr\">\n\t\t\t\t\t\t<a class=\"db\" href=\"https:\/\/pro.costa-verde.com\/es\/produto\/platillo-16cm-onda\/\"><img loading=\"lazy\" decoding=\"async\" width=\"300\" height=\"192\" src=\"https:\/\/pro.costa-verde.com\/wp-content\/uploads\/2025\/07\/72.192-OND-PIRES-16CM-2-300x192.jpg\" class=\"attachment-shop_catalog size-shop_catalog\" alt=\"Platillo 16cm\" srcset=\"https:\/\/pro.costa-verde.com\/wp-content\/uploads\/2025\/07\/72.192-OND-PIRES-16CM-2-300x192.jpg 300w, https:\/\/pro.costa-verde.com\/wp-content\/uploads\/2025\/07\/72.192-OND-PIRES-16CM-2-1024x656.jpg 1024w, https:\/\/pro.costa-verde.com\/wp-content\/uploads\/2025\/07\/72.192-OND-PIRES-16CM-2-768x492.jpg 768w, https:\/\/pro.costa-verde.com\/wp-content\/uploads\/2025\/07\/72.192-OND-PIRES-16CM-2-1536x984.jpg 1536w, https:\/\/pro.costa-verde.com\/wp-content\/uploads\/2025\/07\/72.192-OND-PIRES-16CM-2-600x384.jpg 600w, https:\/\/pro.costa-verde.com\/wp-content\/uploads\/2025\/07\/72.192-OND-PIRES-16CM-2-120x77.jpg 120w, https:\/\/pro.costa-verde.com\/wp-content\/uploads\/2025\/07\/72.192-OND-PIRES-16CM-2.jpg 1920w\" sizes=\"(max-width: 300px) 100vw, 300px\" \/><\/a>\n\t\t\t<div class=\"product-btn pa flex column ts__03\">\n\t\t\t\t\n\t\t\t\t\t\t\t<\/div>\n\t\t\t\n\t\t\t\t\t\t\t\t<\/div><!-- .product-image -->\n\t\t<div class=\"product-info mt__15\">\n\t\t\t<h3 class=\"product-title pr fs__14 mg__0 fwm\"><a class=\"cd chp\" href=\"https:\/\/pro.costa-verde.com\/es\/produto\/platillo-16cm-onda\/\">Platillo 16cm<\/a><\/h3>\n\t\t<\/div><!-- .product-info -->\n\t<\/div><!-- .product-inner -->\n<\/div>\n<div class=\"jas-col-md-3 jas-col-sm-4 jas-col-xs-6 mt__30 post-62941 product type-product status-publish has-post-thumbnail product_cat-platillo-cafe pa_colecao-onda-es last instock taxable shipping-taxable product-type-simple\">\n\t<div class=\"product-inner pr\">\n\t\t<div class=\"product-image pr\">\n\t\t\t\t\t\t<a class=\"db\" href=\"https:\/\/pro.costa-verde.com\/es\/produto\/platillo-13cm-onda\/\"><img loading=\"lazy\" decoding=\"async\" width=\"300\" height=\"192\" src=\"https:\/\/pro.costa-verde.com\/wp-content\/uploads\/2025\/07\/72.202-OND-PIRES-13CM-2-300x192.jpg\" class=\"attachment-shop_catalog size-shop_catalog\" alt=\"Platillo 13cm\" srcset=\"https:\/\/pro.costa-verde.com\/wp-content\/uploads\/2025\/07\/72.202-OND-PIRES-13CM-2-300x192.jpg 300w, https:\/\/pro.costa-verde.com\/wp-content\/uploads\/2025\/07\/72.202-OND-PIRES-13CM-2-1024x656.jpg 1024w, https:\/\/pro.costa-verde.com\/wp-content\/uploads\/2025\/07\/72.202-OND-PIRES-13CM-2-768x492.jpg 768w, https:\/\/pro.costa-verde.com\/wp-content\/uploads\/2025\/07\/72.202-OND-PIRES-13CM-2-1536x984.jpg 1536w, https:\/\/pro.costa-verde.com\/wp-content\/uploads\/2025\/07\/72.202-OND-PIRES-13CM-2-600x384.jpg 600w, https:\/\/pro.costa-verde.com\/wp-content\/uploads\/2025\/07\/72.202-OND-PIRES-13CM-2-120x77.jpg 120w, https:\/\/pro.costa-verde.com\/wp-content\/uploads\/2025\/07\/72.202-OND-PIRES-13CM-2.jpg 1920w\" sizes=\"(max-width: 300px) 100vw, 300px\" \/><\/a>\n\t\t\t<div class=\"product-btn pa flex column ts__03\">\n\t\t\t\t\n\t\t\t\t\t\t\t<\/div>\n\t\t\t\n\t\t\t\t\t\t\t\t<\/div><!-- .product-image -->\n\t\t<div class=\"product-info mt__15\">\n\t\t\t<h3 class=\"product-title pr fs__14 mg__0 fwm\"><a class=\"cd chp\" href=\"https:\/\/pro.costa-verde.com\/es\/produto\/platillo-13cm-onda\/\">Platillo 13cm<\/a><\/h3>\n\t\t<\/div><!-- .product-info -->\n\t<\/div><!-- .product-inner -->\n<\/div>\n<div class=\"jas-col-md-3 jas-col-sm-4 jas-col-xs-6 mt__30 post-62935 product type-product status-publish has-post-thumbnail product_cat-platos-hondo-es-3 product_cat-platos-pasta pa_colecao-onda-es first instock taxable shipping-taxable product-type-simple\">\n\t<div class=\"product-inner pr\">\n\t\t<div class=\"product-image pr\">\n\t\t\t\t\t\t<a class=\"db\" href=\"https:\/\/pro.costa-verde.com\/es\/produto\/plato-hondo-coupe-27cm-onda\/\"><img loading=\"lazy\" decoding=\"async\" width=\"300\" height=\"192\" src=\"https:\/\/pro.costa-verde.com\/wp-content\/uploads\/2025\/07\/72.11-OND-PRATO-FUNDO-COUPE-27CM-2-300x192.jpg\" class=\"attachment-shop_catalog size-shop_catalog\" alt=\"Plato Hondo Coupe 27cm\" srcset=\"https:\/\/pro.costa-verde.com\/wp-content\/uploads\/2025\/07\/72.11-OND-PRATO-FUNDO-COUPE-27CM-2-300x192.jpg 300w, https:\/\/pro.costa-verde.com\/wp-content\/uploads\/2025\/07\/72.11-OND-PRATO-FUNDO-COUPE-27CM-2-1024x656.jpg 1024w, https:\/\/pro.costa-verde.com\/wp-content\/uploads\/2025\/07\/72.11-OND-PRATO-FUNDO-COUPE-27CM-2-768x492.jpg 768w, https:\/\/pro.costa-verde.com\/wp-content\/uploads\/2025\/07\/72.11-OND-PRATO-FUNDO-COUPE-27CM-2-1536x984.jpg 1536w, https:\/\/pro.costa-verde.com\/wp-content\/uploads\/2025\/07\/72.11-OND-PRATO-FUNDO-COUPE-27CM-2-600x384.jpg 600w, https:\/\/pro.costa-verde.com\/wp-content\/uploads\/2025\/07\/72.11-OND-PRATO-FUNDO-COUPE-27CM-2-120x77.jpg 120w, https:\/\/pro.costa-verde.com\/wp-content\/uploads\/2025\/07\/72.11-OND-PRATO-FUNDO-COUPE-27CM-2.jpg 1920w\" sizes=\"(max-width: 300px) 100vw, 300px\" \/><\/a>\n\t\t\t<div class=\"product-btn pa flex column ts__03\">\n\t\t\t\t\n\t\t\t\t\t\t\t<\/div>\n\t\t\t\n\t\t\t\t\t\t\t\t<\/div><!-- .product-image -->\n\t\t<div class=\"product-info mt__15\">\n\t\t\t<h3 class=\"product-title pr fs__14 mg__0 fwm\"><a class=\"cd chp\" href=\"https:\/\/pro.costa-verde.com\/es\/produto\/plato-hondo-coupe-27cm-onda\/\">Plato Hondo Coupe 27cm<\/a><\/h3>\n\t\t<\/div><!-- .product-info -->\n\t<\/div><!-- .product-inner -->\n<\/div>\n<div class=\"jas-col-md-3 jas-col-sm-4 jas-col-xs-6 mt__30 post-62926 product type-product status-publish has-post-thumbnail product_cat-platos-hondo-es product_cat-platos-pasta pa_colecao-onda-es  instock taxable shipping-taxable product-type-simple\">\n\t<div class=\"product-inner pr\">\n\t\t<div class=\"product-image pr\">\n\t\t\t\t\t\t<a class=\"db\" href=\"https:\/\/pro.costa-verde.com\/es\/produto\/plato-hondo-coupe-29cm-onda\/\"><img loading=\"lazy\" decoding=\"async\" width=\"300\" height=\"192\" src=\"https:\/\/pro.costa-verde.com\/wp-content\/uploads\/2025\/07\/72.5-OND-PRATO-F-COUPE-29CM-2-300x192.jpg\" class=\"attachment-shop_catalog size-shop_catalog\" alt=\"Plato Hondo Coupe 29cm\" srcset=\"https:\/\/pro.costa-verde.com\/wp-content\/uploads\/2025\/07\/72.5-OND-PRATO-F-COUPE-29CM-2-300x192.jpg 300w, https:\/\/pro.costa-verde.com\/wp-content\/uploads\/2025\/07\/72.5-OND-PRATO-F-COUPE-29CM-2-1024x656.jpg 1024w, https:\/\/pro.costa-verde.com\/wp-content\/uploads\/2025\/07\/72.5-OND-PRATO-F-COUPE-29CM-2-768x492.jpg 768w, https:\/\/pro.costa-verde.com\/wp-content\/uploads\/2025\/07\/72.5-OND-PRATO-F-COUPE-29CM-2-1536x984.jpg 1536w, https:\/\/pro.costa-verde.com\/wp-content\/uploads\/2025\/07\/72.5-OND-PRATO-F-COUPE-29CM-2-600x384.jpg 600w, https:\/\/pro.costa-verde.com\/wp-content\/uploads\/2025\/07\/72.5-OND-PRATO-F-COUPE-29CM-2-120x77.jpg 120w, https:\/\/pro.costa-verde.com\/wp-content\/uploads\/2025\/07\/72.5-OND-PRATO-F-COUPE-29CM-2.jpg 1920w\" sizes=\"(max-width: 300px) 100vw, 300px\" \/><\/a>\n\t\t\t<div class=\"product-btn pa flex column ts__03\">\n\t\t\t\t\n\t\t\t\t\t\t\t<\/div>\n\t\t\t\n\t\t\t\t\t\t\t\t<\/div><!-- .product-image -->\n\t\t<div class=\"product-info mt__15\">\n\t\t\t<h3 class=\"product-title pr fs__14 mg__0 fwm\"><a class=\"cd chp\" href=\"https:\/\/pro.costa-verde.com\/es\/produto\/plato-hondo-coupe-29cm-onda\/\">Plato Hondo Coupe 29cm<\/a><\/h3>\n\t\t<\/div><!-- .product-info -->\n\t<\/div><!-- .product-inner -->\n<\/div>\n<div class=\"jas-col-md-3 jas-col-sm-4 jas-col-xs-6 mt__30 post-62936 product type-product status-publish has-post-thumbnail product_cat-platos-es-7 pa_colecao-onda-es  instock taxable shipping-taxable product-type-simple\">\n\t<div class=\"product-inner pr\">\n\t\t<div class=\"product-image pr\">\n\t\t\t\t\t\t<a class=\"db\" href=\"https:\/\/pro.costa-verde.com\/es\/produto\/plate-27cm-onda\/\"><img loading=\"lazy\" decoding=\"async\" width=\"300\" height=\"192\" src=\"https:\/\/pro.costa-verde.com\/wp-content\/uploads\/2025\/07\/72.16-OND-PRATO-27CM-2-300x192.jpg\" class=\"attachment-shop_catalog size-shop_catalog\" alt=\"Plate 27cm\" srcset=\"https:\/\/pro.costa-verde.com\/wp-content\/uploads\/2025\/07\/72.16-OND-PRATO-27CM-2-300x192.jpg 300w, https:\/\/pro.costa-verde.com\/wp-content\/uploads\/2025\/07\/72.16-OND-PRATO-27CM-2-1024x656.jpg 1024w, https:\/\/pro.costa-verde.com\/wp-content\/uploads\/2025\/07\/72.16-OND-PRATO-27CM-2-768x492.jpg 768w, https:\/\/pro.costa-verde.com\/wp-content\/uploads\/2025\/07\/72.16-OND-PRATO-27CM-2-1536x984.jpg 1536w, https:\/\/pro.costa-verde.com\/wp-content\/uploads\/2025\/07\/72.16-OND-PRATO-27CM-2-600x384.jpg 600w, https:\/\/pro.costa-verde.com\/wp-content\/uploads\/2025\/07\/72.16-OND-PRATO-27CM-2-120x77.jpg 120w, https:\/\/pro.costa-verde.com\/wp-content\/uploads\/2025\/07\/72.16-OND-PRATO-27CM-2.jpg 1920w\" sizes=\"(max-width: 300px) 100vw, 300px\" \/><\/a>\n\t\t\t<div class=\"product-btn pa flex column ts__03\">\n\t\t\t\t\n\t\t\t\t\t\t\t<\/div>\n\t\t\t\n\t\t\t\t\t\t\t\t<\/div><!-- .product-image -->\n\t\t<div class=\"product-info mt__15\">\n\t\t\t<h3 class=\"product-title pr fs__14 mg__0 fwm\"><a class=\"cd chp\" href=\"https:\/\/pro.costa-verde.com\/es\/produto\/plate-27cm-onda\/\">Plate 27cm<\/a><\/h3>\n\t\t<\/div><!-- .product-info -->\n\t<\/div><!-- .product-inner -->\n<\/div>\n<div class=\"jas-col-md-3 jas-col-sm-4 jas-col-xs-6 mt__30 post-62927 product type-product status-publish has-post-thumbnail product_cat-platos-hondo-es pa_colecao-onda-es last instock taxable shipping-taxable product-type-simple\">\n\t<div class=\"product-inner pr\">\n\t\t<div class=\"product-image pr\">\n\t\t\t\t\t\t<a class=\"db\" href=\"https:\/\/pro.costa-verde.com\/es\/produto\/plato-hondo-29cm-onda\/\"><img loading=\"lazy\" decoding=\"async\" width=\"300\" height=\"192\" src=\"https:\/\/pro.costa-verde.com\/wp-content\/uploads\/2025\/07\/72.6-OND-PRATO-FUNDO-29CM-2-300x192.jpg\" class=\"attachment-shop_catalog size-shop_catalog\" alt=\"Plato Hondo 29cm\" srcset=\"https:\/\/pro.costa-verde.com\/wp-content\/uploads\/2025\/07\/72.6-OND-PRATO-FUNDO-29CM-2-300x192.jpg 300w, https:\/\/pro.costa-verde.com\/wp-content\/uploads\/2025\/07\/72.6-OND-PRATO-FUNDO-29CM-2-1024x656.jpg 1024w, https:\/\/pro.costa-verde.com\/wp-content\/uploads\/2025\/07\/72.6-OND-PRATO-FUNDO-29CM-2-768x492.jpg 768w, https:\/\/pro.costa-verde.com\/wp-content\/uploads\/2025\/07\/72.6-OND-PRATO-FUNDO-29CM-2-1536x984.jpg 1536w, https:\/\/pro.costa-verde.com\/wp-content\/uploads\/2025\/07\/72.6-OND-PRATO-FUNDO-29CM-2-600x384.jpg 600w, https:\/\/pro.costa-verde.com\/wp-content\/uploads\/2025\/07\/72.6-OND-PRATO-FUNDO-29CM-2-120x77.jpg 120w, https:\/\/pro.costa-verde.com\/wp-content\/uploads\/2025\/07\/72.6-OND-PRATO-FUNDO-29CM-2.jpg 1920w\" sizes=\"(max-width: 300px) 100vw, 300px\" \/><\/a>\n\t\t\t<div class=\"product-btn pa flex column ts__03\">\n\t\t\t\t\n\t\t\t\t\t\t\t<\/div>\n\t\t\t\n\t\t\t\t\t\t\t\t<\/div><!-- .product-image -->\n\t\t<div class=\"product-info mt__15\">\n\t\t\t<h3 class=\"product-title pr fs__14 mg__0 fwm\"><a class=\"cd chp\" href=\"https:\/\/pro.costa-verde.com\/es\/produto\/plato-hondo-29cm-onda\/\">Plato Hondo 29cm<\/a><\/h3>\n\t\t<\/div><!-- .product-info -->\n\t<\/div><!-- .product-inner -->\n<\/div>\n<\/div><!-- .products --><\/div>\t\t\t\t<\/div>\n\t\t\t\t<\/div>\n\t\t\t\t<div class=\"elementor-element elementor-element-4d30d2d elementor-align-center button elementor-widget elementor-widget-button\" data-id=\"4d30d2d\" data-element_type=\"widget\" data-widget_type=\"button.default\">\n\t\t\t\t<div class=\"elementor-widget-container\">\n\t\t\t\t\t\t\t\t\t<div class=\"elementor-button-wrapper\">\n\t\t\t\t\t<a class=\"elementor-button elementor-button-link elementor-size-md\" href=\"https:\/\/pro.costa-verde.com\/es\/colecciones\/\">\n\t\t\t\t\t\t<span class=\"elementor-button-content-wrapper\">\n\t\t\t\t\t\t\t\t\t<span class=\"elementor-button-text\">Ver outras cole\u00e7\u00f5es<\/span>\n\t\t\t\t\t<\/span>\n\t\t\t\t\t<\/a>\n\t\t\t\t<\/div>\n\t\t\t\t\t\t\t\t<\/div>\n\t\t\t\t<\/div>\n\t\t\t\t\t<\/div>\n\t\t<\/div>\n\t\t\t\t\t<\/div>\n\t\t<\/section>\n\t\t\t\t<\/div>\n\t\t","protected":false},"excerpt":{"rendered":"<p>Onda Onda Elegancia y resistencia en cada detalle Onda, una colecci\u00f3n refinada y elegante disponible en blanco, crema y azul, transmite una pureza refinada, ideal para ambientes de excelencia. Dise\u00f1ada para resistir el paso del tiempo, Onda se destaca por su durabilidad, gracias al refuerzo en el borde, que asegura una resistencia excepcional, manteniendo la [&hellip;]<\/p>\n","protected":false},"author":438,"featured_media":62890,"parent":19108,"menu_order":0,"comment_status":"closed","ping_status":"closed","template":"","meta":{"footnotes":""},"class_list":["post-62947","page","type-page","status-publish","has-post-thumbnail","hentry"],"yoast_head":"<!-- This site is optimized with the Yoast SEO plugin v26.9 - https:\/\/yoast.com\/product\/yoast-seo-wordpress\/ -->\n<title>Onda - Costa Verde<\/title>\n<meta name=\"description\" content=\"Onda, una colecci\u00f3n refinada y elegante con un esmalte blanco brillante, transmite una pureza refinada, ideal para ambientes de excelencia.\" \/>\n<meta name=\"robots\" content=\"index, follow, max-snippet:-1, max-image-preview:large, max-video-preview:-1\" \/>\n<link rel=\"canonical\" href=\"https:\/\/pro.costa-verde.com\/es\/colecciones-costa-verde\/onda\/\" \/>\n<meta property=\"og:locale\" content=\"es_ES\" \/>\n<meta property=\"og:type\" content=\"article\" \/>\n<meta property=\"og:title\" content=\"Onda - Costa Verde\" \/>\n<meta property=\"og:description\" content=\"Onda, una colecci\u00f3n refinada y elegante con un esmalte blanco brillante, transmite una pureza refinada, ideal para ambientes de excelencia.\" \/>\n<meta property=\"og:url\" content=\"https:\/\/pro.costa-verde.com\/es\/colecciones-costa-verde\/onda\/\" \/>\n<meta property=\"og:site_name\" content=\"Costa Verde\" \/>\n<meta property=\"article:publisher\" content=\"https:\/\/www.facebook.com\/costaverdeporcelanas\/\" \/>\n<meta property=\"article:modified_time\" content=\"2025-07-16T16:26:59+00:00\" \/>\n<meta property=\"og:image\" content=\"https:\/\/pro.costa-verde.com\/wp-content\/uploads\/2025\/01\/241211_COSTA_VERDE_0005.jpg\" \/>\n\t<meta property=\"og:image:width\" content=\"1920\" \/>\n\t<meta property=\"og:image:height\" content=\"1280\" \/>\n\t<meta property=\"og:image:type\" content=\"image\/jpeg\" \/>\n<meta name=\"twitter:card\" content=\"summary_large_image\" \/>\n<meta name=\"twitter:label1\" content=\"Tiempo de lectura\" \/>\n\t<meta name=\"twitter:data1\" content=\"4 minutos\" \/>\n<script type=\"application\/ld+json\" class=\"yoast-schema-graph\">{\"@context\":\"https:\/\/schema.org\",\"@graph\":[{\"@type\":\"WebPage\",\"@id\":\"https:\/\/pro.costa-verde.com\/es\/colecciones-costa-verde\/onda\/\",\"url\":\"https:\/\/pro.costa-verde.com\/es\/colecciones-costa-verde\/onda\/\",\"name\":\"Onda - Costa Verde\",\"isPartOf\":{\"@id\":\"https:\/\/pro.costa-verde.com\/#website\"},\"primaryImageOfPage\":{\"@id\":\"https:\/\/pro.costa-verde.com\/es\/colecciones-costa-verde\/onda\/#primaryimage\"},\"image\":{\"@id\":\"https:\/\/pro.costa-verde.com\/es\/colecciones-costa-verde\/onda\/#primaryimage\"},\"thumbnailUrl\":\"https:\/\/pro.costa-verde.com\/wp-content\/uploads\/2025\/01\/241211_COSTA_VERDE_0005.jpg\",\"datePublished\":\"2025-01-23T12:12:59+00:00\",\"dateModified\":\"2025-07-16T16:26:59+00:00\",\"description\":\"Onda, una colecci\u00f3n refinada y elegante con un esmalte blanco brillante, transmite una pureza refinada, ideal para ambientes de excelencia.\",\"breadcrumb\":{\"@id\":\"https:\/\/pro.costa-verde.com\/es\/colecciones-costa-verde\/onda\/#breadcrumb\"},\"inLanguage\":\"es\",\"potentialAction\":[{\"@type\":\"ReadAction\",\"target\":[\"https:\/\/pro.costa-verde.com\/es\/colecciones-costa-verde\/onda\/\"]}]},{\"@type\":\"ImageObject\",\"inLanguage\":\"es\",\"@id\":\"https:\/\/pro.costa-verde.com\/es\/colecciones-costa-verde\/onda\/#primaryimage\",\"url\":\"https:\/\/pro.costa-verde.com\/wp-content\/uploads\/2025\/01\/241211_COSTA_VERDE_0005.jpg\",\"contentUrl\":\"https:\/\/pro.costa-verde.com\/wp-content\/uploads\/2025\/01\/241211_COSTA_VERDE_0005.jpg\",\"width\":1920,\"height\":1280},{\"@type\":\"BreadcrumbList\",\"@id\":\"https:\/\/pro.costa-verde.com\/es\/colecciones-costa-verde\/onda\/#breadcrumb\",\"itemListElement\":[{\"@type\":\"ListItem\",\"position\":1,\"name\":\"In\u00edcio\",\"item\":\"https:\/\/pro.costa-verde.com\/es\/\"},{\"@type\":\"ListItem\",\"position\":2,\"name\":\"Colecciones Costa Verde\",\"item\":\"https:\/\/pro.costa-verde.com\/es\/colecciones-costa-verde\/\"},{\"@type\":\"ListItem\",\"position\":3,\"name\":\"Onda\"}]},{\"@type\":\"WebSite\",\"@id\":\"https:\/\/pro.costa-verde.com\/#website\",\"url\":\"https:\/\/pro.costa-verde.com\/\",\"name\":\"Costa Verde\",\"description\":\"Loja Online\",\"potentialAction\":[{\"@type\":\"SearchAction\",\"target\":{\"@type\":\"EntryPoint\",\"urlTemplate\":\"https:\/\/pro.costa-verde.com\/?s={search_term_string}\"},\"query-input\":{\"@type\":\"PropertyValueSpecification\",\"valueRequired\":true,\"valueName\":\"search_term_string\"}}],\"inLanguage\":\"es\"}]}<\/script>\n<!-- \/ Yoast SEO plugin. -->","yoast_head_json":{"title":"Onda - Costa Verde","description":"Onda, una colecci\u00f3n refinada y elegante con un esmalte blanco brillante, transmite una pureza refinada, ideal para ambientes de excelencia.","robots":{"index":"index","follow":"follow","max-snippet":"max-snippet:-1","max-image-preview":"max-image-preview:large","max-video-preview":"max-video-preview:-1"},"canonical":"https:\/\/pro.costa-verde.com\/es\/colecciones-costa-verde\/onda\/","og_locale":"es_ES","og_type":"article","og_title":"Onda - Costa Verde","og_description":"Onda, una colecci\u00f3n refinada y elegante con un esmalte blanco brillante, transmite una pureza refinada, ideal para ambientes de excelencia.","og_url":"https:\/\/pro.costa-verde.com\/es\/colecciones-costa-verde\/onda\/","og_site_name":"Costa Verde","article_publisher":"https:\/\/www.facebook.com\/costaverdeporcelanas\/","article_modified_time":"2025-07-16T16:26:59+00:00","og_image":[{"width":1920,"height":1280,"url":"https:\/\/pro.costa-verde.com\/wp-content\/uploads\/2025\/01\/241211_COSTA_VERDE_0005.jpg","type":"image\/jpeg"}],"twitter_card":"summary_large_image","twitter_misc":{"Tiempo de lectura":"4 minutos"},"schema":{"@context":"https:\/\/schema.org","@graph":[{"@type":"WebPage","@id":"https:\/\/pro.costa-verde.com\/es\/colecciones-costa-verde\/onda\/","url":"https:\/\/pro.costa-verde.com\/es\/colecciones-costa-verde\/onda\/","name":"Onda - Costa Verde","isPartOf":{"@id":"https:\/\/pro.costa-verde.com\/#website"},"primaryImageOfPage":{"@id":"https:\/\/pro.costa-verde.com\/es\/colecciones-costa-verde\/onda\/#primaryimage"},"image":{"@id":"https:\/\/pro.costa-verde.com\/es\/colecciones-costa-verde\/onda\/#primaryimage"},"thumbnailUrl":"https:\/\/pro.costa-verde.com\/wp-content\/uploads\/2025\/01\/241211_COSTA_VERDE_0005.jpg","datePublished":"2025-01-23T12:12:59+00:00","dateModified":"2025-07-16T16:26:59+00:00","description":"Onda, una colecci\u00f3n refinada y elegante con un esmalte blanco brillante, transmite una pureza refinada, ideal para ambientes de excelencia.","breadcrumb":{"@id":"https:\/\/pro.costa-verde.com\/es\/colecciones-costa-verde\/onda\/#breadcrumb"},"inLanguage":"es","potentialAction":[{"@type":"ReadAction","target":["https:\/\/pro.costa-verde.com\/es\/colecciones-costa-verde\/onda\/"]}]},{"@type":"ImageObject","inLanguage":"es","@id":"https:\/\/pro.costa-verde.com\/es\/colecciones-costa-verde\/onda\/#primaryimage","url":"https:\/\/pro.costa-verde.com\/wp-content\/uploads\/2025\/01\/241211_COSTA_VERDE_0005.jpg","contentUrl":"https:\/\/pro.costa-verde.com\/wp-content\/uploads\/2025\/01\/241211_COSTA_VERDE_0005.jpg","width":1920,"height":1280},{"@type":"BreadcrumbList","@id":"https:\/\/pro.costa-verde.com\/es\/colecciones-costa-verde\/onda\/#breadcrumb","itemListElement":[{"@type":"ListItem","position":1,"name":"In\u00edcio","item":"https:\/\/pro.costa-verde.com\/es\/"},{"@type":"ListItem","position":2,"name":"Colecciones Costa Verde","item":"https:\/\/pro.costa-verde.com\/es\/colecciones-costa-verde\/"},{"@type":"ListItem","position":3,"name":"Onda"}]},{"@type":"WebSite","@id":"https:\/\/pro.costa-verde.com\/#website","url":"https:\/\/pro.costa-verde.com\/","name":"Costa Verde","description":"Loja Online","potentialAction":[{"@type":"SearchAction","target":{"@type":"EntryPoint","urlTemplate":"https:\/\/pro.costa-verde.com\/?s={search_term_string}"},"query-input":{"@type":"PropertyValueSpecification","valueRequired":true,"valueName":"search_term_string"}}],"inLanguage":"es"}]}},"_links":{"self":[{"href":"https:\/\/pro.costa-verde.com\/es\/wp-json\/wp\/v2\/pages\/62947","targetHints":{"allow":["GET"]}}],"collection":[{"href":"https:\/\/pro.costa-verde.com\/es\/wp-json\/wp\/v2\/pages"}],"about":[{"href":"https:\/\/pro.costa-verde.com\/es\/wp-json\/wp\/v2\/types\/page"}],"author":[{"embeddable":true,"href":"https:\/\/pro.costa-verde.com\/es\/wp-json\/wp\/v2\/users\/438"}],"replies":[{"embeddable":true,"href":"https:\/\/pro.costa-verde.com\/es\/wp-json\/wp\/v2\/comments?post=62947"}],"version-history":[{"count":15,"href":"https:\/\/pro.costa-verde.com\/es\/wp-json\/wp\/v2\/pages\/62947\/revisions"}],"predecessor-version":[{"id":66959,"href":"https:\/\/pro.costa-verde.com\/es\/wp-json\/wp\/v2\/pages\/62947\/revisions\/66959"}],"up":[{"embeddable":true,"href":"https:\/\/pro.costa-verde.com\/es\/wp-json\/wp\/v2\/pages\/19108"}],"wp:featuredmedia":[{"embeddable":true,"href":"https:\/\/pro.costa-verde.com\/es\/wp-json\/wp\/v2\/media\/62890"}],"wp:attachment":[{"href":"https:\/\/pro.costa-verde.com\/es\/wp-json\/wp\/v2\/media?parent=62947"}],"curies":[{"name":"wp","href":"https:\/\/api.w.org\/{rel}","templated":true}]}}