{"id":57686,"date":"2024-04-26T17:02:01","date_gmt":"2024-04-26T16:02:01","guid":{"rendered":"https:\/\/pro.costa-verde.com\/?page_id=57686"},"modified":"2024-04-29T16:04:37","modified_gmt":"2024-04-29T15:04:37","slug":"ya-tenemos-los-6-finalistas-del-chefe-do-ano-2024","status":"publish","type":"page","link":"https:\/\/pro.costa-verde.com\/es\/ya-tenemos-los-6-finalistas-del-chefe-do-ano-2024\/","title":{"rendered":"Ya tenemos los 6 finalistas del Chefe do Ano 2024"},"content":{"rendered":"\t\t<div data-elementor-type=\"wp-page\" data-elementor-id=\"57686\" class=\"elementor elementor-57686 elementor-57684\" data-elementor-post-type=\"page\">\n\t\t\t\t\t\t<section class=\"elementor-section elementor-top-section elementor-element elementor-element-4e696d57 elementor-section-boxed elementor-section-height-default elementor-section-height-default\" data-id=\"4e696d57\" data-element_type=\"section\">\n\t\t\t\t\t\t<div class=\"elementor-container elementor-column-gap-default\">\n\t\t\t\t\t<div class=\"elementor-column elementor-col-100 elementor-top-column elementor-element elementor-element-7149df70\" data-id=\"7149df70\" data-element_type=\"column\">\n\t\t\t<div class=\"elementor-widget-wrap elementor-element-populated\">\n\t\t\t\t\t\t<div class=\"elementor-element elementor-element-3311861 elementor-widget elementor-widget-image\" data-id=\"3311861\" data-element_type=\"widget\" data-widget_type=\"image.default\">\n\t\t\t\t<div class=\"elementor-widget-container\">\n\t\t\t\t\t\t\t\t\t\t\t\t\t\t\t<img fetchpriority=\"high\" decoding=\"async\" width=\"1024\" height=\"681\" src=\"https:\/\/pro.costa-verde.com\/wp-content\/uploads\/2024\/04\/@joaobeijinho-36-of-70-1024x681.jpg\" class=\"attachment-large size-large wp-image-57690\" alt=\"\" srcset=\"https:\/\/pro.costa-verde.com\/wp-content\/uploads\/2024\/04\/@joaobeijinho-36-of-70-1024x681.jpg 1024w, https:\/\/pro.costa-verde.com\/wp-content\/uploads\/2024\/04\/@joaobeijinho-36-of-70-300x200.jpg 300w, https:\/\/pro.costa-verde.com\/wp-content\/uploads\/2024\/04\/@joaobeijinho-36-of-70-768x511.jpg 768w, https:\/\/pro.costa-verde.com\/wp-content\/uploads\/2024\/04\/@joaobeijinho-36-of-70-1536x1022.jpg 1536w, https:\/\/pro.costa-verde.com\/wp-content\/uploads\/2024\/04\/@joaobeijinho-36-of-70-600x399.jpg 600w, https:\/\/pro.costa-verde.com\/wp-content\/uploads\/2024\/04\/@joaobeijinho-36-of-70-120x80.jpg 120w, https:\/\/pro.costa-verde.com\/wp-content\/uploads\/2024\/04\/@joaobeijinho-36-of-70.jpg 1920w\" sizes=\"(max-width: 1024px) 100vw, 1024px\" \/>\t\t\t\t\t\t\t\t\t\t\t\t\t\t\t<\/div>\n\t\t\t\t<\/div>\n\t\t\t\t<div class=\"elementor-element elementor-element-7843fbcb elementor-widget elementor-widget-text-editor\" data-id=\"7843fbcb\" data-element_type=\"widget\" data-widget_type=\"text-editor.default\">\n\t\t\t\t<div class=\"elementor-widget-container\">\n\t\t\t\t\t\t\t\t\t<p>El pasado martes, 23 de abril, la&nbsp;<strong>Escuela de Hosteler\u00eda y Turismo de Portim\u00e3o<\/strong><span style=\"color: var( --e-global-color-text );\">&nbsp;acogi\u00f3 la segunda etapa regional de la 35\u00aa edici\u00f3n del&nbsp;<\/span><span style=\"font-family: Roboto, sans-serif; font-size: 15px; font-style: normal; font-variant-ligatures: normal; font-variant-caps: normal; font-weight: 400;\">Chefe do Ano 2024 (Chef del A\u00f1o 2024)<\/span><span style=\"color: var( --e-global-color-text );\">, que consagr\u00f3 a <b>Francisca Dias (Casa do Gadanha, Estremoz) <\/b><\/span><span style=\"color: var( --e-global-color-text );\">como ganadora.<\/span><\/p>\n<p>Se han encontrado los 6 finalistas del concurso Chef del A\u00f1o 2024. El Chefe do Ano 2024 (Chef del A\u00f1o 2024), el concurso nacional de cocina m\u00e1s grande y antiguo para profesionales en Portugal, tiene a sus finalistas revelados para la 35\u00aa edici\u00f3n. Son seis los nombres que competir\u00e1n en la final nacional. Todo suceder\u00e1 el 22 de mayo, en el Centro Multiusos de Lamego. Una vez concluidas las etapas regionales, los siguientes concursantes son finalistas (presentados en orden alfab\u00e9tico):&nbsp;<\/p>\n<ul>\n<li style=\"text-align: justify;\">Diogo Novais Pereira (Porinhos, Fafe)&nbsp;<\/li>\n<li style=\"text-align: justify;\">Francisca Dias (Casa do Gadanha, Estremoz)&nbsp;<\/li>\n<li style=\"text-align: justify;\">Jo\u00e3o Costa (Euskalduna Studio, Porto)&nbsp;<\/li>\n<li style=\"text-align: justify;\">Jorge Bolito (The Yeatman, V.N. Gaia) M\u00e1rio Santos (Rossio Gastrobar \u2013 Altis Avenida, Lisboa)&nbsp;<\/li>\n<li style=\"text-align: justify;\">Pedro Dias (Culto ao Bacalhau, Porto)&nbsp;<\/li>\n<\/ul>\n<div style=\"text-align: justify;\">&nbsp;<\/div>\n<p>Lamego vuelve, por segunda vez, a ser el municipio anfitri\u00f3n de la final del&nbsp;<span style=\"font-family: Roboto, sans-serif; font-size: 15px; font-style: normal; font-variant-ligatures: normal; font-variant-caps: normal; font-weight: 400;\">Chefe do Ano 2024 (Chef del A\u00f1o 2024)<\/span>, despu\u00e9s de haber sido el escenario de la victoria de Jeferson Dias el a\u00f1o pasado. Recordemos que Lamego es el \u00abhogar\u00bb de la ganadora del concurso en 2022, Ana Magalh\u00e3es. Junto con la realizaci\u00f3n de la final, se llevar\u00e1 a cabo el Pensar Cocina, un foro donde se abordar\u00e1n temas relacionados con la gastronom\u00eda, acompa\u00f1ados de conversaciones y demostraciones de cocina con chefs invitados por la organizaci\u00f3n. \u00a1Costa Verde, patrocinador del concurso, desea la mejor de las suertes a los 6 finalistas!<\/p>\t\t\t\t\t\t\t\t<\/div>\n\t\t\t\t<\/div>\n\t\t\t\t\t<\/div>\n\t\t<\/div>\n\t\t\t\t\t<\/div>\n\t\t<\/section>\n\t\t\t\t<section class=\"elementor-section elementor-top-section elementor-element elementor-element-cc1e6bf elementor-section-boxed elementor-section-height-default elementor-section-height-default\" data-id=\"cc1e6bf\" data-element_type=\"section\">\n\t\t\t\t\t\t<div class=\"elementor-container elementor-column-gap-default\">\n\t\t\t\t\t<div class=\"elementor-column elementor-col-100 elementor-top-column elementor-element elementor-element-e2a0707\" data-id=\"e2a0707\" data-element_type=\"column\">\n\t\t\t<div class=\"elementor-widget-wrap elementor-element-populated\">\n\t\t\t\t\t\t<div class=\"elementor-element elementor-element-6c58cc8 elementor-widget elementor-widget-image\" data-id=\"6c58cc8\" data-element_type=\"widget\" data-widget_type=\"image.default\">\n\t\t\t\t<div class=\"elementor-widget-container\">\n\t\t\t\t\t\t\t\t\t\t\t\t<figure class=\"wp-caption\">\n\t\t\t\t\t\t\t\t\t\t<img decoding=\"async\" width=\"768\" height=\"513\" src=\"https:\/\/pro.costa-verde.com\/wp-content\/uploads\/2024\/04\/DSC_4157-768x513.jpg\" class=\"attachment-medium_large size-medium_large wp-image-57772\" alt=\"\" srcset=\"https:\/\/pro.costa-verde.com\/wp-content\/uploads\/2024\/04\/DSC_4157-768x513.jpg 768w, https:\/\/pro.costa-verde.com\/wp-content\/uploads\/2024\/04\/DSC_4157-300x200.jpg 300w, https:\/\/pro.costa-verde.com\/wp-content\/uploads\/2024\/04\/DSC_4157-1024x684.jpg 1024w, https:\/\/pro.costa-verde.com\/wp-content\/uploads\/2024\/04\/DSC_4157-1536x1026.jpg 1536w, https:\/\/pro.costa-verde.com\/wp-content\/uploads\/2024\/04\/DSC_4157-600x401.jpg 600w, https:\/\/pro.costa-verde.com\/wp-content\/uploads\/2024\/04\/DSC_4157-120x80.jpg 120w, https:\/\/pro.costa-verde.com\/wp-content\/uploads\/2024\/04\/DSC_4157.jpg 1920w\" sizes=\"(max-width: 768px) 100vw, 768px\" \/>\t\t\t\t\t\t\t\t\t\t\t<figcaption class=\"widget-image-caption wp-caption-text\">Chef Francisca Dias<\/figcaption>\n\t\t\t\t\t\t\t\t\t\t<\/figure>\n\t\t\t\t\t\t\t\t\t<\/div>\n\t\t\t\t<\/div>\n\t\t\t\t\t<\/div>\n\t\t<\/div>\n\t\t\t\t\t<\/div>\n\t\t<\/section>\n\t\t\t\t<\/div>\n\t\t","protected":false},"excerpt":{"rendered":"<p>El pasado martes, 23 de abril, la&nbsp;Escuela de Hosteler\u00eda y Turismo de Portim\u00e3o&nbsp;acogi\u00f3 la segunda etapa regional de la 35\u00aa edici\u00f3n del&nbsp;Chefe do Ano 2024 (Chef del A\u00f1o 2024), que consagr\u00f3 a Francisca Dias (Casa do Gadanha, Estremoz) como ganadora. Se han encontrado los 6 finalistas del concurso Chef del A\u00f1o 2024. El Chefe do [&hellip;]<\/p>\n","protected":false},"author":438,"featured_media":57690,"parent":0,"menu_order":0,"comment_status":"open","ping_status":"closed","template":"","meta":{"footnotes":""},"class_list":["post-57686","page","type-page","status-publish","has-post-thumbnail","hentry"],"yoast_head":"<!-- This site is optimized with the Yoast SEO plugin v26.9 - https:\/\/yoast.com\/product\/yoast-seo-wordpress\/ -->\n<title>Ya tenemos los 6 finalistas del Chefe do Ano 2024 - Costa Verde<\/title>\n<meta name=\"robots\" content=\"index, follow, max-snippet:-1, max-image-preview:large, max-video-preview:-1\" \/>\n<link rel=\"canonical\" href=\"https:\/\/pro.costa-verde.com\/ja-temos-os-6-finalistas-do-chefe-do-ano-2024\/\" \/>\n<meta property=\"og:locale\" content=\"es_ES\" \/>\n<meta property=\"og:type\" content=\"article\" \/>\n<meta property=\"og:title\" content=\"Ya tenemos los 6 finalistas del Chefe do Ano 2024 - Costa Verde\" \/>\n<meta property=\"og:description\" content=\"El pasado martes, 23 de abril, la&nbsp;Escuela de Hosteler\u00eda y Turismo de Portim\u00e3o&nbsp;acogi\u00f3 la segunda etapa regional de la 35\u00aa edici\u00f3n del&nbsp;Chefe do Ano 2024 (Chef del A\u00f1o 2024), que consagr\u00f3 a Francisca Dias (Casa do Gadanha, Estremoz) como ganadora. Se han encontrado los 6 finalistas del concurso Chef del A\u00f1o 2024. El Chefe do [&hellip;]\" \/>\n<meta property=\"og:url\" content=\"https:\/\/pro.costa-verde.com\/ja-temos-os-6-finalistas-do-chefe-do-ano-2024\/\" \/>\n<meta property=\"og:site_name\" content=\"Costa Verde\" \/>\n<meta property=\"article:publisher\" content=\"https:\/\/www.facebook.com\/costaverdeporcelanas\/\" \/>\n<meta property=\"article:modified_time\" content=\"2024-04-29T15:04:37+00:00\" \/>\n<meta property=\"og:image\" content=\"https:\/\/pro.costa-verde.com\/wp-content\/uploads\/2024\/04\/@joaobeijinho-36-of-70.jpg\" \/>\n\t<meta property=\"og:image:width\" content=\"1920\" \/>\n\t<meta property=\"og:image:height\" content=\"1277\" \/>\n\t<meta property=\"og:image:type\" content=\"image\/jpeg\" \/>\n<meta name=\"twitter:card\" content=\"summary_large_image\" \/>\n<meta name=\"twitter:label1\" content=\"Tiempo de lectura\" \/>\n\t<meta name=\"twitter:data1\" content=\"2 minutos\" \/>\n<script type=\"application\/ld+json\" class=\"yoast-schema-graph\">{\"@context\":\"https:\/\/schema.org\",\"@graph\":[{\"@type\":\"WebPage\",\"@id\":\"https:\/\/pro.costa-verde.com\/ja-temos-os-6-finalistas-do-chefe-do-ano-2024\/\",\"url\":\"https:\/\/pro.costa-verde.com\/ja-temos-os-6-finalistas-do-chefe-do-ano-2024\/\",\"name\":\"Ya tenemos los 6 finalistas del Chefe do Ano 2024 - Costa Verde\",\"isPartOf\":{\"@id\":\"https:\/\/pro.costa-verde.com\/#website\"},\"primaryImageOfPage\":{\"@id\":\"https:\/\/pro.costa-verde.com\/ja-temos-os-6-finalistas-do-chefe-do-ano-2024\/#primaryimage\"},\"image\":{\"@id\":\"https:\/\/pro.costa-verde.com\/ja-temos-os-6-finalistas-do-chefe-do-ano-2024\/#primaryimage\"},\"thumbnailUrl\":\"https:\/\/pro.costa-verde.com\/wp-content\/uploads\/2024\/04\/@joaobeijinho-36-of-70.jpg\",\"datePublished\":\"2024-04-26T16:02:01+00:00\",\"dateModified\":\"2024-04-29T15:04:37+00:00\",\"breadcrumb\":{\"@id\":\"https:\/\/pro.costa-verde.com\/ja-temos-os-6-finalistas-do-chefe-do-ano-2024\/#breadcrumb\"},\"inLanguage\":\"es\",\"potentialAction\":[{\"@type\":\"ReadAction\",\"target\":[\"https:\/\/pro.costa-verde.com\/ja-temos-os-6-finalistas-do-chefe-do-ano-2024\/\"]}]},{\"@type\":\"ImageObject\",\"inLanguage\":\"es\",\"@id\":\"https:\/\/pro.costa-verde.com\/ja-temos-os-6-finalistas-do-chefe-do-ano-2024\/#primaryimage\",\"url\":\"https:\/\/pro.costa-verde.com\/wp-content\/uploads\/2024\/04\/@joaobeijinho-36-of-70.jpg\",\"contentUrl\":\"https:\/\/pro.costa-verde.com\/wp-content\/uploads\/2024\/04\/@joaobeijinho-36-of-70.jpg\",\"width\":1920,\"height\":1277},{\"@type\":\"BreadcrumbList\",\"@id\":\"https:\/\/pro.costa-verde.com\/ja-temos-os-6-finalistas-do-chefe-do-ano-2024\/#breadcrumb\",\"itemListElement\":[{\"@type\":\"ListItem\",\"position\":1,\"name\":\"In\u00edcio\",\"item\":\"https:\/\/pro.costa-verde.com\/es\/\"},{\"@type\":\"ListItem\",\"position\":2,\"name\":\"Ya tenemos los 6 finalistas del Chefe do Ano 2024\"}]},{\"@type\":\"WebSite\",\"@id\":\"https:\/\/pro.costa-verde.com\/#website\",\"url\":\"https:\/\/pro.costa-verde.com\/\",\"name\":\"Costa Verde\",\"description\":\"Loja Online\",\"potentialAction\":[{\"@type\":\"SearchAction\",\"target\":{\"@type\":\"EntryPoint\",\"urlTemplate\":\"https:\/\/pro.costa-verde.com\/?s={search_term_string}\"},\"query-input\":{\"@type\":\"PropertyValueSpecification\",\"valueRequired\":true,\"valueName\":\"search_term_string\"}}],\"inLanguage\":\"es\"}]}<\/script>\n<!-- \/ Yoast SEO plugin. -->","yoast_head_json":{"title":"Ya tenemos los 6 finalistas del Chefe do Ano 2024 - Costa Verde","robots":{"index":"index","follow":"follow","max-snippet":"max-snippet:-1","max-image-preview":"max-image-preview:large","max-video-preview":"max-video-preview:-1"},"canonical":"https:\/\/pro.costa-verde.com\/ja-temos-os-6-finalistas-do-chefe-do-ano-2024\/","og_locale":"es_ES","og_type":"article","og_title":"Ya tenemos los 6 finalistas del Chefe do Ano 2024 - Costa Verde","og_description":"El pasado martes, 23 de abril, la&nbsp;Escuela de Hosteler\u00eda y Turismo de Portim\u00e3o&nbsp;acogi\u00f3 la segunda etapa regional de la 35\u00aa edici\u00f3n del&nbsp;Chefe do Ano 2024 (Chef del A\u00f1o 2024), que consagr\u00f3 a Francisca Dias (Casa do Gadanha, Estremoz) como ganadora. Se han encontrado los 6 finalistas del concurso Chef del A\u00f1o 2024. El Chefe do [&hellip;]","og_url":"https:\/\/pro.costa-verde.com\/ja-temos-os-6-finalistas-do-chefe-do-ano-2024\/","og_site_name":"Costa Verde","article_publisher":"https:\/\/www.facebook.com\/costaverdeporcelanas\/","article_modified_time":"2024-04-29T15:04:37+00:00","og_image":[{"width":1920,"height":1277,"url":"https:\/\/pro.costa-verde.com\/wp-content\/uploads\/2024\/04\/@joaobeijinho-36-of-70.jpg","type":"image\/jpeg"}],"twitter_card":"summary_large_image","twitter_misc":{"Tiempo de lectura":"2 minutos"},"schema":{"@context":"https:\/\/schema.org","@graph":[{"@type":"WebPage","@id":"https:\/\/pro.costa-verde.com\/ja-temos-os-6-finalistas-do-chefe-do-ano-2024\/","url":"https:\/\/pro.costa-verde.com\/ja-temos-os-6-finalistas-do-chefe-do-ano-2024\/","name":"Ya tenemos los 6 finalistas del Chefe do Ano 2024 - Costa Verde","isPartOf":{"@id":"https:\/\/pro.costa-verde.com\/#website"},"primaryImageOfPage":{"@id":"https:\/\/pro.costa-verde.com\/ja-temos-os-6-finalistas-do-chefe-do-ano-2024\/#primaryimage"},"image":{"@id":"https:\/\/pro.costa-verde.com\/ja-temos-os-6-finalistas-do-chefe-do-ano-2024\/#primaryimage"},"thumbnailUrl":"https:\/\/pro.costa-verde.com\/wp-content\/uploads\/2024\/04\/@joaobeijinho-36-of-70.jpg","datePublished":"2024-04-26T16:02:01+00:00","dateModified":"2024-04-29T15:04:37+00:00","breadcrumb":{"@id":"https:\/\/pro.costa-verde.com\/ja-temos-os-6-finalistas-do-chefe-do-ano-2024\/#breadcrumb"},"inLanguage":"es","potentialAction":[{"@type":"ReadAction","target":["https:\/\/pro.costa-verde.com\/ja-temos-os-6-finalistas-do-chefe-do-ano-2024\/"]}]},{"@type":"ImageObject","inLanguage":"es","@id":"https:\/\/pro.costa-verde.com\/ja-temos-os-6-finalistas-do-chefe-do-ano-2024\/#primaryimage","url":"https:\/\/pro.costa-verde.com\/wp-content\/uploads\/2024\/04\/@joaobeijinho-36-of-70.jpg","contentUrl":"https:\/\/pro.costa-verde.com\/wp-content\/uploads\/2024\/04\/@joaobeijinho-36-of-70.jpg","width":1920,"height":1277},{"@type":"BreadcrumbList","@id":"https:\/\/pro.costa-verde.com\/ja-temos-os-6-finalistas-do-chefe-do-ano-2024\/#breadcrumb","itemListElement":[{"@type":"ListItem","position":1,"name":"In\u00edcio","item":"https:\/\/pro.costa-verde.com\/es\/"},{"@type":"ListItem","position":2,"name":"Ya tenemos los 6 finalistas del Chefe do Ano 2024"}]},{"@type":"WebSite","@id":"https:\/\/pro.costa-verde.com\/#website","url":"https:\/\/pro.costa-verde.com\/","name":"Costa Verde","description":"Loja Online","potentialAction":[{"@type":"SearchAction","target":{"@type":"EntryPoint","urlTemplate":"https:\/\/pro.costa-verde.com\/?s={search_term_string}"},"query-input":{"@type":"PropertyValueSpecification","valueRequired":true,"valueName":"search_term_string"}}],"inLanguage":"es"}]}},"_links":{"self":[{"href":"https:\/\/pro.costa-verde.com\/es\/wp-json\/wp\/v2\/pages\/57686","targetHints":{"allow":["GET"]}}],"collection":[{"href":"https:\/\/pro.costa-verde.com\/es\/wp-json\/wp\/v2\/pages"}],"about":[{"href":"https:\/\/pro.costa-verde.com\/es\/wp-json\/wp\/v2\/types\/page"}],"author":[{"embeddable":true,"href":"https:\/\/pro.costa-verde.com\/es\/wp-json\/wp\/v2\/users\/438"}],"replies":[{"embeddable":true,"href":"https:\/\/pro.costa-verde.com\/es\/wp-json\/wp\/v2\/comments?post=57686"}],"version-history":[{"count":15,"href":"https:\/\/pro.costa-verde.com\/es\/wp-json\/wp\/v2\/pages\/57686\/revisions"}],"predecessor-version":[{"id":57795,"href":"https:\/\/pro.costa-verde.com\/es\/wp-json\/wp\/v2\/pages\/57686\/revisions\/57795"}],"wp:featuredmedia":[{"embeddable":true,"href":"https:\/\/pro.costa-verde.com\/es\/wp-json\/wp\/v2\/media\/57690"}],"wp:attachment":[{"href":"https:\/\/pro.costa-verde.com\/es\/wp-json\/wp\/v2\/media?parent=57686"}],"curies":[{"name":"wp","href":"https:\/\/api.w.org\/{rel}","templated":true}]}}