{"id":55775,"date":"2024-03-14T14:31:43","date_gmt":"2024-03-14T14:31:43","guid":{"rendered":"https:\/\/pro.costa-verde.com\/?page_id=55775"},"modified":"2024-03-14T14:35:31","modified_gmt":"2024-03-14T14:35:31","slug":"costa-verde-se-asocia-al-concurso-chefe-do-ano-2024","status":"publish","type":"page","link":"https:\/\/pro.costa-verde.com\/es\/costa-verde-se-asocia-al-concurso-chefe-do-ano-2024\/","title":{"rendered":"Costa Verde se asocia al concurso Chefe do Ano 2024"},"content":{"rendered":"\t\t<div data-elementor-type=\"wp-page\" data-elementor-id=\"55775\" class=\"elementor elementor-55775 elementor-55773\" data-elementor-post-type=\"page\">\n\t\t\t\t\t\t<section class=\"elementor-section elementor-top-section elementor-element elementor-element-4e696d57 elementor-section-boxed elementor-section-height-default elementor-section-height-default\" data-id=\"4e696d57\" data-element_type=\"section\">\n\t\t\t\t\t\t<div class=\"elementor-container elementor-column-gap-default\">\n\t\t\t\t\t<div class=\"elementor-column elementor-col-100 elementor-top-column elementor-element elementor-element-7149df70\" data-id=\"7149df70\" data-element_type=\"column\">\n\t\t\t<div class=\"elementor-widget-wrap elementor-element-populated\">\n\t\t\t\t\t\t<div class=\"elementor-element elementor-element-3311861 elementor-widget elementor-widget-image\" data-id=\"3311861\" data-element_type=\"widget\" data-widget_type=\"image.default\">\n\t\t\t\t<div class=\"elementor-widget-container\">\n\t\t\t\t\t\t\t\t\t\t\t\t\t\t\t<img fetchpriority=\"high\" decoding=\"async\" width=\"1024\" height=\"683\" src=\"https:\/\/pro.costa-verde.com\/wp-content\/uploads\/2024\/03\/cca22_10741_filipevera-cruz-scaled-1-1024x683.jpg\" class=\"attachment-large size-large wp-image-55779\" alt=\"\" srcset=\"https:\/\/pro.costa-verde.com\/wp-content\/uploads\/2024\/03\/cca22_10741_filipevera-cruz-scaled-1-1024x683.jpg 1024w, https:\/\/pro.costa-verde.com\/wp-content\/uploads\/2024\/03\/cca22_10741_filipevera-cruz-scaled-1-300x200.jpg 300w, https:\/\/pro.costa-verde.com\/wp-content\/uploads\/2024\/03\/cca22_10741_filipevera-cruz-scaled-1-768x512.jpg 768w, https:\/\/pro.costa-verde.com\/wp-content\/uploads\/2024\/03\/cca22_10741_filipevera-cruz-scaled-1-1536x1024.jpg 1536w, https:\/\/pro.costa-verde.com\/wp-content\/uploads\/2024\/03\/cca22_10741_filipevera-cruz-scaled-1-600x400.jpg 600w, https:\/\/pro.costa-verde.com\/wp-content\/uploads\/2024\/03\/cca22_10741_filipevera-cruz-scaled-1-120x80.jpg 120w, https:\/\/pro.costa-verde.com\/wp-content\/uploads\/2024\/03\/cca22_10741_filipevera-cruz-scaled-1.jpg 1920w\" sizes=\"(max-width: 1024px) 100vw, 1024px\" \/>\t\t\t\t\t\t\t\t\t\t\t\t\t\t\t<\/div>\n\t\t\t\t<\/div>\n\t\t\t\t<div class=\"elementor-element elementor-element-7843fbcb elementor-widget elementor-widget-text-editor\" data-id=\"7843fbcb\" data-element_type=\"widget\" data-widget_type=\"text-editor.default\">\n\t\t\t\t<div class=\"elementor-widget-container\">\n\t\t\t\t\t\t\t\t\t<p style=\"text-align: justify;\">Costa Verde se asocia una vez m\u00e1s al concurso <a href=\"https:\/\/egosto.pt\/chefedoano\/\">Chefe do Ano<\/a> &#8211; antigua denominaci\u00f3n Chefe Cozinheiro do Ano &#8211; el concurso nacional de cocina para profesionales m\u00e1s grande y antiguo, celebrando en 2024 su 35\u00aa edici\u00f3n. Este concurso distingue y valora el talento de los profesionales de la cocina. Con un digno pasado hist\u00f3rico, esta competici\u00f3n es el culmen de lo mejor que se hace en nuestro pa\u00eds, en el \u00e1mbito de la cocina, siempre teniendo en mente la valoraci\u00f3n de los productos portugueses.<\/p>\n<p>Costa Verde, como importante socio y proveedor del mercado HoReCa, se ha asociado durante muchos a\u00f1os a este concurso que rinde homenaje a lo mejor de la cocina y la gastronom\u00eda en Portugal.<\/p>\n<p>Costa Verde tambi\u00e9n pertenece al Club Jefe del A\u00f1o, el Club de Participantes en el Concurso, que desde su primera edici\u00f3n en 1990 tiene como objetivo dar un nuevo impulso a la valorizaci\u00f3n de la profesi\u00f3n de cocinero y contribuir a la dignificaci\u00f3n de la cocina portuguesa. A este club pertenecen todos los concursantes clasificados para la final, miembros del jurado, socios institucionales, patrocinadores y miembros honorarios, nacionales o internacionales.<\/p>\n<p>\u00a1Costa Verde desea la mejor de las suertes a los 18 finalistas! \u00a1Que comience la competici\u00f3n!<\/p>\t\t\t\t\t\t\t\t<\/div>\n\t\t\t\t<\/div>\n\t\t\t\t\t<\/div>\n\t\t<\/div>\n\t\t\t\t\t<\/div>\n\t\t<\/section>\n\t\t\t\t<\/div>\n\t\t","protected":false},"excerpt":{"rendered":"<p>Costa Verde se asocia una vez m\u00e1s al concurso Chefe do Ano &#8211; antigua denominaci\u00f3n Chefe Cozinheiro do Ano &#8211; el concurso nacional de cocina para profesionales m\u00e1s grande y antiguo, celebrando en 2024 su 35\u00aa edici\u00f3n. Este concurso distingue y valora el talento de los profesionales de la cocina. Con un digno pasado hist\u00f3rico, [&hellip;]<\/p>\n","protected":false},"author":438,"featured_media":55779,"parent":0,"menu_order":0,"comment_status":"open","ping_status":"closed","template":"","meta":{"footnotes":""},"class_list":["post-55775","page","type-page","status-publish","has-post-thumbnail","hentry"],"yoast_head":"<!-- This site is optimized with the Yoast SEO plugin v26.9 - https:\/\/yoast.com\/product\/yoast-seo-wordpress\/ -->\n<title>Costa Verde se asocia al concurso Chefe do Ano 2024 - Costa Verde<\/title>\n<meta name=\"description\" content=\"Costa Verde se une una vez m\u00e1s a la competici\u00f3n Chefe do Ano 2024, el concurso de cocina nacional m\u00e1s grande y antiguo para profesionales.\" \/>\n<meta name=\"robots\" content=\"index, follow, max-snippet:-1, max-image-preview:large, max-video-preview:-1\" \/>\n<link rel=\"canonical\" href=\"https:\/\/pro.costa-verde.com\/costa-verde-associa-se-ao-chefe-do-ano-2024\/\" \/>\n<meta property=\"og:locale\" content=\"es_ES\" \/>\n<meta property=\"og:type\" content=\"article\" \/>\n<meta property=\"og:title\" content=\"Costa Verde se asocia al concurso Chefe do Ano 2024 - Costa Verde\" \/>\n<meta property=\"og:description\" content=\"Costa Verde se une una vez m\u00e1s a la competici\u00f3n Chefe do Ano 2024, el concurso de cocina nacional m\u00e1s grande y antiguo para profesionales.\" \/>\n<meta property=\"og:url\" content=\"https:\/\/pro.costa-verde.com\/costa-verde-associa-se-ao-chefe-do-ano-2024\/\" \/>\n<meta property=\"og:site_name\" content=\"Costa Verde\" \/>\n<meta property=\"article:publisher\" content=\"https:\/\/www.facebook.com\/costaverdeporcelanas\/\" \/>\n<meta property=\"article:modified_time\" content=\"2024-03-14T14:35:31+00:00\" \/>\n<meta property=\"og:image\" content=\"https:\/\/pro.costa-verde.com\/wp-content\/uploads\/2024\/03\/cca22_10741_filipevera-cruz-scaled-1.jpg\" \/>\n\t<meta property=\"og:image:width\" content=\"1920\" \/>\n\t<meta property=\"og:image:height\" content=\"1280\" \/>\n\t<meta property=\"og:image:type\" content=\"image\/jpeg\" \/>\n<meta name=\"twitter:card\" content=\"summary_large_image\" \/>\n<meta name=\"twitter:label1\" content=\"Tiempo de lectura\" \/>\n\t<meta name=\"twitter:data1\" content=\"2 minutos\" \/>\n<script type=\"application\/ld+json\" class=\"yoast-schema-graph\">{\"@context\":\"https:\/\/schema.org\",\"@graph\":[{\"@type\":\"WebPage\",\"@id\":\"https:\/\/pro.costa-verde.com\/costa-verde-associa-se-ao-chefe-do-ano-2024\/\",\"url\":\"https:\/\/pro.costa-verde.com\/costa-verde-associa-se-ao-chefe-do-ano-2024\/\",\"name\":\"Costa Verde se asocia al concurso Chefe do Ano 2024 - Costa Verde\",\"isPartOf\":{\"@id\":\"https:\/\/pro.costa-verde.com\/#website\"},\"primaryImageOfPage\":{\"@id\":\"https:\/\/pro.costa-verde.com\/costa-verde-associa-se-ao-chefe-do-ano-2024\/#primaryimage\"},\"image\":{\"@id\":\"https:\/\/pro.costa-verde.com\/costa-verde-associa-se-ao-chefe-do-ano-2024\/#primaryimage\"},\"thumbnailUrl\":\"https:\/\/pro.costa-verde.com\/wp-content\/uploads\/2024\/03\/cca22_10741_filipevera-cruz-scaled-1.jpg\",\"datePublished\":\"2024-03-14T14:31:43+00:00\",\"dateModified\":\"2024-03-14T14:35:31+00:00\",\"description\":\"Costa Verde se une una vez m\u00e1s a la competici\u00f3n Chefe do Ano 2024, el concurso de cocina nacional m\u00e1s grande y antiguo para profesionales.\",\"breadcrumb\":{\"@id\":\"https:\/\/pro.costa-verde.com\/costa-verde-associa-se-ao-chefe-do-ano-2024\/#breadcrumb\"},\"inLanguage\":\"es\",\"potentialAction\":[{\"@type\":\"ReadAction\",\"target\":[\"https:\/\/pro.costa-verde.com\/costa-verde-associa-se-ao-chefe-do-ano-2024\/\"]}]},{\"@type\":\"ImageObject\",\"inLanguage\":\"es\",\"@id\":\"https:\/\/pro.costa-verde.com\/costa-verde-associa-se-ao-chefe-do-ano-2024\/#primaryimage\",\"url\":\"https:\/\/pro.costa-verde.com\/wp-content\/uploads\/2024\/03\/cca22_10741_filipevera-cruz-scaled-1.jpg\",\"contentUrl\":\"https:\/\/pro.costa-verde.com\/wp-content\/uploads\/2024\/03\/cca22_10741_filipevera-cruz-scaled-1.jpg\",\"width\":1920,\"height\":1280},{\"@type\":\"BreadcrumbList\",\"@id\":\"https:\/\/pro.costa-verde.com\/costa-verde-associa-se-ao-chefe-do-ano-2024\/#breadcrumb\",\"itemListElement\":[{\"@type\":\"ListItem\",\"position\":1,\"name\":\"In\u00edcio\",\"item\":\"https:\/\/pro.costa-verde.com\/es\/\"},{\"@type\":\"ListItem\",\"position\":2,\"name\":\"Costa Verde se asocia al concurso Chefe do Ano 2024\"}]},{\"@type\":\"WebSite\",\"@id\":\"https:\/\/pro.costa-verde.com\/#website\",\"url\":\"https:\/\/pro.costa-verde.com\/\",\"name\":\"Costa Verde\",\"description\":\"Loja Online\",\"potentialAction\":[{\"@type\":\"SearchAction\",\"target\":{\"@type\":\"EntryPoint\",\"urlTemplate\":\"https:\/\/pro.costa-verde.com\/?s={search_term_string}\"},\"query-input\":{\"@type\":\"PropertyValueSpecification\",\"valueRequired\":true,\"valueName\":\"search_term_string\"}}],\"inLanguage\":\"es\"}]}<\/script>\n<!-- \/ Yoast SEO plugin. -->","yoast_head_json":{"title":"Costa Verde se asocia al concurso Chefe do Ano 2024 - Costa Verde","description":"Costa Verde se une una vez m\u00e1s a la competici\u00f3n Chefe do Ano 2024, el concurso de cocina nacional m\u00e1s grande y antiguo para profesionales.","robots":{"index":"index","follow":"follow","max-snippet":"max-snippet:-1","max-image-preview":"max-image-preview:large","max-video-preview":"max-video-preview:-1"},"canonical":"https:\/\/pro.costa-verde.com\/costa-verde-associa-se-ao-chefe-do-ano-2024\/","og_locale":"es_ES","og_type":"article","og_title":"Costa Verde se asocia al concurso Chefe do Ano 2024 - Costa Verde","og_description":"Costa Verde se une una vez m\u00e1s a la competici\u00f3n Chefe do Ano 2024, el concurso de cocina nacional m\u00e1s grande y antiguo para profesionales.","og_url":"https:\/\/pro.costa-verde.com\/costa-verde-associa-se-ao-chefe-do-ano-2024\/","og_site_name":"Costa Verde","article_publisher":"https:\/\/www.facebook.com\/costaverdeporcelanas\/","article_modified_time":"2024-03-14T14:35:31+00:00","og_image":[{"width":1920,"height":1280,"url":"https:\/\/pro.costa-verde.com\/wp-content\/uploads\/2024\/03\/cca22_10741_filipevera-cruz-scaled-1.jpg","type":"image\/jpeg"}],"twitter_card":"summary_large_image","twitter_misc":{"Tiempo de lectura":"2 minutos"},"schema":{"@context":"https:\/\/schema.org","@graph":[{"@type":"WebPage","@id":"https:\/\/pro.costa-verde.com\/costa-verde-associa-se-ao-chefe-do-ano-2024\/","url":"https:\/\/pro.costa-verde.com\/costa-verde-associa-se-ao-chefe-do-ano-2024\/","name":"Costa Verde se asocia al concurso Chefe do Ano 2024 - Costa Verde","isPartOf":{"@id":"https:\/\/pro.costa-verde.com\/#website"},"primaryImageOfPage":{"@id":"https:\/\/pro.costa-verde.com\/costa-verde-associa-se-ao-chefe-do-ano-2024\/#primaryimage"},"image":{"@id":"https:\/\/pro.costa-verde.com\/costa-verde-associa-se-ao-chefe-do-ano-2024\/#primaryimage"},"thumbnailUrl":"https:\/\/pro.costa-verde.com\/wp-content\/uploads\/2024\/03\/cca22_10741_filipevera-cruz-scaled-1.jpg","datePublished":"2024-03-14T14:31:43+00:00","dateModified":"2024-03-14T14:35:31+00:00","description":"Costa Verde se une una vez m\u00e1s a la competici\u00f3n Chefe do Ano 2024, el concurso de cocina nacional m\u00e1s grande y antiguo para profesionales.","breadcrumb":{"@id":"https:\/\/pro.costa-verde.com\/costa-verde-associa-se-ao-chefe-do-ano-2024\/#breadcrumb"},"inLanguage":"es","potentialAction":[{"@type":"ReadAction","target":["https:\/\/pro.costa-verde.com\/costa-verde-associa-se-ao-chefe-do-ano-2024\/"]}]},{"@type":"ImageObject","inLanguage":"es","@id":"https:\/\/pro.costa-verde.com\/costa-verde-associa-se-ao-chefe-do-ano-2024\/#primaryimage","url":"https:\/\/pro.costa-verde.com\/wp-content\/uploads\/2024\/03\/cca22_10741_filipevera-cruz-scaled-1.jpg","contentUrl":"https:\/\/pro.costa-verde.com\/wp-content\/uploads\/2024\/03\/cca22_10741_filipevera-cruz-scaled-1.jpg","width":1920,"height":1280},{"@type":"BreadcrumbList","@id":"https:\/\/pro.costa-verde.com\/costa-verde-associa-se-ao-chefe-do-ano-2024\/#breadcrumb","itemListElement":[{"@type":"ListItem","position":1,"name":"In\u00edcio","item":"https:\/\/pro.costa-verde.com\/es\/"},{"@type":"ListItem","position":2,"name":"Costa Verde se asocia al concurso Chefe do Ano 2024"}]},{"@type":"WebSite","@id":"https:\/\/pro.costa-verde.com\/#website","url":"https:\/\/pro.costa-verde.com\/","name":"Costa Verde","description":"Loja Online","potentialAction":[{"@type":"SearchAction","target":{"@type":"EntryPoint","urlTemplate":"https:\/\/pro.costa-verde.com\/?s={search_term_string}"},"query-input":{"@type":"PropertyValueSpecification","valueRequired":true,"valueName":"search_term_string"}}],"inLanguage":"es"}]}},"_links":{"self":[{"href":"https:\/\/pro.costa-verde.com\/es\/wp-json\/wp\/v2\/pages\/55775","targetHints":{"allow":["GET"]}}],"collection":[{"href":"https:\/\/pro.costa-verde.com\/es\/wp-json\/wp\/v2\/pages"}],"about":[{"href":"https:\/\/pro.costa-verde.com\/es\/wp-json\/wp\/v2\/types\/page"}],"author":[{"embeddable":true,"href":"https:\/\/pro.costa-verde.com\/es\/wp-json\/wp\/v2\/users\/438"}],"replies":[{"embeddable":true,"href":"https:\/\/pro.costa-verde.com\/es\/wp-json\/wp\/v2\/comments?post=55775"}],"version-history":[{"count":8,"href":"https:\/\/pro.costa-verde.com\/es\/wp-json\/wp\/v2\/pages\/55775\/revisions"}],"predecessor-version":[{"id":55813,"href":"https:\/\/pro.costa-verde.com\/es\/wp-json\/wp\/v2\/pages\/55775\/revisions\/55813"}],"wp:featuredmedia":[{"embeddable":true,"href":"https:\/\/pro.costa-verde.com\/es\/wp-json\/wp\/v2\/media\/55779"}],"wp:attachment":[{"href":"https:\/\/pro.costa-verde.com\/es\/wp-json\/wp\/v2\/media?parent=55775"}],"curies":[{"name":"wp","href":"https:\/\/api.w.org\/{rel}","templated":true}]}}