{"id":54932,"date":"2023-11-06T12:55:01","date_gmt":"2023-11-06T12:55:01","guid":{"rendered":"https:\/\/pro.costa-verde.com\/?page_id=54932"},"modified":"2025-04-17T09:40:49","modified_gmt":"2025-04-17T08:40:49","slug":"eccentric","status":"publish","type":"page","link":"https:\/\/pro.costa-verde.com\/es\/moods\/eccentric\/","title":{"rendered":"Eccentric"},"content":{"rendered":"\t\t<div data-elementor-type=\"wp-page\" data-elementor-id=\"54932\" class=\"elementor elementor-54932 elementor-54930\" data-elementor-post-type=\"page\">\n\t\t\t\t\t\t<section class=\"elementor-section elementor-top-section elementor-element elementor-element-0d9fbc4 elementor-section-stretched elementor-reverse-mobile elementor-reverse-tablet elementor-section-boxed elementor-section-height-default elementor-section-height-default\" data-id=\"0d9fbc4\" data-element_type=\"section\" data-settings=\"{&quot;background_background&quot;:&quot;classic&quot;,&quot;stretch_section&quot;:&quot;section-stretched&quot;}\">\n\t\t\t\t\t\t\t<div class=\"elementor-background-overlay\"><\/div>\n\t\t\t\t\t\t\t<div class=\"elementor-container elementor-column-gap-extended\">\n\t\t\t\t\t<div class=\"elementor-column elementor-col-50 elementor-top-column elementor-element elementor-element-9453f61\" data-id=\"9453f61\" data-element_type=\"column\" data-settings=\"{&quot;background_background&quot;:&quot;classic&quot;}\">\n\t\t\t<div class=\"elementor-widget-wrap elementor-element-populated\">\n\t\t\t\t\t<div class=\"elementor-background-overlay\"><\/div>\n\t\t\t\t\t\t<div class=\"elementor-element elementor-element-4ab18f7 elementor-widget elementor-widget-gallery\" data-id=\"4ab18f7\" data-element_type=\"widget\" data-settings=\"{&quot;gallery_layout&quot;:&quot;justified&quot;,&quot;ideal_row_height&quot;:{&quot;unit&quot;:&quot;px&quot;,&quot;size&quot;:289,&quot;sizes&quot;:[]},&quot;ideal_row_height_tablet&quot;:{&quot;unit&quot;:&quot;px&quot;,&quot;size&quot;:385,&quot;sizes&quot;:[]},&quot;ideal_row_height_mobile&quot;:{&quot;unit&quot;:&quot;px&quot;,&quot;size&quot;:170,&quot;sizes&quot;:[]},&quot;lazyload&quot;:&quot;yes&quot;,&quot;gap&quot;:{&quot;unit&quot;:&quot;px&quot;,&quot;size&quot;:10,&quot;sizes&quot;:[]},&quot;gap_tablet&quot;:{&quot;unit&quot;:&quot;px&quot;,&quot;size&quot;:10,&quot;sizes&quot;:[]},&quot;gap_mobile&quot;:{&quot;unit&quot;:&quot;px&quot;,&quot;size&quot;:10,&quot;sizes&quot;:[]},&quot;link_to&quot;:&quot;file&quot;,&quot;overlay_background&quot;:&quot;yes&quot;,&quot;content_hover_animation&quot;:&quot;fade-in&quot;}\" data-widget_type=\"gallery.default\">\n\t\t\t\t<div class=\"elementor-widget-container\">\n\t\t\t\t\t\t\t<div class=\"elementor-gallery__container\">\n\t\t\t\t\t\t\t<a class=\"e-gallery-item elementor-gallery-item elementor-animated-content\" href=\"https:\/\/pro.costa-verde.com\/wp-content\/uploads\/2023\/11\/230907COSTAVERDE1015.jpg\" data-elementor-open-lightbox=\"yes\" data-elementor-lightbox-slideshow=\"4ab18f7\" data-elementor-lightbox-title=\"Eccentric\" data-elementor-lightbox-description=\"Eccentric\" data-e-action-hash=\"#elementor-action%3Aaction%3Dlightbox%26settings%3DeyJpZCI6NTQ2MTUsInVybCI6Imh0dHBzOlwvXC9wcm8uY29zdGEtdmVyZGUuY29tXC93cC1jb250ZW50XC91cGxvYWRzXC8yMDIzXC8xMVwvMjMwOTA3Q09TVEFWRVJERTEwMTUuanBnIiwic2xpZGVzaG93IjoiNGFiMThmNyJ9\">\n\t\t\t\t\t<div class=\"e-gallery-image elementor-gallery-item__image\" data-thumbnail=\"https:\/\/pro.costa-verde.com\/wp-content\/uploads\/2023\/11\/230907COSTAVERDE1015-768x1024.jpg\" data-width=\"768\" data-height=\"1024\" aria-label=\"Eccentric\" role=\"img\" ><\/div>\n\t\t\t\t\t\t\t\t\t\t\t<div class=\"elementor-gallery-item__overlay\"><\/div>\n\t\t\t\t\t\t\t\t\t\t\t\t\t\t<\/a>\n\t\t\t\t\t\t\t<a class=\"e-gallery-item elementor-gallery-item elementor-animated-content\" href=\"https:\/\/pro.costa-verde.com\/wp-content\/uploads\/2023\/11\/230907COSTAVERDE1060.jpg\" data-elementor-open-lightbox=\"yes\" data-elementor-lightbox-slideshow=\"4ab18f7\" data-elementor-lightbox-title=\"Eccentric\" data-elementor-lightbox-description=\"Eccentric \" data-e-action-hash=\"#elementor-action%3Aaction%3Dlightbox%26settings%3DeyJpZCI6NTQ1MjcsInVybCI6Imh0dHBzOlwvXC9wcm8uY29zdGEtdmVyZGUuY29tXC93cC1jb250ZW50XC91cGxvYWRzXC8yMDIzXC8xMVwvMjMwOTA3Q09TVEFWRVJERTEwNjAuanBnIiwic2xpZGVzaG93IjoiNGFiMThmNyJ9\">\n\t\t\t\t\t<div class=\"e-gallery-image elementor-gallery-item__image\" data-thumbnail=\"https:\/\/pro.costa-verde.com\/wp-content\/uploads\/2023\/11\/230907COSTAVERDE1060-768x1024.jpg\" data-width=\"768\" data-height=\"1024\" aria-label=\"Eccentric \" role=\"img\" ><\/div>\n\t\t\t\t\t\t\t\t\t\t\t<div class=\"elementor-gallery-item__overlay\"><\/div>\n\t\t\t\t\t\t\t\t\t\t\t\t\t\t<\/a>\n\t\t\t\t\t\t\t<a class=\"e-gallery-item elementor-gallery-item elementor-animated-content\" href=\"https:\/\/pro.costa-verde.com\/wp-content\/uploads\/2023\/11\/230907COSTAVERDE1048.jpg\" data-elementor-open-lightbox=\"yes\" data-elementor-lightbox-slideshow=\"4ab18f7\" data-elementor-lightbox-title=\"Eccentric\" data-elementor-lightbox-description=\"Eccentric\" data-e-action-hash=\"#elementor-action%3Aaction%3Dlightbox%26settings%3DeyJpZCI6NTQ1MTksInVybCI6Imh0dHBzOlwvXC9wcm8uY29zdGEtdmVyZGUuY29tXC93cC1jb250ZW50XC91cGxvYWRzXC8yMDIzXC8xMVwvMjMwOTA3Q09TVEFWRVJERTEwNDguanBnIiwic2xpZGVzaG93IjoiNGFiMThmNyJ9\">\n\t\t\t\t\t<div class=\"e-gallery-image elementor-gallery-item__image\" data-thumbnail=\"https:\/\/pro.costa-verde.com\/wp-content\/uploads\/2023\/11\/230907COSTAVERDE1048-768x1024.jpg\" data-width=\"768\" data-height=\"1024\" aria-label=\"Eccentric\" role=\"img\" ><\/div>\n\t\t\t\t\t\t\t\t\t\t\t<div class=\"elementor-gallery-item__overlay\"><\/div>\n\t\t\t\t\t\t\t\t\t\t\t\t\t\t<\/a>\n\t\t\t\t\t\t\t<a class=\"e-gallery-item elementor-gallery-item elementor-animated-content\" href=\"https:\/\/pro.costa-verde.com\/wp-content\/uploads\/2023\/11\/230907COSTAVERDE1036.jpg\" data-elementor-open-lightbox=\"yes\" data-elementor-lightbox-slideshow=\"4ab18f7\" data-elementor-lightbox-title=\"Eccentric\" data-elementor-lightbox-description=\"Eccentric\" data-e-action-hash=\"#elementor-action%3Aaction%3Dlightbox%26settings%3DeyJpZCI6NTQ1MTUsInVybCI6Imh0dHBzOlwvXC9wcm8uY29zdGEtdmVyZGUuY29tXC93cC1jb250ZW50XC91cGxvYWRzXC8yMDIzXC8xMVwvMjMwOTA3Q09TVEFWRVJERTEwMzYuanBnIiwic2xpZGVzaG93IjoiNGFiMThmNyJ9\">\n\t\t\t\t\t<div class=\"e-gallery-image elementor-gallery-item__image\" data-thumbnail=\"https:\/\/pro.costa-verde.com\/wp-content\/uploads\/2023\/11\/230907COSTAVERDE1036-768x1024.jpg\" data-width=\"768\" data-height=\"1024\" aria-label=\"Eccentric\" role=\"img\" ><\/div>\n\t\t\t\t\t\t\t\t\t\t\t<div class=\"elementor-gallery-item__overlay\"><\/div>\n\t\t\t\t\t\t\t\t\t\t\t\t\t\t<\/a>\n\t\t\t\t\t\t\t<a class=\"e-gallery-item elementor-gallery-item elementor-animated-content\" href=\"https:\/\/pro.costa-verde.com\/wp-content\/uploads\/2023\/11\/230907COSTAVERDE1030.jpg\" data-elementor-open-lightbox=\"yes\" data-elementor-lightbox-slideshow=\"4ab18f7\" data-elementor-lightbox-title=\"Eccentric\" data-elementor-lightbox-description=\"Eccentric \" data-e-action-hash=\"#elementor-action%3Aaction%3Dlightbox%26settings%3DeyJpZCI6NTQ1MTEsInVybCI6Imh0dHBzOlwvXC9wcm8uY29zdGEtdmVyZGUuY29tXC93cC1jb250ZW50XC91cGxvYWRzXC8yMDIzXC8xMVwvMjMwOTA3Q09TVEFWRVJERTEwMzAuanBnIiwic2xpZGVzaG93IjoiNGFiMThmNyJ9\">\n\t\t\t\t\t<div class=\"e-gallery-image elementor-gallery-item__image\" data-thumbnail=\"https:\/\/pro.costa-verde.com\/wp-content\/uploads\/2023\/11\/230907COSTAVERDE1030-768x1024.jpg\" data-width=\"768\" data-height=\"1024\" aria-label=\"Eccentric \" role=\"img\" ><\/div>\n\t\t\t\t\t\t\t\t\t\t\t<div class=\"elementor-gallery-item__overlay\"><\/div>\n\t\t\t\t\t\t\t\t\t\t\t\t\t\t<\/a>\n\t\t\t\t\t<\/div>\n\t\t\t\t\t<\/div>\n\t\t\t\t<\/div>\n\t\t\t\t\t<\/div>\n\t\t<\/div>\n\t\t\t\t<div class=\"elementor-column elementor-col-50 elementor-top-column elementor-element elementor-element-0291c3a\" data-id=\"0291c3a\" data-element_type=\"column\" data-settings=\"{&quot;motion_fx_motion_fx_scrolling&quot;:&quot;yes&quot;,&quot;motion_fx_translateY_effect&quot;:&quot;yes&quot;,&quot;motion_fx_translateY_direction&quot;:&quot;negative&quot;,&quot;motion_fx_devices&quot;:[&quot;desktop&quot;],&quot;motion_fx_translateY_speed&quot;:{&quot;unit&quot;:&quot;px&quot;,&quot;size&quot;:2,&quot;sizes&quot;:[]},&quot;motion_fx_translateY_affectedRange&quot;:{&quot;unit&quot;:&quot;%&quot;,&quot;size&quot;:&quot;&quot;,&quot;sizes&quot;:{&quot;start&quot;:0,&quot;end&quot;:100}}}\">\n\t\t\t<div class=\"elementor-widget-wrap elementor-element-populated\">\n\t\t\t\t\t\t<div class=\"elementor-element elementor-element-982df95 lust elementor-widget elementor-widget-text-editor\" data-id=\"982df95\" data-element_type=\"widget\" data-widget_type=\"text-editor.default\">\n\t\t\t\t<div class=\"elementor-widget-container\">\n\t\t\t\t\t\t\t\t\t<h1>Eccentric<\/h1>\t\t\t\t\t\t\t\t<\/div>\n\t\t\t\t<\/div>\n\t\t\t\t<div class=\"elementor-element elementor-element-8582e90 background-text elementor-absolute elementor-hidden-phone elementor-invisible elementor-widget elementor-widget-text-editor\" data-id=\"8582e90\" data-element_type=\"widget\" data-settings=\"{&quot;_position&quot;:&quot;absolute&quot;,&quot;_animation&quot;:&quot;fadeIn&quot;}\" data-widget_type=\"text-editor.default\">\n\t\t\t\t<div class=\"elementor-widget-container\">\n\t\t\t\t\t\t\t\t\t<p>Eccentric<\/p>\t\t\t\t\t\t\t\t<\/div>\n\t\t\t\t<\/div>\n\t\t\t\t<div class=\"elementor-element elementor-element-3deaab9 elementor-widget elementor-widget-text-editor\" data-id=\"3deaab9\" data-element_type=\"widget\" data-widget_type=\"text-editor.default\">\n\t\t\t\t<div class=\"elementor-widget-container\">\n\t\t\t\t\t\t\t\t\t<h4>La belleza en la\u00a0<span style=\"font-family: 'Merriweather Sans'; font-size: 21px; font-style: normal; font-variant-ligatures: normal; font-variant-caps: normal; font-weight: 400;\">in<\/span><span style=\"font-family: 'Merriweather Sans'; font-size: 21px; font-style: normal; font-variant-ligatures: normal; font-variant-caps: normal; font-weight: 400;\">convencionalidad<\/span><\/h4>\t\t\t\t\t\t\t\t<\/div>\n\t\t\t\t<\/div>\n\t\t\t\t<div class=\"elementor-element elementor-element-638f0b0 elementor-widget elementor-widget-text-editor\" data-id=\"638f0b0\" data-element_type=\"widget\" data-widget_type=\"text-editor.default\">\n\t\t\t\t<div class=\"elementor-widget-container\">\n\t\t\t\t\t\t\t\t\t<div style=\"font-style: normal; font-variant-ligatures: normal; font-variant-caps: normal; font-weight: 400; font-size: 15px; font-family: Roboto, sans-serif;\"><p><span data-contrast=\"auto\">Eccentric, desarrollada a partir de las l\u00edneas cl\u00e1sicas y tradicionales de Costa Verde, Saturno, Saturno Coupe y Oceanus, nace con la ilusi\u00f3n de crear lo no convencional a trav\u00e9s de lo convencional.&nbsp;<\/span><span data-ccp-props=\"{&quot;201341983&quot;:0,&quot;335551550&quot;:6,&quot;335551620&quot;:6,&quot;335559739&quot;:0,&quot;335559740&quot;:240}\">&nbsp;<\/span><\/p><p><span data-contrast=\"auto\">Los tonos grises claros, presentes en la colecci\u00f3n, permiten crear un entorno de mesa con estabilidad, madurez y elegancia. Su sublime esmalte reactivo marr\u00f3n, aplicado en el borde, y los efectos creados por \u00e9ste en toda la geometr\u00eda de las piezas, insin\u00faan un lado m\u00e1s r\u00fastico y disruptivo.<\/span><\/p><\/div><div style=\"font-style: normal; font-variant-ligatures: normal; font-variant-caps: normal; font-weight: 400; font-size: 15px; font-family: Roboto, sans-serif;\"><p style=\"font-style: normal; font-variant-ligatures: normal; font-variant-caps: normal; font-weight: 400; font-size: 15px; font-family: Roboto, sans-serif;\"><span data-ccp-props=\"{\" style=\"color: var( --e-global-color-text );\"><span style=\"font-style: normal; font-variant-ligatures: normal; font-variant-caps: normal; font-weight: 400; font-size: 15px; font-family: Roboto, sans-serif; color: var( --e-global-color-text );\"><div class=\"bg-margin-for-link\"><input type='hidden' bg_collapse_expand='69f47ed0017824092106411' value='69f47ed0017824092106411'><input type='hidden' id='bg-show-more-text-69f47ed0017824092106411' value='Ver m\u00e1s'><input type='hidden' id='bg-show-less-text-69f47ed0017824092106411' value='Ver menos'><a id='bg-showmore-action-69f47ed0017824092106411' class='bg-showmore-plg-link  '  style=\" color:#414141;;\" href='#'>Ver m\u00e1s<\/a><div id='bg-showmore-hidden-69f47ed0017824092106411' ><\/span>&nbsp;<\/span><\/p><p style=\"font-style: normal;font-weight: 400;font-size: 15px;font-family: Roboto, sans-serif\"><a href=\"https:\/\/costa-verde.com\/es\/moods\/\">El concepto Moods<\/a><\/p><p style=\"font-style: normal;font-weight: 400;font-size: 15px;font-family: Roboto, sans-serif\">Moods es sin\u00f3nimo de estado de \u00e1nimo, comportamiento, actitud, emoci\u00f3n, capacidad de respuesta, deseo y tendencia.<\/p><p style=\"font-style: normal;font-weight: 400;font-size: 15px;font-family: Roboto, sans-serif\">Estructurado por un estado de \u00e1nimo y comportamiento estrechamente vinculado al cambio, que nos ha llevado a nuevas actitudes y procesos, teniendo en cuenta las emociones con las que se relaciona con nuestro producto, as\u00ed como sus deseos y las \u00faltimas tendencias del mercado, Moods encarna la m\u00e1xima expresi\u00f3n de una nueva atm\u00f3sfera.<\/p><p style=\"font-style: normal;font-weight: 400;font-size: 15px;font-family: Roboto, sans-serif\">En&nbsp;<a href=\"https:\/\/costa-verde.com\/es\/\">Costa Verde<\/a>&nbsp;y con nuestra experiencia y saber hacer,&nbsp;<a href=\"https:\/\/costa-verde.com\/es\/fabrica-costa-verde\/\">producimos porcelana<\/a>&nbsp;con un sentido de desempe\u00f1o. Desde el impacto visual hasta las sensaciones t\u00e1ctiles, la porcelana que producimos est\u00e1 pensada para ser vivida y sentida.<\/p><p style=\"font-style: normal;font-weight: 400;font-size: 15px;font-family: Roboto, sans-serif\">Moods es el resultado de un intenso proceso de investigaci\u00f3n y desarrollo en porcelana, que tiene como resultado un nuevo enfoque artesanal, garantizando el mismo tacto, belleza y sofisticaci\u00f3n que s\u00f3lo la porcelana proporciona.<\/p><p style=\"font-style: normal;font-weight: 400;font-size: 15px;font-family: Roboto, sans-serif\"><\/div><\/div><\/p><\/div>\t\t\t\t\t\t\t\t<\/div>\n\t\t\t\t<\/div>\n\t\t\t\t<div class=\"elementor-element elementor-element-55ce437 elementor-widget elementor-widget-text-editor\" data-id=\"55ce437\" data-element_type=\"widget\" data-widget_type=\"text-editor.default\">\n\t\t\t\t<div class=\"elementor-widget-container\">\n\t\t\t\t\t\t\t\t\t<p><span style=\"font-family: Roboto, sans-serif; font-size: 12px; font-style: normal; font-variant-ligatures: normal; font-variant-caps: normal; font-weight: 400;\">* Debido a las caracter\u00edsticas del esmalte mate, las piezas pueden presentar ligeras variaciones de color. Pueden producirse ara\u00f1azos debido a la textura de la superficie.<\/span><\/p>\t\t\t\t\t\t\t\t<\/div>\n\t\t\t\t<\/div>\n\t\t\t\t<div class=\"elementor-element elementor-element-ee52c9b lust elementor-widget elementor-widget-text-editor\" data-id=\"ee52c9b\" data-element_type=\"widget\" data-widget_type=\"text-editor.default\">\n\t\t\t\t<div class=\"elementor-widget-container\">\n\t\t\t\t\t\t\t\t\t<h5>Links<\/h5>\n\t\t\t\t\t\t\t\t<\/div>\n\t\t\t\t<\/div>\n\t\t\t\t<div class=\"elementor-element elementor-element-ce9034c elementor-widget-divider--view-line elementor-widget elementor-widget-divider\" data-id=\"ce9034c\" data-element_type=\"widget\" data-widget_type=\"divider.default\">\n\t\t\t\t<div class=\"elementor-widget-container\">\n\t\t\t\t\t\t\t<div class=\"elementor-divider\">\n\t\t\t<span class=\"elementor-divider-separator\">\n\t\t\t\t\t\t<\/span>\n\t\t<\/div>\n\t\t\t\t\t\t<\/div>\n\t\t\t\t<\/div>\n\t\t\t\t<div class=\"elementor-element elementor-element-b97b662 elementor-widget__width-auto elementor-widget elementor-widget-button\" data-id=\"b97b662\" data-element_type=\"widget\" data-widget_type=\"button.default\">\n\t\t\t\t<div class=\"elementor-widget-container\">\n\t\t\t\t\t\t\t\t\t<div class=\"elementor-button-wrapper\">\n\t\t\t\t\t<a class=\"elementor-button elementor-button-link elementor-size-sm\" href=\"https:\/\/pro.costa-verde.com\/wp-content\/uploads\/2025\/04\/Catalogo_MOODS_2025.pdf\" target=\"_blank\">\n\t\t\t\t\t\t<span class=\"elementor-button-content-wrapper\">\n\t\t\t\t\t\t<span class=\"elementor-button-icon\">\n\t\t\t\t<i aria-hidden=\"true\" class=\"stroke pe-7s-download\"><\/i>\t\t\t<\/span>\n\t\t\t\t\t\t\t\t\t<span class=\"elementor-button-text\">Catalogo<\/span>\n\t\t\t\t\t<\/span>\n\t\t\t\t\t<\/a>\n\t\t\t\t<\/div>\n\t\t\t\t\t\t\t\t<\/div>\n\t\t\t\t<\/div>\n\t\t\t\t<div class=\"elementor-element elementor-element-1a5f7d6 elementor-widget__width-auto elementor-widget elementor-widget-button\" data-id=\"1a5f7d6\" data-element_type=\"widget\" data-widget_type=\"button.default\">\n\t\t\t\t<div class=\"elementor-widget-container\">\n\t\t\t\t\t\t\t\t\t<div class=\"elementor-button-wrapper\">\n\t\t\t\t\t<a class=\"elementor-button elementor-button-link elementor-size-sm\" href=\"https:\/\/pro.costa-verde.com\/wp-content\/uploads\/2023\/11\/FOLHETO_ECCENTRIC.pdf\" target=\"_blank\">\n\t\t\t\t\t\t<span class=\"elementor-button-content-wrapper\">\n\t\t\t\t\t\t<span class=\"elementor-button-icon\">\n\t\t\t\t<i aria-hidden=\"true\" class=\"stroke pe-7s-download\"><\/i>\t\t\t<\/span>\n\t\t\t\t\t\t\t\t\t<span class=\"elementor-button-text\">Folleto<\/span>\n\t\t\t\t\t<\/span>\n\t\t\t\t\t<\/a>\n\t\t\t\t<\/div>\n\t\t\t\t\t\t\t\t<\/div>\n\t\t\t\t<\/div>\n\t\t\t\t\t<\/div>\n\t\t<\/div>\n\t\t\t\t\t<\/div>\n\t\t<\/section>\n\t\t\t\t<section class=\"elementor-section elementor-top-section elementor-element elementor-element-50ec07b elementor-section-stretched elementor-section-boxed elementor-section-height-default elementor-section-height-default\" data-id=\"50ec07b\" data-element_type=\"section\" data-settings=\"{&quot;stretch_section&quot;:&quot;section-stretched&quot;}\">\n\t\t\t\t\t\t<div class=\"elementor-container elementor-column-gap-default\">\n\t\t\t\t\t<div class=\"elementor-column elementor-col-100 elementor-top-column elementor-element elementor-element-18555b8\" data-id=\"18555b8\" data-element_type=\"column\">\n\t\t\t<div class=\"elementor-widget-wrap elementor-element-populated\">\n\t\t\t\t\t\t<div class=\"elementor-element elementor-element-f35cea7 elementor-widget elementor-widget-text-editor\" data-id=\"f35cea7\" data-element_type=\"widget\" data-widget_type=\"text-editor.default\">\n\t\t\t\t<div class=\"elementor-widget-container\">\n\t\t\t\t\t\t\t\t\t<h3>Las piezas de la Colecci\u00f3n Eccentric<\/h3>\t\t\t\t\t\t\t\t<\/div>\n\t\t\t\t<\/div>\n\t\t\t\t<div class=\"elementor-element elementor-element-9a72a8e elementor-grid-4 elementor-grid-tablet-3 elementor-grid-mobile-2 elementor-products-grid elementor-wc-products elementor-widget elementor-widget-woocommerce-products\" data-id=\"9a72a8e\" data-element_type=\"widget\" data-widget_type=\"woocommerce-products.default\">\n\t\t\t\t<div class=\"elementor-widget-container\">\n\t\t\t\t\t<div class=\"woocommerce columns-4 \">\t<div class=\"products jas-row\"  >\n\t\t<div class=\"jas-col-md-3 jas-col-sm-4 jas-col-xs-6 mt__30 post-54698 product type-product status-publish has-post-thumbnail product_cat-sin-categorizar pa_colecao-eccentric-es first instock taxable shipping-taxable purchasable product-type-simple\">\n\t<div class=\"product-inner pr\">\n\t\t<div class=\"product-image pr\">\n\t\t\t\t\t\t<a class=\"db\" href=\"https:\/\/pro.costa-verde.com\/es\/produto\/plato-17-cm-eccentric\/\"><img fetchpriority=\"high\" decoding=\"async\" width=\"300\" height=\"192\" src=\"https:\/\/pro.costa-verde.com\/wp-content\/uploads\/2023\/11\/006001504620-OCE-PRATO-0-27CM-300x192.jpg\" class=\"attachment-shop_catalog size-shop_catalog\" alt=\"OCE Plato 27CM Eccentric\" srcset=\"https:\/\/pro.costa-verde.com\/wp-content\/uploads\/2023\/11\/006001504620-OCE-PRATO-0-27CM-300x192.jpg 300w, https:\/\/pro.costa-verde.com\/wp-content\/uploads\/2023\/11\/006001504620-OCE-PRATO-0-27CM-1024x656.jpg 1024w, https:\/\/pro.costa-verde.com\/wp-content\/uploads\/2023\/11\/006001504620-OCE-PRATO-0-27CM-768x492.jpg 768w, https:\/\/pro.costa-verde.com\/wp-content\/uploads\/2023\/11\/006001504620-OCE-PRATO-0-27CM-1536x984.jpg 1536w, https:\/\/pro.costa-verde.com\/wp-content\/uploads\/2023\/11\/006001504620-OCE-PRATO-0-27CM-600x384.jpg 600w, https:\/\/pro.costa-verde.com\/wp-content\/uploads\/2023\/11\/006001504620-OCE-PRATO-0-27CM-120x77.jpg 120w, https:\/\/pro.costa-verde.com\/wp-content\/uploads\/2023\/11\/006001504620-OCE-PRATO-0-27CM.jpg 1920w\" sizes=\"(max-width: 300px) 100vw, 300px\" \/><\/a>\n\t\t\t<div class=\"product-btn pa flex column ts__03\">\n\t\t\t\t\n\t\t\t\t\t\t\t<\/div>\n\t\t\t\n\t\t\t\t\t\t\t\t<\/div><!-- .product-image -->\n\t\t<div class=\"product-info mt__15\">\n\t\t\t<h3 class=\"product-title pr fs__14 mg__0 fwm\"><a class=\"cd chp\" href=\"https:\/\/pro.costa-verde.com\/es\/produto\/plato-17-cm-eccentric\/\">Plato 17 cm<\/a><\/h3>\n\t\t<\/div><!-- .product-info -->\n\t<\/div><!-- .product-inner -->\n<\/div>\n<div class=\"jas-col-md-3 jas-col-sm-4 jas-col-xs-6 mt__30 post-54694 product type-product status-publish has-post-thumbnail product_cat-sin-categorizar pa_colecao-eccentric-es  instock taxable shipping-taxable purchasable product-type-simple\">\n\t<div class=\"product-inner pr\">\n\t\t<div class=\"product-image pr\">\n\t\t\t\t\t\t<a class=\"db\" href=\"https:\/\/pro.costa-verde.com\/es\/produto\/plato-24-cm-eccentric\/\"><img decoding=\"async\" width=\"300\" height=\"192\" src=\"https:\/\/pro.costa-verde.com\/wp-content\/uploads\/2023\/11\/006002004620-OCE-PRATO-1-24CM-300x192.jpg\" class=\"attachment-shop_catalog size-shop_catalog\" alt=\"OCE Plato 24CM Eccentric \" srcset=\"https:\/\/pro.costa-verde.com\/wp-content\/uploads\/2023\/11\/006002004620-OCE-PRATO-1-24CM-300x192.jpg 300w, https:\/\/pro.costa-verde.com\/wp-content\/uploads\/2023\/11\/006002004620-OCE-PRATO-1-24CM-1024x656.jpg 1024w, https:\/\/pro.costa-verde.com\/wp-content\/uploads\/2023\/11\/006002004620-OCE-PRATO-1-24CM-768x492.jpg 768w, https:\/\/pro.costa-verde.com\/wp-content\/uploads\/2023\/11\/006002004620-OCE-PRATO-1-24CM-1536x984.jpg 1536w, https:\/\/pro.costa-verde.com\/wp-content\/uploads\/2023\/11\/006002004620-OCE-PRATO-1-24CM-600x384.jpg 600w, https:\/\/pro.costa-verde.com\/wp-content\/uploads\/2023\/11\/006002004620-OCE-PRATO-1-24CM-120x77.jpg 120w, https:\/\/pro.costa-verde.com\/wp-content\/uploads\/2023\/11\/006002004620-OCE-PRATO-1-24CM.jpg 1920w\" sizes=\"(max-width: 300px) 100vw, 300px\" \/><\/a>\n\t\t\t<div class=\"product-btn pa flex column ts__03\">\n\t\t\t\t\n\t\t\t\t\t\t\t<\/div>\n\t\t\t\n\t\t\t\t\t\t\t\t<\/div><!-- .product-image -->\n\t\t<div class=\"product-info mt__15\">\n\t\t\t<h3 class=\"product-title pr fs__14 mg__0 fwm\"><a class=\"cd chp\" href=\"https:\/\/pro.costa-verde.com\/es\/produto\/plato-24-cm-eccentric\/\">Plato 24 cm<\/a><\/h3>\n\t\t<\/div><!-- .product-info -->\n\t<\/div><!-- .product-inner -->\n<\/div>\n<div class=\"jas-col-md-3 jas-col-sm-4 jas-col-xs-6 mt__30 post-54690 product type-product status-publish has-post-thumbnail product_cat-sin-categorizar pa_colecao-eccentric-es  instock taxable shipping-taxable purchasable product-type-simple\">\n\t<div class=\"product-inner pr\">\n\t\t<div class=\"product-image pr\">\n\t\t\t\t\t\t<a class=\"db\" href=\"https:\/\/pro.costa-verde.com\/es\/produto\/plato-hondo-23-cm\/\"><img decoding=\"async\" width=\"300\" height=\"192\" src=\"https:\/\/pro.costa-verde.com\/wp-content\/uploads\/2023\/11\/006002504620-OCE-PRATO-2-23CM-300x192.jpg\" class=\"attachment-shop_catalog size-shop_catalog\" alt=\"OCE Plato Hondo 23CM Eccentric \" srcset=\"https:\/\/pro.costa-verde.com\/wp-content\/uploads\/2023\/11\/006002504620-OCE-PRATO-2-23CM-300x192.jpg 300w, https:\/\/pro.costa-verde.com\/wp-content\/uploads\/2023\/11\/006002504620-OCE-PRATO-2-23CM-1024x656.jpg 1024w, https:\/\/pro.costa-verde.com\/wp-content\/uploads\/2023\/11\/006002504620-OCE-PRATO-2-23CM-768x492.jpg 768w, https:\/\/pro.costa-verde.com\/wp-content\/uploads\/2023\/11\/006002504620-OCE-PRATO-2-23CM-1536x984.jpg 1536w, https:\/\/pro.costa-verde.com\/wp-content\/uploads\/2023\/11\/006002504620-OCE-PRATO-2-23CM-600x384.jpg 600w, https:\/\/pro.costa-verde.com\/wp-content\/uploads\/2023\/11\/006002504620-OCE-PRATO-2-23CM-120x77.jpg 120w, https:\/\/pro.costa-verde.com\/wp-content\/uploads\/2023\/11\/006002504620-OCE-PRATO-2-23CM.jpg 1920w\" sizes=\"(max-width: 300px) 100vw, 300px\" \/><\/a>\n\t\t\t<div class=\"product-btn pa flex column ts__03\">\n\t\t\t\t\n\t\t\t\t\t\t\t<\/div>\n\t\t\t\n\t\t\t\t\t\t\t\t<\/div><!-- .product-image -->\n\t\t<div class=\"product-info mt__15\">\n\t\t\t<h3 class=\"product-title pr fs__14 mg__0 fwm\"><a class=\"cd chp\" href=\"https:\/\/pro.costa-verde.com\/es\/produto\/plato-hondo-23-cm\/\">Plato Hondo 23 cm<\/a><\/h3>\n\t\t<\/div><!-- .product-info -->\n\t<\/div><!-- .product-inner -->\n<\/div>\n<div class=\"jas-col-md-3 jas-col-sm-4 jas-col-xs-6 mt__30 post-54686 product type-product status-publish has-post-thumbnail product_cat-sin-categorizar pa_colecao-eccentric-es last instock taxable shipping-taxable purchasable product-type-simple\">\n\t<div class=\"product-inner pr\">\n\t\t<div class=\"product-image pr\">\n\t\t\t\t\t\t<a class=\"db\" href=\"https:\/\/pro.costa-verde.com\/es\/produto\/plato-22-cm-eccentric\/\"><img loading=\"lazy\" decoding=\"async\" width=\"300\" height=\"192\" src=\"https:\/\/pro.costa-verde.com\/wp-content\/uploads\/2023\/11\/006003004620-OCE-PRATO-3A-22CM-300x192.jpg\" class=\"attachment-shop_catalog size-shop_catalog\" alt=\"OCE Plato 22CM Eccentric\" srcset=\"https:\/\/pro.costa-verde.com\/wp-content\/uploads\/2023\/11\/006003004620-OCE-PRATO-3A-22CM-300x192.jpg 300w, https:\/\/pro.costa-verde.com\/wp-content\/uploads\/2023\/11\/006003004620-OCE-PRATO-3A-22CM-1024x656.jpg 1024w, https:\/\/pro.costa-verde.com\/wp-content\/uploads\/2023\/11\/006003004620-OCE-PRATO-3A-22CM-768x492.jpg 768w, https:\/\/pro.costa-verde.com\/wp-content\/uploads\/2023\/11\/006003004620-OCE-PRATO-3A-22CM-1536x984.jpg 1536w, https:\/\/pro.costa-verde.com\/wp-content\/uploads\/2023\/11\/006003004620-OCE-PRATO-3A-22CM-600x384.jpg 600w, https:\/\/pro.costa-verde.com\/wp-content\/uploads\/2023\/11\/006003004620-OCE-PRATO-3A-22CM-120x77.jpg 120w, https:\/\/pro.costa-verde.com\/wp-content\/uploads\/2023\/11\/006003004620-OCE-PRATO-3A-22CM.jpg 1920w\" sizes=\"(max-width: 300px) 100vw, 300px\" \/><\/a>\n\t\t\t<div class=\"product-btn pa flex column ts__03\">\n\t\t\t\t\n\t\t\t\t\t\t\t<\/div>\n\t\t\t\n\t\t\t\t\t\t\t\t<\/div><!-- .product-image -->\n\t\t<div class=\"product-info mt__15\">\n\t\t\t<h3 class=\"product-title pr fs__14 mg__0 fwm\"><a class=\"cd chp\" href=\"https:\/\/pro.costa-verde.com\/es\/produto\/plato-22-cm-eccentric\/\">Plato 22 cm<\/a><\/h3>\n\t\t<\/div><!-- .product-info -->\n\t<\/div><!-- .product-inner -->\n<\/div>\n<div class=\"jas-col-md-3 jas-col-sm-4 jas-col-xs-6 mt__30 post-54682 product type-product status-publish has-post-thumbnail product_cat-sin-categorizar pa_colecao-eccentric-es first instock taxable shipping-taxable purchasable product-type-simple\">\n\t<div class=\"product-inner pr\">\n\t\t<div class=\"product-image pr\">\n\t\t\t\t\t\t<a class=\"db\" href=\"https:\/\/pro.costa-verde.com\/es\/produto\/plato-18-eccentric\/\"><img loading=\"lazy\" decoding=\"async\" width=\"300\" height=\"192\" src=\"https:\/\/pro.costa-verde.com\/wp-content\/uploads\/2023\/11\/006004004620-OCE-PRATO-4-18CM-300x192.jpg\" class=\"attachment-shop_catalog size-shop_catalog\" alt=\"OCE PRATO 18CM Prato Eccentric\" srcset=\"https:\/\/pro.costa-verde.com\/wp-content\/uploads\/2023\/11\/006004004620-OCE-PRATO-4-18CM-300x192.jpg 300w, https:\/\/pro.costa-verde.com\/wp-content\/uploads\/2023\/11\/006004004620-OCE-PRATO-4-18CM-1024x656.jpg 1024w, https:\/\/pro.costa-verde.com\/wp-content\/uploads\/2023\/11\/006004004620-OCE-PRATO-4-18CM-768x492.jpg 768w, https:\/\/pro.costa-verde.com\/wp-content\/uploads\/2023\/11\/006004004620-OCE-PRATO-4-18CM-1536x984.jpg 1536w, https:\/\/pro.costa-verde.com\/wp-content\/uploads\/2023\/11\/006004004620-OCE-PRATO-4-18CM-600x384.jpg 600w, https:\/\/pro.costa-verde.com\/wp-content\/uploads\/2023\/11\/006004004620-OCE-PRATO-4-18CM-120x77.jpg 120w, https:\/\/pro.costa-verde.com\/wp-content\/uploads\/2023\/11\/006004004620-OCE-PRATO-4-18CM.jpg 1920w\" sizes=\"(max-width: 300px) 100vw, 300px\" \/><\/a>\n\t\t\t<div class=\"product-btn pa flex column ts__03\">\n\t\t\t\t\n\t\t\t\t\t\t\t<\/div>\n\t\t\t\n\t\t\t\t\t\t\t\t<\/div><!-- .product-image -->\n\t\t<div class=\"product-info mt__15\">\n\t\t\t<h3 class=\"product-title pr fs__14 mg__0 fwm\"><a class=\"cd chp\" href=\"https:\/\/pro.costa-verde.com\/es\/produto\/plato-18-eccentric\/\">Plato 18 cm<\/a><\/h3>\n\t\t<\/div><!-- .product-info -->\n\t<\/div><!-- .product-inner -->\n<\/div>\n<div class=\"jas-col-md-3 jas-col-sm-4 jas-col-xs-6 mt__30 post-54678 product type-product status-publish has-post-thumbnail product_cat-sin-categorizar pa_colecao-eccentric-es  instock taxable shipping-taxable purchasable product-type-simple\">\n\t<div class=\"product-inner pr\">\n\t\t<div class=\"product-image pr\">\n\t\t\t\t\t\t<a class=\"db\" href=\"https:\/\/pro.costa-verde.com\/es\/produto\/ensaladera-18-cm-eccentric\/\"><img loading=\"lazy\" decoding=\"async\" width=\"300\" height=\"192\" src=\"https:\/\/pro.costa-verde.com\/wp-content\/uploads\/2023\/11\/006008504620-OCE-SALADEIRA-2-18CM-300x192.jpg\" class=\"attachment-shop_catalog size-shop_catalog\" alt=\"OCE Ensaladera 18 cm Eccentric\" srcset=\"https:\/\/pro.costa-verde.com\/wp-content\/uploads\/2023\/11\/006008504620-OCE-SALADEIRA-2-18CM-300x192.jpg 300w, https:\/\/pro.costa-verde.com\/wp-content\/uploads\/2023\/11\/006008504620-OCE-SALADEIRA-2-18CM-1024x656.jpg 1024w, https:\/\/pro.costa-verde.com\/wp-content\/uploads\/2023\/11\/006008504620-OCE-SALADEIRA-2-18CM-768x492.jpg 768w, https:\/\/pro.costa-verde.com\/wp-content\/uploads\/2023\/11\/006008504620-OCE-SALADEIRA-2-18CM-1536x984.jpg 1536w, https:\/\/pro.costa-verde.com\/wp-content\/uploads\/2023\/11\/006008504620-OCE-SALADEIRA-2-18CM-600x384.jpg 600w, https:\/\/pro.costa-verde.com\/wp-content\/uploads\/2023\/11\/006008504620-OCE-SALADEIRA-2-18CM-120x77.jpg 120w, https:\/\/pro.costa-verde.com\/wp-content\/uploads\/2023\/11\/006008504620-OCE-SALADEIRA-2-18CM.jpg 1920w\" sizes=\"(max-width: 300px) 100vw, 300px\" \/><\/a>\n\t\t\t<div class=\"product-btn pa flex column ts__03\">\n\t\t\t\t\n\t\t\t\t\t\t\t<\/div>\n\t\t\t\n\t\t\t\t\t\t\t\t<\/div><!-- .product-image -->\n\t\t<div class=\"product-info mt__15\">\n\t\t\t<h3 class=\"product-title pr fs__14 mg__0 fwm\"><a class=\"cd chp\" href=\"https:\/\/pro.costa-verde.com\/es\/produto\/ensaladera-18-cm-eccentric\/\">Ensaladera 18 cm<\/a><\/h3>\n\t\t<\/div><!-- .product-info -->\n\t<\/div><!-- .product-inner -->\n<\/div>\n<div class=\"jas-col-md-3 jas-col-sm-4 jas-col-xs-6 mt__30 post-54674 product type-product status-publish has-post-thumbnail product_cat-sin-categorizar pa_colecao-eccentric-es  instock taxable shipping-taxable purchasable product-type-simple\">\n\t<div class=\"product-inner pr\">\n\t\t<div class=\"product-image pr\">\n\t\t\t\t\t\t<a class=\"db\" href=\"https:\/\/pro.costa-verde.com\/es\/produto\/fuente-30x22-cm-eccentric\/\"><img loading=\"lazy\" decoding=\"async\" width=\"300\" height=\"192\" src=\"https:\/\/pro.costa-verde.com\/wp-content\/uploads\/2023\/11\/006005504620-OCE-TRAVESSA-8-30X22CM-300x192.jpg\" class=\"attachment-shop_catalog size-shop_catalog\" alt=\"OCE Fuente 30X22CM Eccentric\" srcset=\"https:\/\/pro.costa-verde.com\/wp-content\/uploads\/2023\/11\/006005504620-OCE-TRAVESSA-8-30X22CM-300x192.jpg 300w, https:\/\/pro.costa-verde.com\/wp-content\/uploads\/2023\/11\/006005504620-OCE-TRAVESSA-8-30X22CM-1024x656.jpg 1024w, https:\/\/pro.costa-verde.com\/wp-content\/uploads\/2023\/11\/006005504620-OCE-TRAVESSA-8-30X22CM-768x492.jpg 768w, https:\/\/pro.costa-verde.com\/wp-content\/uploads\/2023\/11\/006005504620-OCE-TRAVESSA-8-30X22CM-1536x984.jpg 1536w, https:\/\/pro.costa-verde.com\/wp-content\/uploads\/2023\/11\/006005504620-OCE-TRAVESSA-8-30X22CM-600x384.jpg 600w, https:\/\/pro.costa-verde.com\/wp-content\/uploads\/2023\/11\/006005504620-OCE-TRAVESSA-8-30X22CM-120x77.jpg 120w, https:\/\/pro.costa-verde.com\/wp-content\/uploads\/2023\/11\/006005504620-OCE-TRAVESSA-8-30X22CM.jpg 1920w\" sizes=\"(max-width: 300px) 100vw, 300px\" \/><\/a>\n\t\t\t<div class=\"product-btn pa flex column ts__03\">\n\t\t\t\t\n\t\t\t\t\t\t\t<\/div>\n\t\t\t\n\t\t\t\t\t\t\t\t<\/div><!-- .product-image -->\n\t\t<div class=\"product-info mt__15\">\n\t\t\t<h3 class=\"product-title pr fs__14 mg__0 fwm\"><a class=\"cd chp\" href=\"https:\/\/pro.costa-verde.com\/es\/produto\/fuente-30x22-cm-eccentric\/\">Fuente 30&#215;22 cm<\/a><\/h3>\n\t\t<\/div><!-- .product-info -->\n\t<\/div><!-- .product-inner -->\n<\/div>\n<div class=\"jas-col-md-3 jas-col-sm-4 jas-col-xs-6 mt__30 post-54670 product type-product status-publish has-post-thumbnail product_cat-sin-categorizar pa_colecao-eccentric-es last instock taxable shipping-taxable purchasable product-type-simple\">\n\t<div class=\"product-inner pr\">\n\t\t<div class=\"product-image pr\">\n\t\t\t\t\t\t<a class=\"db\" href=\"https:\/\/pro.costa-verde.com\/es\/produto\/ensaladera-21-cm-eccentric\/\"><img loading=\"lazy\" decoding=\"async\" width=\"300\" height=\"192\" src=\"https:\/\/pro.costa-verde.com\/wp-content\/uploads\/2023\/11\/006008104620-OCE-SALADEIRA-1A-21CM-300x192.jpg\" class=\"attachment-shop_catalog size-shop_catalog\" alt=\"OCE Ensaladera 21CM Eccentric \" srcset=\"https:\/\/pro.costa-verde.com\/wp-content\/uploads\/2023\/11\/006008104620-OCE-SALADEIRA-1A-21CM-300x192.jpg 300w, https:\/\/pro.costa-verde.com\/wp-content\/uploads\/2023\/11\/006008104620-OCE-SALADEIRA-1A-21CM-1024x656.jpg 1024w, https:\/\/pro.costa-verde.com\/wp-content\/uploads\/2023\/11\/006008104620-OCE-SALADEIRA-1A-21CM-768x492.jpg 768w, https:\/\/pro.costa-verde.com\/wp-content\/uploads\/2023\/11\/006008104620-OCE-SALADEIRA-1A-21CM-1536x984.jpg 1536w, https:\/\/pro.costa-verde.com\/wp-content\/uploads\/2023\/11\/006008104620-OCE-SALADEIRA-1A-21CM-600x384.jpg 600w, https:\/\/pro.costa-verde.com\/wp-content\/uploads\/2023\/11\/006008104620-OCE-SALADEIRA-1A-21CM-120x77.jpg 120w, https:\/\/pro.costa-verde.com\/wp-content\/uploads\/2023\/11\/006008104620-OCE-SALADEIRA-1A-21CM.jpg 1920w\" sizes=\"(max-width: 300px) 100vw, 300px\" \/><\/a>\n\t\t\t<div class=\"product-btn pa flex column ts__03\">\n\t\t\t\t\n\t\t\t\t\t\t\t<\/div>\n\t\t\t\n\t\t\t\t\t\t\t\t<\/div><!-- .product-image -->\n\t\t<div class=\"product-info mt__15\">\n\t\t\t<h3 class=\"product-title pr fs__14 mg__0 fwm\"><a class=\"cd chp\" href=\"https:\/\/pro.costa-verde.com\/es\/produto\/ensaladera-21-cm-eccentric\/\">Ensaladera 21 cm<\/a><\/h3>\n\t\t<\/div><!-- .product-info -->\n\t<\/div><!-- .product-inner -->\n<\/div>\n<div class=\"jas-col-md-3 jas-col-sm-4 jas-col-xs-6 mt__30 post-54666 product type-product status-publish has-post-thumbnail product_cat-sin-categorizar pa_colecao-eccentric-es first instock taxable shipping-taxable purchasable product-type-simple\">\n\t<div class=\"product-inner pr\">\n\t\t<div class=\"product-image pr\">\n\t\t\t\t\t\t<a class=\"db\" href=\"https:\/\/pro.costa-verde.com\/es\/produto\/ensaladera-16-cm\/\"><img loading=\"lazy\" decoding=\"async\" width=\"300\" height=\"192\" src=\"https:\/\/pro.costa-verde.com\/wp-content\/uploads\/2023\/11\/006009004620-OCE-SALADEIRA-3-16CM-300x192.jpg\" class=\"attachment-shop_catalog size-shop_catalog\" alt=\"OCE Ensaladera 16CM Eccentric\" srcset=\"https:\/\/pro.costa-verde.com\/wp-content\/uploads\/2023\/11\/006009004620-OCE-SALADEIRA-3-16CM-300x192.jpg 300w, https:\/\/pro.costa-verde.com\/wp-content\/uploads\/2023\/11\/006009004620-OCE-SALADEIRA-3-16CM-1024x656.jpg 1024w, https:\/\/pro.costa-verde.com\/wp-content\/uploads\/2023\/11\/006009004620-OCE-SALADEIRA-3-16CM-768x492.jpg 768w, https:\/\/pro.costa-verde.com\/wp-content\/uploads\/2023\/11\/006009004620-OCE-SALADEIRA-3-16CM-1536x984.jpg 1536w, https:\/\/pro.costa-verde.com\/wp-content\/uploads\/2023\/11\/006009004620-OCE-SALADEIRA-3-16CM-600x384.jpg 600w, https:\/\/pro.costa-verde.com\/wp-content\/uploads\/2023\/11\/006009004620-OCE-SALADEIRA-3-16CM-120x77.jpg 120w, https:\/\/pro.costa-verde.com\/wp-content\/uploads\/2023\/11\/006009004620-OCE-SALADEIRA-3-16CM.jpg 1920w\" sizes=\"(max-width: 300px) 100vw, 300px\" \/><\/a>\n\t\t\t<div class=\"product-btn pa flex column ts__03\">\n\t\t\t\t\n\t\t\t\t\t\t\t<\/div>\n\t\t\t\n\t\t\t\t\t\t\t\t<\/div><!-- .product-image -->\n\t\t<div class=\"product-info mt__15\">\n\t\t\t<h3 class=\"product-title pr fs__14 mg__0 fwm\"><a class=\"cd chp\" href=\"https:\/\/pro.costa-verde.com\/es\/produto\/ensaladera-16-cm\/\">Ensaladera 16 cm<\/a><\/h3>\n\t\t<\/div><!-- .product-info -->\n\t<\/div><!-- .product-inner -->\n<\/div>\n<div class=\"jas-col-md-3 jas-col-sm-4 jas-col-xs-6 mt__30 post-54662 product type-product status-publish has-post-thumbnail product_cat-sin-categorizar pa_colecao-eccentric-es  instock taxable shipping-taxable purchasable product-type-simple\">\n\t<div class=\"product-inner pr\">\n\t\t<div class=\"product-image pr\">\n\t\t\t\t\t\t<a class=\"db\" href=\"https:\/\/pro.costa-verde.com\/es\/produto\/ensaladera-12-cm-eccentric\/\"><img loading=\"lazy\" decoding=\"async\" width=\"300\" height=\"192\" src=\"https:\/\/pro.costa-verde.com\/wp-content\/uploads\/2023\/11\/006009104620-OCE-SALADEIRA-4-12CM-300x192.jpg\" class=\"attachment-shop_catalog size-shop_catalog\" alt=\"Ensaladera 12 cm Eccentric\" srcset=\"https:\/\/pro.costa-verde.com\/wp-content\/uploads\/2023\/11\/006009104620-OCE-SALADEIRA-4-12CM-300x192.jpg 300w, https:\/\/pro.costa-verde.com\/wp-content\/uploads\/2023\/11\/006009104620-OCE-SALADEIRA-4-12CM-1024x656.jpg 1024w, https:\/\/pro.costa-verde.com\/wp-content\/uploads\/2023\/11\/006009104620-OCE-SALADEIRA-4-12CM-768x492.jpg 768w, https:\/\/pro.costa-verde.com\/wp-content\/uploads\/2023\/11\/006009104620-OCE-SALADEIRA-4-12CM-1536x984.jpg 1536w, https:\/\/pro.costa-verde.com\/wp-content\/uploads\/2023\/11\/006009104620-OCE-SALADEIRA-4-12CM-600x384.jpg 600w, https:\/\/pro.costa-verde.com\/wp-content\/uploads\/2023\/11\/006009104620-OCE-SALADEIRA-4-12CM-120x77.jpg 120w, https:\/\/pro.costa-verde.com\/wp-content\/uploads\/2023\/11\/006009104620-OCE-SALADEIRA-4-12CM.jpg 1920w\" sizes=\"(max-width: 300px) 100vw, 300px\" \/><\/a>\n\t\t\t<div class=\"product-btn pa flex column ts__03\">\n\t\t\t\t\n\t\t\t\t\t\t\t<\/div>\n\t\t\t\n\t\t\t\t\t\t\t\t<\/div><!-- .product-image -->\n\t\t<div class=\"product-info mt__15\">\n\t\t\t<h3 class=\"product-title pr fs__14 mg__0 fwm\"><a class=\"cd chp\" href=\"https:\/\/pro.costa-verde.com\/es\/produto\/ensaladera-12-cm-eccentric\/\">Ensaladera 12 cm<\/a><\/h3>\n\t\t<\/div><!-- .product-info -->\n\t<\/div><!-- .product-inner -->\n<\/div>\n<div class=\"jas-col-md-3 jas-col-sm-4 jas-col-xs-6 mt__30 post-54658 product type-product status-publish has-post-thumbnail product_cat-sin-categorizar pa_colecao-eccentric-es  instock taxable shipping-taxable purchasable product-type-simple\">\n\t<div class=\"product-inner pr\">\n\t\t<div class=\"product-image pr\">\n\t\t\t\t\t\t<a class=\"db\" href=\"https:\/\/pro.costa-verde.com\/es\/produto\/tetera-660-ml-eccentric\/\"><img loading=\"lazy\" decoding=\"async\" width=\"300\" height=\"192\" src=\"https:\/\/pro.costa-verde.com\/wp-content\/uploads\/2023\/11\/006014004620-OCE-BULE-2-660ML-300x192.jpg\" class=\"attachment-shop_catalog size-shop_catalog\" alt=\"OCE Tetera 660ML Eccentric\" srcset=\"https:\/\/pro.costa-verde.com\/wp-content\/uploads\/2023\/11\/006014004620-OCE-BULE-2-660ML-300x192.jpg 300w, https:\/\/pro.costa-verde.com\/wp-content\/uploads\/2023\/11\/006014004620-OCE-BULE-2-660ML-1024x656.jpg 1024w, https:\/\/pro.costa-verde.com\/wp-content\/uploads\/2023\/11\/006014004620-OCE-BULE-2-660ML-768x492.jpg 768w, https:\/\/pro.costa-verde.com\/wp-content\/uploads\/2023\/11\/006014004620-OCE-BULE-2-660ML-1536x984.jpg 1536w, https:\/\/pro.costa-verde.com\/wp-content\/uploads\/2023\/11\/006014004620-OCE-BULE-2-660ML-600x384.jpg 600w, https:\/\/pro.costa-verde.com\/wp-content\/uploads\/2023\/11\/006014004620-OCE-BULE-2-660ML-120x77.jpg 120w, https:\/\/pro.costa-verde.com\/wp-content\/uploads\/2023\/11\/006014004620-OCE-BULE-2-660ML.jpg 1920w\" sizes=\"(max-width: 300px) 100vw, 300px\" \/><\/a>\n\t\t\t<div class=\"product-btn pa flex column ts__03\">\n\t\t\t\t\n\t\t\t\t\t\t\t<\/div>\n\t\t\t\n\t\t\t\t\t\t\t\t<\/div><!-- .product-image -->\n\t\t<div class=\"product-info mt__15\">\n\t\t\t<h3 class=\"product-title pr fs__14 mg__0 fwm\"><a class=\"cd chp\" href=\"https:\/\/pro.costa-verde.com\/es\/produto\/tetera-660-ml-eccentric\/\">Tetera 660 ml<\/a><\/h3>\n\t\t<\/div><!-- .product-info -->\n\t<\/div><!-- .product-inner -->\n<\/div>\n<div class=\"jas-col-md-3 jas-col-sm-4 jas-col-xs-6 mt__30 post-54654 product type-product status-publish has-post-thumbnail product_cat-sin-categorizar pa_colecao-eccentric-es last instock taxable shipping-taxable purchasable product-type-simple\">\n\t<div class=\"product-inner pr\">\n\t\t<div class=\"product-image pr\">\n\t\t\t\t\t\t<a class=\"db\" href=\"https:\/\/pro.costa-verde.com\/es\/produto\/tetera-320-ml-eccentric\/\"><img loading=\"lazy\" decoding=\"async\" width=\"300\" height=\"192\" src=\"https:\/\/pro.costa-verde.com\/wp-content\/uploads\/2023\/11\/006015504620-OCE-LEITEIRA-2-320ML-300x192.jpg\" class=\"attachment-shop_catalog size-shop_catalog\" alt=\"OCE Tetera 320ML Eccentric\" srcset=\"https:\/\/pro.costa-verde.com\/wp-content\/uploads\/2023\/11\/006015504620-OCE-LEITEIRA-2-320ML-300x192.jpg 300w, https:\/\/pro.costa-verde.com\/wp-content\/uploads\/2023\/11\/006015504620-OCE-LEITEIRA-2-320ML-1024x656.jpg 1024w, https:\/\/pro.costa-verde.com\/wp-content\/uploads\/2023\/11\/006015504620-OCE-LEITEIRA-2-320ML-768x492.jpg 768w, https:\/\/pro.costa-verde.com\/wp-content\/uploads\/2023\/11\/006015504620-OCE-LEITEIRA-2-320ML-1536x984.jpg 1536w, https:\/\/pro.costa-verde.com\/wp-content\/uploads\/2023\/11\/006015504620-OCE-LEITEIRA-2-320ML-600x384.jpg 600w, https:\/\/pro.costa-verde.com\/wp-content\/uploads\/2023\/11\/006015504620-OCE-LEITEIRA-2-320ML-120x77.jpg 120w, https:\/\/pro.costa-verde.com\/wp-content\/uploads\/2023\/11\/006015504620-OCE-LEITEIRA-2-320ML.jpg 1920w\" sizes=\"(max-width: 300px) 100vw, 300px\" \/><\/a>\n\t\t\t<div class=\"product-btn pa flex column ts__03\">\n\t\t\t\t\n\t\t\t\t\t\t\t<\/div>\n\t\t\t\n\t\t\t\t\t\t\t\t<\/div><!-- .product-image -->\n\t\t<div class=\"product-info mt__15\">\n\t\t\t<h3 class=\"product-title pr fs__14 mg__0 fwm\"><a class=\"cd chp\" href=\"https:\/\/pro.costa-verde.com\/es\/produto\/tetera-320-ml-eccentric\/\">Tetera 320 ml<\/a><\/h3>\n\t\t<\/div><!-- .product-info -->\n\t<\/div><!-- .product-inner -->\n<\/div>\n<div class=\"jas-col-md-3 jas-col-sm-4 jas-col-xs-6 mt__30 post-54650 product type-product status-publish has-post-thumbnail product_cat-sin-categorizar pa_colecao-eccentric-es first instock taxable shipping-taxable purchasable product-type-simple\">\n\t<div class=\"product-inner pr\">\n\t\t<div class=\"product-image pr\">\n\t\t\t\t\t\t<a class=\"db\" href=\"https:\/\/pro.costa-verde.com\/es\/produto\/taza-260-ml-eccentric\/\"><img loading=\"lazy\" decoding=\"async\" width=\"300\" height=\"192\" src=\"https:\/\/pro.costa-verde.com\/wp-content\/uploads\/2023\/11\/006018104620-CHAV-1-12-260ML-300x192.jpg\" class=\"attachment-shop_catalog size-shop_catalog\" alt=\"Taza 260ML Eccentric\" srcset=\"https:\/\/pro.costa-verde.com\/wp-content\/uploads\/2023\/11\/006018104620-CHAV-1-12-260ML-300x192.jpg 300w, https:\/\/pro.costa-verde.com\/wp-content\/uploads\/2023\/11\/006018104620-CHAV-1-12-260ML-1024x656.jpg 1024w, https:\/\/pro.costa-verde.com\/wp-content\/uploads\/2023\/11\/006018104620-CHAV-1-12-260ML-768x492.jpg 768w, https:\/\/pro.costa-verde.com\/wp-content\/uploads\/2023\/11\/006018104620-CHAV-1-12-260ML-1536x984.jpg 1536w, https:\/\/pro.costa-verde.com\/wp-content\/uploads\/2023\/11\/006018104620-CHAV-1-12-260ML-600x384.jpg 600w, https:\/\/pro.costa-verde.com\/wp-content\/uploads\/2023\/11\/006018104620-CHAV-1-12-260ML-120x77.jpg 120w, https:\/\/pro.costa-verde.com\/wp-content\/uploads\/2023\/11\/006018104620-CHAV-1-12-260ML.jpg 1920w\" sizes=\"(max-width: 300px) 100vw, 300px\" \/><\/a>\n\t\t\t<div class=\"product-btn pa flex column ts__03\">\n\t\t\t\t\n\t\t\t\t\t\t\t<\/div>\n\t\t\t\n\t\t\t\t\t\t\t\t<\/div><!-- .product-image -->\n\t\t<div class=\"product-info mt__15\">\n\t\t\t<h3 class=\"product-title pr fs__14 mg__0 fwm\"><a class=\"cd chp\" href=\"https:\/\/pro.costa-verde.com\/es\/produto\/taza-260-ml-eccentric\/\">Taza 260 ml<\/a><\/h3>\n\t\t<\/div><!-- .product-info -->\n\t<\/div><!-- .product-inner -->\n<\/div>\n<div class=\"jas-col-md-3 jas-col-sm-4 jas-col-xs-6 mt__30 post-54646 product type-product status-publish has-post-thumbnail product_cat-sin-categorizar pa_colecao-eccentric-es  instock taxable shipping-taxable purchasable product-type-simple\">\n\t<div class=\"product-inner pr\">\n\t\t<div class=\"product-image pr\">\n\t\t\t\t\t\t<a class=\"db\" href=\"https:\/\/pro.costa-verde.com\/es\/produto\/platillo-16-cm-eccentric\/\"><img loading=\"lazy\" decoding=\"async\" width=\"300\" height=\"192\" src=\"https:\/\/pro.costa-verde.com\/wp-content\/uploads\/2023\/11\/006018204620-OCE-PIRES-1-12-16CM-300x192.jpg\" class=\"attachment-shop_catalog size-shop_catalog\" alt=\"OCE Platillo 16 cm eccentric \" srcset=\"https:\/\/pro.costa-verde.com\/wp-content\/uploads\/2023\/11\/006018204620-OCE-PIRES-1-12-16CM-300x192.jpg 300w, https:\/\/pro.costa-verde.com\/wp-content\/uploads\/2023\/11\/006018204620-OCE-PIRES-1-12-16CM-1024x656.jpg 1024w, https:\/\/pro.costa-verde.com\/wp-content\/uploads\/2023\/11\/006018204620-OCE-PIRES-1-12-16CM-768x492.jpg 768w, https:\/\/pro.costa-verde.com\/wp-content\/uploads\/2023\/11\/006018204620-OCE-PIRES-1-12-16CM-1536x984.jpg 1536w, https:\/\/pro.costa-verde.com\/wp-content\/uploads\/2023\/11\/006018204620-OCE-PIRES-1-12-16CM-600x384.jpg 600w, https:\/\/pro.costa-verde.com\/wp-content\/uploads\/2023\/11\/006018204620-OCE-PIRES-1-12-16CM-120x77.jpg 120w, https:\/\/pro.costa-verde.com\/wp-content\/uploads\/2023\/11\/006018204620-OCE-PIRES-1-12-16CM.jpg 1920w\" sizes=\"(max-width: 300px) 100vw, 300px\" \/><\/a>\n\t\t\t<div class=\"product-btn pa flex column ts__03\">\n\t\t\t\t\n\t\t\t\t\t\t\t<\/div>\n\t\t\t\n\t\t\t\t\t\t\t\t<\/div><!-- .product-image -->\n\t\t<div class=\"product-info mt__15\">\n\t\t\t<h3 class=\"product-title pr fs__14 mg__0 fwm\"><a class=\"cd chp\" href=\"https:\/\/pro.costa-verde.com\/es\/produto\/platillo-16-cm-eccentric\/\">Platillo 16 cm<\/a><\/h3>\n\t\t<\/div><!-- .product-info -->\n\t<\/div><!-- .product-inner -->\n<\/div>\n<div class=\"jas-col-md-3 jas-col-sm-4 jas-col-xs-6 mt__30 post-54642 product type-product status-publish has-post-thumbnail product_cat-sin-categorizar pa_colecao-eccentric-es  instock taxable shipping-taxable purchasable product-type-simple\">\n\t<div class=\"product-inner pr\">\n\t\t<div class=\"product-image pr\">\n\t\t\t\t\t\t<a class=\"db\" href=\"https:\/\/pro.costa-verde.com\/es\/produto\/taza-200-ml-eccentric\/\"><img loading=\"lazy\" decoding=\"async\" width=\"300\" height=\"192\" src=\"https:\/\/pro.costa-verde.com\/wp-content\/uploads\/2023\/11\/006019104620-OCE-CHAV-2-200ML-300x192.jpg\" class=\"attachment-shop_catalog size-shop_catalog\" alt=\"OCE Taza 200ML Eccentric\" srcset=\"https:\/\/pro.costa-verde.com\/wp-content\/uploads\/2023\/11\/006019104620-OCE-CHAV-2-200ML-300x192.jpg 300w, https:\/\/pro.costa-verde.com\/wp-content\/uploads\/2023\/11\/006019104620-OCE-CHAV-2-200ML-1024x656.jpg 1024w, https:\/\/pro.costa-verde.com\/wp-content\/uploads\/2023\/11\/006019104620-OCE-CHAV-2-200ML-768x492.jpg 768w, https:\/\/pro.costa-verde.com\/wp-content\/uploads\/2023\/11\/006019104620-OCE-CHAV-2-200ML-1536x984.jpg 1536w, https:\/\/pro.costa-verde.com\/wp-content\/uploads\/2023\/11\/006019104620-OCE-CHAV-2-200ML-600x384.jpg 600w, https:\/\/pro.costa-verde.com\/wp-content\/uploads\/2023\/11\/006019104620-OCE-CHAV-2-200ML-120x77.jpg 120w, https:\/\/pro.costa-verde.com\/wp-content\/uploads\/2023\/11\/006019104620-OCE-CHAV-2-200ML.jpg 1920w\" sizes=\"(max-width: 300px) 100vw, 300px\" \/><\/a>\n\t\t\t<div class=\"product-btn pa flex column ts__03\">\n\t\t\t\t\n\t\t\t\t\t\t\t<\/div>\n\t\t\t\n\t\t\t\t\t\t\t\t<\/div><!-- .product-image -->\n\t\t<div class=\"product-info mt__15\">\n\t\t\t<h3 class=\"product-title pr fs__14 mg__0 fwm\"><a class=\"cd chp\" href=\"https:\/\/pro.costa-verde.com\/es\/produto\/taza-200-ml-eccentric\/\">Taza 200 ml<\/a><\/h3>\n\t\t<\/div><!-- .product-info -->\n\t<\/div><!-- .product-inner -->\n<\/div>\n<div class=\"jas-col-md-3 jas-col-sm-4 jas-col-xs-6 mt__30 post-54638 product type-product status-publish has-post-thumbnail product_cat-sin-categorizar pa_colecao-eccentric-es last instock taxable shipping-taxable purchasable product-type-simple\">\n\t<div class=\"product-inner pr\">\n\t\t<div class=\"product-image pr\">\n\t\t\t\t\t\t<a class=\"db\" href=\"https:\/\/pro.costa-verde.com\/es\/produto\/taza-90-ml-eccentric\/\"><img loading=\"lazy\" decoding=\"async\" width=\"300\" height=\"192\" src=\"https:\/\/pro.costa-verde.com\/wp-content\/uploads\/2023\/11\/006020104620-OCE-CHAV-4-90ML-300x192.jpg\" class=\"attachment-shop_catalog size-shop_catalog\" alt=\"OCE Taza 90 ml Eccentric \" srcset=\"https:\/\/pro.costa-verde.com\/wp-content\/uploads\/2023\/11\/006020104620-OCE-CHAV-4-90ML-300x192.jpg 300w, https:\/\/pro.costa-verde.com\/wp-content\/uploads\/2023\/11\/006020104620-OCE-CHAV-4-90ML-1024x656.jpg 1024w, https:\/\/pro.costa-verde.com\/wp-content\/uploads\/2023\/11\/006020104620-OCE-CHAV-4-90ML-768x492.jpg 768w, https:\/\/pro.costa-verde.com\/wp-content\/uploads\/2023\/11\/006020104620-OCE-CHAV-4-90ML-1536x984.jpg 1536w, https:\/\/pro.costa-verde.com\/wp-content\/uploads\/2023\/11\/006020104620-OCE-CHAV-4-90ML-600x384.jpg 600w, https:\/\/pro.costa-verde.com\/wp-content\/uploads\/2023\/11\/006020104620-OCE-CHAV-4-90ML-120x77.jpg 120w, https:\/\/pro.costa-verde.com\/wp-content\/uploads\/2023\/11\/006020104620-OCE-CHAV-4-90ML.jpg 1920w\" sizes=\"(max-width: 300px) 100vw, 300px\" \/><\/a>\n\t\t\t<div class=\"product-btn pa flex column ts__03\">\n\t\t\t\t\n\t\t\t\t\t\t\t<\/div>\n\t\t\t\n\t\t\t\t\t\t\t\t<\/div><!-- .product-image -->\n\t\t<div class=\"product-info mt__15\">\n\t\t\t<h3 class=\"product-title pr fs__14 mg__0 fwm\"><a class=\"cd chp\" href=\"https:\/\/pro.costa-verde.com\/es\/produto\/taza-90-ml-eccentric\/\">Taza 90 ml<\/a><\/h3>\n\t\t<\/div><!-- .product-info -->\n\t<\/div><!-- .product-inner -->\n<\/div>\n<div class=\"jas-col-md-3 jas-col-sm-4 jas-col-xs-6 mt__30 post-54634 product type-product status-publish has-post-thumbnail product_cat-sin-categorizar pa_colecao-eccentric-es first instock taxable shipping-taxable purchasable product-type-simple\">\n\t<div class=\"product-inner pr\">\n\t\t<div class=\"product-image pr\">\n\t\t\t\t\t\t<a class=\"db\" href=\"https:\/\/pro.costa-verde.com\/es\/produto\/platillo-12-cm-eccentric\/\"><img loading=\"lazy\" decoding=\"async\" width=\"300\" height=\"192\" src=\"https:\/\/pro.costa-verde.com\/wp-content\/uploads\/2023\/11\/006020204620-OCE-PIRES-4-12CM-300x192.jpg\" class=\"attachment-shop_catalog size-shop_catalog\" alt=\"OCE Platillo 12 cm eccentric\" srcset=\"https:\/\/pro.costa-verde.com\/wp-content\/uploads\/2023\/11\/006020204620-OCE-PIRES-4-12CM-300x192.jpg 300w, https:\/\/pro.costa-verde.com\/wp-content\/uploads\/2023\/11\/006020204620-OCE-PIRES-4-12CM-1024x656.jpg 1024w, https:\/\/pro.costa-verde.com\/wp-content\/uploads\/2023\/11\/006020204620-OCE-PIRES-4-12CM-768x492.jpg 768w, https:\/\/pro.costa-verde.com\/wp-content\/uploads\/2023\/11\/006020204620-OCE-PIRES-4-12CM-1536x984.jpg 1536w, https:\/\/pro.costa-verde.com\/wp-content\/uploads\/2023\/11\/006020204620-OCE-PIRES-4-12CM-600x384.jpg 600w, https:\/\/pro.costa-verde.com\/wp-content\/uploads\/2023\/11\/006020204620-OCE-PIRES-4-12CM-120x77.jpg 120w, https:\/\/pro.costa-verde.com\/wp-content\/uploads\/2023\/11\/006020204620-OCE-PIRES-4-12CM.jpg 1920w\" sizes=\"(max-width: 300px) 100vw, 300px\" \/><\/a>\n\t\t\t<div class=\"product-btn pa flex column ts__03\">\n\t\t\t\t\n\t\t\t\t\t\t\t<\/div>\n\t\t\t\n\t\t\t\t\t\t\t\t<\/div><!-- .product-image -->\n\t\t<div class=\"product-info mt__15\">\n\t\t\t<h3 class=\"product-title pr fs__14 mg__0 fwm\"><a class=\"cd chp\" href=\"https:\/\/pro.costa-verde.com\/es\/produto\/platillo-12-cm-eccentric\/\">Platillo 12 cm<\/a><\/h3>\n\t\t<\/div><!-- .product-info -->\n\t<\/div><!-- .product-inner -->\n<\/div>\n<div class=\"jas-col-md-3 jas-col-sm-4 jas-col-xs-6 mt__30 post-54630 product type-product status-publish has-post-thumbnail product_cat-sin-categorizar pa_colecao-eccentric-es  instock taxable shipping-taxable purchasable product-type-simple\">\n\t<div class=\"product-inner pr\">\n\t\t<div class=\"product-image pr\">\n\t\t\t\t\t\t<a class=\"db\" href=\"https:\/\/pro.costa-verde.com\/es\/produto\/plato-hondo-27-cm-eccentric\/\"><img loading=\"lazy\" decoding=\"async\" width=\"300\" height=\"192\" src=\"https:\/\/pro.costa-verde.com\/wp-content\/uploads\/2023\/11\/008314704620-PES-PRATO-FUNDO-CH-27CM-2-300x192.jpg\" class=\"attachment-shop_catalog size-shop_catalog\" alt=\"PES Plato Hondo 27CM Eccentric\" srcset=\"https:\/\/pro.costa-verde.com\/wp-content\/uploads\/2023\/11\/008314704620-PES-PRATO-FUNDO-CH-27CM-2-300x192.jpg 300w, https:\/\/pro.costa-verde.com\/wp-content\/uploads\/2023\/11\/008314704620-PES-PRATO-FUNDO-CH-27CM-2-1024x656.jpg 1024w, https:\/\/pro.costa-verde.com\/wp-content\/uploads\/2023\/11\/008314704620-PES-PRATO-FUNDO-CH-27CM-2-768x492.jpg 768w, https:\/\/pro.costa-verde.com\/wp-content\/uploads\/2023\/11\/008314704620-PES-PRATO-FUNDO-CH-27CM-2-1536x984.jpg 1536w, https:\/\/pro.costa-verde.com\/wp-content\/uploads\/2023\/11\/008314704620-PES-PRATO-FUNDO-CH-27CM-2-600x384.jpg 600w, https:\/\/pro.costa-verde.com\/wp-content\/uploads\/2023\/11\/008314704620-PES-PRATO-FUNDO-CH-27CM-2-120x77.jpg 120w, https:\/\/pro.costa-verde.com\/wp-content\/uploads\/2023\/11\/008314704620-PES-PRATO-FUNDO-CH-27CM-2.jpg 1920w\" sizes=\"(max-width: 300px) 100vw, 300px\" \/><\/a>\n\t\t\t<div class=\"product-btn pa flex column ts__03\">\n\t\t\t\t\n\t\t\t\t\t\t\t<\/div>\n\t\t\t\n\t\t\t\t\t\t\t\t<\/div><!-- .product-image -->\n\t\t<div class=\"product-info mt__15\">\n\t\t\t<h3 class=\"product-title pr fs__14 mg__0 fwm\"><a class=\"cd chp\" href=\"https:\/\/pro.costa-verde.com\/es\/produto\/plato-hondo-27-cm-eccentric\/\">Plato Hondo 27 cm<\/a><\/h3>\n\t\t<\/div><!-- .product-info -->\n\t<\/div><!-- .product-inner -->\n<\/div>\n<div class=\"jas-col-md-3 jas-col-sm-4 jas-col-xs-6 mt__30 post-54626 product type-product status-publish has-post-thumbnail product_cat-sin-categorizar pa_colecao-eccentric-es  instock taxable shipping-taxable purchasable product-type-simple\">\n\t<div class=\"product-inner pr\">\n\t\t<div class=\"product-image pr\">\n\t\t\t\t\t\t<a class=\"db\" href=\"https:\/\/pro.costa-verde.com\/es\/produto\/plato-hondo-29-cm-eccentric\/\"><img loading=\"lazy\" decoding=\"async\" width=\"300\" height=\"192\" src=\"https:\/\/pro.costa-verde.com\/wp-content\/uploads\/2023\/11\/045000604620-SAT-PRATO-FUNDO-29CM-300x192.jpg\" class=\"attachment-shop_catalog size-shop_catalog\" alt=\"SAT Plato Hondo 29 cm Eccentric\" srcset=\"https:\/\/pro.costa-verde.com\/wp-content\/uploads\/2023\/11\/045000604620-SAT-PRATO-FUNDO-29CM-300x192.jpg 300w, https:\/\/pro.costa-verde.com\/wp-content\/uploads\/2023\/11\/045000604620-SAT-PRATO-FUNDO-29CM-1024x656.jpg 1024w, https:\/\/pro.costa-verde.com\/wp-content\/uploads\/2023\/11\/045000604620-SAT-PRATO-FUNDO-29CM-768x492.jpg 768w, https:\/\/pro.costa-verde.com\/wp-content\/uploads\/2023\/11\/045000604620-SAT-PRATO-FUNDO-29CM-1536x984.jpg 1536w, https:\/\/pro.costa-verde.com\/wp-content\/uploads\/2023\/11\/045000604620-SAT-PRATO-FUNDO-29CM-600x384.jpg 600w, https:\/\/pro.costa-verde.com\/wp-content\/uploads\/2023\/11\/045000604620-SAT-PRATO-FUNDO-29CM-120x77.jpg 120w, https:\/\/pro.costa-verde.com\/wp-content\/uploads\/2023\/11\/045000604620-SAT-PRATO-FUNDO-29CM.jpg 1920w\" sizes=\"(max-width: 300px) 100vw, 300px\" \/><\/a>\n\t\t\t<div class=\"product-btn pa flex column ts__03\">\n\t\t\t\t\n\t\t\t\t\t\t\t<\/div>\n\t\t\t\n\t\t\t\t\t\t\t\t<\/div><!-- .product-image -->\n\t\t<div class=\"product-info mt__15\">\n\t\t\t<h3 class=\"product-title pr fs__14 mg__0 fwm\"><a class=\"cd chp\" href=\"https:\/\/pro.costa-verde.com\/es\/produto\/plato-hondo-29-cm-eccentric\/\">Plato Hondo 29 cm<\/a><\/h3>\n\t\t<\/div><!-- .product-info -->\n\t<\/div><!-- .product-inner -->\n<\/div>\n<div class=\"jas-col-md-3 jas-col-sm-4 jas-col-xs-6 mt__30 post-54622 product type-product status-publish has-post-thumbnail product_cat-sin-categorizar pa_colecao-eccentric-es last instock taxable shipping-taxable purchasable product-type-simple\">\n\t<div class=\"product-inner pr\">\n\t\t<div class=\"product-image pr\">\n\t\t\t\t\t\t<a class=\"db\" href=\"https:\/\/pro.costa-verde.com\/es\/produto\/fuente-36x26-cm-eccentric\/\"><img loading=\"lazy\" decoding=\"async\" width=\"300\" height=\"192\" src=\"https:\/\/pro.costa-verde.com\/wp-content\/uploads\/2023\/11\/006005004620-OCE-TRAVESSA-6-36X26CM-300x192.jpg\" class=\"attachment-shop_catalog size-shop_catalog\" alt=\"OCE Fuente 36X26CM Eccentric\" srcset=\"https:\/\/pro.costa-verde.com\/wp-content\/uploads\/2023\/11\/006005004620-OCE-TRAVESSA-6-36X26CM-300x192.jpg 300w, https:\/\/pro.costa-verde.com\/wp-content\/uploads\/2023\/11\/006005004620-OCE-TRAVESSA-6-36X26CM-1024x656.jpg 1024w, https:\/\/pro.costa-verde.com\/wp-content\/uploads\/2023\/11\/006005004620-OCE-TRAVESSA-6-36X26CM-768x492.jpg 768w, https:\/\/pro.costa-verde.com\/wp-content\/uploads\/2023\/11\/006005004620-OCE-TRAVESSA-6-36X26CM-1536x984.jpg 1536w, https:\/\/pro.costa-verde.com\/wp-content\/uploads\/2023\/11\/006005004620-OCE-TRAVESSA-6-36X26CM-600x384.jpg 600w, https:\/\/pro.costa-verde.com\/wp-content\/uploads\/2023\/11\/006005004620-OCE-TRAVESSA-6-36X26CM-120x77.jpg 120w, https:\/\/pro.costa-verde.com\/wp-content\/uploads\/2023\/11\/006005004620-OCE-TRAVESSA-6-36X26CM.jpg 1920w\" sizes=\"(max-width: 300px) 100vw, 300px\" \/><\/a>\n\t\t\t<div class=\"product-btn pa flex column ts__03\">\n\t\t\t\t\n\t\t\t\t\t\t\t<\/div>\n\t\t\t\n\t\t\t\t\t\t\t\t<\/div><!-- .product-image -->\n\t\t<div class=\"product-info mt__15\">\n\t\t\t<h3 class=\"product-title pr fs__14 mg__0 fwm\"><a class=\"cd chp\" href=\"https:\/\/pro.costa-verde.com\/es\/produto\/fuente-36x26-cm-eccentric\/\">Fuente 36&#215;26 cm<\/a><\/h3>\n\t\t<\/div><!-- .product-info -->\n\t<\/div><!-- .product-inner -->\n<\/div>\n<div class=\"jas-col-md-3 jas-col-sm-4 jas-col-xs-6 mt__30 post-54618 product type-product status-publish has-post-thumbnail product_cat-sin-categorizar pa_colecao-eccentric-es first instock taxable shipping-taxable purchasable product-type-simple\">\n\t<div class=\"product-inner pr\">\n\t\t<div class=\"product-image pr\">\n\t\t\t\t\t\t<a class=\"db\" href=\"https:\/\/pro.costa-verde.com\/es\/produto\/plato-hondo-coupe-24-cm-eccentric\/\"><img loading=\"lazy\" decoding=\"async\" width=\"300\" height=\"192\" src=\"https:\/\/pro.costa-verde.com\/wp-content\/uploads\/2023\/11\/047002504620-SAC-PRATO-FUNDO-COUPE-24-300x192.jpg\" class=\"attachment-shop_catalog size-shop_catalog\" alt=\"SAC Plato Hondo Coupe 24 cm \" srcset=\"https:\/\/pro.costa-verde.com\/wp-content\/uploads\/2023\/11\/047002504620-SAC-PRATO-FUNDO-COUPE-24-300x192.jpg 300w, https:\/\/pro.costa-verde.com\/wp-content\/uploads\/2023\/11\/047002504620-SAC-PRATO-FUNDO-COUPE-24-1024x656.jpg 1024w, https:\/\/pro.costa-verde.com\/wp-content\/uploads\/2023\/11\/047002504620-SAC-PRATO-FUNDO-COUPE-24-768x492.jpg 768w, https:\/\/pro.costa-verde.com\/wp-content\/uploads\/2023\/11\/047002504620-SAC-PRATO-FUNDO-COUPE-24-1536x984.jpg 1536w, https:\/\/pro.costa-verde.com\/wp-content\/uploads\/2023\/11\/047002504620-SAC-PRATO-FUNDO-COUPE-24-600x384.jpg 600w, https:\/\/pro.costa-verde.com\/wp-content\/uploads\/2023\/11\/047002504620-SAC-PRATO-FUNDO-COUPE-24-120x77.jpg 120w, https:\/\/pro.costa-verde.com\/wp-content\/uploads\/2023\/11\/047002504620-SAC-PRATO-FUNDO-COUPE-24.jpg 1920w\" sizes=\"(max-width: 300px) 100vw, 300px\" \/><\/a>\n\t\t\t<div class=\"product-btn pa flex column ts__03\">\n\t\t\t\t\n\t\t\t\t\t\t\t<\/div>\n\t\t\t\n\t\t\t\t\t\t\t\t<\/div><!-- .product-image -->\n\t\t<div class=\"product-info mt__15\">\n\t\t\t<h3 class=\"product-title pr fs__14 mg__0 fwm\"><a class=\"cd chp\" href=\"https:\/\/pro.costa-verde.com\/es\/produto\/plato-hondo-coupe-24-cm-eccentric\/\">Plato Hondo Coupe 24 cm<\/a><\/h3>\n\t\t<\/div><!-- .product-info -->\n\t<\/div><!-- .product-inner -->\n<\/div>\n<\/div><!-- .products --><\/div>\t\t\t\t<\/div>\n\t\t\t\t<\/div>\n\t\t\t\t<div class=\"elementor-element elementor-element-4d30d2d elementor-align-center button elementor-widget elementor-widget-button\" data-id=\"4d30d2d\" data-element_type=\"widget\" data-widget_type=\"button.default\">\n\t\t\t\t<div class=\"elementor-widget-container\">\n\t\t\t\t\t\t\t\t\t<div class=\"elementor-button-wrapper\">\n\t\t\t\t\t<a class=\"elementor-button elementor-button-link elementor-size-md\" href=\"https:\/\/pro.costa-verde.com\/es\/colecciones\/\">\n\t\t\t\t\t\t<span class=\"elementor-button-content-wrapper\">\n\t\t\t\t\t\t\t\t\t<span class=\"elementor-button-text\">Ver outras cole\u00e7\u00f5es<\/span>\n\t\t\t\t\t<\/span>\n\t\t\t\t\t<\/a>\n\t\t\t\t<\/div>\n\t\t\t\t\t\t\t\t<\/div>\n\t\t\t\t<\/div>\n\t\t\t\t\t<\/div>\n\t\t<\/div>\n\t\t\t\t\t<\/div>\n\t\t<\/section>\n\t\t\t\t<\/div>\n\t\t","protected":false},"excerpt":{"rendered":"<p>Eccentric Eccentric La belleza en la\u00a0inconvencionalidad Eccentric, desarrollada a partir de las l\u00edneas cl\u00e1sicas y tradicionales de Costa Verde, Saturno, Saturno Coupe y Oceanus, nace con la ilusi\u00f3n de crear lo no convencional a trav\u00e9s de lo convencional.&nbsp;&nbsp; Los tonos grises claros, presentes en la colecci\u00f3n, permiten crear un entorno de mesa con estabilidad, madurez [&hellip;]<\/p>\n","protected":false},"author":438,"featured_media":54615,"parent":22658,"menu_order":0,"comment_status":"closed","ping_status":"closed","template":"","meta":{"footnotes":""},"class_list":["post-54932","page","type-page","status-publish","has-post-thumbnail","hentry"],"yoast_head":"<!-- This site is optimized with the Yoast SEO plugin v26.9 - https:\/\/yoast.com\/product\/yoast-seo-wordpress\/ -->\n<title>Eccentric - Costa Verde<\/title>\n<meta name=\"robots\" content=\"index, follow, max-snippet:-1, max-image-preview:large, max-video-preview:-1\" \/>\n<link rel=\"canonical\" href=\"https:\/\/pro.costa-verde.com\/colecoes-moods\/eccentric\/\" \/>\n<meta property=\"og:locale\" content=\"es_ES\" \/>\n<meta property=\"og:type\" content=\"article\" \/>\n<meta property=\"og:title\" content=\"Eccentric - Costa Verde\" \/>\n<meta property=\"og:description\" content=\"Eccentric Eccentric La belleza en la\u00a0inconvencionalidad Eccentric, desarrollada a partir de las l\u00edneas cl\u00e1sicas y tradicionales de Costa Verde, Saturno, Saturno Coupe y Oceanus, nace con la ilusi\u00f3n de crear lo no convencional a trav\u00e9s de lo convencional.&nbsp;&nbsp; Los tonos grises claros, presentes en la colecci\u00f3n, permiten crear un entorno de mesa con estabilidad, madurez [&hellip;]\" \/>\n<meta property=\"og:url\" content=\"https:\/\/pro.costa-verde.com\/colecoes-moods\/eccentric\/\" \/>\n<meta property=\"og:site_name\" content=\"Costa Verde\" \/>\n<meta property=\"article:publisher\" content=\"https:\/\/www.facebook.com\/costaverdeporcelanas\/\" \/>\n<meta property=\"article:modified_time\" content=\"2025-04-17T08:40:49+00:00\" \/>\n<meta property=\"og:image\" content=\"https:\/\/pro.costa-verde.com\/wp-content\/uploads\/2023\/11\/230907COSTAVERDE1015.jpg\" \/>\n\t<meta property=\"og:image:width\" content=\"1440\" \/>\n\t<meta property=\"og:image:height\" content=\"1920\" \/>\n\t<meta property=\"og:image:type\" content=\"image\/jpeg\" \/>\n<meta name=\"twitter:card\" content=\"summary_large_image\" \/>\n<meta name=\"twitter:label1\" content=\"Tiempo de lectura\" \/>\n\t<meta name=\"twitter:data1\" content=\"6 minutos\" \/>\n<script type=\"application\/ld+json\" class=\"yoast-schema-graph\">{\"@context\":\"https:\/\/schema.org\",\"@graph\":[{\"@type\":\"WebPage\",\"@id\":\"https:\/\/pro.costa-verde.com\/colecoes-moods\/eccentric\/\",\"url\":\"https:\/\/pro.costa-verde.com\/colecoes-moods\/eccentric\/\",\"name\":\"Eccentric - Costa Verde\",\"isPartOf\":{\"@id\":\"https:\/\/pro.costa-verde.com\/#website\"},\"primaryImageOfPage\":{\"@id\":\"https:\/\/pro.costa-verde.com\/colecoes-moods\/eccentric\/#primaryimage\"},\"image\":{\"@id\":\"https:\/\/pro.costa-verde.com\/colecoes-moods\/eccentric\/#primaryimage\"},\"thumbnailUrl\":\"https:\/\/pro.costa-verde.com\/wp-content\/uploads\/2023\/11\/230907COSTAVERDE1015.jpg\",\"datePublished\":\"2023-11-06T12:55:01+00:00\",\"dateModified\":\"2025-04-17T08:40:49+00:00\",\"breadcrumb\":{\"@id\":\"https:\/\/pro.costa-verde.com\/colecoes-moods\/eccentric\/#breadcrumb\"},\"inLanguage\":\"es\",\"potentialAction\":[{\"@type\":\"ReadAction\",\"target\":[\"https:\/\/pro.costa-verde.com\/colecoes-moods\/eccentric\/\"]}]},{\"@type\":\"ImageObject\",\"inLanguage\":\"es\",\"@id\":\"https:\/\/pro.costa-verde.com\/colecoes-moods\/eccentric\/#primaryimage\",\"url\":\"https:\/\/pro.costa-verde.com\/wp-content\/uploads\/2023\/11\/230907COSTAVERDE1015.jpg\",\"contentUrl\":\"https:\/\/pro.costa-verde.com\/wp-content\/uploads\/2023\/11\/230907COSTAVERDE1015.jpg\",\"width\":1440,\"height\":1920,\"caption\":\"Eccentric\"},{\"@type\":\"BreadcrumbList\",\"@id\":\"https:\/\/pro.costa-verde.com\/colecoes-moods\/eccentric\/#breadcrumb\",\"itemListElement\":[{\"@type\":\"ListItem\",\"position\":1,\"name\":\"In\u00edcio\",\"item\":\"https:\/\/pro.costa-verde.com\/es\/\"},{\"@type\":\"ListItem\",\"position\":2,\"name\":\"Moods\",\"item\":\"https:\/\/pro.costa-verde.com\/es\/moods\/\"},{\"@type\":\"ListItem\",\"position\":3,\"name\":\"Eccentric\"}]},{\"@type\":\"WebSite\",\"@id\":\"https:\/\/pro.costa-verde.com\/#website\",\"url\":\"https:\/\/pro.costa-verde.com\/\",\"name\":\"Costa Verde\",\"description\":\"Loja Online\",\"potentialAction\":[{\"@type\":\"SearchAction\",\"target\":{\"@type\":\"EntryPoint\",\"urlTemplate\":\"https:\/\/pro.costa-verde.com\/?s={search_term_string}\"},\"query-input\":{\"@type\":\"PropertyValueSpecification\",\"valueRequired\":true,\"valueName\":\"search_term_string\"}}],\"inLanguage\":\"es\"}]}<\/script>\n<!-- \/ Yoast SEO plugin. -->","yoast_head_json":{"title":"Eccentric - Costa Verde","robots":{"index":"index","follow":"follow","max-snippet":"max-snippet:-1","max-image-preview":"max-image-preview:large","max-video-preview":"max-video-preview:-1"},"canonical":"https:\/\/pro.costa-verde.com\/colecoes-moods\/eccentric\/","og_locale":"es_ES","og_type":"article","og_title":"Eccentric - Costa Verde","og_description":"Eccentric Eccentric La belleza en la\u00a0inconvencionalidad Eccentric, desarrollada a partir de las l\u00edneas cl\u00e1sicas y tradicionales de Costa Verde, Saturno, Saturno Coupe y Oceanus, nace con la ilusi\u00f3n de crear lo no convencional a trav\u00e9s de lo convencional.&nbsp;&nbsp; Los tonos grises claros, presentes en la colecci\u00f3n, permiten crear un entorno de mesa con estabilidad, madurez [&hellip;]","og_url":"https:\/\/pro.costa-verde.com\/colecoes-moods\/eccentric\/","og_site_name":"Costa Verde","article_publisher":"https:\/\/www.facebook.com\/costaverdeporcelanas\/","article_modified_time":"2025-04-17T08:40:49+00:00","og_image":[{"width":1440,"height":1920,"url":"https:\/\/pro.costa-verde.com\/wp-content\/uploads\/2023\/11\/230907COSTAVERDE1015.jpg","type":"image\/jpeg"}],"twitter_card":"summary_large_image","twitter_misc":{"Tiempo de lectura":"6 minutos"},"schema":{"@context":"https:\/\/schema.org","@graph":[{"@type":"WebPage","@id":"https:\/\/pro.costa-verde.com\/colecoes-moods\/eccentric\/","url":"https:\/\/pro.costa-verde.com\/colecoes-moods\/eccentric\/","name":"Eccentric - Costa Verde","isPartOf":{"@id":"https:\/\/pro.costa-verde.com\/#website"},"primaryImageOfPage":{"@id":"https:\/\/pro.costa-verde.com\/colecoes-moods\/eccentric\/#primaryimage"},"image":{"@id":"https:\/\/pro.costa-verde.com\/colecoes-moods\/eccentric\/#primaryimage"},"thumbnailUrl":"https:\/\/pro.costa-verde.com\/wp-content\/uploads\/2023\/11\/230907COSTAVERDE1015.jpg","datePublished":"2023-11-06T12:55:01+00:00","dateModified":"2025-04-17T08:40:49+00:00","breadcrumb":{"@id":"https:\/\/pro.costa-verde.com\/colecoes-moods\/eccentric\/#breadcrumb"},"inLanguage":"es","potentialAction":[{"@type":"ReadAction","target":["https:\/\/pro.costa-verde.com\/colecoes-moods\/eccentric\/"]}]},{"@type":"ImageObject","inLanguage":"es","@id":"https:\/\/pro.costa-verde.com\/colecoes-moods\/eccentric\/#primaryimage","url":"https:\/\/pro.costa-verde.com\/wp-content\/uploads\/2023\/11\/230907COSTAVERDE1015.jpg","contentUrl":"https:\/\/pro.costa-verde.com\/wp-content\/uploads\/2023\/11\/230907COSTAVERDE1015.jpg","width":1440,"height":1920,"caption":"Eccentric"},{"@type":"BreadcrumbList","@id":"https:\/\/pro.costa-verde.com\/colecoes-moods\/eccentric\/#breadcrumb","itemListElement":[{"@type":"ListItem","position":1,"name":"In\u00edcio","item":"https:\/\/pro.costa-verde.com\/es\/"},{"@type":"ListItem","position":2,"name":"Moods","item":"https:\/\/pro.costa-verde.com\/es\/moods\/"},{"@type":"ListItem","position":3,"name":"Eccentric"}]},{"@type":"WebSite","@id":"https:\/\/pro.costa-verde.com\/#website","url":"https:\/\/pro.costa-verde.com\/","name":"Costa Verde","description":"Loja Online","potentialAction":[{"@type":"SearchAction","target":{"@type":"EntryPoint","urlTemplate":"https:\/\/pro.costa-verde.com\/?s={search_term_string}"},"query-input":{"@type":"PropertyValueSpecification","valueRequired":true,"valueName":"search_term_string"}}],"inLanguage":"es"}]}},"_links":{"self":[{"href":"https:\/\/pro.costa-verde.com\/es\/wp-json\/wp\/v2\/pages\/54932","targetHints":{"allow":["GET"]}}],"collection":[{"href":"https:\/\/pro.costa-verde.com\/es\/wp-json\/wp\/v2\/pages"}],"about":[{"href":"https:\/\/pro.costa-verde.com\/es\/wp-json\/wp\/v2\/types\/page"}],"author":[{"embeddable":true,"href":"https:\/\/pro.costa-verde.com\/es\/wp-json\/wp\/v2\/users\/438"}],"replies":[{"embeddable":true,"href":"https:\/\/pro.costa-verde.com\/es\/wp-json\/wp\/v2\/comments?post=54932"}],"version-history":[{"count":15,"href":"https:\/\/pro.costa-verde.com\/es\/wp-json\/wp\/v2\/pages\/54932\/revisions"}],"predecessor-version":[{"id":65379,"href":"https:\/\/pro.costa-verde.com\/es\/wp-json\/wp\/v2\/pages\/54932\/revisions\/65379"}],"up":[{"embeddable":true,"href":"https:\/\/pro.costa-verde.com\/es\/wp-json\/wp\/v2\/pages\/22658"}],"wp:featuredmedia":[{"embeddable":true,"href":"https:\/\/pro.costa-verde.com\/es\/wp-json\/wp\/v2\/media\/54615"}],"wp:attachment":[{"href":"https:\/\/pro.costa-verde.com\/es\/wp-json\/wp\/v2\/media?parent=54932"}],"curies":[{"name":"wp","href":"https:\/\/api.w.org\/{rel}","templated":true}]}}