{"id":48253,"date":"2022-11-07T09:05:09","date_gmt":"2022-11-07T09:05:09","guid":{"rendered":"https:\/\/pro.costa-verde.com\/?page_id=48253"},"modified":"2025-04-16T10:42:07","modified_gmt":"2025-04-16T09:42:07","slug":"terra","status":"publish","type":"page","link":"https:\/\/pro.costa-verde.com\/es\/colecciones-costa-verde\/terra\/","title":{"rendered":"Terra"},"content":{"rendered":"\t\t<div data-elementor-type=\"wp-page\" data-elementor-id=\"48253\" class=\"elementor elementor-48253 elementor-48251\" data-elementor-post-type=\"page\">\n\t\t\t\t\t\t<section class=\"elementor-section elementor-top-section elementor-element elementor-element-0d9fbc4 elementor-section-stretched elementor-reverse-mobile elementor-reverse-tablet elementor-section-boxed elementor-section-height-default elementor-section-height-default\" data-id=\"0d9fbc4\" data-element_type=\"section\" data-settings=\"{&quot;background_background&quot;:&quot;classic&quot;,&quot;stretch_section&quot;:&quot;section-stretched&quot;}\">\n\t\t\t\t\t\t\t<div class=\"elementor-background-overlay\"><\/div>\n\t\t\t\t\t\t\t<div class=\"elementor-container elementor-column-gap-extended\">\n\t\t\t\t\t<div class=\"elementor-column elementor-col-50 elementor-top-column elementor-element elementor-element-9453f61\" data-id=\"9453f61\" data-element_type=\"column\" data-settings=\"{&quot;background_background&quot;:&quot;classic&quot;}\">\n\t\t\t<div class=\"elementor-widget-wrap elementor-element-populated\">\n\t\t\t\t\t<div class=\"elementor-background-overlay\"><\/div>\n\t\t\t\t\t\t<div class=\"elementor-element elementor-element-e458b4b elementor-widget elementor-widget-gallery\" data-id=\"e458b4b\" data-element_type=\"widget\" data-settings=\"{&quot;gallery_layout&quot;:&quot;justified&quot;,&quot;ideal_row_height&quot;:{&quot;unit&quot;:&quot;px&quot;,&quot;size&quot;:421,&quot;sizes&quot;:[]},&quot;ideal_row_height_tablet&quot;:{&quot;unit&quot;:&quot;px&quot;,&quot;size&quot;:387,&quot;sizes&quot;:[]},&quot;ideal_row_height_mobile&quot;:{&quot;unit&quot;:&quot;px&quot;,&quot;size&quot;:170,&quot;sizes&quot;:[]},&quot;lazyload&quot;:&quot;yes&quot;,&quot;gap&quot;:{&quot;unit&quot;:&quot;px&quot;,&quot;size&quot;:10,&quot;sizes&quot;:[]},&quot;gap_tablet&quot;:{&quot;unit&quot;:&quot;px&quot;,&quot;size&quot;:10,&quot;sizes&quot;:[]},&quot;gap_mobile&quot;:{&quot;unit&quot;:&quot;px&quot;,&quot;size&quot;:10,&quot;sizes&quot;:[]},&quot;link_to&quot;:&quot;file&quot;,&quot;overlay_background&quot;:&quot;yes&quot;,&quot;content_hover_animation&quot;:&quot;fade-in&quot;}\" data-widget_type=\"gallery.default\">\n\t\t\t\t<div class=\"elementor-widget-container\">\n\t\t\t\t\t\t\t<div class=\"elementor-gallery__container\">\n\t\t\t\t\t\t\t<a class=\"e-gallery-item elementor-gallery-item elementor-animated-content\" href=\"https:\/\/pro.costa-verde.com\/wp-content\/uploads\/2022\/11\/Terra_01_costaverde.jpg\" data-elementor-open-lightbox=\"yes\" data-elementor-lightbox-slideshow=\"e458b4b\" data-elementor-lightbox-title=\"Colecci\u00f3n Terra - Plato Rectangular 27cm\" data-elementor-lightbox-description=\"Colecci\u00f3n Terra - Plato Rectangular 27cm\" data-e-action-hash=\"#elementor-action%3Aaction%3Dlightbox%26settings%3DeyJpZCI6NDgyNjUsInVybCI6Imh0dHBzOlwvXC9wcm8uY29zdGEtdmVyZGUuY29tXC93cC1jb250ZW50XC91cGxvYWRzXC8yMDIyXC8xMVwvVGVycmFfMDFfY29zdGF2ZXJkZS5qcGciLCJzbGlkZXNob3ciOiJlNDU4YjRiIn0%3D\">\n\t\t\t\t\t<div class=\"e-gallery-image elementor-gallery-item__image\" data-thumbnail=\"https:\/\/pro.costa-verde.com\/wp-content\/uploads\/2022\/11\/Terra_01_costaverde-768x492.jpg\" data-width=\"768\" data-height=\"492\" aria-label=\"Colecci\u00f3n Terra - Plato Rectangular 27cm\" role=\"img\" ><\/div>\n\t\t\t\t\t\t\t\t\t\t\t<div class=\"elementor-gallery-item__overlay\"><\/div>\n\t\t\t\t\t\t\t\t\t\t\t\t\t\t<\/a>\n\t\t\t\t\t\t\t<a class=\"e-gallery-item elementor-gallery-item elementor-animated-content\" href=\"https:\/\/pro.costa-verde.com\/wp-content\/uploads\/2022\/11\/Terra_05_costaverde_V2.jpg\" data-elementor-open-lightbox=\"yes\" data-elementor-lightbox-slideshow=\"e458b4b\" data-elementor-lightbox-title=\"Colecci\u00f3n Terra - Podium Cuadrado 10cm\" data-elementor-lightbox-description=\"Colecci\u00f3n Terra - Podium Cuadrado 10cm\" data-e-action-hash=\"#elementor-action%3Aaction%3Dlightbox%26settings%3DeyJpZCI6NDgyNzcsInVybCI6Imh0dHBzOlwvXC9wcm8uY29zdGEtdmVyZGUuY29tXC93cC1jb250ZW50XC91cGxvYWRzXC8yMDIyXC8xMVwvVGVycmFfMDVfY29zdGF2ZXJkZV9WMi5qcGciLCJzbGlkZXNob3ciOiJlNDU4YjRiIn0%3D\">\n\t\t\t\t\t<div class=\"e-gallery-image elementor-gallery-item__image\" data-thumbnail=\"https:\/\/pro.costa-verde.com\/wp-content\/uploads\/2022\/11\/Terra_05_costaverde_V2-768x1199.jpg\" data-width=\"768\" data-height=\"1199\" aria-label=\"Colecci\u00f3n Terra - Podium Cuadrado 10cm\" role=\"img\" ><\/div>\n\t\t\t\t\t\t\t\t\t\t\t<div class=\"elementor-gallery-item__overlay\"><\/div>\n\t\t\t\t\t\t\t\t\t\t\t\t\t\t<\/a>\n\t\t\t\t\t\t\t<a class=\"e-gallery-item elementor-gallery-item elementor-animated-content\" href=\"https:\/\/pro.costa-verde.com\/wp-content\/uploads\/2022\/11\/221104_COSTAVERDE_2141_edited.jpg\" data-elementor-open-lightbox=\"yes\" data-elementor-lightbox-slideshow=\"e458b4b\" data-elementor-lightbox-title=\"Colecci\u00f3n Terra - Plato cuadrado 20cm\" data-elementor-lightbox-description=\"Colecci\u00f3n Terra - Plato cuadrado 20cm\" data-e-action-hash=\"#elementor-action%3Aaction%3Dlightbox%26settings%3DeyJpZCI6NDgzODksInVybCI6Imh0dHBzOlwvXC9wcm8uY29zdGEtdmVyZGUuY29tXC93cC1jb250ZW50XC91cGxvYWRzXC8yMDIyXC8xMVwvMjIxMTA0X0NPU1RBVkVSREVfMjE0MV9lZGl0ZWQuanBnIiwic2xpZGVzaG93IjoiZTQ1OGI0YiJ9\">\n\t\t\t\t\t<div class=\"e-gallery-image elementor-gallery-item__image\" data-thumbnail=\"https:\/\/pro.costa-verde.com\/wp-content\/uploads\/2022\/11\/221104_COSTAVERDE_2141_edited-768x492.jpg\" data-width=\"768\" data-height=\"492\" aria-label=\"Colecci\u00f3n Terra - Plato cuadrado 20cm\" role=\"img\" ><\/div>\n\t\t\t\t\t\t\t\t\t\t\t<div class=\"elementor-gallery-item__overlay\"><\/div>\n\t\t\t\t\t\t\t\t\t\t\t\t\t\t<\/a>\n\t\t\t\t\t\t\t<a class=\"e-gallery-item elementor-gallery-item elementor-animated-content\" href=\"https:\/\/pro.costa-verde.com\/wp-content\/uploads\/2022\/11\/221104_COSTAVERDE_2125_edited.jpg\" data-elementor-open-lightbox=\"yes\" data-elementor-lightbox-slideshow=\"e458b4b\" data-elementor-lightbox-title=\"Colecci\u00f3n Terra - Plato cuadrado 26cm\" data-elementor-lightbox-description=\"Colecci\u00f3n Terra - Plato cuadrado 26cm\" data-e-action-hash=\"#elementor-action%3Aaction%3Dlightbox%26settings%3DeyJpZCI6NDgzODUsInVybCI6Imh0dHBzOlwvXC9wcm8uY29zdGEtdmVyZGUuY29tXC93cC1jb250ZW50XC91cGxvYWRzXC8yMDIyXC8xMVwvMjIxMTA0X0NPU1RBVkVSREVfMjEyNV9lZGl0ZWQuanBnIiwic2xpZGVzaG93IjoiZTQ1OGI0YiJ9\">\n\t\t\t\t\t<div class=\"e-gallery-image elementor-gallery-item__image\" data-thumbnail=\"https:\/\/pro.costa-verde.com\/wp-content\/uploads\/2022\/11\/221104_COSTAVERDE_2125_edited-768x492.jpg\" data-width=\"768\" data-height=\"492\" aria-label=\"Colecci\u00f3n Terra - Plato cuadrado 26cm\" role=\"img\" ><\/div>\n\t\t\t\t\t\t\t\t\t\t\t<div class=\"elementor-gallery-item__overlay\"><\/div>\n\t\t\t\t\t\t\t\t\t\t\t\t\t\t<\/a>\n\t\t\t\t\t\t\t<a class=\"e-gallery-item elementor-gallery-item elementor-animated-content\" href=\"https:\/\/pro.costa-verde.com\/wp-content\/uploads\/2022\/11\/221104_COSTAVERDE_2124_edited.jpg\" data-elementor-open-lightbox=\"yes\" data-elementor-lightbox-slideshow=\"e458b4b\" data-elementor-lightbox-title=\"Colecci\u00f3n Terra - Plato Redondo 30cm\" data-elementor-lightbox-description=\"Colecci\u00f3n Terra - Plato Redondo 30cm\" data-e-action-hash=\"#elementor-action%3Aaction%3Dlightbox%26settings%3DeyJpZCI6NDgzODEsInVybCI6Imh0dHBzOlwvXC9wcm8uY29zdGEtdmVyZGUuY29tXC93cC1jb250ZW50XC91cGxvYWRzXC8yMDIyXC8xMVwvMjIxMTA0X0NPU1RBVkVSREVfMjEyNF9lZGl0ZWQuanBnIiwic2xpZGVzaG93IjoiZTQ1OGI0YiJ9\">\n\t\t\t\t\t<div class=\"e-gallery-image elementor-gallery-item__image\" data-thumbnail=\"https:\/\/pro.costa-verde.com\/wp-content\/uploads\/2022\/11\/221104_COSTAVERDE_2124_edited-768x492.jpg\" data-width=\"768\" data-height=\"492\" aria-label=\"Colecci\u00f3n Terra - Plato Redondo 30cm\" role=\"img\" ><\/div>\n\t\t\t\t\t\t\t\t\t\t\t<div class=\"elementor-gallery-item__overlay\"><\/div>\n\t\t\t\t\t\t\t\t\t\t\t\t\t\t<\/a>\n\t\t\t\t\t\t\t<a class=\"e-gallery-item elementor-gallery-item elementor-animated-content\" href=\"https:\/\/pro.costa-verde.com\/wp-content\/uploads\/2022\/11\/Terra_03_costaverde_V2.jpg\" data-elementor-open-lightbox=\"yes\" data-elementor-lightbox-slideshow=\"e458b4b\" data-elementor-lightbox-title=\"Colecci\u00f3n Terra - Podium Redondo 9cm\" data-elementor-lightbox-description=\"Colecci\u00f3n Terra - Podium Redondo 9cm\" data-e-action-hash=\"#elementor-action%3Aaction%3Dlightbox%26settings%3DeyJpZCI6NDgyNzMsInVybCI6Imh0dHBzOlwvXC9wcm8uY29zdGEtdmVyZGUuY29tXC93cC1jb250ZW50XC91cGxvYWRzXC8yMDIyXC8xMVwvVGVycmFfMDNfY29zdGF2ZXJkZV9WMi5qcGciLCJzbGlkZXNob3ciOiJlNDU4YjRiIn0%3D\">\n\t\t\t\t\t<div class=\"e-gallery-image elementor-gallery-item__image\" data-thumbnail=\"https:\/\/pro.costa-verde.com\/wp-content\/uploads\/2022\/11\/Terra_03_costaverde_V2-768x1199.jpg\" data-width=\"768\" data-height=\"1199\" aria-label=\"Colecci\u00f3n Terra - Podium Redondo 9cm\" role=\"img\" ><\/div>\n\t\t\t\t\t\t\t\t\t\t\t<div class=\"elementor-gallery-item__overlay\"><\/div>\n\t\t\t\t\t\t\t\t\t\t\t\t\t\t<\/a>\n\t\t\t\t\t\t\t<a class=\"e-gallery-item elementor-gallery-item elementor-animated-content\" href=\"https:\/\/pro.costa-verde.com\/wp-content\/uploads\/2022\/11\/Terra_02_costaverde.jpg\" data-elementor-open-lightbox=\"yes\" data-elementor-lightbox-slideshow=\"e458b4b\" data-elementor-lightbox-title=\"Colecci\u00f3n Terra - Plato Rectangular 26cm\" data-elementor-lightbox-description=\"Colecci\u00f3n Terra - Plato Rectangular 26cm\" data-e-action-hash=\"#elementor-action%3Aaction%3Dlightbox%26settings%3DeyJpZCI6NDgyNjksInVybCI6Imh0dHBzOlwvXC9wcm8uY29zdGEtdmVyZGUuY29tXC93cC1jb250ZW50XC91cGxvYWRzXC8yMDIyXC8xMVwvVGVycmFfMDJfY29zdGF2ZXJkZS5qcGciLCJzbGlkZXNob3ciOiJlNDU4YjRiIn0%3D\">\n\t\t\t\t\t<div class=\"e-gallery-image elementor-gallery-item__image\" data-thumbnail=\"https:\/\/pro.costa-verde.com\/wp-content\/uploads\/2022\/11\/Terra_02_costaverde-768x492.jpg\" data-width=\"768\" data-height=\"492\" aria-label=\"Colecci\u00f3n Terra - Plato Rectangular 26cm\" role=\"img\" ><\/div>\n\t\t\t\t\t\t\t\t\t\t\t<div class=\"elementor-gallery-item__overlay\"><\/div>\n\t\t\t\t\t\t\t\t\t\t\t\t\t\t<\/a>\n\t\t\t\t\t\t\t<a class=\"e-gallery-item elementor-gallery-item elementor-animated-content\" href=\"https:\/\/pro.costa-verde.com\/wp-content\/uploads\/2022\/11\/Terra_11_costaverde.jpg\" data-elementor-open-lightbox=\"yes\" data-elementor-lightbox-slideshow=\"e458b4b\" data-elementor-lightbox-title=\"Colecci\u00f3n Terra - Plato Ovale 26cm\" data-elementor-lightbox-description=\"Colecci\u00f3n Terra - Plato Ovale 26cm\" data-e-action-hash=\"#elementor-action%3Aaction%3Dlightbox%26settings%3DeyJpZCI6NDg1MTYsInVybCI6Imh0dHBzOlwvXC9wcm8uY29zdGEtdmVyZGUuY29tXC93cC1jb250ZW50XC91cGxvYWRzXC8yMDIyXC8xMVwvVGVycmFfMTFfY29zdGF2ZXJkZS5qcGciLCJzbGlkZXNob3ciOiJlNDU4YjRiIn0%3D\">\n\t\t\t\t\t<div class=\"e-gallery-image elementor-gallery-item__image\" data-thumbnail=\"https:\/\/pro.costa-verde.com\/wp-content\/uploads\/2022\/11\/Terra_11_costaverde-768x492.jpg\" data-width=\"768\" data-height=\"492\" aria-label=\"Colecci\u00f3n Terra - Plato Ovale 26cm\" role=\"img\" ><\/div>\n\t\t\t\t\t\t\t\t\t\t\t<div class=\"elementor-gallery-item__overlay\"><\/div>\n\t\t\t\t\t\t\t\t\t\t\t\t\t\t<\/a>\n\t\t\t\t\t\t\t<a class=\"e-gallery-item elementor-gallery-item elementor-animated-content\" href=\"https:\/\/pro.costa-verde.com\/wp-content\/uploads\/2022\/11\/Terra_10_costaverde.jpg\" data-elementor-open-lightbox=\"yes\" data-elementor-lightbox-slideshow=\"e458b4b\" data-elementor-lightbox-title=\"Colecci\u00f3n Terra - Bol Redonda 18cm\" data-elementor-lightbox-description=\"Colecci\u00f3n Terra - Bol Redonda 18cm\" data-e-action-hash=\"#elementor-action%3Aaction%3Dlightbox%26settings%3DeyJpZCI6NDg1MTIsInVybCI6Imh0dHBzOlwvXC9wcm8uY29zdGEtdmVyZGUuY29tXC93cC1jb250ZW50XC91cGxvYWRzXC8yMDIyXC8xMVwvVGVycmFfMTBfY29zdGF2ZXJkZS5qcGciLCJzbGlkZXNob3ciOiJlNDU4YjRiIn0%3D\">\n\t\t\t\t\t<div class=\"e-gallery-image elementor-gallery-item__image\" data-thumbnail=\"https:\/\/pro.costa-verde.com\/wp-content\/uploads\/2022\/11\/Terra_10_costaverde-768x492.jpg\" data-width=\"768\" data-height=\"492\" aria-label=\"Colecci\u00f3n Terra - Bol Redonda 18cm\" role=\"img\" ><\/div>\n\t\t\t\t\t\t\t\t\t\t\t<div class=\"elementor-gallery-item__overlay\"><\/div>\n\t\t\t\t\t\t\t\t\t\t\t\t\t\t<\/a>\n\t\t\t\t\t<\/div>\n\t\t\t\t\t<\/div>\n\t\t\t\t<\/div>\n\t\t\t\t\t<\/div>\n\t\t<\/div>\n\t\t\t\t<div class=\"elementor-column elementor-col-50 elementor-top-column elementor-element elementor-element-0291c3a\" data-id=\"0291c3a\" data-element_type=\"column\" data-settings=\"{&quot;motion_fx_motion_fx_scrolling&quot;:&quot;yes&quot;,&quot;motion_fx_translateY_effect&quot;:&quot;yes&quot;,&quot;motion_fx_translateY_direction&quot;:&quot;negative&quot;,&quot;motion_fx_devices&quot;:[&quot;desktop&quot;],&quot;motion_fx_translateY_speed&quot;:{&quot;unit&quot;:&quot;px&quot;,&quot;size&quot;:2,&quot;sizes&quot;:[]},&quot;motion_fx_translateY_affectedRange&quot;:{&quot;unit&quot;:&quot;%&quot;,&quot;size&quot;:&quot;&quot;,&quot;sizes&quot;:{&quot;start&quot;:0,&quot;end&quot;:100}}}\">\n\t\t\t<div class=\"elementor-widget-wrap elementor-element-populated\">\n\t\t\t\t\t\t<div class=\"elementor-element elementor-element-982df95 lust elementor-widget elementor-widget-text-editor\" data-id=\"982df95\" data-element_type=\"widget\" data-widget_type=\"text-editor.default\">\n\t\t\t\t<div class=\"elementor-widget-container\">\n\t\t\t\t\t\t\t\t\t<h1>Terra<\/h1>\t\t\t\t\t\t\t\t<\/div>\n\t\t\t\t<\/div>\n\t\t\t\t<div class=\"elementor-element elementor-element-8582e90 background-text elementor-absolute elementor-hidden-phone elementor-invisible elementor-widget elementor-widget-text-editor\" data-id=\"8582e90\" data-element_type=\"widget\" data-settings=\"{&quot;_position&quot;:&quot;absolute&quot;,&quot;_animation&quot;:&quot;fadeIn&quot;}\" data-widget_type=\"text-editor.default\">\n\t\t\t\t<div class=\"elementor-widget-container\">\n\t\t\t\t\t\t\t\t\t<p>Terra<\/p>\t\t\t\t\t\t\t\t<\/div>\n\t\t\t\t<\/div>\n\t\t\t\t<div class=\"elementor-element elementor-element-e1d6d4c elementor-widget elementor-widget-text-editor\" data-id=\"e1d6d4c\" data-element_type=\"widget\" data-widget_type=\"text-editor.default\">\n\t\t\t\t<div class=\"elementor-widget-container\">\n\t\t\t\t\t\t\t\t\t<h4>El origen del arte en Porcelana.<\/h4>\t\t\t\t\t\t\t\t<\/div>\n\t\t\t\t<\/div>\n\t\t\t\t<div class=\"elementor-element elementor-element-638f0b0 elementor-widget elementor-widget-text-editor\" data-id=\"638f0b0\" data-element_type=\"widget\" data-widget_type=\"text-editor.default\">\n\t\t\t\t<div class=\"elementor-widget-container\">\n\t\t\t\t\t\t\t\t\t<p>Como una obra de arte esculpida en la tierra, las piezas se revelan de forma bella e imperfecta. Es a trav\u00e9s de la asociaci\u00f3n entre las manos del artista <a href=\"https:\/\/gifre.com\/\">Pere Gifre<\/a> y nuestro arte de bien hacer porcelana, que Costa Verde presenta la nueva colecci\u00f3n &#8211; Terra.<\/p><p>Con l\u00edneas llamativas y perfiles org\u00e1nicos, Terra simboliza el inicio de una nueva era para la marca Costa Verde, una colecci\u00f3n que pretende despertar los sentidos, siendo una alianza entre diferentes experiencias t\u00e1ctiles que nos conectan con la naturaleza. Del tacto \u00e1spero al satinado, de la superficie plana a la escarpada, cada pieza es \u00fanica y disruptiva.<\/p><p>Apadrinada por <a href=\"https:\/\/www.vilajoya.com\/pt-pt\/restaurante\/\">Dieter Koschina<\/a> y <a href=\"https:\/\/www.almalisboa.pt\/pt\">Henrique S\u00e1 Pessoa<\/a>, chefs con 2 estrellas Michelin, esta colecci\u00f3n pretende marcar un hito fuerte en el mercado del lujo y del <em>fine dining<\/em>.<\/p><p><div class=\"bg-margin-for-link\"><input type='hidden' bg_collapse_expand='69f355314b0469017899973' value='69f355314b0469017899973'><input type='hidden' id='bg-show-more-text-69f355314b0469017899973' value='Ver m\u00e1s'><input type='hidden' id='bg-show-less-text-69f355314b0469017899973' value='Ver menos'><a id='bg-showmore-action-69f355314b0469017899973' class='bg-showmore-plg-link  '  style=\" color:#414141;;\" href='#'>Ver m\u00e1s<\/a><div id='bg-showmore-hidden-69f355314b0469017899973' ><\/p><p>Compuesto por platos, cuencos, podios y sartenes de crema, Terra le proporcionar\u00e1 una experiencia gastron\u00f3mica \u00fanica, elevando el nivel del emplatado a su m\u00e1ximo exponente.<\/p><p>Utilizando las mejores materias primas y las manos apasionadas de quienes saben trabajar la porcelana, la colecci\u00f3n Terra es una oda a nuestro lema <em>\u00abAll Senses Matter\u00bb<\/em>, llevando el arte de la escultura a su mesa, revolucionando los est\u00e1ndares de dise\u00f1o en los principales mercados de hosteler\u00eda y restauraci\u00f3n de top mundial.<\/p><p><\/div><\/div><\/p>\t\t\t\t\t\t\t\t<\/div>\n\t\t\t\t<\/div>\n\t\t\t\t<div class=\"elementor-element elementor-element-ee52c9b lust elementor-widget elementor-widget-text-editor\" data-id=\"ee52c9b\" data-element_type=\"widget\" data-widget_type=\"text-editor.default\">\n\t\t\t\t<div class=\"elementor-widget-container\">\n\t\t\t\t\t\t\t\t\t<h5>Links<\/h5>\n\t\t\t\t\t\t\t\t<\/div>\n\t\t\t\t<\/div>\n\t\t\t\t<div class=\"elementor-element elementor-element-ce9034c elementor-widget-divider--view-line elementor-widget elementor-widget-divider\" data-id=\"ce9034c\" data-element_type=\"widget\" data-widget_type=\"divider.default\">\n\t\t\t\t<div class=\"elementor-widget-container\">\n\t\t\t\t\t\t\t<div class=\"elementor-divider\">\n\t\t\t<span class=\"elementor-divider-separator\">\n\t\t\t\t\t\t<\/span>\n\t\t<\/div>\n\t\t\t\t\t\t<\/div>\n\t\t\t\t<\/div>\n\t\t\t\t<div class=\"elementor-element elementor-element-6c1ef17 elementor-widget__width-auto elementor-widget elementor-widget-button\" data-id=\"6c1ef17\" data-element_type=\"widget\" data-widget_type=\"button.default\">\n\t\t\t\t<div class=\"elementor-widget-container\">\n\t\t\t\t\t\t\t\t\t<div class=\"elementor-button-wrapper\">\n\t\t\t\t\t<a class=\"elementor-button elementor-button-link elementor-size-sm\" href=\"https:\/\/pro.costa-verde.com\/wp-content\/uploads\/2024\/12\/Catalogo_CostaVerde_2024_1.pdf\" target=\"_blank\">\n\t\t\t\t\t\t<span class=\"elementor-button-content-wrapper\">\n\t\t\t\t\t\t<span class=\"elementor-button-icon\">\n\t\t\t\t<i aria-hidden=\"true\" class=\"stroke pe-7s-download\"><\/i>\t\t\t<\/span>\n\t\t\t\t\t\t\t\t\t<span class=\"elementor-button-text\">Cat\u00e1logo<\/span>\n\t\t\t\t\t<\/span>\n\t\t\t\t\t<\/a>\n\t\t\t\t<\/div>\n\t\t\t\t\t\t\t\t<\/div>\n\t\t\t\t<\/div>\n\t\t\t\t<div class=\"elementor-element elementor-element-1a5f7d6 elementor-widget__width-auto elementor-widget elementor-widget-button\" data-id=\"1a5f7d6\" data-element_type=\"widget\" data-widget_type=\"button.default\">\n\t\t\t\t<div class=\"elementor-widget-container\">\n\t\t\t\t\t\t\t\t\t<div class=\"elementor-button-wrapper\">\n\t\t\t\t\t<a class=\"elementor-button elementor-button-link elementor-size-sm\" href=\"https:\/\/pro.costa-verde.com\/wp-content\/uploads\/2025\/04\/FOLHETO-TERRA-2025.pdf\" target=\"_blank\">\n\t\t\t\t\t\t<span class=\"elementor-button-content-wrapper\">\n\t\t\t\t\t\t<span class=\"elementor-button-icon\">\n\t\t\t\t<i aria-hidden=\"true\" class=\"stroke pe-7s-download\"><\/i>\t\t\t<\/span>\n\t\t\t\t\t\t\t\t\t<span class=\"elementor-button-text\">Folleto<\/span>\n\t\t\t\t\t<\/span>\n\t\t\t\t\t<\/a>\n\t\t\t\t<\/div>\n\t\t\t\t\t\t\t\t<\/div>\n\t\t\t\t<\/div>\n\t\t\t\t\t<\/div>\n\t\t<\/div>\n\t\t\t\t\t<\/div>\n\t\t<\/section>\n\t\t\t\t<section class=\"elementor-section elementor-top-section elementor-element elementor-element-50ec07b elementor-section-stretched elementor-section-boxed elementor-section-height-default elementor-section-height-default\" data-id=\"50ec07b\" data-element_type=\"section\" data-settings=\"{&quot;stretch_section&quot;:&quot;section-stretched&quot;}\">\n\t\t\t\t\t\t<div class=\"elementor-container elementor-column-gap-default\">\n\t\t\t\t\t<div class=\"elementor-column elementor-col-100 elementor-top-column elementor-element elementor-element-18555b8\" data-id=\"18555b8\" data-element_type=\"column\">\n\t\t\t<div class=\"elementor-widget-wrap elementor-element-populated\">\n\t\t\t\t\t\t<div class=\"elementor-element elementor-element-f35cea7 elementor-widget elementor-widget-text-editor\" data-id=\"f35cea7\" data-element_type=\"widget\" data-widget_type=\"text-editor.default\">\n\t\t\t\t<div class=\"elementor-widget-container\">\n\t\t\t\t\t\t\t\t\t<h3>Las piezas de la Colecci\u00f3n Terra<\/h3>\t\t\t\t\t\t\t\t<\/div>\n\t\t\t\t<\/div>\n\t\t\t\t<div class=\"elementor-element elementor-element-9a72a8e elementor-grid-4 elementor-grid-tablet-3 elementor-grid-mobile-2 elementor-products-grid elementor-wc-products elementor-widget elementor-widget-woocommerce-products\" data-id=\"9a72a8e\" data-element_type=\"widget\" data-widget_type=\"woocommerce-products.default\">\n\t\t\t\t<div class=\"elementor-widget-container\">\n\t\t\t\t\t<div class=\"woocommerce columns-4 \">\t<div class=\"products jas-row\"  >\n\t\t<div class=\"jas-col-md-3 jas-col-sm-4 jas-col-xs-6 mt__30 post-63679 product type-product status-publish has-post-thumbnail product_cat-sin-categorizar pa_colecao-terra-es first instock taxable shipping-taxable product-type-simple\">\n\t<div class=\"product-inner pr\">\n\t\t<div class=\"product-image pr\">\n\t\t\t\t\t\t<a class=\"db\" href=\"https:\/\/pro.costa-verde.com\/es\/produto\/plato-3-div-29h4cm-terra\/\"><img fetchpriority=\"high\" decoding=\"async\" width=\"300\" height=\"192\" src=\"https:\/\/pro.costa-verde.com\/wp-content\/uploads\/2025\/02\/67.1115-TER-PRATO-3DIV-29X11-H4C-300x192.jpg\" class=\"attachment-shop_catalog size-shop_catalog\" alt=\"Plato 3 DIV 29h4cm\" srcset=\"https:\/\/pro.costa-verde.com\/wp-content\/uploads\/2025\/02\/67.1115-TER-PRATO-3DIV-29X11-H4C-300x192.jpg 300w, https:\/\/pro.costa-verde.com\/wp-content\/uploads\/2025\/02\/67.1115-TER-PRATO-3DIV-29X11-H4C-1024x656.jpg 1024w, https:\/\/pro.costa-verde.com\/wp-content\/uploads\/2025\/02\/67.1115-TER-PRATO-3DIV-29X11-H4C-768x492.jpg 768w, https:\/\/pro.costa-verde.com\/wp-content\/uploads\/2025\/02\/67.1115-TER-PRATO-3DIV-29X11-H4C-1536x984.jpg 1536w, https:\/\/pro.costa-verde.com\/wp-content\/uploads\/2025\/02\/67.1115-TER-PRATO-3DIV-29X11-H4C-600x384.jpg 600w, https:\/\/pro.costa-verde.com\/wp-content\/uploads\/2025\/02\/67.1115-TER-PRATO-3DIV-29X11-H4C-120x77.jpg 120w, https:\/\/pro.costa-verde.com\/wp-content\/uploads\/2025\/02\/67.1115-TER-PRATO-3DIV-29X11-H4C.jpg 1920w\" sizes=\"(max-width: 300px) 100vw, 300px\" \/><\/a>\n\t\t\t<div class=\"product-btn pa flex column ts__03\">\n\t\t\t\t\n\t\t\t\t\t\t\t<\/div>\n\t\t\t\n\t\t\t\t\t\t\t\t<\/div><!-- .product-image -->\n\t\t<div class=\"product-info mt__15\">\n\t\t\t<h3 class=\"product-title pr fs__14 mg__0 fwm\"><a class=\"cd chp\" href=\"https:\/\/pro.costa-verde.com\/es\/produto\/plato-3-div-29h4cm-terra\/\">Plato 3 DIV 29h4cm<\/a><\/h3>\n\t\t<\/div><!-- .product-info -->\n\t<\/div><!-- .product-inner -->\n<\/div>\n<div class=\"jas-col-md-3 jas-col-sm-4 jas-col-xs-6 mt__30 post-63675 product type-product status-publish has-post-thumbnail product_cat-sin-categorizar pa_colecao-terra-es  instock taxable shipping-taxable product-type-simple\">\n\t<div class=\"product-inner pr\">\n\t\t<div class=\"product-image pr\">\n\t\t\t\t\t\t<a class=\"db\" href=\"https:\/\/pro.costa-verde.com\/es\/produto\/bowl-10h4cm-terra\/\"><img decoding=\"async\" width=\"300\" height=\"192\" src=\"https:\/\/pro.costa-verde.com\/wp-content\/uploads\/2025\/02\/67.236-TER-TACA-10-H4CM-300x192.jpg\" class=\"attachment-shop_catalog size-shop_catalog\" alt=\"Bowl 10h4cm\" srcset=\"https:\/\/pro.costa-verde.com\/wp-content\/uploads\/2025\/02\/67.236-TER-TACA-10-H4CM-300x192.jpg 300w, https:\/\/pro.costa-verde.com\/wp-content\/uploads\/2025\/02\/67.236-TER-TACA-10-H4CM-1024x656.jpg 1024w, https:\/\/pro.costa-verde.com\/wp-content\/uploads\/2025\/02\/67.236-TER-TACA-10-H4CM-768x492.jpg 768w, https:\/\/pro.costa-verde.com\/wp-content\/uploads\/2025\/02\/67.236-TER-TACA-10-H4CM-1536x984.jpg 1536w, https:\/\/pro.costa-verde.com\/wp-content\/uploads\/2025\/02\/67.236-TER-TACA-10-H4CM-600x384.jpg 600w, https:\/\/pro.costa-verde.com\/wp-content\/uploads\/2025\/02\/67.236-TER-TACA-10-H4CM-120x77.jpg 120w, https:\/\/pro.costa-verde.com\/wp-content\/uploads\/2025\/02\/67.236-TER-TACA-10-H4CM.jpg 1920w\" sizes=\"(max-width: 300px) 100vw, 300px\" \/><\/a>\n\t\t\t<div class=\"product-btn pa flex column ts__03\">\n\t\t\t\t\n\t\t\t\t\t\t\t<\/div>\n\t\t\t\n\t\t\t\t\t\t\t\t<\/div><!-- .product-image -->\n\t\t<div class=\"product-info mt__15\">\n\t\t\t<h3 class=\"product-title pr fs__14 mg__0 fwm\"><a class=\"cd chp\" href=\"https:\/\/pro.costa-verde.com\/es\/produto\/bowl-10h4cm-terra\/\">Bowl 10h4cm<\/a><\/h3>\n\t\t<\/div><!-- .product-info -->\n\t<\/div><!-- .product-inner -->\n<\/div>\n<div class=\"jas-col-md-3 jas-col-sm-4 jas-col-xs-6 mt__30 post-63666 product type-product status-publish has-post-thumbnail product_cat-sin-categorizar pa_colecao-terra-es  instock taxable shipping-taxable product-type-simple\">\n\t<div class=\"product-inner pr\">\n\t\t<div class=\"product-image pr\">\n\t\t\t\t\t\t<a class=\"db\" href=\"https:\/\/pro.costa-verde.com\/es\/produto\/bol-redonda-8h3cm-terra-2\/\"><img decoding=\"async\" width=\"300\" height=\"192\" src=\"https:\/\/pro.costa-verde.com\/wp-content\/uploads\/2025\/02\/67.237-TER-TACA-RED-8-H3CM-300x192.jpg\" class=\"attachment-shop_catalog size-shop_catalog\" alt=\"Bol Redonda 8h3cm\" srcset=\"https:\/\/pro.costa-verde.com\/wp-content\/uploads\/2025\/02\/67.237-TER-TACA-RED-8-H3CM-300x192.jpg 300w, https:\/\/pro.costa-verde.com\/wp-content\/uploads\/2025\/02\/67.237-TER-TACA-RED-8-H3CM-1024x656.jpg 1024w, https:\/\/pro.costa-verde.com\/wp-content\/uploads\/2025\/02\/67.237-TER-TACA-RED-8-H3CM-768x492.jpg 768w, https:\/\/pro.costa-verde.com\/wp-content\/uploads\/2025\/02\/67.237-TER-TACA-RED-8-H3CM-1536x984.jpg 1536w, https:\/\/pro.costa-verde.com\/wp-content\/uploads\/2025\/02\/67.237-TER-TACA-RED-8-H3CM-600x384.jpg 600w, https:\/\/pro.costa-verde.com\/wp-content\/uploads\/2025\/02\/67.237-TER-TACA-RED-8-H3CM-120x77.jpg 120w, https:\/\/pro.costa-verde.com\/wp-content\/uploads\/2025\/02\/67.237-TER-TACA-RED-8-H3CM.jpg 1920w\" sizes=\"(max-width: 300px) 100vw, 300px\" \/><\/a>\n\t\t\t<div class=\"product-btn pa flex column ts__03\">\n\t\t\t\t\n\t\t\t\t\t\t\t<\/div>\n\t\t\t\n\t\t\t\t\t\t\t\t<\/div><!-- .product-image -->\n\t\t<div class=\"product-info mt__15\">\n\t\t\t<h3 class=\"product-title pr fs__14 mg__0 fwm\"><a class=\"cd chp\" href=\"https:\/\/pro.costa-verde.com\/es\/produto\/bol-redonda-8h3cm-terra-2\/\">Bol Redonda 8h3cm<\/a><\/h3>\n\t\t<\/div><!-- .product-info -->\n\t<\/div><!-- .product-inner -->\n<\/div>\n<div class=\"jas-col-md-3 jas-col-sm-4 jas-col-xs-6 mt__30 post-63670 product type-product status-publish has-post-thumbnail product_cat-sin-categorizar pa_colecao-terra-es last instock taxable shipping-taxable product-type-simple\">\n\t<div class=\"product-inner pr\">\n\t\t<div class=\"product-image pr\">\n\t\t\t\t\t\t<a class=\"db\" href=\"https:\/\/pro.costa-verde.com\/es\/produto\/bol-redonda-8h3cm-terra\/\"><img loading=\"lazy\" decoding=\"async\" width=\"300\" height=\"192\" src=\"https:\/\/pro.costa-verde.com\/wp-content\/uploads\/2025\/02\/65.95-TER-TACA-RED-12-H5CM-300x192.jpg\" class=\"attachment-shop_catalog size-shop_catalog\" alt=\"Bol Redonda 8h3cm\" srcset=\"https:\/\/pro.costa-verde.com\/wp-content\/uploads\/2025\/02\/65.95-TER-TACA-RED-12-H5CM-300x192.jpg 300w, https:\/\/pro.costa-verde.com\/wp-content\/uploads\/2025\/02\/65.95-TER-TACA-RED-12-H5CM-1024x656.jpg 1024w, https:\/\/pro.costa-verde.com\/wp-content\/uploads\/2025\/02\/65.95-TER-TACA-RED-12-H5CM-768x492.jpg 768w, https:\/\/pro.costa-verde.com\/wp-content\/uploads\/2025\/02\/65.95-TER-TACA-RED-12-H5CM-1536x984.jpg 1536w, https:\/\/pro.costa-verde.com\/wp-content\/uploads\/2025\/02\/65.95-TER-TACA-RED-12-H5CM-600x384.jpg 600w, https:\/\/pro.costa-verde.com\/wp-content\/uploads\/2025\/02\/65.95-TER-TACA-RED-12-H5CM-120x77.jpg 120w, https:\/\/pro.costa-verde.com\/wp-content\/uploads\/2025\/02\/65.95-TER-TACA-RED-12-H5CM.jpg 1920w\" sizes=\"(max-width: 300px) 100vw, 300px\" \/><\/a>\n\t\t\t<div class=\"product-btn pa flex column ts__03\">\n\t\t\t\t\n\t\t\t\t\t\t\t<\/div>\n\t\t\t\n\t\t\t\t\t\t\t\t<\/div><!-- .product-image -->\n\t\t<div class=\"product-info mt__15\">\n\t\t\t<h3 class=\"product-title pr fs__14 mg__0 fwm\"><a class=\"cd chp\" href=\"https:\/\/pro.costa-verde.com\/es\/produto\/bol-redonda-8h3cm-terra\/\">Bol Redonda 8h3cm<\/a><\/h3>\n\t\t<\/div><!-- .product-info -->\n\t<\/div><!-- .product-inner -->\n<\/div>\n<div class=\"jas-col-md-3 jas-col-sm-4 jas-col-xs-6 mt__30 post-48641 product type-product status-publish has-post-thumbnail product_cat-platos-del-chef pa_colecao-terra-es first onbackorder taxable shipping-taxable product-type-simple\">\n\t<div class=\"product-inner pr\">\n\t\t<div class=\"product-image pr\">\n\t\t\t\t\t\t<a class=\"db\" href=\"https:\/\/pro.costa-verde.com\/es\/produto\/plato-cuadrado-20-h3cm\/\"><img loading=\"lazy\" decoding=\"async\" width=\"300\" height=\"192\" src=\"https:\/\/pro.costa-verde.com\/wp-content\/uploads\/2022\/11\/0670030000001-Prato-Quadrado-20cm-300x192.jpg\" class=\"attachment-shop_catalog size-shop_catalog\" alt=\"Plato Cuadrado 20 h3cm - Colecci\u00f3n Terra\" srcset=\"https:\/\/pro.costa-verde.com\/wp-content\/uploads\/2022\/11\/0670030000001-Prato-Quadrado-20cm-300x192.jpg 300w, https:\/\/pro.costa-verde.com\/wp-content\/uploads\/2022\/11\/0670030000001-Prato-Quadrado-20cm-1024x656.jpg 1024w, https:\/\/pro.costa-verde.com\/wp-content\/uploads\/2022\/11\/0670030000001-Prato-Quadrado-20cm-768x492.jpg 768w, https:\/\/pro.costa-verde.com\/wp-content\/uploads\/2022\/11\/0670030000001-Prato-Quadrado-20cm-1536x984.jpg 1536w, https:\/\/pro.costa-verde.com\/wp-content\/uploads\/2022\/11\/0670030000001-Prato-Quadrado-20cm-600x384.jpg 600w, https:\/\/pro.costa-verde.com\/wp-content\/uploads\/2022\/11\/0670030000001-Prato-Quadrado-20cm-120x77.jpg 120w, https:\/\/pro.costa-verde.com\/wp-content\/uploads\/2022\/11\/0670030000001-Prato-Quadrado-20cm.jpg 1920w\" sizes=\"(max-width: 300px) 100vw, 300px\" \/><\/a>\n\t\t\t<div class=\"product-btn pa flex column ts__03\">\n\t\t\t\t\n\t\t\t\t\t\t\t<\/div>\n\t\t\t\n\t\t\t\t\t\t\t\t<\/div><!-- .product-image -->\n\t\t<div class=\"product-info mt__15\">\n\t\t\t<h3 class=\"product-title pr fs__14 mg__0 fwm\"><a class=\"cd chp\" href=\"https:\/\/pro.costa-verde.com\/es\/produto\/plato-cuadrado-20-h3cm\/\">Plato Cuadrado 20 h3cm<\/a><\/h3>\n\t\t<\/div><!-- .product-info -->\n\t<\/div><!-- .product-inner -->\n<\/div>\n<div class=\"jas-col-md-3 jas-col-sm-4 jas-col-xs-6 mt__30 post-48635 product type-product status-publish has-post-thumbnail product_cat-platos-del-chef pa_colecao-terra-es  onbackorder taxable shipping-taxable product-type-simple\">\n\t<div class=\"product-inner pr\">\n\t\t<div class=\"product-image pr\">\n\t\t\t\t\t\t<a class=\"db\" href=\"https:\/\/pro.costa-verde.com\/es\/produto\/plato-cuadrado-26cm-5\/\"><img loading=\"lazy\" decoding=\"async\" width=\"300\" height=\"192\" src=\"https:\/\/pro.costa-verde.com\/wp-content\/uploads\/2022\/11\/0670015000001-Prato-Quadrado-26cm-300x192.jpg\" class=\"attachment-shop_catalog size-shop_catalog\" alt=\"Plato Cuadrado 26cm - Colecci\u00f3n Terra\" srcset=\"https:\/\/pro.costa-verde.com\/wp-content\/uploads\/2022\/11\/0670015000001-Prato-Quadrado-26cm-300x192.jpg 300w, https:\/\/pro.costa-verde.com\/wp-content\/uploads\/2022\/11\/0670015000001-Prato-Quadrado-26cm-1024x656.jpg 1024w, https:\/\/pro.costa-verde.com\/wp-content\/uploads\/2022\/11\/0670015000001-Prato-Quadrado-26cm-768x492.jpg 768w, https:\/\/pro.costa-verde.com\/wp-content\/uploads\/2022\/11\/0670015000001-Prato-Quadrado-26cm-1536x984.jpg 1536w, https:\/\/pro.costa-verde.com\/wp-content\/uploads\/2022\/11\/0670015000001-Prato-Quadrado-26cm-600x384.jpg 600w, https:\/\/pro.costa-verde.com\/wp-content\/uploads\/2022\/11\/0670015000001-Prato-Quadrado-26cm-120x77.jpg 120w, https:\/\/pro.costa-verde.com\/wp-content\/uploads\/2022\/11\/0670015000001-Prato-Quadrado-26cm.jpg 1920w\" sizes=\"(max-width: 300px) 100vw, 300px\" \/><\/a>\n\t\t\t<div class=\"product-btn pa flex column ts__03\">\n\t\t\t\t\n\t\t\t\t\t\t\t<\/div>\n\t\t\t\n\t\t\t\t\t\t\t\t<\/div><!-- .product-image -->\n\t\t<div class=\"product-info mt__15\">\n\t\t\t<h3 class=\"product-title pr fs__14 mg__0 fwm\"><a class=\"cd chp\" href=\"https:\/\/pro.costa-verde.com\/es\/produto\/plato-cuadrado-26cm-5\/\">Plato Cuadrado 26cm<\/a><\/h3>\n\t\t<\/div><!-- .product-info -->\n\t<\/div><!-- .product-inner -->\n<\/div>\n<div class=\"jas-col-md-3 jas-col-sm-4 jas-col-xs-6 mt__30 post-48629 product type-product status-publish has-post-thumbnail product_cat-platos-del-chef pa_colecao-terra-es  onbackorder taxable shipping-taxable product-type-simple\">\n\t<div class=\"product-inner pr\">\n\t\t<div class=\"product-image pr\">\n\t\t\t\t\t\t<a class=\"db\" href=\"https:\/\/pro.costa-verde.com\/es\/produto\/podio-cuadrado-10-h11cm\/\"><img loading=\"lazy\" decoding=\"async\" width=\"300\" height=\"192\" src=\"https:\/\/pro.costa-verde.com\/wp-content\/uploads\/2022\/11\/067183400001-Podium-Quadrado-10cm-300x192.jpg\" class=\"attachment-shop_catalog size-shop_catalog\" alt=\"Podio Cuadrado 10 h11cm - Colecci\u00f3n Terra\" srcset=\"https:\/\/pro.costa-verde.com\/wp-content\/uploads\/2022\/11\/067183400001-Podium-Quadrado-10cm-300x192.jpg 300w, https:\/\/pro.costa-verde.com\/wp-content\/uploads\/2022\/11\/067183400001-Podium-Quadrado-10cm-1024x656.jpg 1024w, https:\/\/pro.costa-verde.com\/wp-content\/uploads\/2022\/11\/067183400001-Podium-Quadrado-10cm-768x492.jpg 768w, https:\/\/pro.costa-verde.com\/wp-content\/uploads\/2022\/11\/067183400001-Podium-Quadrado-10cm-1536x984.jpg 1536w, https:\/\/pro.costa-verde.com\/wp-content\/uploads\/2022\/11\/067183400001-Podium-Quadrado-10cm-600x384.jpg 600w, https:\/\/pro.costa-verde.com\/wp-content\/uploads\/2022\/11\/067183400001-Podium-Quadrado-10cm-120x77.jpg 120w, https:\/\/pro.costa-verde.com\/wp-content\/uploads\/2022\/11\/067183400001-Podium-Quadrado-10cm.jpg 1920w\" sizes=\"(max-width: 300px) 100vw, 300px\" \/><\/a>\n\t\t\t<div class=\"product-btn pa flex column ts__03\">\n\t\t\t\t\n\t\t\t\t\t\t\t<\/div>\n\t\t\t\n\t\t\t\t\t\t\t\t<\/div><!-- .product-image -->\n\t\t<div class=\"product-info mt__15\">\n\t\t\t<h3 class=\"product-title pr fs__14 mg__0 fwm\"><a class=\"cd chp\" href=\"https:\/\/pro.costa-verde.com\/es\/produto\/podio-cuadrado-10-h11cm\/\">Podio Cuadrado 10 h11cm<\/a><\/h3>\n\t\t<\/div><!-- .product-info -->\n\t<\/div><!-- .product-inner -->\n<\/div>\n<div class=\"jas-col-md-3 jas-col-sm-4 jas-col-xs-6 mt__30 post-48623 product type-product status-publish has-post-thumbnail product_cat-platos-del-chef pa_colecao-terra-es last onbackorder taxable shipping-taxable product-type-simple\">\n\t<div class=\"product-inner pr\">\n\t\t<div class=\"product-image pr\">\n\t\t\t\t\t\t<a class=\"db\" href=\"https:\/\/pro.costa-verde.com\/es\/produto\/podio-redondo-9-h10cm\/\"><img loading=\"lazy\" decoding=\"async\" width=\"300\" height=\"192\" src=\"https:\/\/pro.costa-verde.com\/wp-content\/uploads\/2022\/11\/067183300001-Podium-Redondo-9cm-300x192.jpg\" class=\"attachment-shop_catalog size-shop_catalog\" alt=\"Podio Redondo 9 h10cm - Colecci\u00f3n Terra\" srcset=\"https:\/\/pro.costa-verde.com\/wp-content\/uploads\/2022\/11\/067183300001-Podium-Redondo-9cm-300x192.jpg 300w, https:\/\/pro.costa-verde.com\/wp-content\/uploads\/2022\/11\/067183300001-Podium-Redondo-9cm-1024x656.jpg 1024w, https:\/\/pro.costa-verde.com\/wp-content\/uploads\/2022\/11\/067183300001-Podium-Redondo-9cm-768x492.jpg 768w, https:\/\/pro.costa-verde.com\/wp-content\/uploads\/2022\/11\/067183300001-Podium-Redondo-9cm-1536x984.jpg 1536w, https:\/\/pro.costa-verde.com\/wp-content\/uploads\/2022\/11\/067183300001-Podium-Redondo-9cm-600x384.jpg 600w, https:\/\/pro.costa-verde.com\/wp-content\/uploads\/2022\/11\/067183300001-Podium-Redondo-9cm-120x77.jpg 120w, https:\/\/pro.costa-verde.com\/wp-content\/uploads\/2022\/11\/067183300001-Podium-Redondo-9cm.jpg 1920w\" sizes=\"(max-width: 300px) 100vw, 300px\" \/><\/a>\n\t\t\t<div class=\"product-btn pa flex column ts__03\">\n\t\t\t\t\n\t\t\t\t\t\t\t<\/div>\n\t\t\t\n\t\t\t\t\t\t\t\t<\/div><!-- .product-image -->\n\t\t<div class=\"product-info mt__15\">\n\t\t\t<h3 class=\"product-title pr fs__14 mg__0 fwm\"><a class=\"cd chp\" href=\"https:\/\/pro.costa-verde.com\/es\/produto\/podio-redondo-9-h10cm\/\">Podio Redondo 9 h10cm<\/a><\/h3>\n\t\t<\/div><!-- .product-info -->\n\t<\/div><!-- .product-inner -->\n<\/div>\n<div class=\"jas-col-md-3 jas-col-sm-4 jas-col-xs-6 mt__30 post-48617 product type-product status-publish has-post-thumbnail product_cat-platos-del-chef pa_colecao-terra-es first onbackorder taxable shipping-taxable product-type-simple\">\n\t<div class=\"product-inner pr\">\n\t\t<div class=\"product-image pr\">\n\t\t\t\t\t\t<a class=\"db\" href=\"https:\/\/pro.costa-verde.com\/es\/produto\/cremera-300ml\/\"><img loading=\"lazy\" decoding=\"async\" width=\"300\" height=\"192\" src=\"https:\/\/pro.costa-verde.com\/wp-content\/uploads\/2022\/11\/067015000001-Cremeira-300ml-300x192.jpg\" class=\"attachment-shop_catalog size-shop_catalog\" alt=\"Cremera 300ml - Colecci\u00f3n Terra\" srcset=\"https:\/\/pro.costa-verde.com\/wp-content\/uploads\/2022\/11\/067015000001-Cremeira-300ml-300x192.jpg 300w, https:\/\/pro.costa-verde.com\/wp-content\/uploads\/2022\/11\/067015000001-Cremeira-300ml-1024x656.jpg 1024w, https:\/\/pro.costa-verde.com\/wp-content\/uploads\/2022\/11\/067015000001-Cremeira-300ml-768x492.jpg 768w, https:\/\/pro.costa-verde.com\/wp-content\/uploads\/2022\/11\/067015000001-Cremeira-300ml-1536x984.jpg 1536w, https:\/\/pro.costa-verde.com\/wp-content\/uploads\/2022\/11\/067015000001-Cremeira-300ml-600x384.jpg 600w, https:\/\/pro.costa-verde.com\/wp-content\/uploads\/2022\/11\/067015000001-Cremeira-300ml-120x77.jpg 120w, https:\/\/pro.costa-verde.com\/wp-content\/uploads\/2022\/11\/067015000001-Cremeira-300ml.jpg 1920w\" sizes=\"(max-width: 300px) 100vw, 300px\" \/><\/a>\n\t\t\t<div class=\"product-btn pa flex column ts__03\">\n\t\t\t\t\n\t\t\t\t\t\t\t<\/div>\n\t\t\t\n\t\t\t\t\t\t\t\t<\/div><!-- .product-image -->\n\t\t<div class=\"product-info mt__15\">\n\t\t\t<h3 class=\"product-title pr fs__14 mg__0 fwm\"><a class=\"cd chp\" href=\"https:\/\/pro.costa-verde.com\/es\/produto\/cremera-300ml\/\">Cremera 300ml<\/a><\/h3>\n\t\t<\/div><!-- .product-info -->\n\t<\/div><!-- .product-inner -->\n<\/div>\n<div class=\"jas-col-md-3 jas-col-sm-4 jas-col-xs-6 mt__30 post-48611 product type-product status-publish has-post-thumbnail product_cat-platos-del-chef pa_colecao-terra-es  onbackorder taxable shipping-taxable product-type-simple\">\n\t<div class=\"product-inner pr\">\n\t\t<div class=\"product-image pr\">\n\t\t\t\t\t\t<a class=\"db\" href=\"https:\/\/pro.costa-verde.com\/es\/produto\/bol-redonda-18-h8cm\/\"><img loading=\"lazy\" decoding=\"async\" width=\"300\" height=\"192\" src=\"https:\/\/pro.costa-verde.com\/wp-content\/uploads\/2022\/11\/067003500001-Taca-redonda-18cm-300x192.jpg\" class=\"attachment-shop_catalog size-shop_catalog\" alt=\"Bol Redonda 18 h8cm - Colecci\u00f3n Terra\" srcset=\"https:\/\/pro.costa-verde.com\/wp-content\/uploads\/2022\/11\/067003500001-Taca-redonda-18cm-300x192.jpg 300w, https:\/\/pro.costa-verde.com\/wp-content\/uploads\/2022\/11\/067003500001-Taca-redonda-18cm-1024x656.jpg 1024w, https:\/\/pro.costa-verde.com\/wp-content\/uploads\/2022\/11\/067003500001-Taca-redonda-18cm-768x492.jpg 768w, https:\/\/pro.costa-verde.com\/wp-content\/uploads\/2022\/11\/067003500001-Taca-redonda-18cm-1536x984.jpg 1536w, https:\/\/pro.costa-verde.com\/wp-content\/uploads\/2022\/11\/067003500001-Taca-redonda-18cm-600x384.jpg 600w, https:\/\/pro.costa-verde.com\/wp-content\/uploads\/2022\/11\/067003500001-Taca-redonda-18cm-120x77.jpg 120w, https:\/\/pro.costa-verde.com\/wp-content\/uploads\/2022\/11\/067003500001-Taca-redonda-18cm.jpg 1920w\" sizes=\"(max-width: 300px) 100vw, 300px\" \/><\/a>\n\t\t\t<div class=\"product-btn pa flex column ts__03\">\n\t\t\t\t\n\t\t\t\t\t\t\t<\/div>\n\t\t\t\n\t\t\t\t\t\t\t\t<\/div><!-- .product-image -->\n\t\t<div class=\"product-info mt__15\">\n\t\t\t<h3 class=\"product-title pr fs__14 mg__0 fwm\"><a class=\"cd chp\" href=\"https:\/\/pro.costa-verde.com\/es\/produto\/bol-redonda-18-h8cm\/\">Bol Redonda 18 h8cm<\/a><\/h3>\n\t\t<\/div><!-- .product-info -->\n\t<\/div><!-- .product-inner -->\n<\/div>\n<div class=\"jas-col-md-3 jas-col-sm-4 jas-col-xs-6 mt__30 post-48605 product type-product status-publish has-post-thumbnail product_cat-platos-del-chef pa_colecao-terra-es  onbackorder taxable shipping-taxable product-type-simple\">\n\t<div class=\"product-inner pr\">\n\t\t<div class=\"product-image pr\">\n\t\t\t\t\t\t<a class=\"db\" href=\"https:\/\/pro.costa-verde.com\/es\/produto\/plato-rectangular-26x18cm\/\"><img loading=\"lazy\" decoding=\"async\" width=\"300\" height=\"192\" src=\"https:\/\/pro.costa-verde.com\/wp-content\/uploads\/2022\/11\/067001700001-Prato-Retangular-26cm-300x192.jpg\" class=\"attachment-shop_catalog size-shop_catalog\" alt=\"Plato Rectangular 26x18cm - Colecci\u00f3n Terra\" srcset=\"https:\/\/pro.costa-verde.com\/wp-content\/uploads\/2022\/11\/067001700001-Prato-Retangular-26cm-300x192.jpg 300w, https:\/\/pro.costa-verde.com\/wp-content\/uploads\/2022\/11\/067001700001-Prato-Retangular-26cm-1024x656.jpg 1024w, https:\/\/pro.costa-verde.com\/wp-content\/uploads\/2022\/11\/067001700001-Prato-Retangular-26cm-768x492.jpg 768w, https:\/\/pro.costa-verde.com\/wp-content\/uploads\/2022\/11\/067001700001-Prato-Retangular-26cm-1536x984.jpg 1536w, https:\/\/pro.costa-verde.com\/wp-content\/uploads\/2022\/11\/067001700001-Prato-Retangular-26cm-600x384.jpg 600w, https:\/\/pro.costa-verde.com\/wp-content\/uploads\/2022\/11\/067001700001-Prato-Retangular-26cm-120x77.jpg 120w, https:\/\/pro.costa-verde.com\/wp-content\/uploads\/2022\/11\/067001700001-Prato-Retangular-26cm.jpg 1920w\" sizes=\"(max-width: 300px) 100vw, 300px\" \/><\/a>\n\t\t\t<div class=\"product-btn pa flex column ts__03\">\n\t\t\t\t\n\t\t\t\t\t\t\t<\/div>\n\t\t\t\n\t\t\t\t\t\t\t\t<\/div><!-- .product-image -->\n\t\t<div class=\"product-info mt__15\">\n\t\t\t<h3 class=\"product-title pr fs__14 mg__0 fwm\"><a class=\"cd chp\" href=\"https:\/\/pro.costa-verde.com\/es\/produto\/plato-rectangular-26x18cm\/\">Plato Rectangular 26x18cm<\/a><\/h3>\n\t\t<\/div><!-- .product-info -->\n\t<\/div><!-- .product-inner -->\n<\/div>\n<div class=\"jas-col-md-3 jas-col-sm-4 jas-col-xs-6 mt__30 post-48599 product type-product status-publish has-post-thumbnail product_cat-platos-del-chef pa_colecao-terra-es last onbackorder taxable shipping-taxable product-type-simple\">\n\t<div class=\"product-inner pr\">\n\t\t<div class=\"product-image pr\">\n\t\t\t\t\t\t<a class=\"db\" href=\"https:\/\/pro.costa-verde.com\/es\/produto\/plato-rectangular-27x18cm\/\"><img loading=\"lazy\" decoding=\"async\" width=\"300\" height=\"192\" src=\"https:\/\/pro.costa-verde.com\/wp-content\/uploads\/2022\/11\/067001600001-Prato-Retangular-27cm-300x192.jpg\" class=\"attachment-shop_catalog size-shop_catalog\" alt=\"Plato Rectangular 27cm - Colecci\u00f3n Terra\" srcset=\"https:\/\/pro.costa-verde.com\/wp-content\/uploads\/2022\/11\/067001600001-Prato-Retangular-27cm-300x192.jpg 300w, https:\/\/pro.costa-verde.com\/wp-content\/uploads\/2022\/11\/067001600001-Prato-Retangular-27cm-1024x656.jpg 1024w, https:\/\/pro.costa-verde.com\/wp-content\/uploads\/2022\/11\/067001600001-Prato-Retangular-27cm-768x492.jpg 768w, https:\/\/pro.costa-verde.com\/wp-content\/uploads\/2022\/11\/067001600001-Prato-Retangular-27cm-1536x984.jpg 1536w, https:\/\/pro.costa-verde.com\/wp-content\/uploads\/2022\/11\/067001600001-Prato-Retangular-27cm-600x384.jpg 600w, https:\/\/pro.costa-verde.com\/wp-content\/uploads\/2022\/11\/067001600001-Prato-Retangular-27cm-120x77.jpg 120w, https:\/\/pro.costa-verde.com\/wp-content\/uploads\/2022\/11\/067001600001-Prato-Retangular-27cm.jpg 1920w\" sizes=\"(max-width: 300px) 100vw, 300px\" \/><\/a>\n\t\t\t<div class=\"product-btn pa flex column ts__03\">\n\t\t\t\t\n\t\t\t\t\t\t\t<\/div>\n\t\t\t\n\t\t\t\t\t\t\t\t<\/div><!-- .product-image -->\n\t\t<div class=\"product-info mt__15\">\n\t\t\t<h3 class=\"product-title pr fs__14 mg__0 fwm\"><a class=\"cd chp\" href=\"https:\/\/pro.costa-verde.com\/es\/produto\/plato-rectangular-27x18cm\/\">Plato Rectangular 27x18cm<\/a><\/h3>\n\t\t<\/div><!-- .product-info -->\n\t<\/div><!-- .product-inner -->\n<\/div>\n<div class=\"jas-col-md-3 jas-col-sm-4 jas-col-xs-6 mt__30 post-48596 product type-product status-publish has-post-thumbnail product_cat-platos-del-chef pa_colecao-terra-es first onbackorder taxable shipping-taxable product-type-simple\">\n\t<div class=\"product-inner pr\">\n\t\t<div class=\"product-image pr\">\n\t\t\t\t\t\t<a class=\"db\" href=\"https:\/\/pro.costa-verde.com\/es\/produto\/plato-oval-26x19-h7cm\/\"><img loading=\"lazy\" decoding=\"async\" width=\"300\" height=\"192\" src=\"https:\/\/pro.costa-verde.com\/wp-content\/uploads\/2022\/11\/067000400001-Prato-oval-26cm-300x192.jpg\" class=\"attachment-shop_catalog size-shop_catalog\" alt=\"Plato Oval 26x19 h7cm - Colecci\u00f3n Terra\" srcset=\"https:\/\/pro.costa-verde.com\/wp-content\/uploads\/2022\/11\/067000400001-Prato-oval-26cm-300x192.jpg 300w, https:\/\/pro.costa-verde.com\/wp-content\/uploads\/2022\/11\/067000400001-Prato-oval-26cm-1024x656.jpg 1024w, https:\/\/pro.costa-verde.com\/wp-content\/uploads\/2022\/11\/067000400001-Prato-oval-26cm-768x492.jpg 768w, https:\/\/pro.costa-verde.com\/wp-content\/uploads\/2022\/11\/067000400001-Prato-oval-26cm-1536x984.jpg 1536w, https:\/\/pro.costa-verde.com\/wp-content\/uploads\/2022\/11\/067000400001-Prato-oval-26cm-600x384.jpg 600w, https:\/\/pro.costa-verde.com\/wp-content\/uploads\/2022\/11\/067000400001-Prato-oval-26cm-120x77.jpg 120w, https:\/\/pro.costa-verde.com\/wp-content\/uploads\/2022\/11\/067000400001-Prato-oval-26cm.jpg 1920w\" sizes=\"(max-width: 300px) 100vw, 300px\" \/><\/a>\n\t\t\t<div class=\"product-btn pa flex column ts__03\">\n\t\t\t\t\n\t\t\t\t\t\t\t<\/div>\n\t\t\t\n\t\t\t\t\t\t\t\t<\/div><!-- .product-image -->\n\t\t<div class=\"product-info mt__15\">\n\t\t\t<h3 class=\"product-title pr fs__14 mg__0 fwm\"><a class=\"cd chp\" href=\"https:\/\/pro.costa-verde.com\/es\/produto\/plato-oval-26x19-h7cm\/\">Plato Oval 26&#215;19 h7cm<\/a><\/h3>\n\t\t<\/div><!-- .product-info -->\n\t<\/div><!-- .product-inner -->\n<\/div>\n<div class=\"jas-col-md-3 jas-col-sm-4 jas-col-xs-6 mt__30 post-48647 product type-product status-publish has-post-thumbnail product_cat-platos-del-chef pa_colecao-terra-es  onbackorder taxable shipping-taxable product-type-simple\">\n\t<div class=\"product-inner pr\">\n\t\t<div class=\"product-image pr\">\n\t\t\t\t\t\t<a class=\"db\" href=\"https:\/\/pro.costa-verde.com\/es\/produto\/plato-redondo-30-h5cm\/\"><img loading=\"lazy\" decoding=\"async\" width=\"300\" height=\"192\" src=\"https:\/\/pro.costa-verde.com\/wp-content\/uploads\/2022\/11\/067000300001-Prato-Redondo-30cm-300x192.jpg\" class=\"attachment-shop_catalog size-shop_catalog\" alt=\"Plato Redondo 30cm - Colecci\u00f3n Terra\" srcset=\"https:\/\/pro.costa-verde.com\/wp-content\/uploads\/2022\/11\/067000300001-Prato-Redondo-30cm-300x192.jpg 300w, https:\/\/pro.costa-verde.com\/wp-content\/uploads\/2022\/11\/067000300001-Prato-Redondo-30cm-1024x656.jpg 1024w, https:\/\/pro.costa-verde.com\/wp-content\/uploads\/2022\/11\/067000300001-Prato-Redondo-30cm-768x492.jpg 768w, https:\/\/pro.costa-verde.com\/wp-content\/uploads\/2022\/11\/067000300001-Prato-Redondo-30cm-1536x984.jpg 1536w, https:\/\/pro.costa-verde.com\/wp-content\/uploads\/2022\/11\/067000300001-Prato-Redondo-30cm-600x384.jpg 600w, https:\/\/pro.costa-verde.com\/wp-content\/uploads\/2022\/11\/067000300001-Prato-Redondo-30cm-120x77.jpg 120w, https:\/\/pro.costa-verde.com\/wp-content\/uploads\/2022\/11\/067000300001-Prato-Redondo-30cm.jpg 1920w\" sizes=\"(max-width: 300px) 100vw, 300px\" \/><\/a>\n\t\t\t<div class=\"product-btn pa flex column ts__03\">\n\t\t\t\t\n\t\t\t\t\t\t\t<\/div>\n\t\t\t\n\t\t\t\t\t\t\t\t<\/div><!-- .product-image -->\n\t\t<div class=\"product-info mt__15\">\n\t\t\t<h3 class=\"product-title pr fs__14 mg__0 fwm\"><a class=\"cd chp\" href=\"https:\/\/pro.costa-verde.com\/es\/produto\/plato-redondo-30-h5cm\/\">Plato Redondo 30 h5cm<\/a><\/h3>\n\t\t<\/div><!-- .product-info -->\n\t<\/div><!-- .product-inner -->\n<\/div>\n<\/div><!-- .products --><\/div>\t\t\t\t<\/div>\n\t\t\t\t<\/div>\n\t\t\t\t<div class=\"elementor-element elementor-element-4d30d2d elementor-align-center button elementor-widget elementor-widget-button\" data-id=\"4d30d2d\" data-element_type=\"widget\" data-widget_type=\"button.default\">\n\t\t\t\t<div class=\"elementor-widget-container\">\n\t\t\t\t\t\t\t\t\t<div class=\"elementor-button-wrapper\">\n\t\t\t\t\t<a class=\"elementor-button elementor-button-link elementor-size-md\" href=\"https:\/\/pro.costa-verde.com\/es\/colecciones\/\">\n\t\t\t\t\t\t<span class=\"elementor-button-content-wrapper\">\n\t\t\t\t\t\t\t\t\t<span class=\"elementor-button-text\">Ver outras cole\u00e7\u00f5es<\/span>\n\t\t\t\t\t<\/span>\n\t\t\t\t\t<\/a>\n\t\t\t\t<\/div>\n\t\t\t\t\t\t\t\t<\/div>\n\t\t\t\t<\/div>\n\t\t\t\t\t<\/div>\n\t\t<\/div>\n\t\t\t\t\t<\/div>\n\t\t<\/section>\n\t\t\t\t<\/div>\n\t\t","protected":false},"excerpt":{"rendered":"<p>Terra Terra El origen del arte en Porcelana. Como una obra de arte esculpida en la tierra, las piezas se revelan de forma bella e imperfecta. Es a trav\u00e9s de la asociaci\u00f3n entre las manos del artista Pere Gifre y nuestro arte de bien hacer porcelana, que Costa Verde presenta la nueva colecci\u00f3n &#8211; Terra. [&hellip;]<\/p>\n","protected":false},"author":117,"featured_media":48281,"parent":19108,"menu_order":0,"comment_status":"closed","ping_status":"closed","template":"","meta":{"footnotes":""},"class_list":["post-48253","page","type-page","status-publish","has-post-thumbnail","hentry"],"yoast_head":"<!-- This site is optimized with the Yoast SEO plugin v26.9 - https:\/\/yoast.com\/product\/yoast-seo-wordpress\/ -->\n<title>Terra - Costa Verde<\/title>\n<meta name=\"robots\" content=\"index, follow, max-snippet:-1, max-image-preview:large, max-video-preview:-1\" \/>\n<link rel=\"canonical\" href=\"https:\/\/pro.costa-verde.com\/es\/colecciones-costa-verde\/terra\/\" \/>\n<meta property=\"og:locale\" content=\"es_ES\" \/>\n<meta property=\"og:type\" content=\"article\" \/>\n<meta property=\"og:title\" content=\"Terra - Costa Verde\" \/>\n<meta property=\"og:description\" content=\"Terra Terra El origen del arte en Porcelana. Como una obra de arte esculpida en la tierra, las piezas se revelan de forma bella e imperfecta. Es a trav\u00e9s de la asociaci\u00f3n entre las manos del artista Pere Gifre y nuestro arte de bien hacer porcelana, que Costa Verde presenta la nueva colecci\u00f3n &#8211; Terra. [&hellip;]\" \/>\n<meta property=\"og:url\" content=\"https:\/\/pro.costa-verde.com\/es\/colecciones-costa-verde\/terra\/\" \/>\n<meta property=\"og:site_name\" content=\"Costa Verde\" \/>\n<meta property=\"article:publisher\" content=\"https:\/\/www.facebook.com\/costaverdeporcelanas\/\" \/>\n<meta property=\"article:modified_time\" content=\"2025-04-16T09:42:07+00:00\" \/>\n<meta property=\"og:image\" content=\"https:\/\/pro.costa-verde.com\/wp-content\/uploads\/2022\/11\/Terra_06_costaverde.jpg\" \/>\n\t<meta property=\"og:image:width\" content=\"1920\" \/>\n\t<meta property=\"og:image:height\" content=\"1230\" \/>\n\t<meta property=\"og:image:type\" content=\"image\/jpeg\" \/>\n<meta name=\"twitter:card\" content=\"summary_large_image\" \/>\n<meta name=\"twitter:label1\" content=\"Tiempo de lectura\" \/>\n\t<meta name=\"twitter:data1\" content=\"4 minutos\" \/>\n<script type=\"application\/ld+json\" class=\"yoast-schema-graph\">{\"@context\":\"https:\/\/schema.org\",\"@graph\":[{\"@type\":\"WebPage\",\"@id\":\"https:\/\/pro.costa-verde.com\/es\/colecciones-costa-verde\/terra\/\",\"url\":\"https:\/\/pro.costa-verde.com\/es\/colecciones-costa-verde\/terra\/\",\"name\":\"Terra - Costa Verde\",\"isPartOf\":{\"@id\":\"https:\/\/pro.costa-verde.com\/#website\"},\"primaryImageOfPage\":{\"@id\":\"https:\/\/pro.costa-verde.com\/es\/colecciones-costa-verde\/terra\/#primaryimage\"},\"image\":{\"@id\":\"https:\/\/pro.costa-verde.com\/es\/colecciones-costa-verde\/terra\/#primaryimage\"},\"thumbnailUrl\":\"https:\/\/pro.costa-verde.com\/wp-content\/uploads\/2022\/11\/Terra_06_costaverde.jpg\",\"datePublished\":\"2022-11-07T09:05:09+00:00\",\"dateModified\":\"2025-04-16T09:42:07+00:00\",\"breadcrumb\":{\"@id\":\"https:\/\/pro.costa-verde.com\/es\/colecciones-costa-verde\/terra\/#breadcrumb\"},\"inLanguage\":\"es\",\"potentialAction\":[{\"@type\":\"ReadAction\",\"target\":[\"https:\/\/pro.costa-verde.com\/es\/colecciones-costa-verde\/terra\/\"]}]},{\"@type\":\"ImageObject\",\"inLanguage\":\"es\",\"@id\":\"https:\/\/pro.costa-verde.com\/es\/colecciones-costa-verde\/terra\/#primaryimage\",\"url\":\"https:\/\/pro.costa-verde.com\/wp-content\/uploads\/2022\/11\/Terra_06_costaverde.jpg\",\"contentUrl\":\"https:\/\/pro.costa-verde.com\/wp-content\/uploads\/2022\/11\/Terra_06_costaverde.jpg\",\"width\":1920,\"height\":1230,\"caption\":\"Colecci\u00f3n Terra - Plato Rectangular e Cremera\"},{\"@type\":\"BreadcrumbList\",\"@id\":\"https:\/\/pro.costa-verde.com\/es\/colecciones-costa-verde\/terra\/#breadcrumb\",\"itemListElement\":[{\"@type\":\"ListItem\",\"position\":1,\"name\":\"In\u00edcio\",\"item\":\"https:\/\/pro.costa-verde.com\/es\/\"},{\"@type\":\"ListItem\",\"position\":2,\"name\":\"Colecciones Costa Verde\",\"item\":\"https:\/\/pro.costa-verde.com\/es\/colecciones-costa-verde\/\"},{\"@type\":\"ListItem\",\"position\":3,\"name\":\"Terra\"}]},{\"@type\":\"WebSite\",\"@id\":\"https:\/\/pro.costa-verde.com\/#website\",\"url\":\"https:\/\/pro.costa-verde.com\/\",\"name\":\"Costa Verde\",\"description\":\"Loja Online\",\"potentialAction\":[{\"@type\":\"SearchAction\",\"target\":{\"@type\":\"EntryPoint\",\"urlTemplate\":\"https:\/\/pro.costa-verde.com\/?s={search_term_string}\"},\"query-input\":{\"@type\":\"PropertyValueSpecification\",\"valueRequired\":true,\"valueName\":\"search_term_string\"}}],\"inLanguage\":\"es\"}]}<\/script>\n<!-- \/ Yoast SEO plugin. -->","yoast_head_json":{"title":"Terra - Costa Verde","robots":{"index":"index","follow":"follow","max-snippet":"max-snippet:-1","max-image-preview":"max-image-preview:large","max-video-preview":"max-video-preview:-1"},"canonical":"https:\/\/pro.costa-verde.com\/es\/colecciones-costa-verde\/terra\/","og_locale":"es_ES","og_type":"article","og_title":"Terra - Costa Verde","og_description":"Terra Terra El origen del arte en Porcelana. Como una obra de arte esculpida en la tierra, las piezas se revelan de forma bella e imperfecta. Es a trav\u00e9s de la asociaci\u00f3n entre las manos del artista Pere Gifre y nuestro arte de bien hacer porcelana, que Costa Verde presenta la nueva colecci\u00f3n &#8211; Terra. [&hellip;]","og_url":"https:\/\/pro.costa-verde.com\/es\/colecciones-costa-verde\/terra\/","og_site_name":"Costa Verde","article_publisher":"https:\/\/www.facebook.com\/costaverdeporcelanas\/","article_modified_time":"2025-04-16T09:42:07+00:00","og_image":[{"width":1920,"height":1230,"url":"https:\/\/pro.costa-verde.com\/wp-content\/uploads\/2022\/11\/Terra_06_costaverde.jpg","type":"image\/jpeg"}],"twitter_card":"summary_large_image","twitter_misc":{"Tiempo de lectura":"4 minutos"},"schema":{"@context":"https:\/\/schema.org","@graph":[{"@type":"WebPage","@id":"https:\/\/pro.costa-verde.com\/es\/colecciones-costa-verde\/terra\/","url":"https:\/\/pro.costa-verde.com\/es\/colecciones-costa-verde\/terra\/","name":"Terra - Costa Verde","isPartOf":{"@id":"https:\/\/pro.costa-verde.com\/#website"},"primaryImageOfPage":{"@id":"https:\/\/pro.costa-verde.com\/es\/colecciones-costa-verde\/terra\/#primaryimage"},"image":{"@id":"https:\/\/pro.costa-verde.com\/es\/colecciones-costa-verde\/terra\/#primaryimage"},"thumbnailUrl":"https:\/\/pro.costa-verde.com\/wp-content\/uploads\/2022\/11\/Terra_06_costaverde.jpg","datePublished":"2022-11-07T09:05:09+00:00","dateModified":"2025-04-16T09:42:07+00:00","breadcrumb":{"@id":"https:\/\/pro.costa-verde.com\/es\/colecciones-costa-verde\/terra\/#breadcrumb"},"inLanguage":"es","potentialAction":[{"@type":"ReadAction","target":["https:\/\/pro.costa-verde.com\/es\/colecciones-costa-verde\/terra\/"]}]},{"@type":"ImageObject","inLanguage":"es","@id":"https:\/\/pro.costa-verde.com\/es\/colecciones-costa-verde\/terra\/#primaryimage","url":"https:\/\/pro.costa-verde.com\/wp-content\/uploads\/2022\/11\/Terra_06_costaverde.jpg","contentUrl":"https:\/\/pro.costa-verde.com\/wp-content\/uploads\/2022\/11\/Terra_06_costaverde.jpg","width":1920,"height":1230,"caption":"Colecci\u00f3n Terra - Plato Rectangular e Cremera"},{"@type":"BreadcrumbList","@id":"https:\/\/pro.costa-verde.com\/es\/colecciones-costa-verde\/terra\/#breadcrumb","itemListElement":[{"@type":"ListItem","position":1,"name":"In\u00edcio","item":"https:\/\/pro.costa-verde.com\/es\/"},{"@type":"ListItem","position":2,"name":"Colecciones Costa Verde","item":"https:\/\/pro.costa-verde.com\/es\/colecciones-costa-verde\/"},{"@type":"ListItem","position":3,"name":"Terra"}]},{"@type":"WebSite","@id":"https:\/\/pro.costa-verde.com\/#website","url":"https:\/\/pro.costa-verde.com\/","name":"Costa Verde","description":"Loja Online","potentialAction":[{"@type":"SearchAction","target":{"@type":"EntryPoint","urlTemplate":"https:\/\/pro.costa-verde.com\/?s={search_term_string}"},"query-input":{"@type":"PropertyValueSpecification","valueRequired":true,"valueName":"search_term_string"}}],"inLanguage":"es"}]}},"_links":{"self":[{"href":"https:\/\/pro.costa-verde.com\/es\/wp-json\/wp\/v2\/pages\/48253","targetHints":{"allow":["GET"]}}],"collection":[{"href":"https:\/\/pro.costa-verde.com\/es\/wp-json\/wp\/v2\/pages"}],"about":[{"href":"https:\/\/pro.costa-verde.com\/es\/wp-json\/wp\/v2\/types\/page"}],"author":[{"embeddable":true,"href":"https:\/\/pro.costa-verde.com\/es\/wp-json\/wp\/v2\/users\/117"}],"replies":[{"embeddable":true,"href":"https:\/\/pro.costa-verde.com\/es\/wp-json\/wp\/v2\/comments?post=48253"}],"version-history":[{"count":15,"href":"https:\/\/pro.costa-verde.com\/es\/wp-json\/wp\/v2\/pages\/48253\/revisions"}],"predecessor-version":[{"id":65260,"href":"https:\/\/pro.costa-verde.com\/es\/wp-json\/wp\/v2\/pages\/48253\/revisions\/65260"}],"up":[{"embeddable":true,"href":"https:\/\/pro.costa-verde.com\/es\/wp-json\/wp\/v2\/pages\/19108"}],"wp:featuredmedia":[{"embeddable":true,"href":"https:\/\/pro.costa-verde.com\/es\/wp-json\/wp\/v2\/media\/48281"}],"wp:attachment":[{"href":"https:\/\/pro.costa-verde.com\/es\/wp-json\/wp\/v2\/media?parent=48253"}],"curies":[{"name":"wp","href":"https:\/\/api.w.org\/{rel}","templated":true}]}}