{"id":27930,"date":"2021-05-21T16:33:47","date_gmt":"2021-05-21T16:33:47","guid":{"rendered":"https:\/\/pro.costa-verde.com\/?page_id=27930"},"modified":"2024-12-13T15:21:09","modified_gmt":"2024-12-13T15:21:09","slug":"raw","status":"publish","type":"page","link":"https:\/\/pro.costa-verde.com\/es\/colecciones-costa-verde\/raw\/","title":{"rendered":"RAW"},"content":{"rendered":"\t\t<div data-elementor-type=\"wp-page\" data-elementor-id=\"27930\" class=\"elementor elementor-27930 elementor-27928\" data-elementor-post-type=\"page\">\n\t\t\t\t\t\t<section class=\"elementor-section elementor-top-section elementor-element elementor-element-0d9fbc4 elementor-section-stretched elementor-reverse-mobile elementor-reverse-tablet elementor-section-boxed elementor-section-height-default elementor-section-height-default\" data-id=\"0d9fbc4\" data-element_type=\"section\" data-settings=\"{&quot;background_background&quot;:&quot;classic&quot;,&quot;stretch_section&quot;:&quot;section-stretched&quot;}\">\n\t\t\t\t\t\t\t<div class=\"elementor-background-overlay\"><\/div>\n\t\t\t\t\t\t\t<div class=\"elementor-container elementor-column-gap-extended\">\n\t\t\t\t\t<div class=\"elementor-column elementor-col-50 elementor-top-column elementor-element elementor-element-9453f61\" data-id=\"9453f61\" data-element_type=\"column\" data-settings=\"{&quot;background_background&quot;:&quot;classic&quot;}\">\n\t\t\t<div class=\"elementor-widget-wrap elementor-element-populated\">\n\t\t\t\t\t<div class=\"elementor-background-overlay\"><\/div>\n\t\t\t\t\t\t<div class=\"elementor-element elementor-element-4ab18f7 elementor-widget elementor-widget-gallery\" data-id=\"4ab18f7\" data-element_type=\"widget\" data-settings=\"{&quot;gallery_layout&quot;:&quot;justified&quot;,&quot;ideal_row_height&quot;:{&quot;unit&quot;:&quot;px&quot;,&quot;size&quot;:268,&quot;sizes&quot;:[]},&quot;ideal_row_height_tablet&quot;:{&quot;unit&quot;:&quot;px&quot;,&quot;size&quot;:325,&quot;sizes&quot;:[]},&quot;lazyload&quot;:&quot;yes&quot;,&quot;ideal_row_height_mobile&quot;:{&quot;unit&quot;:&quot;px&quot;,&quot;size&quot;:150,&quot;sizes&quot;:[]},&quot;gap&quot;:{&quot;unit&quot;:&quot;px&quot;,&quot;size&quot;:10,&quot;sizes&quot;:[]},&quot;gap_tablet&quot;:{&quot;unit&quot;:&quot;px&quot;,&quot;size&quot;:10,&quot;sizes&quot;:[]},&quot;gap_mobile&quot;:{&quot;unit&quot;:&quot;px&quot;,&quot;size&quot;:10,&quot;sizes&quot;:[]},&quot;link_to&quot;:&quot;file&quot;,&quot;overlay_background&quot;:&quot;yes&quot;,&quot;content_hover_animation&quot;:&quot;fade-in&quot;}\" data-widget_type=\"gallery.default\">\n\t\t\t\t<div class=\"elementor-widget-container\">\n\t\t\t\t\t\t\t<div class=\"elementor-gallery__container\">\n\t\t\t\t\t\t\t<a class=\"e-gallery-item elementor-gallery-item elementor-animated-content\" href=\"https:\/\/pro.costa-verde.com\/wp-content\/uploads\/2021\/05\/RAW_4.jpg\" data-elementor-open-lightbox=\"yes\" data-elementor-lightbox-slideshow=\"4ab18f7\" data-elementor-lightbox-title=\"RAW_4\" data-elementor-lightbox-description=\"RAW_4\" data-e-action-hash=\"#elementor-action%3Aaction%3Dlightbox%26settings%3DeyJpZCI6Mjc5MDUsInVybCI6Imh0dHBzOlwvXC9wcm8uY29zdGEtdmVyZGUuY29tXC93cC1jb250ZW50XC91cGxvYWRzXC8yMDIxXC8wNVwvUkFXXzQuanBnIiwic2xpZGVzaG93IjoiNGFiMThmNyJ9\">\n\t\t\t\t\t<div class=\"e-gallery-image elementor-gallery-item__image\" data-thumbnail=\"https:\/\/pro.costa-verde.com\/wp-content\/uploads\/2021\/05\/RAW_4-768x1199.jpg\" data-width=\"768\" data-height=\"1199\" aria-label=\"RAW_4\" role=\"img\" ><\/div>\n\t\t\t\t\t\t\t\t\t\t\t<div class=\"elementor-gallery-item__overlay\"><\/div>\n\t\t\t\t\t\t\t\t\t\t\t\t\t\t<\/a>\n\t\t\t\t\t\t\t<a class=\"e-gallery-item elementor-gallery-item elementor-animated-content\" href=\"https:\/\/pro.costa-verde.com\/wp-content\/uploads\/2021\/05\/RAW_3.jpg\" data-elementor-open-lightbox=\"yes\" data-elementor-lightbox-slideshow=\"4ab18f7\" data-elementor-lightbox-title=\"RAW_3\" data-elementor-lightbox-description=\"RAW\" data-e-action-hash=\"#elementor-action%3Aaction%3Dlightbox%26settings%3DeyJpZCI6Mjc5MDEsInVybCI6Imh0dHBzOlwvXC9wcm8uY29zdGEtdmVyZGUuY29tXC93cC1jb250ZW50XC91cGxvYWRzXC8yMDIxXC8wNVwvUkFXXzMuanBnIiwic2xpZGVzaG93IjoiNGFiMThmNyJ9\">\n\t\t\t\t\t<div class=\"e-gallery-image elementor-gallery-item__image\" data-thumbnail=\"https:\/\/pro.costa-verde.com\/wp-content\/uploads\/2021\/05\/RAW_3-768x492.jpg\" data-width=\"768\" data-height=\"492\" aria-label=\"RAW\" role=\"img\" ><\/div>\n\t\t\t\t\t\t\t\t\t\t\t<div class=\"elementor-gallery-item__overlay\"><\/div>\n\t\t\t\t\t\t\t\t\t\t\t\t\t\t<\/a>\n\t\t\t\t\t\t\t<a class=\"e-gallery-item elementor-gallery-item elementor-animated-content\" href=\"https:\/\/pro.costa-verde.com\/wp-content\/uploads\/2021\/05\/RAW_2.jpg\" data-elementor-open-lightbox=\"yes\" data-elementor-lightbox-slideshow=\"4ab18f7\" data-elementor-lightbox-title=\"RAW_2\" data-elementor-lightbox-description=\"RAW\" data-e-action-hash=\"#elementor-action%3Aaction%3Dlightbox%26settings%3DeyJpZCI6Mjc4OTcsInVybCI6Imh0dHBzOlwvXC9wcm8uY29zdGEtdmVyZGUuY29tXC93cC1jb250ZW50XC91cGxvYWRzXC8yMDIxXC8wNVwvUkFXXzIuanBnIiwic2xpZGVzaG93IjoiNGFiMThmNyJ9\">\n\t\t\t\t\t<div class=\"e-gallery-image elementor-gallery-item__image\" data-thumbnail=\"https:\/\/pro.costa-verde.com\/wp-content\/uploads\/2021\/05\/RAW_2-768x492.jpg\" data-width=\"768\" data-height=\"492\" aria-label=\"RAW\" role=\"img\" ><\/div>\n\t\t\t\t\t\t\t\t\t\t\t<div class=\"elementor-gallery-item__overlay\"><\/div>\n\t\t\t\t\t\t\t\t\t\t\t\t\t\t<\/a>\n\t\t\t\t\t\t\t<a class=\"e-gallery-item elementor-gallery-item elementor-animated-content\" href=\"https:\/\/pro.costa-verde.com\/wp-content\/uploads\/2021\/05\/RAW_1.jpg\" data-elementor-open-lightbox=\"yes\" data-elementor-lightbox-slideshow=\"4ab18f7\" data-elementor-lightbox-title=\"RAW_1\" data-elementor-lightbox-description=\"RAW_1\" data-e-action-hash=\"#elementor-action%3Aaction%3Dlightbox%26settings%3DeyJpZCI6Mjc4OTMsInVybCI6Imh0dHBzOlwvXC9wcm8uY29zdGEtdmVyZGUuY29tXC93cC1jb250ZW50XC91cGxvYWRzXC8yMDIxXC8wNVwvUkFXXzEuanBnIiwic2xpZGVzaG93IjoiNGFiMThmNyJ9\">\n\t\t\t\t\t<div class=\"e-gallery-image elementor-gallery-item__image\" data-thumbnail=\"https:\/\/pro.costa-verde.com\/wp-content\/uploads\/2021\/05\/RAW_1-768x492.jpg\" data-width=\"768\" data-height=\"492\" aria-label=\"RAW_1\" role=\"img\" ><\/div>\n\t\t\t\t\t\t\t\t\t\t\t<div class=\"elementor-gallery-item__overlay\"><\/div>\n\t\t\t\t\t\t\t\t\t\t\t\t\t\t<\/a>\n\t\t\t\t\t\t\t<a class=\"e-gallery-item elementor-gallery-item elementor-animated-content\" href=\"https:\/\/pro.costa-verde.com\/wp-content\/uploads\/2021\/05\/RAW.jpg\" data-elementor-open-lightbox=\"yes\" data-elementor-lightbox-slideshow=\"4ab18f7\" data-elementor-lightbox-title=\"RAW\" data-elementor-lightbox-description=\"RAW\" data-e-action-hash=\"#elementor-action%3Aaction%3Dlightbox%26settings%3DeyJpZCI6Mjc4ODQsInVybCI6Imh0dHBzOlwvXC9wcm8uY29zdGEtdmVyZGUuY29tXC93cC1jb250ZW50XC91cGxvYWRzXC8yMDIxXC8wNVwvUkFXLmpwZyIsInNsaWRlc2hvdyI6IjRhYjE4ZjcifQ%3D%3D\">\n\t\t\t\t\t<div class=\"e-gallery-image elementor-gallery-item__image\" data-thumbnail=\"https:\/\/pro.costa-verde.com\/wp-content\/uploads\/2021\/05\/RAW-768x492.jpg\" data-width=\"768\" data-height=\"492\" aria-label=\"RAW\" role=\"img\" ><\/div>\n\t\t\t\t\t\t\t\t\t\t\t<div class=\"elementor-gallery-item__overlay\"><\/div>\n\t\t\t\t\t\t\t\t\t\t\t\t\t\t<\/a>\n\t\t\t\t\t<\/div>\n\t\t\t\t\t<\/div>\n\t\t\t\t<\/div>\n\t\t\t\t\t<\/div>\n\t\t<\/div>\n\t\t\t\t<div class=\"elementor-column elementor-col-50 elementor-top-column elementor-element elementor-element-0291c3a\" data-id=\"0291c3a\" data-element_type=\"column\" data-settings=\"{&quot;motion_fx_motion_fx_scrolling&quot;:&quot;yes&quot;,&quot;motion_fx_translateY_effect&quot;:&quot;yes&quot;,&quot;motion_fx_translateY_direction&quot;:&quot;negative&quot;,&quot;motion_fx_devices&quot;:[&quot;desktop&quot;],&quot;motion_fx_translateY_speed&quot;:{&quot;unit&quot;:&quot;px&quot;,&quot;size&quot;:2,&quot;sizes&quot;:[]},&quot;motion_fx_translateY_affectedRange&quot;:{&quot;unit&quot;:&quot;%&quot;,&quot;size&quot;:&quot;&quot;,&quot;sizes&quot;:{&quot;start&quot;:0,&quot;end&quot;:100}}}\">\n\t\t\t<div class=\"elementor-widget-wrap elementor-element-populated\">\n\t\t\t\t\t\t<div class=\"elementor-element elementor-element-982df95 lust elementor-widget elementor-widget-text-editor\" data-id=\"982df95\" data-element_type=\"widget\" data-widget_type=\"text-editor.default\">\n\t\t\t\t<div class=\"elementor-widget-container\">\n\t\t\t\t\t\t\t\t\t<h1>RAW<\/h1>\t\t\t\t\t\t\t\t<\/div>\n\t\t\t\t<\/div>\n\t\t\t\t<div class=\"elementor-element elementor-element-8582e90 background-text elementor-absolute elementor-hidden-phone elementor-invisible elementor-widget elementor-widget-text-editor\" data-id=\"8582e90\" data-element_type=\"widget\" data-settings=\"{&quot;_position&quot;:&quot;absolute&quot;,&quot;_animation&quot;:&quot;fadeIn&quot;}\" data-widget_type=\"text-editor.default\">\n\t\t\t\t<div class=\"elementor-widget-container\">\n\t\t\t\t\t\t\t\t\t<p>RAW<\/p>\t\t\t\t\t\t\t\t<\/div>\n\t\t\t\t<\/div>\n\t\t\t\t<div class=\"elementor-element elementor-element-638f0b0 elementor-widget elementor-widget-text-editor\" data-id=\"638f0b0\" data-element_type=\"widget\" data-widget_type=\"text-editor.default\">\n\t\t\t\t<div class=\"elementor-widget-container\">\n\t\t\t\t\t\t\t\t\t<p>La colecci\u00f3n Raw eleva el proceso de creaci\u00f3n y desarrollo de platos de autor.\u00a0<span style=\"color: var( --e-global-color-text );\">Un nuevo enfoque en porcelana blanca pura y transl\u00facida, en contraste con una superficie rugosa de granito con aspecto rocoso, transportando la porcelana a un nuevo espacio, tiempo y experiencia.<\/span><\/p>\t\t\t\t\t\t\t\t<\/div>\n\t\t\t\t<\/div>\n\t\t\t\t<div class=\"elementor-element elementor-element-5581fca lust elementor-widget elementor-widget-text-editor\" data-id=\"5581fca\" data-element_type=\"widget\" data-widget_type=\"text-editor.default\">\n\t\t\t\t<div class=\"elementor-widget-container\">\n\t\t\t\t\t\t\t\t\t<h5>Links<\/h5>\t\t\t\t\t\t\t\t<\/div>\n\t\t\t\t<\/div>\n\t\t\t\t<div class=\"elementor-element elementor-element-0585b05 elementor-widget-divider--view-line elementor-widget elementor-widget-divider\" data-id=\"0585b05\" data-element_type=\"widget\" data-widget_type=\"divider.default\">\n\t\t\t\t<div class=\"elementor-widget-container\">\n\t\t\t\t\t\t\t<div class=\"elementor-divider\">\n\t\t\t<span class=\"elementor-divider-separator\">\n\t\t\t\t\t\t<\/span>\n\t\t<\/div>\n\t\t\t\t\t\t<\/div>\n\t\t\t\t<\/div>\n\t\t\t\t<div class=\"elementor-element elementor-element-fd0c705 elementor-widget__width-auto elementor-widget elementor-widget-button\" data-id=\"fd0c705\" data-element_type=\"widget\" data-widget_type=\"button.default\">\n\t\t\t\t<div class=\"elementor-widget-container\">\n\t\t\t\t\t\t\t\t\t<div class=\"elementor-button-wrapper\">\n\t\t\t\t\t<a class=\"elementor-button elementor-button-link elementor-size-sm\" href=\"https:\/\/pro.costa-verde.com\/wp-content\/uploads\/2024\/12\/Catalogo_CostaVerde_2024_1.pdf\" target=\"_blank\">\n\t\t\t\t\t\t<span class=\"elementor-button-content-wrapper\">\n\t\t\t\t\t\t<span class=\"elementor-button-icon\">\n\t\t\t\t<i aria-hidden=\"true\" class=\"stroke pe-7s-download\"><\/i>\t\t\t<\/span>\n\t\t\t\t\t\t\t\t\t<span class=\"elementor-button-text\">Cat\u00e1logo<\/span>\n\t\t\t\t\t<\/span>\n\t\t\t\t\t<\/a>\n\t\t\t\t<\/div>\n\t\t\t\t\t\t\t\t<\/div>\n\t\t\t\t<\/div>\n\t\t\t\t<div class=\"elementor-element elementor-element-136501c elementor-widget__width-auto elementor-widget elementor-widget-button\" data-id=\"136501c\" data-element_type=\"widget\" data-widget_type=\"button.default\">\n\t\t\t\t<div class=\"elementor-widget-container\">\n\t\t\t\t\t\t\t\t\t<div class=\"elementor-button-wrapper\">\n\t\t\t\t\t<a class=\"elementor-button elementor-button-link elementor-size-sm\" href=\"https:\/\/pro.costa-verde.com\/wp-content\/uploads\/2021\/09\/Folheto_RAW_web-2.pdf\" target=\"_blank\">\n\t\t\t\t\t\t<span class=\"elementor-button-content-wrapper\">\n\t\t\t\t\t\t<span class=\"elementor-button-icon\">\n\t\t\t\t<i aria-hidden=\"true\" class=\"stroke pe-7s-download\"><\/i>\t\t\t<\/span>\n\t\t\t\t\t\t\t\t\t<span class=\"elementor-button-text\">Folleto<\/span>\n\t\t\t\t\t<\/span>\n\t\t\t\t\t<\/a>\n\t\t\t\t<\/div>\n\t\t\t\t\t\t\t\t<\/div>\n\t\t\t\t<\/div>\n\t\t\t\t<div class=\"elementor-element elementor-element-0bc245e elementor-widget__width-auto elementor-widget elementor-widget-button\" data-id=\"0bc245e\" data-element_type=\"widget\" data-widget_type=\"button.default\">\n\t\t\t\t<div class=\"elementor-widget-container\">\n\t\t\t\t\t\t\t\t\t<div class=\"elementor-button-wrapper\">\n\t\t\t\t\t<a class=\"elementor-button elementor-button-link elementor-size-sm\" href=\"#elementor-action%3Aaction%3Dpopup%3Aopen%26settings%3DeyJpZCI6MzMyMjUsInRvZ2dsZSI6ZmFsc2V9\" target=\"_blank\">\n\t\t\t\t\t\t<span class=\"elementor-button-content-wrapper\">\n\t\t\t\t\t\t<span class=\"elementor-button-icon\">\n\t\t\t\t<i aria-hidden=\"true\" class=\"stroke pe-7s-play\"><\/i>\t\t\t<\/span>\n\t\t\t\t\t\t\t\t\t<span class=\"elementor-button-text\">V\u00eddeO<\/span>\n\t\t\t\t\t<\/span>\n\t\t\t\t\t<\/a>\n\t\t\t\t<\/div>\n\t\t\t\t\t\t\t\t<\/div>\n\t\t\t\t<\/div>\n\t\t\t\t\t<\/div>\n\t\t<\/div>\n\t\t\t\t\t<\/div>\n\t\t<\/section>\n\t\t\t\t<section class=\"elementor-section elementor-top-section elementor-element elementor-element-3bf0565 elementor-section-boxed elementor-section-height-default elementor-section-height-default\" data-id=\"3bf0565\" data-element_type=\"section\">\n\t\t\t\t\t\t<div class=\"elementor-container elementor-column-gap-default\">\n\t\t\t\t\t<div class=\"elementor-column elementor-col-100 elementor-top-column elementor-element elementor-element-76b8361\" data-id=\"76b8361\" data-element_type=\"column\">\n\t\t\t<div class=\"elementor-widget-wrap elementor-element-populated\">\n\t\t\t\t\t\t<div class=\"elementor-element elementor-element-15fc4ab elementor-widget elementor-widget-text-editor\" data-id=\"15fc4ab\" data-element_type=\"widget\" data-widget_type=\"text-editor.default\">\n\t\t\t\t<div class=\"elementor-widget-container\">\n\t\t\t\t\t\t\t\t\t<h3>Las piezas de la Colecci\u00f3n RAW<\/h3>\t\t\t\t\t\t\t\t<\/div>\n\t\t\t\t<\/div>\n\t\t\t\t<div class=\"elementor-element elementor-element-967c77e elementor-grid-4 elementor-grid-tablet-3 elementor-grid-mobile-2 elementor-products-grid elementor-wc-products elementor-widget elementor-widget-woocommerce-products\" data-id=\"967c77e\" data-element_type=\"widget\" data-widget_type=\"woocommerce-products.default\">\n\t\t\t\t<div class=\"elementor-widget-container\">\n\t\t\t\t\t<div class=\"woocommerce columns-4 \">\t<div class=\"products jas-row\"  >\n\t\t<div class=\"jas-col-md-3 jas-col-sm-4 jas-col-xs-6 mt__30 post-31714 product type-product status-publish has-post-thumbnail product_cat-gourmet-es pa_colecao-raw-es first instock taxable shipping-taxable purchasable product-type-simple\">\n\t<div class=\"product-inner pr\">\n\t\t<div class=\"product-image pr\">\n\t\t\t\t\t\t<a class=\"db\" href=\"https:\/\/pro.costa-verde.com\/es\/produto\/plato-gourmet-25cm-3\/\"><img fetchpriority=\"high\" decoding=\"async\" width=\"300\" height=\"192\" src=\"https:\/\/pro.costa-verde.com\/wp-content\/uploads\/2021\/06\/045142904257-PRATO-GOURMET-25CM-300x192.jpg\" class=\"attachment-shop_catalog size-shop_catalog\" alt=\"Plato Gourmet 25cm RAW\" srcset=\"https:\/\/pro.costa-verde.com\/wp-content\/uploads\/2021\/06\/045142904257-PRATO-GOURMET-25CM-300x192.jpg 300w, https:\/\/pro.costa-verde.com\/wp-content\/uploads\/2021\/06\/045142904257-PRATO-GOURMET-25CM-1024x656.jpg 1024w, https:\/\/pro.costa-verde.com\/wp-content\/uploads\/2021\/06\/045142904257-PRATO-GOURMET-25CM-768x492.jpg 768w, https:\/\/pro.costa-verde.com\/wp-content\/uploads\/2021\/06\/045142904257-PRATO-GOURMET-25CM-1536x984.jpg 1536w, https:\/\/pro.costa-verde.com\/wp-content\/uploads\/2021\/06\/045142904257-PRATO-GOURMET-25CM-600x384.jpg 600w, https:\/\/pro.costa-verde.com\/wp-content\/uploads\/2021\/06\/045142904257-PRATO-GOURMET-25CM-120x77.jpg 120w, https:\/\/pro.costa-verde.com\/wp-content\/uploads\/2021\/06\/045142904257-PRATO-GOURMET-25CM.jpg 1920w\" sizes=\"(max-width: 300px) 100vw, 300px\" \/><\/a>\n\t\t\t<div class=\"product-btn pa flex column ts__03\">\n\t\t\t\t\n\t\t\t\t\t\t\t<\/div>\n\t\t\t\n\t\t\t\t\t\t\t\t<\/div><!-- .product-image -->\n\t\t<div class=\"product-info mt__15\">\n\t\t\t<h3 class=\"product-title pr fs__14 mg__0 fwm\"><a class=\"cd chp\" href=\"https:\/\/pro.costa-verde.com\/es\/produto\/plato-gourmet-25cm-3\/\">Plato Gourmet 25cm<\/a><\/h3>\n\t\t<\/div><!-- .product-info -->\n\t<\/div><!-- .product-inner -->\n<\/div>\n<div class=\"jas-col-md-3 jas-col-sm-4 jas-col-xs-6 mt__30 post-31710 product type-product status-publish has-post-thumbnail product_cat-platos-pasta pa_colecao-raw-es  instock taxable shipping-taxable purchasable product-type-simple\">\n\t<div class=\"product-inner pr\">\n\t\t<div class=\"product-image pr\">\n\t\t\t\t\t\t<a class=\"db\" href=\"https:\/\/pro.costa-verde.com\/es\/produto\/plato-hondo-29cm-5\/\"><img decoding=\"async\" width=\"300\" height=\"192\" src=\"https:\/\/pro.costa-verde.com\/wp-content\/uploads\/2021\/06\/045000604257-PRATO-FUNDO-29CM-300x192.jpg\" class=\"attachment-shop_catalog size-shop_catalog\" alt=\"Plato Hondo 29cm RAW\" srcset=\"https:\/\/pro.costa-verde.com\/wp-content\/uploads\/2021\/06\/045000604257-PRATO-FUNDO-29CM-300x192.jpg 300w, https:\/\/pro.costa-verde.com\/wp-content\/uploads\/2021\/06\/045000604257-PRATO-FUNDO-29CM-1024x656.jpg 1024w, https:\/\/pro.costa-verde.com\/wp-content\/uploads\/2021\/06\/045000604257-PRATO-FUNDO-29CM-768x492.jpg 768w, https:\/\/pro.costa-verde.com\/wp-content\/uploads\/2021\/06\/045000604257-PRATO-FUNDO-29CM-1536x984.jpg 1536w, https:\/\/pro.costa-verde.com\/wp-content\/uploads\/2021\/06\/045000604257-PRATO-FUNDO-29CM-600x384.jpg 600w, https:\/\/pro.costa-verde.com\/wp-content\/uploads\/2021\/06\/045000604257-PRATO-FUNDO-29CM-120x77.jpg 120w, https:\/\/pro.costa-verde.com\/wp-content\/uploads\/2021\/06\/045000604257-PRATO-FUNDO-29CM.jpg 1920w\" sizes=\"(max-width: 300px) 100vw, 300px\" \/><\/a>\n\t\t\t<div class=\"product-btn pa flex column ts__03\">\n\t\t\t\t\n\t\t\t\t\t\t\t<\/div>\n\t\t\t\n\t\t\t\t\t\t\t\t<\/div><!-- .product-image -->\n\t\t<div class=\"product-info mt__15\">\n\t\t\t<h3 class=\"product-title pr fs__14 mg__0 fwm\"><a class=\"cd chp\" href=\"https:\/\/pro.costa-verde.com\/es\/produto\/plato-hondo-29cm-5\/\">Plato Hondo 29cm<\/a><\/h3>\n\t\t<\/div><!-- .product-info -->\n\t<\/div><!-- .product-inner -->\n<\/div>\n<div class=\"jas-col-md-3 jas-col-sm-4 jas-col-xs-6 mt__30 post-31706 product type-product status-publish has-post-thumbnail product_cat-platos-pasta pa_colecao-raw-es  instock taxable shipping-taxable purchasable product-type-simple\">\n\t<div class=\"product-inner pr\">\n\t\t<div class=\"product-image pr\">\n\t\t\t\t\t\t<a class=\"db\" href=\"https:\/\/pro.costa-verde.com\/es\/produto\/plato-hondo-coupe-29cm-3\/\"><img decoding=\"async\" width=\"300\" height=\"192\" src=\"https:\/\/pro.costa-verde.com\/wp-content\/uploads\/2021\/06\/045000504257-PRATO-F-COUPE-29CM-300x192.jpg\" class=\"attachment-shop_catalog size-shop_catalog\" alt=\"Plato Hondo Coupe 29cm RAW\" srcset=\"https:\/\/pro.costa-verde.com\/wp-content\/uploads\/2021\/06\/045000504257-PRATO-F-COUPE-29CM-300x192.jpg 300w, https:\/\/pro.costa-verde.com\/wp-content\/uploads\/2021\/06\/045000504257-PRATO-F-COUPE-29CM-1024x656.jpg 1024w, https:\/\/pro.costa-verde.com\/wp-content\/uploads\/2021\/06\/045000504257-PRATO-F-COUPE-29CM-768x492.jpg 768w, https:\/\/pro.costa-verde.com\/wp-content\/uploads\/2021\/06\/045000504257-PRATO-F-COUPE-29CM-1536x984.jpg 1536w, https:\/\/pro.costa-verde.com\/wp-content\/uploads\/2021\/06\/045000504257-PRATO-F-COUPE-29CM-600x384.jpg 600w, https:\/\/pro.costa-verde.com\/wp-content\/uploads\/2021\/06\/045000504257-PRATO-F-COUPE-29CM-120x77.jpg 120w, https:\/\/pro.costa-verde.com\/wp-content\/uploads\/2021\/06\/045000504257-PRATO-F-COUPE-29CM.jpg 1920w\" sizes=\"(max-width: 300px) 100vw, 300px\" \/><\/a>\n\t\t\t<div class=\"product-btn pa flex column ts__03\">\n\t\t\t\t\n\t\t\t\t\t\t\t<\/div>\n\t\t\t\n\t\t\t\t\t\t\t\t<\/div><!-- .product-image -->\n\t\t<div class=\"product-info mt__15\">\n\t\t\t<h3 class=\"product-title pr fs__14 mg__0 fwm\"><a class=\"cd chp\" href=\"https:\/\/pro.costa-verde.com\/es\/produto\/plato-hondo-coupe-29cm-3\/\">Plato Hondo Coupe 29cm<\/a><\/h3>\n\t\t<\/div><!-- .product-info -->\n\t<\/div><!-- .product-inner -->\n<\/div>\n<div class=\"jas-col-md-3 jas-col-sm-4 jas-col-xs-6 mt__30 post-31702 product type-product status-publish has-post-thumbnail product_cat-platos-es-4 pa_colecao-raw-es last instock taxable shipping-taxable purchasable product-type-simple\">\n\t<div class=\"product-inner pr\">\n\t\t<div class=\"product-image pr\">\n\t\t\t\t\t\t<a class=\"db\" href=\"https:\/\/pro.costa-verde.com\/es\/produto\/plato-33cm-4\/\"><img loading=\"lazy\" decoding=\"async\" width=\"300\" height=\"192\" src=\"https:\/\/pro.costa-verde.com\/wp-content\/uploads\/2021\/06\/045000304257-PRATO-33CM-300x192.jpg\" class=\"attachment-shop_catalog size-shop_catalog\" alt=\"Plato 33cm RAW\" srcset=\"https:\/\/pro.costa-verde.com\/wp-content\/uploads\/2021\/06\/045000304257-PRATO-33CM-300x192.jpg 300w, https:\/\/pro.costa-verde.com\/wp-content\/uploads\/2021\/06\/045000304257-PRATO-33CM-1024x656.jpg 1024w, https:\/\/pro.costa-verde.com\/wp-content\/uploads\/2021\/06\/045000304257-PRATO-33CM-768x492.jpg 768w, https:\/\/pro.costa-verde.com\/wp-content\/uploads\/2021\/06\/045000304257-PRATO-33CM-1536x984.jpg 1536w, https:\/\/pro.costa-verde.com\/wp-content\/uploads\/2021\/06\/045000304257-PRATO-33CM-600x384.jpg 600w, https:\/\/pro.costa-verde.com\/wp-content\/uploads\/2021\/06\/045000304257-PRATO-33CM-120x77.jpg 120w, https:\/\/pro.costa-verde.com\/wp-content\/uploads\/2021\/06\/045000304257-PRATO-33CM.jpg 1920w\" sizes=\"(max-width: 300px) 100vw, 300px\" \/><\/a>\n\t\t\t<div class=\"product-btn pa flex column ts__03\">\n\t\t\t\t\n\t\t\t\t\t\t\t<\/div>\n\t\t\t\n\t\t\t\t\t\t\t\t<\/div><!-- .product-image -->\n\t\t<div class=\"product-info mt__15\">\n\t\t\t<h3 class=\"product-title pr fs__14 mg__0 fwm\"><a class=\"cd chp\" href=\"https:\/\/pro.costa-verde.com\/es\/produto\/plato-33cm-4\/\">Plato 33cm<\/a><\/h3>\n\t\t<\/div><!-- .product-info -->\n\t<\/div><!-- .product-inner -->\n<\/div>\n<div class=\"jas-col-md-3 jas-col-sm-4 jas-col-xs-6 mt__30 post-31698 product type-product status-publish has-post-thumbnail product_cat-ensaladeras pa_colecao-raw-es first instock taxable shipping-taxable purchasable product-type-simple\">\n\t<div class=\"product-inner pr\">\n\t\t<div class=\"product-image pr\">\n\t\t\t\t\t\t<a class=\"db\" href=\"https:\/\/pro.costa-verde.com\/es\/produto\/ensaladera-coupe-33cm-2\/\"><img loading=\"lazy\" decoding=\"async\" width=\"300\" height=\"192\" src=\"https:\/\/pro.costa-verde.com\/wp-content\/uploads\/2021\/06\/047007804257-SALADEIRA-COUPE-33CM-1-300x192.jpg\" class=\"attachment-shop_catalog size-shop_catalog\" alt=\"Ensaladera Coupe 33cm RAW\" srcset=\"https:\/\/pro.costa-verde.com\/wp-content\/uploads\/2021\/06\/047007804257-SALADEIRA-COUPE-33CM-1-300x192.jpg 300w, https:\/\/pro.costa-verde.com\/wp-content\/uploads\/2021\/06\/047007804257-SALADEIRA-COUPE-33CM-1-1024x656.jpg 1024w, https:\/\/pro.costa-verde.com\/wp-content\/uploads\/2021\/06\/047007804257-SALADEIRA-COUPE-33CM-1-768x492.jpg 768w, https:\/\/pro.costa-verde.com\/wp-content\/uploads\/2021\/06\/047007804257-SALADEIRA-COUPE-33CM-1-1536x984.jpg 1536w, https:\/\/pro.costa-verde.com\/wp-content\/uploads\/2021\/06\/047007804257-SALADEIRA-COUPE-33CM-1-600x384.jpg 600w, https:\/\/pro.costa-verde.com\/wp-content\/uploads\/2021\/06\/047007804257-SALADEIRA-COUPE-33CM-1-120x77.jpg 120w, https:\/\/pro.costa-verde.com\/wp-content\/uploads\/2021\/06\/047007804257-SALADEIRA-COUPE-33CM-1.jpg 1920w\" sizes=\"(max-width: 300px) 100vw, 300px\" \/><\/a>\n\t\t\t<div class=\"product-btn pa flex column ts__03\">\n\t\t\t\t\n\t\t\t\t\t\t\t<\/div>\n\t\t\t\n\t\t\t\t\t\t\t\t<\/div><!-- .product-image -->\n\t\t<div class=\"product-info mt__15\">\n\t\t\t<h3 class=\"product-title pr fs__14 mg__0 fwm\"><a class=\"cd chp\" href=\"https:\/\/pro.costa-verde.com\/es\/produto\/ensaladera-coupe-33cm-2\/\">Ensaladera Coupe 33cm<\/a><\/h3>\n\t\t<\/div><!-- .product-info -->\n\t<\/div><!-- .product-inner -->\n<\/div>\n<div class=\"jas-col-md-3 jas-col-sm-4 jas-col-xs-6 mt__30 post-31694 product type-product status-publish has-post-thumbnail product_cat-platos-es-7 pa_colecao-raw-es  instock taxable shipping-taxable purchasable product-type-simple\">\n\t<div class=\"product-inner pr\">\n\t\t<div class=\"product-image pr\">\n\t\t\t\t\t\t<a class=\"db\" href=\"https:\/\/pro.costa-verde.com\/es\/produto\/plato-coupe-28cm-3\/\"><img loading=\"lazy\" decoding=\"async\" width=\"300\" height=\"192\" src=\"https:\/\/pro.costa-verde.com\/wp-content\/uploads\/2021\/06\/047001004257-PRATO-COUPE-28CM-300x192.jpg\" class=\"attachment-shop_catalog size-shop_catalog\" alt=\"Plato Coupe 28cm RAW\" srcset=\"https:\/\/pro.costa-verde.com\/wp-content\/uploads\/2021\/06\/047001004257-PRATO-COUPE-28CM-300x192.jpg 300w, https:\/\/pro.costa-verde.com\/wp-content\/uploads\/2021\/06\/047001004257-PRATO-COUPE-28CM-1024x656.jpg 1024w, https:\/\/pro.costa-verde.com\/wp-content\/uploads\/2021\/06\/047001004257-PRATO-COUPE-28CM-768x492.jpg 768w, https:\/\/pro.costa-verde.com\/wp-content\/uploads\/2021\/06\/047001004257-PRATO-COUPE-28CM-1536x984.jpg 1536w, https:\/\/pro.costa-verde.com\/wp-content\/uploads\/2021\/06\/047001004257-PRATO-COUPE-28CM-600x384.jpg 600w, https:\/\/pro.costa-verde.com\/wp-content\/uploads\/2021\/06\/047001004257-PRATO-COUPE-28CM-120x77.jpg 120w, https:\/\/pro.costa-verde.com\/wp-content\/uploads\/2021\/06\/047001004257-PRATO-COUPE-28CM.jpg 1920w\" sizes=\"(max-width: 300px) 100vw, 300px\" \/><\/a>\n\t\t\t<div class=\"product-btn pa flex column ts__03\">\n\t\t\t\t\n\t\t\t\t\t\t\t<\/div>\n\t\t\t\n\t\t\t\t\t\t\t\t<\/div><!-- .product-image -->\n\t\t<div class=\"product-info mt__15\">\n\t\t\t<h3 class=\"product-title pr fs__14 mg__0 fwm\"><a class=\"cd chp\" href=\"https:\/\/pro.costa-verde.com\/es\/produto\/plato-coupe-28cm-3\/\">Plato Coupe 28cm<\/a><\/h3>\n\t\t<\/div><!-- .product-info -->\n\t<\/div><!-- .product-inner -->\n<\/div>\n<div class=\"jas-col-md-3 jas-col-sm-4 jas-col-xs-6 mt__30 post-31690 product type-product status-publish has-post-thumbnail product_cat-platos-es-4 pa_colecao-raw-es  instock taxable shipping-taxable purchasable product-type-simple\">\n\t<div class=\"product-inner pr\">\n\t\t<div class=\"product-image pr\">\n\t\t\t\t\t\t<a class=\"db\" href=\"https:\/\/pro.costa-verde.com\/es\/produto\/plato-coupe-32cm-3\/\"><img loading=\"lazy\" decoding=\"async\" width=\"300\" height=\"193\" src=\"https:\/\/pro.costa-verde.com\/wp-content\/uploads\/2021\/06\/047000304257-PRATO-COUPE-32CM-300x193.jpg\" class=\"attachment-shop_catalog size-shop_catalog\" alt=\"Plato Coupe 32cm RAW\" srcset=\"https:\/\/pro.costa-verde.com\/wp-content\/uploads\/2021\/06\/047000304257-PRATO-COUPE-32CM-300x193.jpg 300w, https:\/\/pro.costa-verde.com\/wp-content\/uploads\/2021\/06\/047000304257-PRATO-COUPE-32CM-1024x658.jpg 1024w, https:\/\/pro.costa-verde.com\/wp-content\/uploads\/2021\/06\/047000304257-PRATO-COUPE-32CM-768x494.jpg 768w, https:\/\/pro.costa-verde.com\/wp-content\/uploads\/2021\/06\/047000304257-PRATO-COUPE-32CM-1536x987.jpg 1536w, https:\/\/pro.costa-verde.com\/wp-content\/uploads\/2021\/06\/047000304257-PRATO-COUPE-32CM-600x386.jpg 600w, https:\/\/pro.costa-verde.com\/wp-content\/uploads\/2021\/06\/047000304257-PRATO-COUPE-32CM-120x77.jpg 120w, https:\/\/pro.costa-verde.com\/wp-content\/uploads\/2021\/06\/047000304257-PRATO-COUPE-32CM.jpg 1920w\" sizes=\"(max-width: 300px) 100vw, 300px\" \/><\/a>\n\t\t\t<div class=\"product-btn pa flex column ts__03\">\n\t\t\t\t\n\t\t\t\t\t\t\t<\/div>\n\t\t\t\n\t\t\t\t\t\t\t\t<\/div><!-- .product-image -->\n\t\t<div class=\"product-info mt__15\">\n\t\t\t<h3 class=\"product-title pr fs__14 mg__0 fwm\"><a class=\"cd chp\" href=\"https:\/\/pro.costa-verde.com\/es\/produto\/plato-coupe-32cm-3\/\">Plato Coupe 32cm<\/a><\/h3>\n\t\t<\/div><!-- .product-info -->\n\t<\/div><!-- .product-inner -->\n<\/div>\n<\/div><!-- .products --><\/div>\t\t\t\t<\/div>\n\t\t\t\t<\/div>\n\t\t\t\t<div class=\"elementor-element elementor-element-214dab4 elementor-align-center button elementor-widget elementor-widget-button\" data-id=\"214dab4\" data-element_type=\"widget\" data-widget_type=\"button.default\">\n\t\t\t\t<div class=\"elementor-widget-container\">\n\t\t\t\t\t\t\t\t\t<div class=\"elementor-button-wrapper\">\n\t\t\t\t\t<a class=\"elementor-button elementor-button-link elementor-size-md\" href=\"https:\/\/pro.costa-verde.com\/es\/colecciones-costa-verde\/\">\n\t\t\t\t\t\t<span class=\"elementor-button-content-wrapper\">\n\t\t\t\t\t\t\t\t\t<span class=\"elementor-button-text\">VER OTRAS COLECCIONES<\/span>\n\t\t\t\t\t<\/span>\n\t\t\t\t\t<\/a>\n\t\t\t\t<\/div>\n\t\t\t\t\t\t\t\t<\/div>\n\t\t\t\t<\/div>\n\t\t\t\t\t<\/div>\n\t\t<\/div>\n\t\t\t\t\t<\/div>\n\t\t<\/section>\n\t\t\t\t<\/div>\n\t\t","protected":false},"excerpt":{"rendered":"<p>RAW RAW La colecci\u00f3n Raw eleva el proceso de creaci\u00f3n y desarrollo de platos de autor.\u00a0Un nuevo enfoque en porcelana blanca pura y transl\u00facida, en contraste con una superficie rugosa de granito con aspecto rocoso, transportando la porcelana a un nuevo espacio, tiempo y experiencia. Links Cat\u00e1logo Folleto V\u00eddeO Las piezas de la Colecci\u00f3n RAW [&hellip;]<\/p>\n","protected":false},"author":30,"featured_media":27884,"parent":19108,"menu_order":0,"comment_status":"closed","ping_status":"closed","template":"","meta":{"footnotes":""},"class_list":["post-27930","page","type-page","status-publish","has-post-thumbnail","hentry"],"yoast_head":"<!-- This site is optimized with the Yoast SEO plugin v26.9 - https:\/\/yoast.com\/product\/yoast-seo-wordpress\/ -->\n<title>RAW - Costa Verde<\/title>\n<meta name=\"description\" content=\"Agma es una colecci\u00f3n marcada por relieves ondulados que nos recuerdan la ca\u00edda de una gota sobre una superficie l\u00edquida. \u00a1Compra Agma online!\" \/>\n<meta name=\"robots\" content=\"index, follow, max-snippet:-1, max-image-preview:large, max-video-preview:-1\" \/>\n<link rel=\"canonical\" href=\"https:\/\/pro.costa-verde.com\/es\/colecciones-costa-verde\/raw\/\" \/>\n<meta property=\"og:locale\" content=\"es_ES\" \/>\n<meta property=\"og:type\" content=\"article\" \/>\n<meta property=\"og:title\" content=\"RAW - Costa Verde\" \/>\n<meta property=\"og:description\" content=\"Agma es una colecci\u00f3n marcada por relieves ondulados que nos recuerdan la ca\u00edda de una gota sobre una superficie l\u00edquida. \u00a1Compra Agma online!\" \/>\n<meta property=\"og:url\" content=\"https:\/\/pro.costa-verde.com\/es\/colecciones-costa-verde\/raw\/\" \/>\n<meta property=\"og:site_name\" content=\"Costa Verde\" \/>\n<meta property=\"article:publisher\" content=\"https:\/\/www.facebook.com\/costaverdeporcelanas\/\" \/>\n<meta property=\"article:modified_time\" content=\"2024-12-13T15:21:09+00:00\" \/>\n<meta property=\"og:image\" content=\"https:\/\/pro.costa-verde.com\/wp-content\/uploads\/2021\/05\/RAW.jpg\" \/>\n\t<meta property=\"og:image:width\" content=\"1920\" \/>\n\t<meta property=\"og:image:height\" content=\"1230\" \/>\n\t<meta property=\"og:image:type\" content=\"image\/jpeg\" \/>\n<meta name=\"twitter:card\" content=\"summary_large_image\" \/>\n<meta name=\"twitter:label1\" content=\"Tiempo de lectura\" \/>\n\t<meta name=\"twitter:data1\" content=\"2 minutos\" \/>\n<script type=\"application\/ld+json\" class=\"yoast-schema-graph\">{\"@context\":\"https:\/\/schema.org\",\"@graph\":[{\"@type\":\"WebPage\",\"@id\":\"https:\/\/pro.costa-verde.com\/es\/colecciones-costa-verde\/raw\/\",\"url\":\"https:\/\/pro.costa-verde.com\/es\/colecciones-costa-verde\/raw\/\",\"name\":\"RAW - Costa Verde\",\"isPartOf\":{\"@id\":\"https:\/\/pro.costa-verde.com\/#website\"},\"primaryImageOfPage\":{\"@id\":\"https:\/\/pro.costa-verde.com\/es\/colecciones-costa-verde\/raw\/#primaryimage\"},\"image\":{\"@id\":\"https:\/\/pro.costa-verde.com\/es\/colecciones-costa-verde\/raw\/#primaryimage\"},\"thumbnailUrl\":\"https:\/\/pro.costa-verde.com\/wp-content\/uploads\/2021\/05\/RAW.jpg\",\"datePublished\":\"2021-05-21T16:33:47+00:00\",\"dateModified\":\"2024-12-13T15:21:09+00:00\",\"description\":\"Agma es una colecci\u00f3n marcada por relieves ondulados que nos recuerdan la ca\u00edda de una gota sobre una superficie l\u00edquida. \u00a1Compra Agma online!\",\"breadcrumb\":{\"@id\":\"https:\/\/pro.costa-verde.com\/es\/colecciones-costa-verde\/raw\/#breadcrumb\"},\"inLanguage\":\"es\",\"potentialAction\":[{\"@type\":\"ReadAction\",\"target\":[\"https:\/\/pro.costa-verde.com\/es\/colecciones-costa-verde\/raw\/\"]}]},{\"@type\":\"ImageObject\",\"inLanguage\":\"es\",\"@id\":\"https:\/\/pro.costa-verde.com\/es\/colecciones-costa-verde\/raw\/#primaryimage\",\"url\":\"https:\/\/pro.costa-verde.com\/wp-content\/uploads\/2021\/05\/RAW.jpg\",\"contentUrl\":\"https:\/\/pro.costa-verde.com\/wp-content\/uploads\/2021\/05\/RAW.jpg\",\"width\":1920,\"height\":1230,\"caption\":\"RAW\"},{\"@type\":\"BreadcrumbList\",\"@id\":\"https:\/\/pro.costa-verde.com\/es\/colecciones-costa-verde\/raw\/#breadcrumb\",\"itemListElement\":[{\"@type\":\"ListItem\",\"position\":1,\"name\":\"In\u00edcio\",\"item\":\"https:\/\/pro.costa-verde.com\/es\/\"},{\"@type\":\"ListItem\",\"position\":2,\"name\":\"Colecciones Costa Verde\",\"item\":\"https:\/\/pro.costa-verde.com\/es\/colecciones-costa-verde\/\"},{\"@type\":\"ListItem\",\"position\":3,\"name\":\"RAW\"}]},{\"@type\":\"WebSite\",\"@id\":\"https:\/\/pro.costa-verde.com\/#website\",\"url\":\"https:\/\/pro.costa-verde.com\/\",\"name\":\"Costa Verde\",\"description\":\"Loja Online\",\"potentialAction\":[{\"@type\":\"SearchAction\",\"target\":{\"@type\":\"EntryPoint\",\"urlTemplate\":\"https:\/\/pro.costa-verde.com\/?s={search_term_string}\"},\"query-input\":{\"@type\":\"PropertyValueSpecification\",\"valueRequired\":true,\"valueName\":\"search_term_string\"}}],\"inLanguage\":\"es\"}]}<\/script>\n<!-- \/ Yoast SEO plugin. -->","yoast_head_json":{"title":"RAW - Costa Verde","description":"Agma es una colecci\u00f3n marcada por relieves ondulados que nos recuerdan la ca\u00edda de una gota sobre una superficie l\u00edquida. \u00a1Compra Agma online!","robots":{"index":"index","follow":"follow","max-snippet":"max-snippet:-1","max-image-preview":"max-image-preview:large","max-video-preview":"max-video-preview:-1"},"canonical":"https:\/\/pro.costa-verde.com\/es\/colecciones-costa-verde\/raw\/","og_locale":"es_ES","og_type":"article","og_title":"RAW - Costa Verde","og_description":"Agma es una colecci\u00f3n marcada por relieves ondulados que nos recuerdan la ca\u00edda de una gota sobre una superficie l\u00edquida. \u00a1Compra Agma online!","og_url":"https:\/\/pro.costa-verde.com\/es\/colecciones-costa-verde\/raw\/","og_site_name":"Costa Verde","article_publisher":"https:\/\/www.facebook.com\/costaverdeporcelanas\/","article_modified_time":"2024-12-13T15:21:09+00:00","og_image":[{"width":1920,"height":1230,"url":"https:\/\/pro.costa-verde.com\/wp-content\/uploads\/2021\/05\/RAW.jpg","type":"image\/jpeg"}],"twitter_card":"summary_large_image","twitter_misc":{"Tiempo de lectura":"2 minutos"},"schema":{"@context":"https:\/\/schema.org","@graph":[{"@type":"WebPage","@id":"https:\/\/pro.costa-verde.com\/es\/colecciones-costa-verde\/raw\/","url":"https:\/\/pro.costa-verde.com\/es\/colecciones-costa-verde\/raw\/","name":"RAW - Costa Verde","isPartOf":{"@id":"https:\/\/pro.costa-verde.com\/#website"},"primaryImageOfPage":{"@id":"https:\/\/pro.costa-verde.com\/es\/colecciones-costa-verde\/raw\/#primaryimage"},"image":{"@id":"https:\/\/pro.costa-verde.com\/es\/colecciones-costa-verde\/raw\/#primaryimage"},"thumbnailUrl":"https:\/\/pro.costa-verde.com\/wp-content\/uploads\/2021\/05\/RAW.jpg","datePublished":"2021-05-21T16:33:47+00:00","dateModified":"2024-12-13T15:21:09+00:00","description":"Agma es una colecci\u00f3n marcada por relieves ondulados que nos recuerdan la ca\u00edda de una gota sobre una superficie l\u00edquida. \u00a1Compra Agma online!","breadcrumb":{"@id":"https:\/\/pro.costa-verde.com\/es\/colecciones-costa-verde\/raw\/#breadcrumb"},"inLanguage":"es","potentialAction":[{"@type":"ReadAction","target":["https:\/\/pro.costa-verde.com\/es\/colecciones-costa-verde\/raw\/"]}]},{"@type":"ImageObject","inLanguage":"es","@id":"https:\/\/pro.costa-verde.com\/es\/colecciones-costa-verde\/raw\/#primaryimage","url":"https:\/\/pro.costa-verde.com\/wp-content\/uploads\/2021\/05\/RAW.jpg","contentUrl":"https:\/\/pro.costa-verde.com\/wp-content\/uploads\/2021\/05\/RAW.jpg","width":1920,"height":1230,"caption":"RAW"},{"@type":"BreadcrumbList","@id":"https:\/\/pro.costa-verde.com\/es\/colecciones-costa-verde\/raw\/#breadcrumb","itemListElement":[{"@type":"ListItem","position":1,"name":"In\u00edcio","item":"https:\/\/pro.costa-verde.com\/es\/"},{"@type":"ListItem","position":2,"name":"Colecciones Costa Verde","item":"https:\/\/pro.costa-verde.com\/es\/colecciones-costa-verde\/"},{"@type":"ListItem","position":3,"name":"RAW"}]},{"@type":"WebSite","@id":"https:\/\/pro.costa-verde.com\/#website","url":"https:\/\/pro.costa-verde.com\/","name":"Costa Verde","description":"Loja Online","potentialAction":[{"@type":"SearchAction","target":{"@type":"EntryPoint","urlTemplate":"https:\/\/pro.costa-verde.com\/?s={search_term_string}"},"query-input":{"@type":"PropertyValueSpecification","valueRequired":true,"valueName":"search_term_string"}}],"inLanguage":"es"}]}},"_links":{"self":[{"href":"https:\/\/pro.costa-verde.com\/es\/wp-json\/wp\/v2\/pages\/27930","targetHints":{"allow":["GET"]}}],"collection":[{"href":"https:\/\/pro.costa-verde.com\/es\/wp-json\/wp\/v2\/pages"}],"about":[{"href":"https:\/\/pro.costa-verde.com\/es\/wp-json\/wp\/v2\/types\/page"}],"author":[{"embeddable":true,"href":"https:\/\/pro.costa-verde.com\/es\/wp-json\/wp\/v2\/users\/30"}],"replies":[{"embeddable":true,"href":"https:\/\/pro.costa-verde.com\/es\/wp-json\/wp\/v2\/comments?post=27930"}],"version-history":[{"count":15,"href":"https:\/\/pro.costa-verde.com\/es\/wp-json\/wp\/v2\/pages\/27930\/revisions"}],"predecessor-version":[{"id":62599,"href":"https:\/\/pro.costa-verde.com\/es\/wp-json\/wp\/v2\/pages\/27930\/revisions\/62599"}],"up":[{"embeddable":true,"href":"https:\/\/pro.costa-verde.com\/es\/wp-json\/wp\/v2\/pages\/19108"}],"wp:featuredmedia":[{"embeddable":true,"href":"https:\/\/pro.costa-verde.com\/es\/wp-json\/wp\/v2\/media\/27884"}],"wp:attachment":[{"href":"https:\/\/pro.costa-verde.com\/es\/wp-json\/wp\/v2\/media?parent=27930"}],"curies":[{"name":"wp","href":"https:\/\/api.w.org\/{rel}","templated":true}]}}