{"id":19219,"date":"2021-01-25T12:46:34","date_gmt":"2021-01-25T12:46:34","guid":{"rendered":"https:\/\/pro.costa-verde.com\/?page_id=19219"},"modified":"2024-12-13T15:42:56","modified_gmt":"2024-12-13T15:42:56","slug":"turismo","status":"publish","type":"page","link":"https:\/\/pro.costa-verde.com\/es\/colecciones-costa-verde\/turismo\/","title":{"rendered":"Turismo"},"content":{"rendered":"\t\t<div data-elementor-type=\"wp-page\" data-elementor-id=\"19219\" class=\"elementor elementor-19219 elementor-9756\" data-elementor-post-type=\"page\">\n\t\t\t\t\t\t<section class=\"elementor-section elementor-top-section elementor-element elementor-element-0d9fbc4 elementor-section-stretched elementor-reverse-mobile elementor-reverse-tablet elementor-section-boxed elementor-section-height-default elementor-section-height-default\" data-id=\"0d9fbc4\" data-element_type=\"section\" data-settings=\"{&quot;background_background&quot;:&quot;classic&quot;,&quot;stretch_section&quot;:&quot;section-stretched&quot;}\">\n\t\t\t\t\t\t\t<div class=\"elementor-background-overlay\"><\/div>\n\t\t\t\t\t\t\t<div class=\"elementor-container elementor-column-gap-extended\">\n\t\t\t\t\t<div class=\"elementor-column elementor-col-50 elementor-top-column elementor-element elementor-element-9453f61\" data-id=\"9453f61\" data-element_type=\"column\" data-settings=\"{&quot;background_background&quot;:&quot;classic&quot;}\">\n\t\t\t<div class=\"elementor-widget-wrap elementor-element-populated\">\n\t\t\t\t\t<div class=\"elementor-background-overlay\"><\/div>\n\t\t\t\t\t\t<div class=\"elementor-element elementor-element-b42b775 elementor-widget elementor-widget-gallery\" data-id=\"b42b775\" data-element_type=\"widget\" data-settings=\"{&quot;gallery_layout&quot;:&quot;justified&quot;,&quot;ideal_row_height&quot;:{&quot;unit&quot;:&quot;px&quot;,&quot;size&quot;:329,&quot;sizes&quot;:[]},&quot;ideal_row_height_tablet&quot;:{&quot;unit&quot;:&quot;px&quot;,&quot;size&quot;:325,&quot;sizes&quot;:[]},&quot;lazyload&quot;:&quot;yes&quot;,&quot;ideal_row_height_mobile&quot;:{&quot;unit&quot;:&quot;px&quot;,&quot;size&quot;:150,&quot;sizes&quot;:[]},&quot;gap&quot;:{&quot;unit&quot;:&quot;px&quot;,&quot;size&quot;:10,&quot;sizes&quot;:[]},&quot;gap_tablet&quot;:{&quot;unit&quot;:&quot;px&quot;,&quot;size&quot;:10,&quot;sizes&quot;:[]},&quot;gap_mobile&quot;:{&quot;unit&quot;:&quot;px&quot;,&quot;size&quot;:10,&quot;sizes&quot;:[]},&quot;link_to&quot;:&quot;file&quot;,&quot;overlay_background&quot;:&quot;yes&quot;,&quot;content_hover_animation&quot;:&quot;fade-in&quot;}\" data-widget_type=\"gallery.default\">\n\t\t\t\t<div class=\"elementor-widget-container\">\n\t\t\t\t\t\t\t<div class=\"elementor-gallery__container\">\n\t\t\t\t\t\t\t<a class=\"e-gallery-item elementor-gallery-item elementor-animated-content\" href=\"https:\/\/pro.costa-verde.com\/wp-content\/uploads\/2020\/11\/201116_COSTAVERDE_TURISMO_0544.jpg\" data-elementor-open-lightbox=\"yes\" data-elementor-lightbox-slideshow=\"b42b775\" data-elementor-lightbox-title=\"201116_COSTAVERDE_TURISMO_0544\" data-elementor-lightbox-description=\"Cole\u00e7\u00e3o Turismo- Cole\u00e7\u00f5es Costa Verde\" data-e-action-hash=\"#elementor-action%3Aaction%3Dlightbox%26settings%3DeyJpZCI6OTc1OSwidXJsIjoiaHR0cHM6XC9cL3Byby5jb3N0YS12ZXJkZS5jb21cL3dwLWNvbnRlbnRcL3VwbG9hZHNcLzIwMjBcLzExXC8yMDExMTZfQ09TVEFWRVJERV9UVVJJU01PXzA1NDQuanBnIiwic2xpZGVzaG93IjoiYjQyYjc3NSJ9\">\n\t\t\t\t\t<div class=\"e-gallery-image elementor-gallery-item__image\" data-thumbnail=\"https:\/\/pro.costa-verde.com\/wp-content\/uploads\/2020\/11\/201116_COSTAVERDE_TURISMO_0544-768x1024.jpg\" data-width=\"768\" data-height=\"1024\" aria-label=\"Cole\u00e7\u00e3o Turismo- Cole\u00e7\u00f5es Costa Verde As pe\u00e7as da cole\u00e7\u00e3o Turismo, altamente funcionais, s\u00e3o capazes de resistir tanto \u00e0 moda como ao uso. Compre Turismo online!\" role=\"img\" ><\/div>\n\t\t\t\t\t\t\t\t\t\t\t<div class=\"elementor-gallery-item__overlay\"><\/div>\n\t\t\t\t\t\t\t\t\t\t\t\t\t\t<\/a>\n\t\t\t\t\t\t\t<a class=\"e-gallery-item elementor-gallery-item elementor-animated-content\" href=\"https:\/\/pro.costa-verde.com\/wp-content\/uploads\/2020\/11\/201116_COSTAVERDE_TURISMO_0551.jpg\" data-elementor-open-lightbox=\"yes\" data-elementor-lightbox-slideshow=\"b42b775\" data-elementor-lightbox-title=\"201116_COSTAVERDE_TURISMO_0551\" data-e-action-hash=\"#elementor-action%3Aaction%3Dlightbox%26settings%3DeyJpZCI6OTc2MCwidXJsIjoiaHR0cHM6XC9cL3Byby5jb3N0YS12ZXJkZS5jb21cL3dwLWNvbnRlbnRcL3VwbG9hZHNcLzIwMjBcLzExXC8yMDExMTZfQ09TVEFWRVJERV9UVVJJU01PXzA1NTEuanBnIiwic2xpZGVzaG93IjoiYjQyYjc3NSJ9\">\n\t\t\t\t\t<div class=\"e-gallery-image elementor-gallery-item__image\" data-thumbnail=\"https:\/\/pro.costa-verde.com\/wp-content\/uploads\/2020\/11\/201116_COSTAVERDE_TURISMO_0551-768x979.jpg\" data-width=\"768\" data-height=\"979\" aria-label=\"\" role=\"img\" ><\/div>\n\t\t\t\t\t\t\t\t\t\t\t<div class=\"elementor-gallery-item__overlay\"><\/div>\n\t\t\t\t\t\t\t\t\t\t\t\t\t\t<\/a>\n\t\t\t\t\t\t\t<a class=\"e-gallery-item elementor-gallery-item elementor-animated-content\" href=\"https:\/\/pro.costa-verde.com\/wp-content\/uploads\/2020\/11\/201116_COSTAVERDE_TURISMO_0527.jpg\" data-elementor-open-lightbox=\"yes\" data-elementor-lightbox-slideshow=\"b42b775\" data-elementor-lightbox-title=\"201116_COSTAVERDE_TURISMO_0527\" data-e-action-hash=\"#elementor-action%3Aaction%3Dlightbox%26settings%3DeyJpZCI6OTc1OCwidXJsIjoiaHR0cHM6XC9cL3Byby5jb3N0YS12ZXJkZS5jb21cL3dwLWNvbnRlbnRcL3VwbG9hZHNcLzIwMjBcLzExXC8yMDExMTZfQ09TVEFWRVJERV9UVVJJU01PXzA1MjcuanBnIiwic2xpZGVzaG93IjoiYjQyYjc3NSJ9\">\n\t\t\t\t\t<div class=\"e-gallery-image elementor-gallery-item__image\" data-thumbnail=\"https:\/\/pro.costa-verde.com\/wp-content\/uploads\/2020\/11\/201116_COSTAVERDE_TURISMO_0527-768x576.jpg\" data-width=\"768\" data-height=\"576\" aria-label=\"\" role=\"img\" ><\/div>\n\t\t\t\t\t\t\t\t\t\t\t<div class=\"elementor-gallery-item__overlay\"><\/div>\n\t\t\t\t\t\t\t\t\t\t\t\t\t\t<\/a>\n\t\t\t\t\t\t\t<a class=\"e-gallery-item elementor-gallery-item elementor-animated-content\" href=\"https:\/\/pro.costa-verde.com\/wp-content\/uploads\/2020\/11\/201116_COSTAVERDE_TURISMO_0555.jpg\" data-elementor-open-lightbox=\"yes\" data-elementor-lightbox-slideshow=\"b42b775\" data-elementor-lightbox-title=\"201116_COSTAVERDE_TURISMO_0555\" data-e-action-hash=\"#elementor-action%3Aaction%3Dlightbox%26settings%3DeyJpZCI6OTc2MSwidXJsIjoiaHR0cHM6XC9cL3Byby5jb3N0YS12ZXJkZS5jb21cL3dwLWNvbnRlbnRcL3VwbG9hZHNcLzIwMjBcLzExXC8yMDExMTZfQ09TVEFWRVJERV9UVVJJU01PXzA1NTUuanBnIiwic2xpZGVzaG93IjoiYjQyYjc3NSJ9\">\n\t\t\t\t\t<div class=\"e-gallery-image elementor-gallery-item__image\" data-thumbnail=\"https:\/\/pro.costa-verde.com\/wp-content\/uploads\/2020\/11\/201116_COSTAVERDE_TURISMO_0555-768x959.jpg\" data-width=\"768\" data-height=\"959\" aria-label=\"\" role=\"img\" ><\/div>\n\t\t\t\t\t\t\t\t\t\t\t<div class=\"elementor-gallery-item__overlay\"><\/div>\n\t\t\t\t\t\t\t\t\t\t\t\t\t\t<\/a>\n\t\t\t\t\t\t\t<a class=\"e-gallery-item elementor-gallery-item elementor-animated-content\" href=\"https:\/\/pro.costa-verde.com\/wp-content\/uploads\/2020\/11\/201116_COSTAVERDE_TURISMO_0562.jpg\" data-elementor-open-lightbox=\"yes\" data-elementor-lightbox-slideshow=\"b42b775\" data-elementor-lightbox-title=\"201116_COSTAVERDE_TURISMO_0562\" data-e-action-hash=\"#elementor-action%3Aaction%3Dlightbox%26settings%3DeyJpZCI6OTc2MiwidXJsIjoiaHR0cHM6XC9cL3Byby5jb3N0YS12ZXJkZS5jb21cL3dwLWNvbnRlbnRcL3VwbG9hZHNcLzIwMjBcLzExXC8yMDExMTZfQ09TVEFWRVJERV9UVVJJU01PXzA1NjIuanBnIiwic2xpZGVzaG93IjoiYjQyYjc3NSJ9\">\n\t\t\t\t\t<div class=\"e-gallery-image elementor-gallery-item__image\" data-thumbnail=\"https:\/\/pro.costa-verde.com\/wp-content\/uploads\/2020\/11\/201116_COSTAVERDE_TURISMO_0562-768x918.jpg\" data-width=\"768\" data-height=\"918\" aria-label=\"\" role=\"img\" ><\/div>\n\t\t\t\t\t\t\t\t\t\t\t<div class=\"elementor-gallery-item__overlay\"><\/div>\n\t\t\t\t\t\t\t\t\t\t\t\t\t\t<\/a>\n\t\t\t\t\t<\/div>\n\t\t\t\t\t<\/div>\n\t\t\t\t<\/div>\n\t\t\t\t\t<\/div>\n\t\t<\/div>\n\t\t\t\t<div class=\"elementor-column elementor-col-50 elementor-top-column elementor-element elementor-element-0291c3a\" data-id=\"0291c3a\" data-element_type=\"column\" data-settings=\"{&quot;motion_fx_motion_fx_scrolling&quot;:&quot;yes&quot;,&quot;motion_fx_translateY_effect&quot;:&quot;yes&quot;,&quot;motion_fx_translateY_direction&quot;:&quot;negative&quot;,&quot;motion_fx_devices&quot;:[&quot;desktop&quot;],&quot;motion_fx_translateY_speed&quot;:{&quot;unit&quot;:&quot;px&quot;,&quot;size&quot;:4,&quot;sizes&quot;:[]},&quot;motion_fx_translateY_affectedRange&quot;:{&quot;unit&quot;:&quot;%&quot;,&quot;size&quot;:&quot;&quot;,&quot;sizes&quot;:{&quot;start&quot;:0,&quot;end&quot;:100}}}\">\n\t\t\t<div class=\"elementor-widget-wrap elementor-element-populated\">\n\t\t\t\t\t\t<div class=\"elementor-element elementor-element-982df95 lust elementor-widget elementor-widget-text-editor\" data-id=\"982df95\" data-element_type=\"widget\" data-widget_type=\"text-editor.default\">\n\t\t\t\t<div class=\"elementor-widget-container\">\n\t\t\t\t\t\t\t\t\t<h1>Turismo<\/h1>\t\t\t\t\t\t\t\t<\/div>\n\t\t\t\t<\/div>\n\t\t\t\t<div class=\"elementor-element elementor-element-8582e90 background-text elementor-absolute elementor-hidden-phone elementor-invisible elementor-widget elementor-widget-text-editor\" data-id=\"8582e90\" data-element_type=\"widget\" data-settings=\"{&quot;_position&quot;:&quot;absolute&quot;,&quot;_animation&quot;:&quot;fadeIn&quot;}\" data-widget_type=\"text-editor.default\">\n\t\t\t\t<div class=\"elementor-widget-container\">\n\t\t\t\t\t\t\t\t\t<p>Turismo<\/p>\t\t\t\t\t\t\t\t<\/div>\n\t\t\t\t<\/div>\n\t\t\t\t<div class=\"elementor-element elementor-element-e1d6d4c elementor-widget elementor-widget-text-editor\" data-id=\"e1d6d4c\" data-element_type=\"widget\" data-widget_type=\"text-editor.default\">\n\t\t\t\t<div class=\"elementor-widget-container\">\n\t\t\t\t\t\t\t\t\t<h4>Intemporalidad y durabilidad.<\/h4>\t\t\t\t\t\t\t\t<\/div>\n\t\t\t\t<\/div>\n\t\t\t\t<div class=\"elementor-element elementor-element-638f0b0 elementor-widget elementor-widget-text-editor\" data-id=\"638f0b0\" data-element_type=\"widget\" data-widget_type=\"text-editor.default\">\n\t\t\t\t<div class=\"elementor-widget-container\">\n\t\t\t\t\t\t\t\t\t<p>Un refinado sentido de la funcionalidad es el origen de la colecci\u00f3n Turismo, de Costa Verde, una colecci\u00f3n definida por un dise\u00f1o capaz de resistir la volatilidad de la moda y una robustez capaz de resistir la intensidad del uso. La simplicidad de sus l\u00edneas, su modularidad, as\u00ed como su perfecta capacidad de apilamiento son un valor a\u00f1adido para una gesti\u00f3n racional tanto del espacio como de la inversi\u00f3n.<\/p>\t\t\t\t\t\t\t\t<\/div>\n\t\t\t\t<\/div>\n\t\t\t\t<div class=\"elementor-element elementor-element-ee52c9b lust elementor-widget elementor-widget-text-editor\" data-id=\"ee52c9b\" data-element_type=\"widget\" data-widget_type=\"text-editor.default\">\n\t\t\t\t<div class=\"elementor-widget-container\">\n\t\t\t\t\t\t\t\t\t<h5>Links<\/h5>\t\t\t\t\t\t\t\t<\/div>\n\t\t\t\t<\/div>\n\t\t\t\t<div class=\"elementor-element elementor-element-ce9034c elementor-widget-divider--view-line elementor-widget elementor-widget-divider\" data-id=\"ce9034c\" data-element_type=\"widget\" data-widget_type=\"divider.default\">\n\t\t\t\t<div class=\"elementor-widget-container\">\n\t\t\t\t\t\t\t<div class=\"elementor-divider\">\n\t\t\t<span class=\"elementor-divider-separator\">\n\t\t\t\t\t\t<\/span>\n\t\t<\/div>\n\t\t\t\t\t\t<\/div>\n\t\t\t\t<\/div>\n\t\t\t\t<div class=\"elementor-element elementor-element-8f43c7f elementor-widget__width-auto elementor-widget elementor-widget-button\" data-id=\"8f43c7f\" data-element_type=\"widget\" data-widget_type=\"button.default\">\n\t\t\t\t<div class=\"elementor-widget-container\">\n\t\t\t\t\t\t\t\t\t<div class=\"elementor-button-wrapper\">\n\t\t\t\t\t<a class=\"elementor-button elementor-button-link elementor-size-sm\" href=\"https:\/\/pro.costa-verde.com\/wp-content\/uploads\/2024\/12\/Catalogo_CostaVerde_2024_1.pdf\" target=\"_blank\">\n\t\t\t\t\t\t<span class=\"elementor-button-content-wrapper\">\n\t\t\t\t\t\t<span class=\"elementor-button-icon\">\n\t\t\t\t<i aria-hidden=\"true\" class=\"stroke pe-7s-download\"><\/i>\t\t\t<\/span>\n\t\t\t\t\t\t\t\t\t<span class=\"elementor-button-text\">Cat\u00e1logo<\/span>\n\t\t\t\t\t<\/span>\n\t\t\t\t\t<\/a>\n\t\t\t\t<\/div>\n\t\t\t\t\t\t\t\t<\/div>\n\t\t\t\t<\/div>\n\t\t\t\t<div class=\"elementor-element elementor-element-1a5f7d6 elementor-widget__width-auto elementor-widget elementor-widget-button\" data-id=\"1a5f7d6\" data-element_type=\"widget\" data-widget_type=\"button.default\">\n\t\t\t\t<div class=\"elementor-widget-container\">\n\t\t\t\t\t\t\t\t\t<div class=\"elementor-button-wrapper\">\n\t\t\t\t\t<a class=\"elementor-button elementor-button-link elementor-size-sm\" href=\"https:\/\/pro.costa-verde.com\/wp-content\/uploads\/2021\/09\/Folheto_Turismo_web.pdf\" target=\"_blank\">\n\t\t\t\t\t\t<span class=\"elementor-button-content-wrapper\">\n\t\t\t\t\t\t<span class=\"elementor-button-icon\">\n\t\t\t\t<i aria-hidden=\"true\" class=\"stroke pe-7s-download\"><\/i>\t\t\t<\/span>\n\t\t\t\t\t\t\t\t\t<span class=\"elementor-button-text\">Folleto<\/span>\n\t\t\t\t\t<\/span>\n\t\t\t\t\t<\/a>\n\t\t\t\t<\/div>\n\t\t\t\t\t\t\t\t<\/div>\n\t\t\t\t<\/div>\n\t\t\t\t<div class=\"elementor-element elementor-element-1bce0f0 elementor-widget__width-auto elementor-widget elementor-widget-button\" data-id=\"1bce0f0\" data-element_type=\"widget\" data-widget_type=\"button.default\">\n\t\t\t\t<div class=\"elementor-widget-container\">\n\t\t\t\t\t\t\t\t\t<div class=\"elementor-button-wrapper\">\n\t\t\t\t\t<a class=\"elementor-button elementor-button-link elementor-size-sm\" href=\"#elementor-action%3Aaction%3Dpopup%3Aopen%26settings%3DeyJpZCI6MTc0MDAsInRvZ2dsZSI6ZmFsc2V9\" target=\"_blank\">\n\t\t\t\t\t\t<span class=\"elementor-button-content-wrapper\">\n\t\t\t\t\t\t<span class=\"elementor-button-icon\">\n\t\t\t\t<i aria-hidden=\"true\" class=\"stroke pe-7s-play\"><\/i>\t\t\t<\/span>\n\t\t\t\t\t\t\t\t\t<span class=\"elementor-button-text\">Video<\/span>\n\t\t\t\t\t<\/span>\n\t\t\t\t\t<\/a>\n\t\t\t\t<\/div>\n\t\t\t\t\t\t\t\t<\/div>\n\t\t\t\t<\/div>\n\t\t\t\t\t<\/div>\n\t\t<\/div>\n\t\t\t\t\t<\/div>\n\t\t<\/section>\n\t\t\t\t<section class=\"elementor-section elementor-top-section elementor-element elementor-element-03debf2 elementor-section-boxed elementor-section-height-default elementor-section-height-default\" data-id=\"03debf2\" data-element_type=\"section\">\n\t\t\t\t\t\t<div class=\"elementor-container elementor-column-gap-default\">\n\t\t\t\t\t<div class=\"elementor-column elementor-col-100 elementor-top-column elementor-element elementor-element-ed377bf\" data-id=\"ed377bf\" data-element_type=\"column\">\n\t\t\t<div class=\"elementor-widget-wrap elementor-element-populated\">\n\t\t\t\t\t\t<div class=\"elementor-element elementor-element-305f09d elementor-widget elementor-widget-spacer\" data-id=\"305f09d\" data-element_type=\"widget\" data-widget_type=\"spacer.default\">\n\t\t\t\t<div class=\"elementor-widget-container\">\n\t\t\t\t\t\t\t<div class=\"elementor-spacer\">\n\t\t\t<div class=\"elementor-spacer-inner\"><\/div>\n\t\t<\/div>\n\t\t\t\t\t\t<\/div>\n\t\t\t\t<\/div>\n\t\t\t\t<div class=\"elementor-element elementor-element-7b018e6 elementor-widget elementor-widget-text-editor\" data-id=\"7b018e6\" data-element_type=\"widget\" data-widget_type=\"text-editor.default\">\n\t\t\t\t<div class=\"elementor-widget-container\">\n\t\t\t\t\t\t\t\t\t<h3>Las piezas de la Colecci\u00f3n Turismo<\/h3>\t\t\t\t\t\t\t\t<\/div>\n\t\t\t\t<\/div>\n\t\t\t\t\t<\/div>\n\t\t<\/div>\n\t\t\t\t\t<\/div>\n\t\t<\/section>\n\t\t\t\t<section class=\"elementor-section elementor-top-section elementor-element elementor-element-ac98b6a elementor-section-boxed elementor-section-height-default elementor-section-height-default\" data-id=\"ac98b6a\" data-element_type=\"section\">\n\t\t\t\t\t\t<div class=\"elementor-container elementor-column-gap-default\">\n\t\t\t\t\t<div class=\"elementor-column elementor-col-100 elementor-top-column elementor-element elementor-element-1792067\" data-id=\"1792067\" data-element_type=\"column\">\n\t\t\t<div class=\"elementor-widget-wrap elementor-element-populated\">\n\t\t\t\t\t\t<div class=\"elementor-element elementor-element-38d70b3 elementor-grid-4 elementor-grid-tablet-3 elementor-grid-mobile-2 elementor-products-grid elementor-wc-products elementor-widget elementor-widget-woocommerce-products\" data-id=\"38d70b3\" data-element_type=\"widget\" data-widget_type=\"woocommerce-products.default\">\n\t\t\t\t<div class=\"elementor-widget-container\">\n\t\t\t\t\t<div class=\"woocommerce columns-4 \">\t<div class=\"products jas-row\"  >\n\t\t<div class=\"jas-col-md-3 jas-col-sm-4 jas-col-xs-6 mt__30 post-59970 product type-product status-publish has-post-thumbnail product_cat-sin-categorizar pa_colecao-turismo-es first instock taxable shipping-taxable product-type-simple\">\n\t<div class=\"product-inner pr\">\n\t\t<div class=\"product-image pr\">\n\t\t\t\t\t\t<a class=\"db\" href=\"https:\/\/pro.costa-verde.com\/es\/produto\/plato-30cm-turismo\/\"><img fetchpriority=\"high\" decoding=\"async\" width=\"300\" height=\"192\" src=\"https:\/\/pro.costa-verde.com\/wp-content\/uploads\/2024\/09\/001000500001-TUR-PRATO-30CM-300x192.jpg\" class=\"attachment-shop_catalog size-shop_catalog\" alt=\"Plato 30cm\" srcset=\"https:\/\/pro.costa-verde.com\/wp-content\/uploads\/2024\/09\/001000500001-TUR-PRATO-30CM-300x192.jpg 300w, https:\/\/pro.costa-verde.com\/wp-content\/uploads\/2024\/09\/001000500001-TUR-PRATO-30CM-1024x656.jpg 1024w, https:\/\/pro.costa-verde.com\/wp-content\/uploads\/2024\/09\/001000500001-TUR-PRATO-30CM-768x492.jpg 768w, https:\/\/pro.costa-verde.com\/wp-content\/uploads\/2024\/09\/001000500001-TUR-PRATO-30CM-1536x984.jpg 1536w, https:\/\/pro.costa-verde.com\/wp-content\/uploads\/2024\/09\/001000500001-TUR-PRATO-30CM-600x384.jpg 600w, https:\/\/pro.costa-verde.com\/wp-content\/uploads\/2024\/09\/001000500001-TUR-PRATO-30CM-120x77.jpg 120w, https:\/\/pro.costa-verde.com\/wp-content\/uploads\/2024\/09\/001000500001-TUR-PRATO-30CM.jpg 1920w\" sizes=\"(max-width: 300px) 100vw, 300px\" \/><\/a>\n\t\t\t<div class=\"product-btn pa flex column ts__03\">\n\t\t\t\t\n\t\t\t\t\t\t\t<\/div>\n\t\t\t\n\t\t\t\t\t\t\t\t<\/div><!-- .product-image -->\n\t\t<div class=\"product-info mt__15\">\n\t\t\t<h3 class=\"product-title pr fs__14 mg__0 fwm\"><a class=\"cd chp\" href=\"https:\/\/pro.costa-verde.com\/es\/produto\/plato-30cm-turismo\/\">Plato 30cm<\/a><\/h3>\n\t\t<\/div><!-- .product-info -->\n\t<\/div><!-- .product-inner -->\n<\/div>\n<div class=\"jas-col-md-3 jas-col-sm-4 jas-col-xs-6 mt__30 post-59952 product type-product status-publish has-post-thumbnail product_cat-sin-categorizar pa_colecao-turismo-es  instock taxable shipping-taxable product-type-simple\">\n\t<div class=\"product-inner pr\">\n\t\t<div class=\"product-image pr\">\n\t\t\t\t\t\t<a class=\"db\" href=\"https:\/\/pro.costa-verde.com\/es\/produto\/taza-y-platillo-60ml-turismo\/\"><img decoding=\"async\" width=\"300\" height=\"192\" src=\"https:\/\/pro.costa-verde.com\/wp-content\/uploads\/2024\/10\/1200-TUR-P_CHAV.4-60ML.effectsResult-300x192.jpg\" class=\"attachment-shop_catalog size-shop_catalog\" alt=\"Taza y platillo 60ml\" srcset=\"https:\/\/pro.costa-verde.com\/wp-content\/uploads\/2024\/10\/1200-TUR-P_CHAV.4-60ML.effectsResult-300x192.jpg 300w, https:\/\/pro.costa-verde.com\/wp-content\/uploads\/2024\/10\/1200-TUR-P_CHAV.4-60ML.effectsResult-1024x656.jpg 1024w, https:\/\/pro.costa-verde.com\/wp-content\/uploads\/2024\/10\/1200-TUR-P_CHAV.4-60ML.effectsResult-768x492.jpg 768w, https:\/\/pro.costa-verde.com\/wp-content\/uploads\/2024\/10\/1200-TUR-P_CHAV.4-60ML.effectsResult-1536x984.jpg 1536w, https:\/\/pro.costa-verde.com\/wp-content\/uploads\/2024\/10\/1200-TUR-P_CHAV.4-60ML.effectsResult-600x384.jpg 600w, https:\/\/pro.costa-verde.com\/wp-content\/uploads\/2024\/10\/1200-TUR-P_CHAV.4-60ML.effectsResult-120x77.jpg 120w, https:\/\/pro.costa-verde.com\/wp-content\/uploads\/2024\/10\/1200-TUR-P_CHAV.4-60ML.effectsResult.jpg 1920w\" sizes=\"(max-width: 300px) 100vw, 300px\" \/><\/a>\n\t\t\t<div class=\"product-btn pa flex column ts__03\">\n\t\t\t\t\n\t\t\t\t\t\t\t<\/div>\n\t\t\t\n\t\t\t\t\t\t\t\t<\/div><!-- .product-image -->\n\t\t<div class=\"product-info mt__15\">\n\t\t\t<h3 class=\"product-title pr fs__14 mg__0 fwm\"><a class=\"cd chp\" href=\"https:\/\/pro.costa-verde.com\/es\/produto\/taza-y-platillo-60ml-turismo\/\">Taza y platillo 60ml<\/a><\/h3>\n\t\t<\/div><!-- .product-info -->\n\t<\/div><!-- .product-inner -->\n<\/div>\n<div class=\"jas-col-md-3 jas-col-sm-4 jas-col-xs-6 mt__30 post-59953 product type-product status-publish has-post-thumbnail product_cat-sin-categorizar pa_colecao-turismo-es  instock taxable shipping-taxable product-type-simple\">\n\t<div class=\"product-inner pr\">\n\t\t<div class=\"product-image pr\">\n\t\t\t\t\t\t<a class=\"db\" href=\"https:\/\/pro.costa-verde.com\/es\/produto\/taza-y-platillo-130ml-turismo\/\"><img decoding=\"async\" width=\"300\" height=\"192\" src=\"https:\/\/pro.costa-verde.com\/wp-content\/uploads\/2024\/10\/1209-TUR-P_CHAV.3-130ML.effectsResult-300x192.jpg\" class=\"attachment-shop_catalog size-shop_catalog\" alt=\"Taza y platillo 130ml\" srcset=\"https:\/\/pro.costa-verde.com\/wp-content\/uploads\/2024\/10\/1209-TUR-P_CHAV.3-130ML.effectsResult-300x192.jpg 300w, https:\/\/pro.costa-verde.com\/wp-content\/uploads\/2024\/10\/1209-TUR-P_CHAV.3-130ML.effectsResult-1024x656.jpg 1024w, https:\/\/pro.costa-verde.com\/wp-content\/uploads\/2024\/10\/1209-TUR-P_CHAV.3-130ML.effectsResult-768x492.jpg 768w, https:\/\/pro.costa-verde.com\/wp-content\/uploads\/2024\/10\/1209-TUR-P_CHAV.3-130ML.effectsResult-1536x984.jpg 1536w, https:\/\/pro.costa-verde.com\/wp-content\/uploads\/2024\/10\/1209-TUR-P_CHAV.3-130ML.effectsResult-600x384.jpg 600w, https:\/\/pro.costa-verde.com\/wp-content\/uploads\/2024\/10\/1209-TUR-P_CHAV.3-130ML.effectsResult-120x77.jpg 120w, https:\/\/pro.costa-verde.com\/wp-content\/uploads\/2024\/10\/1209-TUR-P_CHAV.3-130ML.effectsResult.jpg 1920w\" sizes=\"(max-width: 300px) 100vw, 300px\" \/><\/a>\n\t\t\t<div class=\"product-btn pa flex column ts__03\">\n\t\t\t\t\n\t\t\t\t\t\t\t<\/div>\n\t\t\t\n\t\t\t\t\t\t\t\t<\/div><!-- .product-image -->\n\t\t<div class=\"product-info mt__15\">\n\t\t\t<h3 class=\"product-title pr fs__14 mg__0 fwm\"><a class=\"cd chp\" href=\"https:\/\/pro.costa-verde.com\/es\/produto\/taza-y-platillo-130ml-turismo\/\">Taza y platillo 130ml<\/a><\/h3>\n\t\t<\/div><!-- .product-info -->\n\t<\/div><!-- .product-inner -->\n<\/div>\n<div class=\"jas-col-md-3 jas-col-sm-4 jas-col-xs-6 mt__30 post-59954 product type-product status-publish has-post-thumbnail product_cat-sin-categorizar pa_colecao-turismo-es last instock taxable shipping-taxable product-type-simple\">\n\t<div class=\"product-inner pr\">\n\t\t<div class=\"product-image pr\">\n\t\t\t\t\t\t<a class=\"db\" href=\"https:\/\/pro.costa-verde.com\/es\/produto\/taza-y-platillo-1-2-leche-190ml-turismo\/\"><img loading=\"lazy\" decoding=\"async\" width=\"300\" height=\"192\" src=\"https:\/\/pro.costa-verde.com\/wp-content\/uploads\/2024\/10\/1242-TUR-P_CHAV-MEIA-LEITE-190.effectsResult-300x192.jpg\" class=\"attachment-shop_catalog size-shop_catalog\" alt=\"Taza y platillo 1\/2 leche 190ml\" srcset=\"https:\/\/pro.costa-verde.com\/wp-content\/uploads\/2024\/10\/1242-TUR-P_CHAV-MEIA-LEITE-190.effectsResult-300x192.jpg 300w, https:\/\/pro.costa-verde.com\/wp-content\/uploads\/2024\/10\/1242-TUR-P_CHAV-MEIA-LEITE-190.effectsResult-1024x656.jpg 1024w, https:\/\/pro.costa-verde.com\/wp-content\/uploads\/2024\/10\/1242-TUR-P_CHAV-MEIA-LEITE-190.effectsResult-768x492.jpg 768w, https:\/\/pro.costa-verde.com\/wp-content\/uploads\/2024\/10\/1242-TUR-P_CHAV-MEIA-LEITE-190.effectsResult-1536x984.jpg 1536w, https:\/\/pro.costa-verde.com\/wp-content\/uploads\/2024\/10\/1242-TUR-P_CHAV-MEIA-LEITE-190.effectsResult-600x384.jpg 600w, https:\/\/pro.costa-verde.com\/wp-content\/uploads\/2024\/10\/1242-TUR-P_CHAV-MEIA-LEITE-190.effectsResult-120x77.jpg 120w, https:\/\/pro.costa-verde.com\/wp-content\/uploads\/2024\/10\/1242-TUR-P_CHAV-MEIA-LEITE-190.effectsResult.jpg 1920w\" sizes=\"(max-width: 300px) 100vw, 300px\" \/><\/a>\n\t\t\t<div class=\"product-btn pa flex column ts__03\">\n\t\t\t\t\n\t\t\t\t\t\t\t<\/div>\n\t\t\t\n\t\t\t\t\t\t\t\t<\/div><!-- .product-image -->\n\t\t<div class=\"product-info mt__15\">\n\t\t\t<h3 class=\"product-title pr fs__14 mg__0 fwm\"><a class=\"cd chp\" href=\"https:\/\/pro.costa-verde.com\/es\/produto\/taza-y-platillo-1-2-leche-190ml-turismo\/\">Taza y platillo 1\/2 leche 190ml<\/a><\/h3>\n\t\t<\/div><!-- .product-info -->\n\t<\/div><!-- .product-inner -->\n<\/div>\n<div class=\"jas-col-md-3 jas-col-sm-4 jas-col-xs-6 mt__30 post-59955 product type-product status-publish has-post-thumbnail product_cat-sin-categorizar pa_colecao-turismo-es first instock taxable shipping-taxable product-type-simple\">\n\t<div class=\"product-inner pr\">\n\t\t<div class=\"product-image pr\">\n\t\t\t\t\t\t<a class=\"db\" href=\"https:\/\/pro.costa-verde.com\/es\/produto\/cup-without-handle-60ml-turismo\/\"><img loading=\"lazy\" decoding=\"async\" width=\"300\" height=\"192\" src=\"https:\/\/pro.costa-verde.com\/wp-content\/uploads\/2024\/09\/001020700001-TUR-CHAV.4-SEM-ASA-60ML-300x192.jpg\" class=\"attachment-shop_catalog size-shop_catalog\" alt=\"Cup without handle 60ml\" srcset=\"https:\/\/pro.costa-verde.com\/wp-content\/uploads\/2024\/09\/001020700001-TUR-CHAV.4-SEM-ASA-60ML-300x192.jpg 300w, https:\/\/pro.costa-verde.com\/wp-content\/uploads\/2024\/09\/001020700001-TUR-CHAV.4-SEM-ASA-60ML-1024x656.jpg 1024w, https:\/\/pro.costa-verde.com\/wp-content\/uploads\/2024\/09\/001020700001-TUR-CHAV.4-SEM-ASA-60ML-768x492.jpg 768w, https:\/\/pro.costa-verde.com\/wp-content\/uploads\/2024\/09\/001020700001-TUR-CHAV.4-SEM-ASA-60ML-1536x984.jpg 1536w, https:\/\/pro.costa-verde.com\/wp-content\/uploads\/2024\/09\/001020700001-TUR-CHAV.4-SEM-ASA-60ML-600x384.jpg 600w, https:\/\/pro.costa-verde.com\/wp-content\/uploads\/2024\/09\/001020700001-TUR-CHAV.4-SEM-ASA-60ML-120x77.jpg 120w, https:\/\/pro.costa-verde.com\/wp-content\/uploads\/2024\/09\/001020700001-TUR-CHAV.4-SEM-ASA-60ML.jpg 1920w\" sizes=\"(max-width: 300px) 100vw, 300px\" \/><\/a>\n\t\t\t<div class=\"product-btn pa flex column ts__03\">\n\t\t\t\t\n\t\t\t\t\t\t\t<\/div>\n\t\t\t\n\t\t\t\t\t\t\t\t<\/div><!-- .product-image -->\n\t\t<div class=\"product-info mt__15\">\n\t\t\t<h3 class=\"product-title pr fs__14 mg__0 fwm\"><a class=\"cd chp\" href=\"https:\/\/pro.costa-verde.com\/es\/produto\/cup-without-handle-60ml-turismo\/\">Cup without handle 60ml<\/a><\/h3>\n\t\t<\/div><!-- .product-info -->\n\t<\/div><!-- .product-inner -->\n<\/div>\n<div class=\"jas-col-md-3 jas-col-sm-4 jas-col-xs-6 mt__30 post-59956 product type-product status-publish has-post-thumbnail product_cat-sin-categorizar pa_colecao-turismo-es  instock taxable shipping-taxable product-type-simple\">\n\t<div class=\"product-inner pr\">\n\t\t<div class=\"product-image pr\">\n\t\t\t\t\t\t<a class=\"db\" href=\"https:\/\/pro.costa-verde.com\/es\/produto\/taza-sin-asa-130ml-turismo\/\"><img loading=\"lazy\" decoding=\"async\" width=\"300\" height=\"192\" src=\"https:\/\/pro.costa-verde.com\/wp-content\/uploads\/2024\/09\/001113200001-TUR-CHAV.3-SEM-ASA-130ML-300x192.jpg\" class=\"attachment-shop_catalog size-shop_catalog\" alt=\"Taza sin asa 130ml\" srcset=\"https:\/\/pro.costa-verde.com\/wp-content\/uploads\/2024\/09\/001113200001-TUR-CHAV.3-SEM-ASA-130ML-300x192.jpg 300w, https:\/\/pro.costa-verde.com\/wp-content\/uploads\/2024\/09\/001113200001-TUR-CHAV.3-SEM-ASA-130ML-1024x656.jpg 1024w, https:\/\/pro.costa-verde.com\/wp-content\/uploads\/2024\/09\/001113200001-TUR-CHAV.3-SEM-ASA-130ML-768x492.jpg 768w, https:\/\/pro.costa-verde.com\/wp-content\/uploads\/2024\/09\/001113200001-TUR-CHAV.3-SEM-ASA-130ML-1536x984.jpg 1536w, https:\/\/pro.costa-verde.com\/wp-content\/uploads\/2024\/09\/001113200001-TUR-CHAV.3-SEM-ASA-130ML-600x384.jpg 600w, https:\/\/pro.costa-verde.com\/wp-content\/uploads\/2024\/09\/001113200001-TUR-CHAV.3-SEM-ASA-130ML-120x77.jpg 120w, https:\/\/pro.costa-verde.com\/wp-content\/uploads\/2024\/09\/001113200001-TUR-CHAV.3-SEM-ASA-130ML.jpg 1920w\" sizes=\"(max-width: 300px) 100vw, 300px\" \/><\/a>\n\t\t\t<div class=\"product-btn pa flex column ts__03\">\n\t\t\t\t\n\t\t\t\t\t\t\t<\/div>\n\t\t\t\n\t\t\t\t\t\t\t\t<\/div><!-- .product-image -->\n\t\t<div class=\"product-info mt__15\">\n\t\t\t<h3 class=\"product-title pr fs__14 mg__0 fwm\"><a class=\"cd chp\" href=\"https:\/\/pro.costa-verde.com\/es\/produto\/taza-sin-asa-130ml-turismo\/\">Taza sin asa 130ml<\/a><\/h3>\n\t\t<\/div><!-- .product-info -->\n\t<\/div><!-- .product-inner -->\n<\/div>\n<div class=\"jas-col-md-3 jas-col-sm-4 jas-col-xs-6 mt__30 post-59957 product type-product status-publish has-post-thumbnail product_cat-sin-categorizar pa_colecao-turismo-es  instock taxable shipping-taxable product-type-simple\">\n\t<div class=\"product-inner pr\">\n\t\t<div class=\"product-image pr\">\n\t\t\t\t\t\t<a class=\"db\" href=\"https:\/\/pro.costa-verde.com\/es\/produto\/taza-1-2-leche-sin-asa-190ml-turismo\/\"><img loading=\"lazy\" decoding=\"async\" width=\"300\" height=\"192\" src=\"https:\/\/pro.costa-verde.com\/wp-content\/uploads\/2024\/09\/001024500001-TUR-CHAV-MEIA-DE-LEITE-SEM-ASA-300x192.jpg\" class=\"attachment-shop_catalog size-shop_catalog\" alt=\"Taza 1\/2 leche sin asa 190ml\" srcset=\"https:\/\/pro.costa-verde.com\/wp-content\/uploads\/2024\/09\/001024500001-TUR-CHAV-MEIA-DE-LEITE-SEM-ASA-300x192.jpg 300w, https:\/\/pro.costa-verde.com\/wp-content\/uploads\/2024\/09\/001024500001-TUR-CHAV-MEIA-DE-LEITE-SEM-ASA-1024x656.jpg 1024w, https:\/\/pro.costa-verde.com\/wp-content\/uploads\/2024\/09\/001024500001-TUR-CHAV-MEIA-DE-LEITE-SEM-ASA-768x492.jpg 768w, https:\/\/pro.costa-verde.com\/wp-content\/uploads\/2024\/09\/001024500001-TUR-CHAV-MEIA-DE-LEITE-SEM-ASA-1536x984.jpg 1536w, https:\/\/pro.costa-verde.com\/wp-content\/uploads\/2024\/09\/001024500001-TUR-CHAV-MEIA-DE-LEITE-SEM-ASA-600x384.jpg 600w, https:\/\/pro.costa-verde.com\/wp-content\/uploads\/2024\/09\/001024500001-TUR-CHAV-MEIA-DE-LEITE-SEM-ASA-120x77.jpg 120w, https:\/\/pro.costa-verde.com\/wp-content\/uploads\/2024\/09\/001024500001-TUR-CHAV-MEIA-DE-LEITE-SEM-ASA.jpg 1920w\" sizes=\"(max-width: 300px) 100vw, 300px\" \/><\/a>\n\t\t\t<div class=\"product-btn pa flex column ts__03\">\n\t\t\t\t\n\t\t\t\t\t\t\t<\/div>\n\t\t\t\n\t\t\t\t\t\t\t\t<\/div><!-- .product-image -->\n\t\t<div class=\"product-info mt__15\">\n\t\t\t<h3 class=\"product-title pr fs__14 mg__0 fwm\"><a class=\"cd chp\" href=\"https:\/\/pro.costa-verde.com\/es\/produto\/taza-1-2-leche-sin-asa-190ml-turismo\/\">Taza 1\/2 leche sin asa 190ml<\/a><\/h3>\n\t\t<\/div><!-- .product-info -->\n\t<\/div><!-- .product-inner -->\n<\/div>\n<div class=\"jas-col-md-3 jas-col-sm-4 jas-col-xs-6 mt__30 post-59959 product type-product status-publish has-post-thumbnail product_cat-sin-categorizar pa_colecao-turismo-es last instock taxable shipping-taxable product-type-simple\">\n\t<div class=\"product-inner pr\">\n\t\t<div class=\"product-image pr\">\n\t\t\t\t\t\t<a class=\"db\" href=\"https:\/\/pro.costa-verde.com\/es\/produto\/taza-60ml-turismo\/\"><img loading=\"lazy\" decoding=\"async\" width=\"300\" height=\"192\" src=\"https:\/\/pro.costa-verde.com\/wp-content\/uploads\/2024\/09\/001020100001-TUR-CHAV.4-60ML-300x192.jpg\" class=\"attachment-shop_catalog size-shop_catalog\" alt=\"Taza 60ml\" srcset=\"https:\/\/pro.costa-verde.com\/wp-content\/uploads\/2024\/09\/001020100001-TUR-CHAV.4-60ML-300x192.jpg 300w, https:\/\/pro.costa-verde.com\/wp-content\/uploads\/2024\/09\/001020100001-TUR-CHAV.4-60ML-1024x656.jpg 1024w, https:\/\/pro.costa-verde.com\/wp-content\/uploads\/2024\/09\/001020100001-TUR-CHAV.4-60ML-768x492.jpg 768w, https:\/\/pro.costa-verde.com\/wp-content\/uploads\/2024\/09\/001020100001-TUR-CHAV.4-60ML-1536x984.jpg 1536w, https:\/\/pro.costa-verde.com\/wp-content\/uploads\/2024\/09\/001020100001-TUR-CHAV.4-60ML-600x384.jpg 600w, https:\/\/pro.costa-verde.com\/wp-content\/uploads\/2024\/09\/001020100001-TUR-CHAV.4-60ML-120x77.jpg 120w, https:\/\/pro.costa-verde.com\/wp-content\/uploads\/2024\/09\/001020100001-TUR-CHAV.4-60ML.jpg 1920w\" sizes=\"(max-width: 300px) 100vw, 300px\" \/><\/a>\n\t\t\t<div class=\"product-btn pa flex column ts__03\">\n\t\t\t\t\n\t\t\t\t\t\t\t<\/div>\n\t\t\t\n\t\t\t\t\t\t\t\t<\/div><!-- .product-image -->\n\t\t<div class=\"product-info mt__15\">\n\t\t\t<h3 class=\"product-title pr fs__14 mg__0 fwm\"><a class=\"cd chp\" href=\"https:\/\/pro.costa-verde.com\/es\/produto\/taza-60ml-turismo\/\">Taza 60ml<\/a><\/h3>\n\t\t<\/div><!-- .product-info -->\n\t<\/div><!-- .product-inner -->\n<\/div>\n<div class=\"jas-col-md-3 jas-col-sm-4 jas-col-xs-6 mt__30 post-59958 product type-product status-publish has-post-thumbnail product_cat-sin-categorizar pa_colecao-turismo-es first instock taxable shipping-taxable product-type-simple\">\n\t<div class=\"product-inner pr\">\n\t\t<div class=\"product-image pr\">\n\t\t\t\t\t\t<a class=\"db\" href=\"https:\/\/pro.costa-verde.com\/es\/produto\/taza-130ml-turismo\/\"><img loading=\"lazy\" decoding=\"async\" width=\"300\" height=\"192\" src=\"https:\/\/pro.costa-verde.com\/wp-content\/uploads\/2024\/09\/001021000001-TUR-CHAV.3-130ML-300x192.jpg\" class=\"attachment-shop_catalog size-shop_catalog\" alt=\"Taza 130ml\" srcset=\"https:\/\/pro.costa-verde.com\/wp-content\/uploads\/2024\/09\/001021000001-TUR-CHAV.3-130ML-300x192.jpg 300w, https:\/\/pro.costa-verde.com\/wp-content\/uploads\/2024\/09\/001021000001-TUR-CHAV.3-130ML-1024x656.jpg 1024w, https:\/\/pro.costa-verde.com\/wp-content\/uploads\/2024\/09\/001021000001-TUR-CHAV.3-130ML-768x492.jpg 768w, https:\/\/pro.costa-verde.com\/wp-content\/uploads\/2024\/09\/001021000001-TUR-CHAV.3-130ML-1536x984.jpg 1536w, https:\/\/pro.costa-verde.com\/wp-content\/uploads\/2024\/09\/001021000001-TUR-CHAV.3-130ML-600x384.jpg 600w, https:\/\/pro.costa-verde.com\/wp-content\/uploads\/2024\/09\/001021000001-TUR-CHAV.3-130ML-120x77.jpg 120w, https:\/\/pro.costa-verde.com\/wp-content\/uploads\/2024\/09\/001021000001-TUR-CHAV.3-130ML.jpg 1920w\" sizes=\"(max-width: 300px) 100vw, 300px\" \/><\/a>\n\t\t\t<div class=\"product-btn pa flex column ts__03\">\n\t\t\t\t\n\t\t\t\t\t\t\t<\/div>\n\t\t\t\n\t\t\t\t\t\t\t\t<\/div><!-- .product-image -->\n\t\t<div class=\"product-info mt__15\">\n\t\t\t<h3 class=\"product-title pr fs__14 mg__0 fwm\"><a class=\"cd chp\" href=\"https:\/\/pro.costa-verde.com\/es\/produto\/taza-130ml-turismo\/\">Taza 130ml<\/a><\/h3>\n\t\t<\/div><!-- .product-info -->\n\t<\/div><!-- .product-inner -->\n<\/div>\n<div class=\"jas-col-md-3 jas-col-sm-4 jas-col-xs-6 mt__30 post-59960 product type-product status-publish has-post-thumbnail product_cat-sin-categorizar pa_colecao-turismo-es  instock taxable shipping-taxable product-type-simple\">\n\t<div class=\"product-inner pr\">\n\t\t<div class=\"product-image pr\">\n\t\t\t\t\t\t<a class=\"db\" href=\"https:\/\/pro.costa-verde.com\/es\/produto\/taza-1-2-leche-190ml-turismo\/\"><img loading=\"lazy\" decoding=\"async\" width=\"300\" height=\"192\" src=\"https:\/\/pro.costa-verde.com\/wp-content\/uploads\/2024\/09\/001024300001-TUR-CHAV.MEIA-LEITE-190ML-300x192.jpg\" class=\"attachment-shop_catalog size-shop_catalog\" alt=\"Taza 1\/2 leche 190ml\" srcset=\"https:\/\/pro.costa-verde.com\/wp-content\/uploads\/2024\/09\/001024300001-TUR-CHAV.MEIA-LEITE-190ML-300x192.jpg 300w, https:\/\/pro.costa-verde.com\/wp-content\/uploads\/2024\/09\/001024300001-TUR-CHAV.MEIA-LEITE-190ML-1024x656.jpg 1024w, https:\/\/pro.costa-verde.com\/wp-content\/uploads\/2024\/09\/001024300001-TUR-CHAV.MEIA-LEITE-190ML-768x492.jpg 768w, https:\/\/pro.costa-verde.com\/wp-content\/uploads\/2024\/09\/001024300001-TUR-CHAV.MEIA-LEITE-190ML-1536x984.jpg 1536w, https:\/\/pro.costa-verde.com\/wp-content\/uploads\/2024\/09\/001024300001-TUR-CHAV.MEIA-LEITE-190ML-600x384.jpg 600w, https:\/\/pro.costa-verde.com\/wp-content\/uploads\/2024\/09\/001024300001-TUR-CHAV.MEIA-LEITE-190ML-120x77.jpg 120w, https:\/\/pro.costa-verde.com\/wp-content\/uploads\/2024\/09\/001024300001-TUR-CHAV.MEIA-LEITE-190ML.jpg 1920w\" sizes=\"(max-width: 300px) 100vw, 300px\" \/><\/a>\n\t\t\t<div class=\"product-btn pa flex column ts__03\">\n\t\t\t\t\n\t\t\t\t\t\t\t<\/div>\n\t\t\t\n\t\t\t\t\t\t\t\t<\/div><!-- .product-image -->\n\t\t<div class=\"product-info mt__15\">\n\t\t\t<h3 class=\"product-title pr fs__14 mg__0 fwm\"><a class=\"cd chp\" href=\"https:\/\/pro.costa-verde.com\/es\/produto\/taza-1-2-leche-190ml-turismo\/\">Taza 1\/2 leche 190ml<\/a><\/h3>\n\t\t<\/div><!-- .product-info -->\n\t<\/div><!-- .product-inner -->\n<\/div>\n<div class=\"jas-col-md-3 jas-col-sm-4 jas-col-xs-6 mt__30 post-59961 product type-product status-publish has-post-thumbnail product_cat-sin-categorizar pa_colecao-turismo-es  instock taxable shipping-taxable product-type-simple\">\n\t<div class=\"product-inner pr\">\n\t\t<div class=\"product-image pr\">\n\t\t\t\t\t\t<a class=\"db\" href=\"https:\/\/pro.costa-verde.com\/es\/produto\/plato-isoterm-26cm-turismo\/\"><img loading=\"lazy\" decoding=\"async\" width=\"300\" height=\"192\" src=\"https:\/\/pro.costa-verde.com\/wp-content\/uploads\/2024\/09\/001002300001-TUR-PRATO-ISOT-26CM-300x192.jpg\" class=\"attachment-shop_catalog size-shop_catalog\" alt=\"Plato isoterm 26cm\" srcset=\"https:\/\/pro.costa-verde.com\/wp-content\/uploads\/2024\/09\/001002300001-TUR-PRATO-ISOT-26CM-300x192.jpg 300w, https:\/\/pro.costa-verde.com\/wp-content\/uploads\/2024\/09\/001002300001-TUR-PRATO-ISOT-26CM-1024x656.jpg 1024w, https:\/\/pro.costa-verde.com\/wp-content\/uploads\/2024\/09\/001002300001-TUR-PRATO-ISOT-26CM-768x492.jpg 768w, https:\/\/pro.costa-verde.com\/wp-content\/uploads\/2024\/09\/001002300001-TUR-PRATO-ISOT-26CM-1536x984.jpg 1536w, https:\/\/pro.costa-verde.com\/wp-content\/uploads\/2024\/09\/001002300001-TUR-PRATO-ISOT-26CM-600x384.jpg 600w, https:\/\/pro.costa-verde.com\/wp-content\/uploads\/2024\/09\/001002300001-TUR-PRATO-ISOT-26CM-120x77.jpg 120w, https:\/\/pro.costa-verde.com\/wp-content\/uploads\/2024\/09\/001002300001-TUR-PRATO-ISOT-26CM.jpg 1920w\" sizes=\"(max-width: 300px) 100vw, 300px\" \/><\/a>\n\t\t\t<div class=\"product-btn pa flex column ts__03\">\n\t\t\t\t\n\t\t\t\t\t\t\t<\/div>\n\t\t\t\n\t\t\t\t\t\t\t\t<\/div><!-- .product-image -->\n\t\t<div class=\"product-info mt__15\">\n\t\t\t<h3 class=\"product-title pr fs__14 mg__0 fwm\"><a class=\"cd chp\" href=\"https:\/\/pro.costa-verde.com\/es\/produto\/plato-isoterm-26cm-turismo\/\">Plato isoterm 26cm<\/a><\/h3>\n\t\t<\/div><!-- .product-info -->\n\t<\/div><!-- .product-inner -->\n<\/div>\n<div class=\"jas-col-md-3 jas-col-sm-4 jas-col-xs-6 mt__30 post-59962 product type-product status-publish has-post-thumbnail product_cat-sin-categorizar pa_colecao-turismo-es last instock taxable shipping-taxable product-type-simple\">\n\t<div class=\"product-inner pr\">\n\t\t<div class=\"product-image pr\">\n\t\t\t\t\t\t<a class=\"db\" href=\"https:\/\/pro.costa-verde.com\/es\/produto\/plato-sin-pie-26cm-turismo\/\"><img loading=\"lazy\" decoding=\"async\" width=\"300\" height=\"192\" src=\"https:\/\/pro.costa-verde.com\/wp-content\/uploads\/2024\/09\/001001600001-TUR-PRATO-0-26CM-S-FRETE-300x192.jpg\" class=\"attachment-shop_catalog size-shop_catalog\" alt=\"Plato sin pie 26cm\" srcset=\"https:\/\/pro.costa-verde.com\/wp-content\/uploads\/2024\/09\/001001600001-TUR-PRATO-0-26CM-S-FRETE-300x192.jpg 300w, https:\/\/pro.costa-verde.com\/wp-content\/uploads\/2024\/09\/001001600001-TUR-PRATO-0-26CM-S-FRETE-1024x656.jpg 1024w, https:\/\/pro.costa-verde.com\/wp-content\/uploads\/2024\/09\/001001600001-TUR-PRATO-0-26CM-S-FRETE-768x492.jpg 768w, https:\/\/pro.costa-verde.com\/wp-content\/uploads\/2024\/09\/001001600001-TUR-PRATO-0-26CM-S-FRETE-1536x984.jpg 1536w, https:\/\/pro.costa-verde.com\/wp-content\/uploads\/2024\/09\/001001600001-TUR-PRATO-0-26CM-S-FRETE-600x384.jpg 600w, https:\/\/pro.costa-verde.com\/wp-content\/uploads\/2024\/09\/001001600001-TUR-PRATO-0-26CM-S-FRETE-120x77.jpg 120w, https:\/\/pro.costa-verde.com\/wp-content\/uploads\/2024\/09\/001001600001-TUR-PRATO-0-26CM-S-FRETE.jpg 1920w\" sizes=\"(max-width: 300px) 100vw, 300px\" \/><\/a>\n\t\t\t<div class=\"product-btn pa flex column ts__03\">\n\t\t\t\t\n\t\t\t\t\t\t\t<\/div>\n\t\t\t\n\t\t\t\t\t\t\t\t<\/div><!-- .product-image -->\n\t\t<div class=\"product-info mt__15\">\n\t\t\t<h3 class=\"product-title pr fs__14 mg__0 fwm\"><a class=\"cd chp\" href=\"https:\/\/pro.costa-verde.com\/es\/produto\/plato-sin-pie-26cm-turismo\/\">Plato sin pie 26cm<\/a><\/h3>\n\t\t<\/div><!-- .product-info -->\n\t<\/div><!-- .product-inner -->\n<\/div>\n<div class=\"jas-col-md-3 jas-col-sm-4 jas-col-xs-6 mt__30 post-59963 product type-product status-publish has-post-thumbnail product_cat-sin-categorizar pa_colecao-turismo-es first instock taxable shipping-taxable product-type-simple\">\n\t<div class=\"product-inner pr\">\n\t\t<div class=\"product-image pr\">\n\t\t\t\t\t\t<a class=\"db\" href=\"https:\/\/pro.costa-verde.com\/es\/produto\/plato-17cm-turismo\/\"><img loading=\"lazy\" decoding=\"async\" width=\"300\" height=\"192\" src=\"https:\/\/pro.costa-verde.com\/wp-content\/uploads\/2024\/09\/001004000001-TUR-PRATO-4-17CM-300x192.jpg\" class=\"attachment-shop_catalog size-shop_catalog\" alt=\"Plato 17cm\" srcset=\"https:\/\/pro.costa-verde.com\/wp-content\/uploads\/2024\/09\/001004000001-TUR-PRATO-4-17CM-300x192.jpg 300w, https:\/\/pro.costa-verde.com\/wp-content\/uploads\/2024\/09\/001004000001-TUR-PRATO-4-17CM-1024x656.jpg 1024w, https:\/\/pro.costa-verde.com\/wp-content\/uploads\/2024\/09\/001004000001-TUR-PRATO-4-17CM-768x492.jpg 768w, https:\/\/pro.costa-verde.com\/wp-content\/uploads\/2024\/09\/001004000001-TUR-PRATO-4-17CM-1536x984.jpg 1536w, https:\/\/pro.costa-verde.com\/wp-content\/uploads\/2024\/09\/001004000001-TUR-PRATO-4-17CM-600x384.jpg 600w, https:\/\/pro.costa-verde.com\/wp-content\/uploads\/2024\/09\/001004000001-TUR-PRATO-4-17CM-120x77.jpg 120w, https:\/\/pro.costa-verde.com\/wp-content\/uploads\/2024\/09\/001004000001-TUR-PRATO-4-17CM.jpg 1920w\" sizes=\"(max-width: 300px) 100vw, 300px\" \/><\/a>\n\t\t\t<div class=\"product-btn pa flex column ts__03\">\n\t\t\t\t\n\t\t\t\t\t\t\t<\/div>\n\t\t\t\n\t\t\t\t\t\t\t\t<\/div><!-- .product-image -->\n\t\t<div class=\"product-info mt__15\">\n\t\t\t<h3 class=\"product-title pr fs__14 mg__0 fwm\"><a class=\"cd chp\" href=\"https:\/\/pro.costa-verde.com\/es\/produto\/plato-17cm-turismo\/\">Plato 17cm<\/a><\/h3>\n\t\t<\/div><!-- .product-info -->\n\t<\/div><!-- .product-inner -->\n<\/div>\n<div class=\"jas-col-md-3 jas-col-sm-4 jas-col-xs-6 mt__30 post-59964 product type-product status-publish has-post-thumbnail product_cat-sin-categorizar pa_colecao-turismo-es  instock taxable shipping-taxable product-type-simple\">\n\t<div class=\"product-inner pr\">\n\t\t<div class=\"product-image pr\">\n\t\t\t\t\t\t<a class=\"db\" href=\"https:\/\/pro.costa-verde.com\/es\/produto\/plato-19cm-turismo\/\"><img loading=\"lazy\" decoding=\"async\" width=\"300\" height=\"192\" src=\"https:\/\/pro.costa-verde.com\/wp-content\/uploads\/2024\/09\/001003500001-TUR-PRATO-3-19CM-300x192.jpg\" class=\"attachment-shop_catalog size-shop_catalog\" alt=\"Plato 19cm\" srcset=\"https:\/\/pro.costa-verde.com\/wp-content\/uploads\/2024\/09\/001003500001-TUR-PRATO-3-19CM-300x192.jpg 300w, https:\/\/pro.costa-verde.com\/wp-content\/uploads\/2024\/09\/001003500001-TUR-PRATO-3-19CM-1024x656.jpg 1024w, https:\/\/pro.costa-verde.com\/wp-content\/uploads\/2024\/09\/001003500001-TUR-PRATO-3-19CM-768x492.jpg 768w, https:\/\/pro.costa-verde.com\/wp-content\/uploads\/2024\/09\/001003500001-TUR-PRATO-3-19CM-1536x984.jpg 1536w, https:\/\/pro.costa-verde.com\/wp-content\/uploads\/2024\/09\/001003500001-TUR-PRATO-3-19CM-600x384.jpg 600w, https:\/\/pro.costa-verde.com\/wp-content\/uploads\/2024\/09\/001003500001-TUR-PRATO-3-19CM-120x77.jpg 120w, https:\/\/pro.costa-verde.com\/wp-content\/uploads\/2024\/09\/001003500001-TUR-PRATO-3-19CM.jpg 1920w\" sizes=\"(max-width: 300px) 100vw, 300px\" \/><\/a>\n\t\t\t<div class=\"product-btn pa flex column ts__03\">\n\t\t\t\t\n\t\t\t\t\t\t\t<\/div>\n\t\t\t\n\t\t\t\t\t\t\t\t<\/div><!-- .product-image -->\n\t\t<div class=\"product-info mt__15\">\n\t\t\t<h3 class=\"product-title pr fs__14 mg__0 fwm\"><a class=\"cd chp\" href=\"https:\/\/pro.costa-verde.com\/es\/produto\/plato-19cm-turismo\/\">Plato 19cm<\/a><\/h3>\n\t\t<\/div><!-- .product-info -->\n\t<\/div><!-- .product-inner -->\n<\/div>\n<div class=\"jas-col-md-3 jas-col-sm-4 jas-col-xs-6 mt__30 post-59965 product type-product status-publish has-post-thumbnail product_cat-sin-categorizar pa_colecao-turismo-es  instock taxable shipping-taxable product-type-simple\">\n\t<div class=\"product-inner pr\">\n\t\t<div class=\"product-image pr\">\n\t\t\t\t\t\t<a class=\"db\" href=\"https:\/\/pro.costa-verde.com\/es\/produto\/plato-21cm-turismo\/\"><img loading=\"lazy\" decoding=\"async\" width=\"300\" height=\"192\" src=\"https:\/\/pro.costa-verde.com\/wp-content\/uploads\/2024\/09\/001003000001-TUR-PRATO-3A-21CM-300x192.jpg\" class=\"attachment-shop_catalog size-shop_catalog\" alt=\"Plato 21cm\" srcset=\"https:\/\/pro.costa-verde.com\/wp-content\/uploads\/2024\/09\/001003000001-TUR-PRATO-3A-21CM-300x192.jpg 300w, https:\/\/pro.costa-verde.com\/wp-content\/uploads\/2024\/09\/001003000001-TUR-PRATO-3A-21CM-1024x656.jpg 1024w, https:\/\/pro.costa-verde.com\/wp-content\/uploads\/2024\/09\/001003000001-TUR-PRATO-3A-21CM-768x492.jpg 768w, https:\/\/pro.costa-verde.com\/wp-content\/uploads\/2024\/09\/001003000001-TUR-PRATO-3A-21CM-1536x984.jpg 1536w, https:\/\/pro.costa-verde.com\/wp-content\/uploads\/2024\/09\/001003000001-TUR-PRATO-3A-21CM-600x384.jpg 600w, https:\/\/pro.costa-verde.com\/wp-content\/uploads\/2024\/09\/001003000001-TUR-PRATO-3A-21CM-120x77.jpg 120w, https:\/\/pro.costa-verde.com\/wp-content\/uploads\/2024\/09\/001003000001-TUR-PRATO-3A-21CM.jpg 1920w\" sizes=\"(max-width: 300px) 100vw, 300px\" \/><\/a>\n\t\t\t<div class=\"product-btn pa flex column ts__03\">\n\t\t\t\t\n\t\t\t\t\t\t\t<\/div>\n\t\t\t\n\t\t\t\t\t\t\t\t<\/div><!-- .product-image -->\n\t\t<div class=\"product-info mt__15\">\n\t\t\t<h3 class=\"product-title pr fs__14 mg__0 fwm\"><a class=\"cd chp\" href=\"https:\/\/pro.costa-verde.com\/es\/produto\/plato-21cm-turismo\/\">Plato 21cm<\/a><\/h3>\n\t\t<\/div><!-- .product-info -->\n\t<\/div><!-- .product-inner -->\n<\/div>\n<div class=\"jas-col-md-3 jas-col-sm-4 jas-col-xs-6 mt__30 post-59966 product type-product status-publish has-post-thumbnail product_cat-sin-categorizar pa_colecao-turismo-es last instock taxable shipping-taxable product-type-simple\">\n\t<div class=\"product-inner pr\">\n\t\t<div class=\"product-image pr\">\n\t\t\t\t\t\t<a class=\"db\" href=\"https:\/\/pro.costa-verde.com\/es\/produto\/plato-hondo-22cm-turismo\/\"><img loading=\"lazy\" decoding=\"async\" width=\"300\" height=\"192\" src=\"https:\/\/pro.costa-verde.com\/wp-content\/uploads\/2024\/09\/001002500001-TUR-PRATO-2-22CM-300x192.jpg\" class=\"attachment-shop_catalog size-shop_catalog\" alt=\"Plato Hondo 22cm\" srcset=\"https:\/\/pro.costa-verde.com\/wp-content\/uploads\/2024\/09\/001002500001-TUR-PRATO-2-22CM-300x192.jpg 300w, https:\/\/pro.costa-verde.com\/wp-content\/uploads\/2024\/09\/001002500001-TUR-PRATO-2-22CM-1024x656.jpg 1024w, https:\/\/pro.costa-verde.com\/wp-content\/uploads\/2024\/09\/001002500001-TUR-PRATO-2-22CM-768x492.jpg 768w, https:\/\/pro.costa-verde.com\/wp-content\/uploads\/2024\/09\/001002500001-TUR-PRATO-2-22CM-1536x984.jpg 1536w, https:\/\/pro.costa-verde.com\/wp-content\/uploads\/2024\/09\/001002500001-TUR-PRATO-2-22CM-600x384.jpg 600w, https:\/\/pro.costa-verde.com\/wp-content\/uploads\/2024\/09\/001002500001-TUR-PRATO-2-22CM-120x77.jpg 120w, https:\/\/pro.costa-verde.com\/wp-content\/uploads\/2024\/09\/001002500001-TUR-PRATO-2-22CM.jpg 1920w\" sizes=\"(max-width: 300px) 100vw, 300px\" \/><\/a>\n\t\t\t<div class=\"product-btn pa flex column ts__03\">\n\t\t\t\t\n\t\t\t\t\t\t\t<\/div>\n\t\t\t\n\t\t\t\t\t\t\t\t<\/div><!-- .product-image -->\n\t\t<div class=\"product-info mt__15\">\n\t\t\t<h3 class=\"product-title pr fs__14 mg__0 fwm\"><a class=\"cd chp\" href=\"https:\/\/pro.costa-verde.com\/es\/produto\/plato-hondo-22cm-turismo\/\">Plato Hondo 22cm<\/a><\/h3>\n\t\t<\/div><!-- .product-info -->\n\t<\/div><!-- .product-inner -->\n<\/div>\n<div class=\"jas-col-md-3 jas-col-sm-4 jas-col-xs-6 mt__30 post-59967 product type-product status-publish has-post-thumbnail product_cat-sin-categorizar pa_colecao-turismo-es first instock taxable shipping-taxable product-type-simple\">\n\t<div class=\"product-inner pr\">\n\t\t<div class=\"product-image pr\">\n\t\t\t\t\t\t<a class=\"db\" href=\"https:\/\/pro.costa-verde.com\/es\/produto\/plato-24cm-turismo\/\"><img loading=\"lazy\" decoding=\"async\" width=\"300\" height=\"192\" src=\"https:\/\/pro.costa-verde.com\/wp-content\/uploads\/2024\/09\/001002000001-TUR-PRATO-1-24CM-300x192.jpg\" class=\"attachment-shop_catalog size-shop_catalog\" alt=\"Plato 24cm\" srcset=\"https:\/\/pro.costa-verde.com\/wp-content\/uploads\/2024\/09\/001002000001-TUR-PRATO-1-24CM-300x192.jpg 300w, https:\/\/pro.costa-verde.com\/wp-content\/uploads\/2024\/09\/001002000001-TUR-PRATO-1-24CM-1024x656.jpg 1024w, https:\/\/pro.costa-verde.com\/wp-content\/uploads\/2024\/09\/001002000001-TUR-PRATO-1-24CM-768x492.jpg 768w, https:\/\/pro.costa-verde.com\/wp-content\/uploads\/2024\/09\/001002000001-TUR-PRATO-1-24CM-1536x984.jpg 1536w, https:\/\/pro.costa-verde.com\/wp-content\/uploads\/2024\/09\/001002000001-TUR-PRATO-1-24CM-600x384.jpg 600w, https:\/\/pro.costa-verde.com\/wp-content\/uploads\/2024\/09\/001002000001-TUR-PRATO-1-24CM-120x77.jpg 120w, https:\/\/pro.costa-verde.com\/wp-content\/uploads\/2024\/09\/001002000001-TUR-PRATO-1-24CM.jpg 1920w\" sizes=\"(max-width: 300px) 100vw, 300px\" \/><\/a>\n\t\t\t<div class=\"product-btn pa flex column ts__03\">\n\t\t\t\t\n\t\t\t\t\t\t\t<\/div>\n\t\t\t\n\t\t\t\t\t\t\t\t<\/div><!-- .product-image -->\n\t\t<div class=\"product-info mt__15\">\n\t\t\t<h3 class=\"product-title pr fs__14 mg__0 fwm\"><a class=\"cd chp\" href=\"https:\/\/pro.costa-verde.com\/es\/produto\/plato-24cm-turismo\/\">Plato 24cm<\/a><\/h3>\n\t\t<\/div><!-- .product-info -->\n\t<\/div><!-- .product-inner -->\n<\/div>\n<div class=\"jas-col-md-3 jas-col-sm-4 jas-col-xs-6 mt__30 post-59968 product type-product status-publish has-post-thumbnail product_cat-sin-categorizar pa_colecao-turismo-es  instock taxable shipping-taxable product-type-simple\">\n\t<div class=\"product-inner pr\">\n\t\t<div class=\"product-image pr\">\n\t\t\t\t\t\t<a class=\"db\" href=\"https:\/\/pro.costa-verde.com\/es\/produto\/plato-26cm-turismo\/\"><img loading=\"lazy\" decoding=\"async\" width=\"300\" height=\"192\" src=\"https:\/\/pro.costa-verde.com\/wp-content\/uploads\/2024\/09\/001001500001-TUR-PRATO-0-26CM-300x192.jpg\" class=\"attachment-shop_catalog size-shop_catalog\" alt=\"Plato 26cm\" srcset=\"https:\/\/pro.costa-verde.com\/wp-content\/uploads\/2024\/09\/001001500001-TUR-PRATO-0-26CM-300x192.jpg 300w, https:\/\/pro.costa-verde.com\/wp-content\/uploads\/2024\/09\/001001500001-TUR-PRATO-0-26CM-1024x656.jpg 1024w, https:\/\/pro.costa-verde.com\/wp-content\/uploads\/2024\/09\/001001500001-TUR-PRATO-0-26CM-768x492.jpg 768w, https:\/\/pro.costa-verde.com\/wp-content\/uploads\/2024\/09\/001001500001-TUR-PRATO-0-26CM-1536x984.jpg 1536w, https:\/\/pro.costa-verde.com\/wp-content\/uploads\/2024\/09\/001001500001-TUR-PRATO-0-26CM-600x384.jpg 600w, https:\/\/pro.costa-verde.com\/wp-content\/uploads\/2024\/09\/001001500001-TUR-PRATO-0-26CM-120x77.jpg 120w, https:\/\/pro.costa-verde.com\/wp-content\/uploads\/2024\/09\/001001500001-TUR-PRATO-0-26CM.jpg 1920w\" sizes=\"(max-width: 300px) 100vw, 300px\" \/><\/a>\n\t\t\t<div class=\"product-btn pa flex column ts__03\">\n\t\t\t\t\n\t\t\t\t\t\t\t<\/div>\n\t\t\t\n\t\t\t\t\t\t\t\t<\/div><!-- .product-image -->\n\t\t<div class=\"product-info mt__15\">\n\t\t\t<h3 class=\"product-title pr fs__14 mg__0 fwm\"><a class=\"cd chp\" href=\"https:\/\/pro.costa-verde.com\/es\/produto\/plato-26cm-turismo\/\">Plato 26cm<\/a><\/h3>\n\t\t<\/div><!-- .product-info -->\n\t<\/div><!-- .product-inner -->\n<\/div>\n<div class=\"jas-col-md-3 jas-col-sm-4 jas-col-xs-6 mt__30 post-59969 product type-product status-publish has-post-thumbnail product_cat-sin-categorizar pa_colecao-turismo-es  instock taxable shipping-taxable product-type-simple\">\n\t<div class=\"product-inner pr\">\n\t\t<div class=\"product-image pr\">\n\t\t\t\t\t\t<a class=\"db\" href=\"https:\/\/pro.costa-verde.com\/es\/produto\/plato-28cm-turismo\/\"><img loading=\"lazy\" decoding=\"async\" width=\"300\" height=\"192\" src=\"https:\/\/pro.costa-verde.com\/wp-content\/uploads\/2024\/09\/001001000001-TUR-PRATO-28CM-300x192.jpg\" class=\"attachment-shop_catalog size-shop_catalog\" alt=\"Plato 28cm\" srcset=\"https:\/\/pro.costa-verde.com\/wp-content\/uploads\/2024\/09\/001001000001-TUR-PRATO-28CM-300x192.jpg 300w, https:\/\/pro.costa-verde.com\/wp-content\/uploads\/2024\/09\/001001000001-TUR-PRATO-28CM-1024x656.jpg 1024w, https:\/\/pro.costa-verde.com\/wp-content\/uploads\/2024\/09\/001001000001-TUR-PRATO-28CM-768x492.jpg 768w, https:\/\/pro.costa-verde.com\/wp-content\/uploads\/2024\/09\/001001000001-TUR-PRATO-28CM-1536x984.jpg 1536w, https:\/\/pro.costa-verde.com\/wp-content\/uploads\/2024\/09\/001001000001-TUR-PRATO-28CM-600x384.jpg 600w, https:\/\/pro.costa-verde.com\/wp-content\/uploads\/2024\/09\/001001000001-TUR-PRATO-28CM-120x77.jpg 120w, https:\/\/pro.costa-verde.com\/wp-content\/uploads\/2024\/09\/001001000001-TUR-PRATO-28CM.jpg 1920w\" sizes=\"(max-width: 300px) 100vw, 300px\" \/><\/a>\n\t\t\t<div class=\"product-btn pa flex column ts__03\">\n\t\t\t\t\n\t\t\t\t\t\t\t<\/div>\n\t\t\t\n\t\t\t\t\t\t\t\t<\/div><!-- .product-image -->\n\t\t<div class=\"product-info mt__15\">\n\t\t\t<h3 class=\"product-title pr fs__14 mg__0 fwm\"><a class=\"cd chp\" href=\"https:\/\/pro.costa-verde.com\/es\/produto\/plato-28cm-turismo\/\">Plato 28cm<\/a><\/h3>\n\t\t<\/div><!-- .product-info -->\n\t<\/div><!-- .product-inner -->\n<\/div>\n<\/div><!-- .products --><\/div>\t\t\t\t<\/div>\n\t\t\t\t<\/div>\n\t\t\t\t\t<\/div>\n\t\t<\/div>\n\t\t\t\t\t<\/div>\n\t\t<\/section>\n\t\t\t\t<\/div>\n\t\t","protected":false},"excerpt":{"rendered":"<p>Turismo Turismo Intemporalidad y durabilidad. Un refinado sentido de la funcionalidad es el origen de la colecci\u00f3n Turismo, de Costa Verde, una colecci\u00f3n definida por un dise\u00f1o capaz de resistir la volatilidad de la moda y una robustez capaz de resistir la intensidad del uso. La simplicidad de sus l\u00edneas, su modularidad, as\u00ed como su [&hellip;]<\/p>\n","protected":false},"author":92,"featured_media":14441,"parent":19108,"menu_order":0,"comment_status":"closed","ping_status":"closed","template":"","meta":{"footnotes":""},"class_list":["post-19219","page","type-page","status-publish","has-post-thumbnail","hentry"],"yoast_head":"<!-- This site is optimized with the Yoast SEO plugin v26.9 - https:\/\/yoast.com\/product\/yoast-seo-wordpress\/ -->\n<title>Turismo - Costa Verde<\/title>\n<meta name=\"description\" content=\"Las piezas altamente funcionales de la colecci\u00f3n Turismo son capaces de resistir tanto a la moda como al uso. \u00a1Compra Turismo online!\" \/>\n<meta name=\"robots\" content=\"index, follow, max-snippet:-1, max-image-preview:large, max-video-preview:-1\" \/>\n<link rel=\"canonical\" href=\"https:\/\/pro.costa-verde.com\/es\/colecciones-costa-verde\/turismo\/\" \/>\n<meta property=\"og:locale\" content=\"es_ES\" \/>\n<meta property=\"og:type\" content=\"article\" \/>\n<meta property=\"og:title\" content=\"Turismo - Costa Verde\" \/>\n<meta property=\"og:description\" content=\"Las piezas altamente funcionales de la colecci\u00f3n Turismo son capaces de resistir tanto a la moda como al uso. \u00a1Compra Turismo online!\" \/>\n<meta property=\"og:url\" content=\"https:\/\/pro.costa-verde.com\/es\/colecciones-costa-verde\/turismo\/\" \/>\n<meta property=\"og:site_name\" content=\"Costa Verde\" \/>\n<meta property=\"article:publisher\" content=\"https:\/\/www.facebook.com\/costaverdeporcelanas\/\" \/>\n<meta property=\"article:modified_time\" content=\"2024-12-13T15:42:56+00:00\" \/>\n<meta property=\"og:image\" content=\"https:\/\/pro.costa-verde.com\/wp-content\/uploads\/2020\/11\/201116_COSTAVERDE_TURISMO_0544.jpg\" \/>\n\t<meta property=\"og:image:width\" content=\"960\" \/>\n\t<meta property=\"og:image:height\" content=\"1280\" \/>\n\t<meta property=\"og:image:type\" content=\"image\/jpeg\" \/>\n<meta name=\"twitter:card\" content=\"summary_large_image\" \/>\n<meta name=\"twitter:label1\" content=\"Tiempo de lectura\" \/>\n\t<meta name=\"twitter:data1\" content=\"5 minutos\" \/>\n<script type=\"application\/ld+json\" class=\"yoast-schema-graph\">{\"@context\":\"https:\/\/schema.org\",\"@graph\":[{\"@type\":\"WebPage\",\"@id\":\"https:\/\/pro.costa-verde.com\/es\/colecciones-costa-verde\/turismo\/\",\"url\":\"https:\/\/pro.costa-verde.com\/es\/colecciones-costa-verde\/turismo\/\",\"name\":\"Turismo - Costa Verde\",\"isPartOf\":{\"@id\":\"https:\/\/pro.costa-verde.com\/#website\"},\"primaryImageOfPage\":{\"@id\":\"https:\/\/pro.costa-verde.com\/es\/colecciones-costa-verde\/turismo\/#primaryimage\"},\"image\":{\"@id\":\"https:\/\/pro.costa-verde.com\/es\/colecciones-costa-verde\/turismo\/#primaryimage\"},\"thumbnailUrl\":\"https:\/\/pro.costa-verde.com\/wp-content\/uploads\/2020\/11\/201116_COSTAVERDE_TURISMO_0544.jpg\",\"datePublished\":\"2021-01-25T12:46:34+00:00\",\"dateModified\":\"2024-12-13T15:42:56+00:00\",\"description\":\"Las piezas altamente funcionales de la colecci\u00f3n Turismo son capaces de resistir tanto a la moda como al uso. \u00a1Compra Turismo online!\",\"breadcrumb\":{\"@id\":\"https:\/\/pro.costa-verde.com\/es\/colecciones-costa-verde\/turismo\/#breadcrumb\"},\"inLanguage\":\"es\",\"potentialAction\":[{\"@type\":\"ReadAction\",\"target\":[\"https:\/\/pro.costa-verde.com\/es\/colecciones-costa-verde\/turismo\/\"]}]},{\"@type\":\"ImageObject\",\"inLanguage\":\"es\",\"@id\":\"https:\/\/pro.costa-verde.com\/es\/colecciones-costa-verde\/turismo\/#primaryimage\",\"url\":\"https:\/\/pro.costa-verde.com\/wp-content\/uploads\/2020\/11\/201116_COSTAVERDE_TURISMO_0544.jpg\",\"contentUrl\":\"https:\/\/pro.costa-verde.com\/wp-content\/uploads\/2020\/11\/201116_COSTAVERDE_TURISMO_0544.jpg\",\"width\":960,\"height\":1280,\"caption\":\"Cole\u00e7\u00e3o Turismo\"},{\"@type\":\"BreadcrumbList\",\"@id\":\"https:\/\/pro.costa-verde.com\/es\/colecciones-costa-verde\/turismo\/#breadcrumb\",\"itemListElement\":[{\"@type\":\"ListItem\",\"position\":1,\"name\":\"In\u00edcio\",\"item\":\"https:\/\/pro.costa-verde.com\/es\/\"},{\"@type\":\"ListItem\",\"position\":2,\"name\":\"Colecciones Costa Verde\",\"item\":\"https:\/\/pro.costa-verde.com\/es\/colecciones-costa-verde\/\"},{\"@type\":\"ListItem\",\"position\":3,\"name\":\"Turismo\"}]},{\"@type\":\"WebSite\",\"@id\":\"https:\/\/pro.costa-verde.com\/#website\",\"url\":\"https:\/\/pro.costa-verde.com\/\",\"name\":\"Costa Verde\",\"description\":\"Loja Online\",\"potentialAction\":[{\"@type\":\"SearchAction\",\"target\":{\"@type\":\"EntryPoint\",\"urlTemplate\":\"https:\/\/pro.costa-verde.com\/?s={search_term_string}\"},\"query-input\":{\"@type\":\"PropertyValueSpecification\",\"valueRequired\":true,\"valueName\":\"search_term_string\"}}],\"inLanguage\":\"es\"}]}<\/script>\n<!-- \/ Yoast SEO plugin. -->","yoast_head_json":{"title":"Turismo - Costa Verde","description":"Las piezas altamente funcionales de la colecci\u00f3n Turismo son capaces de resistir tanto a la moda como al uso. \u00a1Compra Turismo online!","robots":{"index":"index","follow":"follow","max-snippet":"max-snippet:-1","max-image-preview":"max-image-preview:large","max-video-preview":"max-video-preview:-1"},"canonical":"https:\/\/pro.costa-verde.com\/es\/colecciones-costa-verde\/turismo\/","og_locale":"es_ES","og_type":"article","og_title":"Turismo - Costa Verde","og_description":"Las piezas altamente funcionales de la colecci\u00f3n Turismo son capaces de resistir tanto a la moda como al uso. \u00a1Compra Turismo online!","og_url":"https:\/\/pro.costa-verde.com\/es\/colecciones-costa-verde\/turismo\/","og_site_name":"Costa Verde","article_publisher":"https:\/\/www.facebook.com\/costaverdeporcelanas\/","article_modified_time":"2024-12-13T15:42:56+00:00","og_image":[{"width":960,"height":1280,"url":"https:\/\/pro.costa-verde.com\/wp-content\/uploads\/2020\/11\/201116_COSTAVERDE_TURISMO_0544.jpg","type":"image\/jpeg"}],"twitter_card":"summary_large_image","twitter_misc":{"Tiempo de lectura":"5 minutos"},"schema":{"@context":"https:\/\/schema.org","@graph":[{"@type":"WebPage","@id":"https:\/\/pro.costa-verde.com\/es\/colecciones-costa-verde\/turismo\/","url":"https:\/\/pro.costa-verde.com\/es\/colecciones-costa-verde\/turismo\/","name":"Turismo - Costa Verde","isPartOf":{"@id":"https:\/\/pro.costa-verde.com\/#website"},"primaryImageOfPage":{"@id":"https:\/\/pro.costa-verde.com\/es\/colecciones-costa-verde\/turismo\/#primaryimage"},"image":{"@id":"https:\/\/pro.costa-verde.com\/es\/colecciones-costa-verde\/turismo\/#primaryimage"},"thumbnailUrl":"https:\/\/pro.costa-verde.com\/wp-content\/uploads\/2020\/11\/201116_COSTAVERDE_TURISMO_0544.jpg","datePublished":"2021-01-25T12:46:34+00:00","dateModified":"2024-12-13T15:42:56+00:00","description":"Las piezas altamente funcionales de la colecci\u00f3n Turismo son capaces de resistir tanto a la moda como al uso. \u00a1Compra Turismo online!","breadcrumb":{"@id":"https:\/\/pro.costa-verde.com\/es\/colecciones-costa-verde\/turismo\/#breadcrumb"},"inLanguage":"es","potentialAction":[{"@type":"ReadAction","target":["https:\/\/pro.costa-verde.com\/es\/colecciones-costa-verde\/turismo\/"]}]},{"@type":"ImageObject","inLanguage":"es","@id":"https:\/\/pro.costa-verde.com\/es\/colecciones-costa-verde\/turismo\/#primaryimage","url":"https:\/\/pro.costa-verde.com\/wp-content\/uploads\/2020\/11\/201116_COSTAVERDE_TURISMO_0544.jpg","contentUrl":"https:\/\/pro.costa-verde.com\/wp-content\/uploads\/2020\/11\/201116_COSTAVERDE_TURISMO_0544.jpg","width":960,"height":1280,"caption":"Cole\u00e7\u00e3o Turismo"},{"@type":"BreadcrumbList","@id":"https:\/\/pro.costa-verde.com\/es\/colecciones-costa-verde\/turismo\/#breadcrumb","itemListElement":[{"@type":"ListItem","position":1,"name":"In\u00edcio","item":"https:\/\/pro.costa-verde.com\/es\/"},{"@type":"ListItem","position":2,"name":"Colecciones Costa Verde","item":"https:\/\/pro.costa-verde.com\/es\/colecciones-costa-verde\/"},{"@type":"ListItem","position":3,"name":"Turismo"}]},{"@type":"WebSite","@id":"https:\/\/pro.costa-verde.com\/#website","url":"https:\/\/pro.costa-verde.com\/","name":"Costa Verde","description":"Loja Online","potentialAction":[{"@type":"SearchAction","target":{"@type":"EntryPoint","urlTemplate":"https:\/\/pro.costa-verde.com\/?s={search_term_string}"},"query-input":{"@type":"PropertyValueSpecification","valueRequired":true,"valueName":"search_term_string"}}],"inLanguage":"es"}]}},"_links":{"self":[{"href":"https:\/\/pro.costa-verde.com\/es\/wp-json\/wp\/v2\/pages\/19219","targetHints":{"allow":["GET"]}}],"collection":[{"href":"https:\/\/pro.costa-verde.com\/es\/wp-json\/wp\/v2\/pages"}],"about":[{"href":"https:\/\/pro.costa-verde.com\/es\/wp-json\/wp\/v2\/types\/page"}],"author":[{"embeddable":true,"href":"https:\/\/pro.costa-verde.com\/es\/wp-json\/wp\/v2\/users\/92"}],"replies":[{"embeddable":true,"href":"https:\/\/pro.costa-verde.com\/es\/wp-json\/wp\/v2\/comments?post=19219"}],"version-history":[{"count":15,"href":"https:\/\/pro.costa-verde.com\/es\/wp-json\/wp\/v2\/pages\/19219\/revisions"}],"predecessor-version":[{"id":62659,"href":"https:\/\/pro.costa-verde.com\/es\/wp-json\/wp\/v2\/pages\/19219\/revisions\/62659"}],"up":[{"embeddable":true,"href":"https:\/\/pro.costa-verde.com\/es\/wp-json\/wp\/v2\/pages\/19108"}],"wp:featuredmedia":[{"embeddable":true,"href":"https:\/\/pro.costa-verde.com\/es\/wp-json\/wp\/v2\/media\/14441"}],"wp:attachment":[{"href":"https:\/\/pro.costa-verde.com\/es\/wp-json\/wp\/v2\/media?parent=19219"}],"curies":[{"name":"wp","href":"https:\/\/api.w.org\/{rel}","templated":true}]}}