{"id":18972,"date":"2021-01-25T09:51:41","date_gmt":"2021-01-25T09:51:41","guid":{"rendered":"https:\/\/pro.costa-verde.com\/?page_id=18972"},"modified":"2025-02-18T11:04:50","modified_gmt":"2025-02-18T11:04:50","slug":"blog","status":"publish","type":"page","link":"https:\/\/pro.costa-verde.com\/es\/blog\/","title":{"rendered":"Blog"},"content":{"rendered":"\t\t<div data-elementor-type=\"wp-page\" data-elementor-id=\"18972\" class=\"elementor elementor-18972 elementor-431\" data-elementor-post-type=\"page\">\n\t\t\t\t\t\t<section class=\"elementor-section elementor-top-section elementor-element elementor-element-017a35b elementor-section-boxed elementor-section-height-default elementor-section-height-default\" data-id=\"017a35b\" data-element_type=\"section\">\n\t\t\t\t\t\t<div class=\"elementor-container elementor-column-gap-default\">\n\t\t\t\t\t<div class=\"elementor-column elementor-col-100 elementor-top-column elementor-element elementor-element-719d43e\" data-id=\"719d43e\" data-element_type=\"column\">\n\t\t\t<div class=\"elementor-widget-wrap elementor-element-populated\">\n\t\t\t\t\t\t<div class=\"elementor-element elementor-element-4431d46 lust elementor-widget elementor-widget-text-editor\" data-id=\"4431d46\" data-element_type=\"widget\" data-widget_type=\"text-editor.default\">\n\t\t\t\t<div class=\"elementor-widget-container\">\n\t\t\t\t\t\t\t\t\t<h1>Siga nuestro blog<\/h1><div class=\"elementor-element elementor-element-dff77a2 elementor-widget elementor-widget-text-editor\" data-id=\"dff77a2\" data-element_type=\"widget\" data-widget_type=\"text-editor.default\"><div class=\"elementor-widget-container\"><div class=\"elementor-text-editor elementor-clearfix\"><p>Aqu\u00ed publicamos a menudo art\u00edculos sobre el mundo de la porcelana y Costa Verde.<br \/>Suscr\u00edbase al blog y reciba nuestras comunicaciones de primera mano.<\/p><\/div><\/div><\/div>\t\t\t\t\t\t\t\t<\/div>\n\t\t\t\t<\/div>\n\t\t\t\t<div class=\"elementor-element elementor-element-870840e categories elementor-widget elementor-widget-sidebar\" data-id=\"870840e\" data-element_type=\"widget\" data-widget_type=\"sidebar.default\">\n\t\t\t\t<div class=\"elementor-widget-container\">\n\t\t\t\t\t<aside id=\"categories-2\" class=\"widget widget_categories\"><h4 class=\"widget-title fwm\">Categories<\/h4>\n\t\t\t<ul>\n\t\t\t\t\t<li class=\"cat-item cat-item-196\"><a href=\"https:\/\/pro.costa-verde.com\/es\/category\/costa-verde-es\/\">Costa Verde<\/a>\n<\/li>\n\t<li class=\"cat-item cat-item-248\"><a href=\"https:\/\/pro.costa-verde.com\/es\/category\/gastronomia-es\/\">Gastronom\u00eda<\/a>\n<\/li>\n\t<li class=\"cat-item cat-item-1797\"><a href=\"https:\/\/pro.costa-verde.com\/es\/category\/gestion-hotelera\/\">Gesti\u00f3n Hotelera<\/a>\n<\/li>\n\t<li class=\"cat-item cat-item-155\"><a href=\"https:\/\/pro.costa-verde.com\/es\/category\/porcelana-es\/\">Porcelana<\/a>\n<\/li>\n\t<li class=\"cat-item cat-item-265\"><a href=\"https:\/\/pro.costa-verde.com\/es\/category\/sin-categorizar\/\">Sin categorizar<\/a>\n<\/li>\n\t<li class=\"cat-item cat-item-168\"><a href=\"https:\/\/pro.costa-verde.com\/es\/category\/tendencias-es\/\">Tendencias<\/a>\n<\/li>\n\t\t\t<\/ul>\n\n\t\t\t<\/aside>\t\t\t\t<\/div>\n\t\t\t\t<\/div>\n\t\t\t\t\t<\/div>\n\t\t<\/div>\n\t\t\t\t\t<\/div>\n\t\t<\/section>\n\t\t\t\t<section class=\"elementor-section elementor-top-section elementor-element elementor-element-01d08a6 elementor-section-boxed elementor-section-height-default elementor-section-height-default\" data-id=\"01d08a6\" data-element_type=\"section\">\n\t\t\t\t\t\t<div class=\"elementor-container elementor-column-gap-default\">\n\t\t\t\t\t<div class=\"elementor-column elementor-col-100 elementor-top-column elementor-element elementor-element-11dc8ca\" data-id=\"11dc8ca\" data-element_type=\"column\">\n\t\t\t<div class=\"elementor-widget-wrap elementor-element-populated\">\n\t\t\t\t\t\t<div class=\"elementor-element elementor-element-5919189 elementor-widget elementor-widget-claue-blog\" data-id=\"5919189\" data-element_type=\"widget\" data-widget_type=\"claue-blog.default\">\n\t\t\t\t<div class=\"elementor-widget-container\">\n\t\t\t\t\t<div class=\"jas-sc-blog  wpb_animate_when_almost_visible wpb_top-to-bottom\"><div class=\"jas-row\"><div class=\"jas-col-md-4 jas-col-sm-4 jas-col-xs-12 mb__40\"><article class=\"post-70714 post type-post status-publish format-standard has-post-thumbnail hentry category-costa-verde-es category-gastronomia-es category-sin-categorizar\"><a class=\"mb__15 db\" href=\"https:\/\/pro.costa-verde.com\/es\/la-circularidad-como-pilar-estrategico-en-costa-verde\/\"><img fetchpriority=\"high\" decoding=\"async\" src=\"https:\/\/pro.costa-verde.com\/wp-content\/uploads\/2025\/05\/ai-generated-8602864_1280-570x320.jpg\" width=\"570\" height=\"320\" alt=\"La Circularidad como Pilar Estrat\u00e9gico en Costa Verde\" \/><\/a><div class=\"post-info mb__10\"><h4 class=\"mg__0 fs__16 mb__5 ls__0\"><a class=\"cd chp\" href=\"https:\/\/pro.costa-verde.com\/es\/la-circularidad-como-pilar-estrategico-en-costa-verde\/\">La Circularidad como Pilar Estrat\u00e9gico en Costa Verde<\/a><\/h4><span class=\"post-author mr__5\">By <span class=\"cd\">Rita Pires<\/span><\/span><span class=\"post-time\">on <span class=\"cd\"><time class=\"entry-date published updated\">24 de abril, 2026<\/time><\/span><\/span><\/div><div class=\"post-content\">En Costa Verde, la sostenibilidad y la innovaci\u00f3n no son solo palabras clave, sino principios...<\/div><\/article><\/div><div class=\"jas-col-md-4 jas-col-sm-4 jas-col-xs-12 mb__40\"><article class=\"post-70694 post type-post status-publish format-standard has-post-thumbnail hentry category-costa-verde-es category-gastronomia-es category-sin-categorizar\"><a class=\"mb__15 db\" href=\"https:\/\/pro.costa-verde.com\/es\/el-plato-mas-caro-de-su-restaurante-muchas-veces-es-el-mas-barato-por-herve-cotton\/\"><img decoding=\"async\" src=\"https:\/\/pro.costa-verde.com\/wp-content\/uploads\/2026\/01\/260114_COSTAVERDE_ISOLA_4731-570x320.jpg\" width=\"570\" height=\"320\" alt=\"El plato m\u00e1s caro de su restaurante muchas veces es el m\u00e1s barato, por Herv\u00e9 Cotton\" \/><\/a><div class=\"post-info mb__10\"><h4 class=\"mg__0 fs__16 mb__5 ls__0\"><a class=\"cd chp\" href=\"https:\/\/pro.costa-verde.com\/es\/el-plato-mas-caro-de-su-restaurante-muchas-veces-es-el-mas-barato-por-herve-cotton\/\">El plato m\u00e1s caro de su restaurante muchas veces es el m\u00e1s barato, por Herv\u00e9 Cotton<\/a><\/h4><span class=\"post-author mr__5\">By <span class=\"cd\">Rita Pires<\/span><\/span><span class=\"post-time\">on <span class=\"cd\"><time class=\"entry-date published updated\">23 de abril, 2026<\/time><\/span><\/span><\/div><div class=\"post-content\">En muchas reuniones de compras en el sector de la hosteler\u00eda se escucha la misma...<\/div><\/article><\/div><div class=\"jas-col-md-4 jas-col-sm-4 jas-col-xs-12 mb__40\"><article class=\"post-69961 post type-post status-publish format-standard has-post-thumbnail hentry category-costa-verde-es category-gastronomia-es category-sin-categorizar\"><a class=\"mb__15 db\" href=\"https:\/\/pro.costa-verde.com\/es\/las-personas-el-verdadero-corazon-de-la-hosteleria\/\"><img decoding=\"async\" src=\"https:\/\/pro.costa-verde.com\/wp-content\/uploads\/2026\/04\/ArtigodeBlog-570x320.jpg\" width=\"570\" height=\"320\" alt=\"Las personas: El Verdadero Coraz\u00f3n de la Hosteler\u00eda, por Rosanna Badalamenti-Montes\" \/><\/a><div class=\"post-info mb__10\"><h4 class=\"mg__0 fs__16 mb__5 ls__0\"><a class=\"cd chp\" href=\"https:\/\/pro.costa-verde.com\/es\/las-personas-el-verdadero-corazon-de-la-hosteleria\/\">Las personas: El Verdadero Coraz\u00f3n de la Hosteler\u00eda, por Rosanna Badalamenti-Montes<\/a><\/h4><span class=\"post-author mr__5\">By <span class=\"cd\">Rita Pires<\/span><\/span><span class=\"post-time\">on <span class=\"cd\"><time class=\"entry-date published updated\">10 de abril, 2026<\/time><\/span><\/span><\/div><div class=\"post-content\">En el sector de la hosteler\u00eda, a menudo nos centramos en las marcas, el dise\u00f1o,...<\/div><\/article><\/div><div class=\"jas-col-md-4 jas-col-sm-4 jas-col-xs-12 mb__40\"><article class=\"post-69889 post type-post status-publish format-standard has-post-thumbnail hentry category-costa-verde-es category-gastronomia-es category-sin-categorizar\"><a class=\"mb__15 db\" href=\"https:\/\/pro.costa-verde.com\/es\/el-pez-espada-de-la-serra-da-arrabida-los-chefs-y-la-excelencia-de-costa-verde\/\"><img loading=\"lazy\" decoding=\"async\" src=\"https:\/\/pro.costa-verde.com\/wp-content\/uploads\/2026\/04\/PeixeCorte4-570x320.jpg\" width=\"570\" height=\"320\" alt=\"El pez espada de la Serra da Arr\u00e1bida, los chefs y la excelencia de Costa Verde\" \/><\/a><div class=\"post-info mb__10\"><h4 class=\"mg__0 fs__16 mb__5 ls__0\"><a class=\"cd chp\" href=\"https:\/\/pro.costa-verde.com\/es\/el-pez-espada-de-la-serra-da-arrabida-los-chefs-y-la-excelencia-de-costa-verde\/\">El pez espada de la Serra da Arr\u00e1bida, los chefs y la excelencia de Costa Verde<\/a><\/h4><span class=\"post-author mr__5\">By <span class=\"cd\">Rita Pires<\/span><\/span><span class=\"post-time\">on <span class=\"cd\"><time class=\"entry-date published updated\">10 de abril, 2026<\/time><\/span><\/span><\/div><div class=\"post-content\">Entre la imponente Serra da Arr\u00e1bida y el azul profundo del Atl\u00e1ntico, nace uno de...<\/div><\/article><\/div><div class=\"jas-col-md-4 jas-col-sm-4 jas-col-xs-12 mb__40\"><article class=\"post-69876 post type-post status-publish format-standard has-post-thumbnail hentry category-costa-verde-es category-gastronomia-es category-sin-categorizar\"><a class=\"mb__15 db\" href=\"https:\/\/pro.costa-verde.com\/es\/la-porcelana-que-realza-su-restaurante\/\"><img loading=\"lazy\" decoding=\"async\" src=\"https:\/\/pro.costa-verde.com\/wp-content\/uploads\/2026\/02\/260109_COSTA_VERDE_2810-1-570x320.jpg\" width=\"570\" height=\"320\" alt=\"La porcelana que realza su restaurante\" \/><\/a><div class=\"post-info mb__10\"><h4 class=\"mg__0 fs__16 mb__5 ls__0\"><a class=\"cd chp\" href=\"https:\/\/pro.costa-verde.com\/es\/la-porcelana-que-realza-su-restaurante\/\">La porcelana que realza su restaurante<\/a><\/h4><span class=\"post-author mr__5\">By <span class=\"cd\">Rita Pires<\/span><\/span><span class=\"post-time\">on <span class=\"cd\"><time class=\"entry-date published updated\">26 de marzo, 2026<\/time><\/span><\/span><\/div><div class=\"post-content\">Abrir un nuevo restaurante implica tomar diversas decisiones estrat\u00e9gicas que influyen en la experiencia del...<\/div><\/article><\/div><div class=\"jas-col-md-4 jas-col-sm-4 jas-col-xs-12 mb__40\"><article class=\"post-69867 post type-post status-publish format-standard has-post-thumbnail hentry category-costa-verde-es category-gastronomia-es category-sin-categorizar\"><a class=\"mb__15 db\" href=\"https:\/\/pro.costa-verde.com\/es\/parcerias-que-potencian-la-circularidad-la-experiencia-de-costa-verde\/\"><img loading=\"lazy\" decoding=\"async\" src=\"https:\/\/pro.costa-verde.com\/wp-content\/uploads\/2022\/02\/Endless_Moods_Conjunto-570x320.jpg\" width=\"570\" height=\"320\" alt=\"Parcer\u00edas que Potencian la Circularidad: la experiencia de Costa Verde\" \/><\/a><div class=\"post-info mb__10\"><h4 class=\"mg__0 fs__16 mb__5 ls__0\"><a class=\"cd chp\" href=\"https:\/\/pro.costa-verde.com\/es\/parcerias-que-potencian-la-circularidad-la-experiencia-de-costa-verde\/\">Parcer\u00edas que Potencian la Circularidad: la experiencia de Costa Verde<\/a><\/h4><span class=\"post-author mr__5\">By <span class=\"cd\">Rita Pires<\/span><\/span><span class=\"post-time\">on <span class=\"cd\"><time class=\"entry-date published updated\">19 de marzo, 2026<\/time><\/span><\/span><\/div><div class=\"post-content\">En Costa Verde, las parcer\u00edas y las soluciones colaborativas han sido fundamentales para poner en...<\/div><\/article><\/div><div class=\"jas-col-md-4 jas-col-sm-4 jas-col-xs-12 mb__40\"><article class=\"post-69279 post type-post status-publish format-standard has-post-thumbnail hentry category-costa-verde-es category-gastronomia-es category-sin-categorizar\"><a class=\"mb__15 db\" href=\"https:\/\/pro.costa-verde.com\/es\/costa-verde-en-ambiente-2026-innovacion-creatividad-y-sofisticacion-en-la-mesa\/\"><img loading=\"lazy\" decoding=\"async\" src=\"https:\/\/pro.costa-verde.com\/wp-content\/uploads\/2026\/02\/WhatsApp-Image-2026-02-10-at-15.25.12-570x320.jpeg\" width=\"570\" height=\"320\" alt=\"Costa Verde en Ambiente 2026: Innovaci\u00f3n, Creatividad y Sofisticaci\u00f3n en la Mesa\" \/><\/a><div class=\"post-info mb__10\"><h4 class=\"mg__0 fs__16 mb__5 ls__0\"><a class=\"cd chp\" href=\"https:\/\/pro.costa-verde.com\/es\/costa-verde-en-ambiente-2026-innovacion-creatividad-y-sofisticacion-en-la-mesa\/\">Costa Verde en Ambiente 2026: Innovaci\u00f3n, Creatividad y Sofisticaci\u00f3n en la Mesa<\/a><\/h4><span class=\"post-author mr__5\">By <span class=\"cd\">Rita Pires<\/span><\/span><span class=\"post-time\">on <span class=\"cd\"><time class=\"entry-date published updated\">19 de febrero, 2026<\/time><\/span><\/span><\/div><div class=\"post-content\">Costa Verde volvi\u00f3 a participar en Ambiente, celebrada del 6 al 10 de febrero en...<\/div><\/article><\/div><div class=\"jas-col-md-4 jas-col-sm-4 jas-col-xs-12 mb__40\"><article class=\"post-69092 post type-post status-publish format-standard has-post-thumbnail hentry category-costa-verde-es category-gastronomia-es category-sin-categorizar\"><a class=\"mb__15 db\" href=\"https:\/\/pro.costa-verde.com\/es\/la-porcelana-como-herramienta-estrategica-de-un-hotel-por-noemi-del-barrio\/\"><img loading=\"lazy\" decoding=\"async\" src=\"https:\/\/pro.costa-verde.com\/wp-content\/uploads\/2020\/11\/201026COSTAVERDE0139-570x320.jpg\" width=\"570\" height=\"320\" alt=\"La porcelana como herramienta estrat\u00e9gica de un hotel, por Noem\u00ed del Barrio\" \/><\/a><div class=\"post-info mb__10\"><h4 class=\"mg__0 fs__16 mb__5 ls__0\"><a class=\"cd chp\" href=\"https:\/\/pro.costa-verde.com\/es\/la-porcelana-como-herramienta-estrategica-de-un-hotel-por-noemi-del-barrio\/\">La porcelana como herramienta estrat\u00e9gica de un hotel, por Noem\u00ed del Barrio<\/a><\/h4><span class=\"post-author mr__5\">By <span class=\"cd\">Rita Pires<\/span><\/span><span class=\"post-time\">on <span class=\"cd\"><time class=\"entry-date published updated\">30 de enero, 2026<\/time><\/span><\/span><\/div><div class=\"post-content\">Platos que no son s\u00f3lo platos En hoteler\u00eda, nada es neutro.Nada. Todo lo que ponemos...<\/div><\/article><\/div><div class=\"jas-col-md-4 jas-col-sm-4 jas-col-xs-12 mb__40\"><article class=\"post-68183 post type-post status-publish format-standard has-post-thumbnail hentry category-costa-verde-es category-gastronomia-es category-sin-categorizar\"><a class=\"mb__15 db\" href=\"https:\/\/pro.costa-verde.com\/es\/analisis-de-2025-por-neoturis\/\"><img loading=\"lazy\" decoding=\"async\" src=\"https:\/\/pro.costa-verde.com\/wp-content\/uploads\/2024\/05\/zakaria-zayane-0uAVsDcyD0M-unsplash-570x320.jpg\" width=\"570\" height=\"320\" alt=\"An\u00e1lisis de 2025, por neoturis\" \/><\/a><div class=\"post-info mb__10\"><h4 class=\"mg__0 fs__16 mb__5 ls__0\"><a class=\"cd chp\" href=\"https:\/\/pro.costa-verde.com\/es\/analisis-de-2025-por-neoturis\/\">An\u00e1lisis de 2025, por neoturis<\/a><\/h4><span class=\"post-author mr__5\">By <span class=\"cd\">Rita Pires<\/span><\/span><span class=\"post-time\">on <span class=\"cd\"><time class=\"entry-date published updated\">16 de enero, 2026<\/time><\/span><\/span><\/div><div class=\"post-content\">A pesar de un crecimiento inferior al registrado en a\u00f1os anteriores, todo apunta a que...<\/div><\/article><\/div><div class=\"jas-col-md-4 jas-col-sm-4 jas-col-xs-12 mb__40\"><article class=\"post-68154 post type-post status-publish format-standard has-post-thumbnail hentry category-costa-verde-es category-gastronomia-es category-sin-categorizar\"><a class=\"mb__15 db\" href=\"https:\/\/pro.costa-verde.com\/es\/cuando-la-solidaridad-se-convierte-en-amor-en-movimiento\/\"><img loading=\"lazy\" decoding=\"async\" src=\"https:\/\/pro.costa-verde.com\/wp-content\/uploads\/2026\/01\/CVSOLIDARIA-570x320.jpeg\" width=\"570\" height=\"320\" alt=\"Cuando la solidaridad se convierte en amor en movimiento\" \/><\/a><div class=\"post-info mb__10\"><h4 class=\"mg__0 fs__16 mb__5 ls__0\"><a class=\"cd chp\" href=\"https:\/\/pro.costa-verde.com\/es\/cuando-la-solidaridad-se-convierte-en-amor-en-movimiento\/\">Cuando la solidaridad se convierte en amor en movimiento<\/a><\/h4><span class=\"post-author mr__5\">By <span class=\"cd\">Rita Pires<\/span><\/span><span class=\"post-time\">on <span class=\"cd\"><time class=\"entry-date published updated\">14 de enero, 2026<\/time><\/span><\/span><\/div><div class=\"post-content\">En\u00a0Costa Verde, siempre hemos cre\u00eddo que el papel de una empresa va mucho m\u00e1s all\u00e1...<\/div><\/article><\/div><div class=\"jas-col-md-4 jas-col-sm-4 jas-col-xs-12 mb__40\"><article class=\"post-67792 post type-post status-publish format-standard has-post-thumbnail hentry category-costa-verde-es category-gastronomia-es category-sin-categorizar\"><a class=\"mb__15 db\" href=\"https:\/\/pro.costa-verde.com\/es\/restaurantes-con-emocion-y-razon-servidas-en-la-mesa\/\"><img loading=\"lazy\" decoding=\"async\" src=\"https:\/\/pro.costa-verde.com\/wp-content\/uploads\/2025\/07\/250407_COSTAVERDE_ONDA_1916-1-570x320.jpg\" width=\"570\" height=\"320\" alt=\"Restaurantes con emoci\u00f3n y raz\u00f3n servidas en la mesa, por O Gerente\" \/><\/a><div class=\"post-info mb__10\"><h4 class=\"mg__0 fs__16 mb__5 ls__0\"><a class=\"cd chp\" href=\"https:\/\/pro.costa-verde.com\/es\/restaurantes-con-emocion-y-razon-servidas-en-la-mesa\/\">Restaurantes con emoci\u00f3n y raz\u00f3n servidas en la mesa, por O Gerente<\/a><\/h4><span class=\"post-author mr__5\">By <span class=\"cd\">Rita Pires<\/span><\/span><span class=\"post-time\">on <span class=\"cd\"><time class=\"entry-date published updated\">25 de noviembre, 2025<\/time><\/span><\/span><\/div><div class=\"post-content\">Cuando se une la buena gastronom\u00eda con el buen servicio, es inevitable pensar en emociones,...<\/div><\/article><\/div><div class=\"jas-col-md-4 jas-col-sm-4 jas-col-xs-12 mb__40\"><article class=\"post-67466 post type-post status-publish format-standard has-post-thumbnail hentry category-sin-categorizar\"><a class=\"mb__15 db\" href=\"https:\/\/pro.costa-verde.com\/es\/el-futuro-de-la-restauracion-innovacion-experiencia-y-costa-verde\/\"><img loading=\"lazy\" decoding=\"async\" src=\"https:\/\/pro.costa-verde.com\/wp-content\/uploads\/2025\/10\/Capturar_artigo-de-blog-570x320.jpg\" width=\"570\" height=\"320\" alt=\"El Futuro de la Restauraci\u00f3n: innovaci\u00f3n, experiencia y Costa Verde\" \/><\/a><div class=\"post-info mb__10\"><h4 class=\"mg__0 fs__16 mb__5 ls__0\"><a class=\"cd chp\" href=\"https:\/\/pro.costa-verde.com\/es\/el-futuro-de-la-restauracion-innovacion-experiencia-y-costa-verde\/\">El Futuro de la Restauraci\u00f3n: innovaci\u00f3n, experiencia y Costa Verde<\/a><\/h4><span class=\"post-author mr__5\">By <span class=\"cd\">Rita Pires<\/span><\/span><span class=\"post-time\">on <span class=\"cd\"><time class=\"entry-date published updated\">1 de octubre, 2025<\/time><\/span><\/span><\/div><div class=\"post-content\">La restauraci\u00f3n est\u00e1 atravesando una de las etapas m\u00e1s din\u00e1micas y desafiantes de su historia....<\/div><\/article><\/div><div class=\"jas-col-md-4 jas-col-sm-4 jas-col-xs-12 mb__40\"><article class=\"post-67439 post type-post status-publish format-standard has-post-thumbnail hentry category-costa-verde-es category-gastronomia-es category-sin-categorizar\"><a class=\"mb__15 db\" href=\"https:\/\/pro.costa-verde.com\/es\/la-nueva-hospitalidad-se-sirve-en-la-mesa-la-porcelana-como-lenguaje-de-lujo-e-intencionalidad\/\"><img loading=\"lazy\" decoding=\"async\" src=\"https:\/\/pro.costa-verde.com\/wp-content\/uploads\/2025\/07\/250407_COSTAVERDE_ONDA_1908-1-570x320.jpg\" width=\"570\" height=\"320\" alt=\"La nueva hospitalidad se sirve en la mesa: la porcelana como lenguaje de lujo e intencionalidad\" \/><\/a><div class=\"post-info mb__10\"><h4 class=\"mg__0 fs__16 mb__5 ls__0\"><a class=\"cd chp\" href=\"https:\/\/pro.costa-verde.com\/es\/la-nueva-hospitalidad-se-sirve-en-la-mesa-la-porcelana-como-lenguaje-de-lujo-e-intencionalidad\/\">La nueva hospitalidad se sirve en la mesa: la porcelana como lenguaje de lujo e intencionalidad<\/a><\/h4><span class=\"post-author mr__5\">By <span class=\"cd\">Rita Pires<\/span><\/span><span class=\"post-time\">on <span class=\"cd\"><time class=\"entry-date published updated\">15 de septiembre, 2025<\/time><\/span><\/span><\/div><div class=\"post-content\">El lujo en la hoteler\u00eda ha cambiado de piel. Ya no se trata solo de...<\/div><\/article><\/div><div class=\"jas-col-md-4 jas-col-sm-4 jas-col-xs-12 mb__40\"><article class=\"post-67226 post type-post status-publish format-standard has-post-thumbnail hentry category-costa-verde-es category-gastronomia-es category-porcelana-es\"><a class=\"mb__15 db\" href=\"https:\/\/pro.costa-verde.com\/es\/sostenibilidad-que-inspira-el-compromiso-de-costa-verde-con-el-futuro\/\"><img loading=\"lazy\" decoding=\"async\" src=\"https:\/\/pro.costa-verde.com\/wp-content\/uploads\/2025\/09\/paineis-solares-1-570x320.jpg\" width=\"570\" height=\"320\" alt=\"Sostenibilidad que inspira: el compromiso de Costa Verde con el futuro\" \/><\/a><div class=\"post-info mb__10\"><h4 class=\"mg__0 fs__16 mb__5 ls__0\"><a class=\"cd chp\" href=\"https:\/\/pro.costa-verde.com\/es\/sostenibilidad-que-inspira-el-compromiso-de-costa-verde-con-el-futuro\/\">Sostenibilidad que inspira: el compromiso de Costa Verde con el futuro<\/a><\/h4><span class=\"post-author mr__5\">By <span class=\"cd\">Rita Pires<\/span><\/span><span class=\"post-time\">on <span class=\"cd\"><time class=\"entry-date published updated\">1 de septiembre, 2025<\/time><\/span><\/span><\/div><div class=\"post-content\">En la hoteler\u00eda contempor\u00e1nea, hablar de sostenibilidad es hablar de competitividad, responsabilidad e innovaci\u00f3n. En...<\/div><\/article><\/div><div class=\"jas-col-md-4 jas-col-sm-4 jas-col-xs-12 mb__40\"><article class=\"post-66858 post type-post status-publish format-standard has-post-thumbnail hentry category-costa-verde-es category-gastronomia-es category-porcelana-es\"><a class=\"mb__15 db\" href=\"https:\/\/pro.costa-verde.com\/es\/el-servicio-de-personalizacion-de-costa-verde\/\"><img loading=\"lazy\" decoding=\"async\" src=\"https:\/\/pro.costa-verde.com\/wp-content\/uploads\/2025\/07\/Servico-de-Personalizacao-e1752480165385-570x320.jpg\" width=\"570\" height=\"320\" alt=\"El servicio de personalizaci\u00f3n de Costa Verde\" \/><\/a><div class=\"post-info mb__10\"><h4 class=\"mg__0 fs__16 mb__5 ls__0\"><a class=\"cd chp\" href=\"https:\/\/pro.costa-verde.com\/es\/el-servicio-de-personalizacion-de-costa-verde\/\">El servicio de personalizaci\u00f3n de Costa Verde<\/a><\/h4><span class=\"post-author mr__5\">By <span class=\"cd\">Joana Dias<\/span><\/span><span class=\"post-time\">on <span class=\"cd\"><time class=\"entry-date published updated\">14 de julio, 2025<\/time><\/span><\/span><\/div><div class=\"post-content\">Costa Verde ofrece un conjunto de soluciones dedicadas al servicio de personalizaci\u00f3n, lo que permite...<\/div><\/article><\/div><div class=\"jas-col-md-4 jas-col-sm-4 jas-col-xs-12 mb__40\"><article class=\"post-66404 post type-post status-publish format-standard has-post-thumbnail hentry category-costa-verde-es category-gastronomia-es category-sin-categorizar\"><a class=\"mb__15 db\" href=\"https:\/\/pro.costa-verde.com\/es\/los-datos-apuntan-a-otro-ano-de-exito-para-el-turismo-por-neoturis\/\"><img loading=\"lazy\" decoding=\"async\" src=\"https:\/\/pro.costa-verde.com\/wp-content\/uploads\/2025\/06\/Hilton_Vilamoura-scaled-e1718201987617-570x320.jpg\" width=\"570\" height=\"320\" alt=\"Los datos apuntan a otro a\u00f1o de \u00e9xito para el turismo, por neoturis\" \/><\/a><div class=\"post-info mb__10\"><h4 class=\"mg__0 fs__16 mb__5 ls__0\"><a class=\"cd chp\" href=\"https:\/\/pro.costa-verde.com\/es\/los-datos-apuntan-a-otro-ano-de-exito-para-el-turismo-por-neoturis\/\">Los datos apuntan a otro a\u00f1o de \u00e9xito para el turismo, por neoturis<\/a><\/h4><span class=\"post-author mr__5\">By <span class=\"cd\">Joana Dias<\/span><\/span><span class=\"post-time\">on <span class=\"cd\"><time class=\"entry-date published updated\">25 de junio, 2025<\/time><\/span><\/span><\/div><div class=\"post-content\">Despu\u00e9s de varios a\u00f1os consecutivos de r\u00e9cords en el desempe\u00f1o del turismo nacional, para muchos...<\/div><\/article><\/div><div class=\"jas-col-md-4 jas-col-sm-4 jas-col-xs-12 mb__40\"><article class=\"post-66172 post type-post status-publish format-standard has-post-thumbnail hentry category-costa-verde-es category-gastronomia-es category-porcelana-es\"><a class=\"mb__15 db\" href=\"https:\/\/pro.costa-verde.com\/es\/como-elegir-la-vajilla-para-hosteleria\/\"><img loading=\"lazy\" decoding=\"async\" src=\"https:\/\/pro.costa-verde.com\/wp-content\/uploads\/2025\/05\/241211_COSTA_VERDE_0005-570x320.jpg\" width=\"570\" height=\"320\" alt=\"\u00bfC\u00f3mo Elegir la Vajilla para Hosteler\u00eda?\" \/><\/a><div class=\"post-info mb__10\"><h4 class=\"mg__0 fs__16 mb__5 ls__0\"><a class=\"cd chp\" href=\"https:\/\/pro.costa-verde.com\/es\/como-elegir-la-vajilla-para-hosteleria\/\">\u00bfC\u00f3mo Elegir la Vajilla para Hosteler\u00eda?<\/a><\/h4><span class=\"post-author mr__5\">By <span class=\"cd\">Joana Dias<\/span><\/span><span class=\"post-time\">on <span class=\"cd\"><time class=\"entry-date published updated\">23 de mayo, 2025<\/time><\/span><\/span><\/div><div class=\"post-content\">En el sector de la hosteler\u00eda y la restauraci\u00f3n, cada detalle cuenta. La experiencia del...<\/div><\/article><\/div><div class=\"jas-col-md-4 jas-col-sm-4 jas-col-xs-12 mb__40\"><article class=\"post-65633 post type-post status-publish format-standard has-post-thumbnail hentry category-costa-verde-es category-gastronomia-es category-sin-categorizar\"><a class=\"mb__15 db\" href=\"https:\/\/pro.costa-verde.com\/es\/hospitalidad-como-atraer-buen-talento-por-oscar-correia\/\"><img loading=\"lazy\" decoding=\"async\" src=\"https:\/\/pro.costa-verde.com\/wp-content\/uploads\/2025\/04\/imagem-oscar-570x320.jpeg\" width=\"570\" height=\"320\" alt=\"Hospitalidad \u2013 C\u00f3mo atraer BUEN talento, por \u00d3scar Correia\" \/><\/a><div class=\"post-info mb__10\"><h4 class=\"mg__0 fs__16 mb__5 ls__0\"><a class=\"cd chp\" href=\"https:\/\/pro.costa-verde.com\/es\/hospitalidad-como-atraer-buen-talento-por-oscar-correia\/\">Hospitalidad \u2013 C\u00f3mo atraer BUEN talento, por \u00d3scar Correia<\/a><\/h4><span class=\"post-author mr__5\">By <span class=\"cd\">Leonardo Cardoso<\/span><\/span><span class=\"post-time\">on <span class=\"cd\"><time class=\"entry-date published updated\">24 de abril, 2025<\/time><\/span><\/span><\/div><div class=\"post-content\">\u00bfC\u00f3mo deber\u00edamos pensar el talento en el contexto de la hospitalidad? Al centrarnos principalmente en...<\/div><\/article><\/div><div class=\"jas-col-md-4 jas-col-sm-4 jas-col-xs-12 mb__40\"><article class=\"post-63967 post type-post status-publish format-standard has-post-thumbnail hentry category-costa-verde-es category-gastronomia-es category-sin-categorizar\"><a class=\"mb__15 db\" href=\"https:\/\/pro.costa-verde.com\/es\/portugal-mas-que-un-destino-por-th2\/\"><img loading=\"lazy\" decoding=\"async\" src=\"https:\/\/pro.costa-verde.com\/wp-content\/uploads\/2025\/04\/masood-aslami-Plf5Lyy47OM-unsplash-570x320.jpg\" width=\"570\" height=\"320\" alt=\"Portugal: M\u00e1s Que Un Destino, por TH2\" \/><\/a><div class=\"post-info mb__10\"><h4 class=\"mg__0 fs__16 mb__5 ls__0\"><a class=\"cd chp\" href=\"https:\/\/pro.costa-verde.com\/es\/portugal-mas-que-un-destino-por-th2\/\">Portugal: M\u00e1s Que Un Destino, por TH2<\/a><\/h4><span class=\"post-author mr__5\">By <span class=\"cd\">Rita Pires<\/span><\/span><span class=\"post-time\">on <span class=\"cd\"><time class=\"entry-date published updated\">2 de abril, 2025<\/time><\/span><\/span><\/div><div class=\"post-content\">Portugal no es solo otro punto en el mapa. Es una experiencia, una invitaci\u00f3n a...<\/div><\/article><\/div><div class=\"jas-col-md-4 jas-col-sm-4 jas-col-xs-12 mb__40\"><article class=\"post-63249 post type-post status-publish format-standard has-post-thumbnail hentry category-costa-verde-es category-gastronomia-es category-sin-categorizar\"><a class=\"mb__15 db\" href=\"https:\/\/pro.costa-verde.com\/es\/ano-nuevo-vida-nueva-en-su-restaurante-por-o-gerente\/\"><img loading=\"lazy\" decoding=\"async\" src=\"https:\/\/pro.costa-verde.com\/wp-content\/uploads\/2025\/01\/O-gerente_concurso-570x320.jpg\" width=\"570\" height=\"320\" alt=\"A\u00f1o nuevo, vida nueva en su restaurante, por O Gerente\" \/><\/a><div class=\"post-info mb__10\"><h4 class=\"mg__0 fs__16 mb__5 ls__0\"><a class=\"cd chp\" href=\"https:\/\/pro.costa-verde.com\/es\/ano-nuevo-vida-nueva-en-su-restaurante-por-o-gerente\/\">A\u00f1o nuevo, vida nueva en su restaurante, por O Gerente<\/a><\/h4><span class=\"post-author mr__5\">By <span class=\"cd\">Rita Pires<\/span><\/span><span class=\"post-time\">on <span class=\"cd\"><time class=\"entry-date published updated\">27 de enero, 2025<\/time><\/span><\/span><\/div><div class=\"post-content\">\u201c\u00a1A\u00f1o nuevo, vida nueva!\u201d Esta es la frase que nos persigue cada vez que empieza...<\/div><\/article><\/div><div class=\"jas-col-md-4 jas-col-sm-4 jas-col-xs-12 mb__40\"><article class=\"post-62665 post type-post status-publish format-standard has-post-thumbnail hentry category-costa-verde-es category-gastronomia-es category-sin-categorizar\"><a class=\"mb__15 db\" href=\"https:\/\/pro.costa-verde.com\/es\/2024-en-analisis-por-neoturis\/\"><img loading=\"lazy\" decoding=\"async\" src=\"https:\/\/pro.costa-verde.com\/wp-content\/uploads\/2024\/12\/hotel-1831072_1280-570x320.jpg\" width=\"570\" height=\"320\" alt=\"2024 en an\u00e1lisis, por neoturis\" \/><\/a><div class=\"post-info mb__10\"><h4 class=\"mg__0 fs__16 mb__5 ls__0\"><a class=\"cd chp\" href=\"https:\/\/pro.costa-verde.com\/es\/2024-en-analisis-por-neoturis\/\">2024 en an\u00e1lisis, por neoturis<\/a><\/h4><span class=\"post-author mr__5\">By <span class=\"cd\">Rita Pires<\/span><\/span><span class=\"post-time\">on <span class=\"cd\"><time class=\"entry-date published updated\">17 de diciembre, 2024<\/time><\/span><\/span><\/div><div class=\"post-content\">Todo apunta a que 2024 ser\u00e1 otro a\u00f1o r\u00e9cord para el turismo nacional. Veamos: En...<\/div><\/article><\/div><div class=\"jas-col-md-4 jas-col-sm-4 jas-col-xs-12 mb__40\"><article class=\"post-57515 post type-post status-publish format-standard has-post-thumbnail hentry category-costa-verde-es category-gastronomia-es category-sin-categorizar\"><a class=\"mb__15 db\" href=\"https:\/\/pro.costa-verde.com\/es\/la-impresion-3d-un-futuro-en-la-industria-de-la-porcelana-por-hiseedtech\/\"><img loading=\"lazy\" decoding=\"async\" src=\"https:\/\/pro.costa-verde.com\/wp-content\/uploads\/2024\/10\/IMG_2640_corte_limpo_FINAL-570x320.jpg\" width=\"570\" height=\"320\" alt=\"La impresi\u00f3n 3D, \u00bfun futuro en la industria de la porcelana? por Pedro Vilarinho\" \/><\/a><div class=\"post-info mb__10\"><h4 class=\"mg__0 fs__16 mb__5 ls__0\"><a class=\"cd chp\" href=\"https:\/\/pro.costa-verde.com\/es\/la-impresion-3d-un-futuro-en-la-industria-de-la-porcelana-por-hiseedtech\/\">La impresi\u00f3n 3D, \u00bfun futuro en la industria de la porcelana? por Pedro Vilarinho<\/a><\/h4><span class=\"post-author mr__5\">By <span class=\"cd\">Rita Pires<\/span><\/span><span class=\"post-time\">on <span class=\"cd\"><time class=\"entry-date published updated\">11 de octubre, 2024<\/time><\/span><\/span><\/div><div class=\"post-content\">En un mercado caracterizado por la transici\u00f3n de la personalizaci\u00f3n masiva a la personalizaci\u00f3n masiva...<\/div><\/article><\/div><div class=\"jas-col-md-4 jas-col-sm-4 jas-col-xs-12 mb__40\"><article class=\"post-60844 post type-post status-publish format-standard has-post-thumbnail hentry category-costa-verde-es category-gastronomia-es category-sin-categorizar\"><a class=\"mb__15 db\" href=\"https:\/\/pro.costa-verde.com\/es\/puede-el-desayuno-incluido-aumentar-la-ganancia-de-su-hotel\/\"><img loading=\"lazy\" decoding=\"async\" src=\"https:\/\/pro.costa-verde.com\/wp-content\/uploads\/2024\/09\/linha-eclipse-4-570x320.jpg\" width=\"570\" height=\"320\" alt=\"\u00bfPuede el desayuno incluido aumentar la ganancia de su hotel?\" \/><\/a><div class=\"post-info mb__10\"><h4 class=\"mg__0 fs__16 mb__5 ls__0\"><a class=\"cd chp\" href=\"https:\/\/pro.costa-verde.com\/es\/puede-el-desayuno-incluido-aumentar-la-ganancia-de-su-hotel\/\">\u00bfPuede el desayuno incluido aumentar la ganancia de su hotel?<\/a><\/h4><span class=\"post-author mr__5\">By <span class=\"cd\">Rita Pires<\/span><\/span><span class=\"post-time\">on <span class=\"cd\"><time class=\"entry-date published updated\">27 de septiembre, 2024<\/time><\/span><\/span><\/div><div class=\"post-content\">El desayuno no es s\u00f3lo la comida m\u00e1s importante del d\u00eda. Para los hoteleros, tambi\u00e9n...<\/div><\/article><\/div><div class=\"jas-col-md-4 jas-col-sm-4 jas-col-xs-12 mb__40\"><article class=\"post-60805 post type-post status-publish format-standard has-post-thumbnail hentry category-costa-verde-es category-gastronomia-es category-sin-categorizar\"><a class=\"mb__15 db\" href=\"https:\/\/pro.costa-verde.com\/es\/metaforas-sobre-la-mesa-por-amuse-bouche-gastronomia\/\"><img loading=\"lazy\" decoding=\"async\" src=\"https:\/\/pro.costa-verde.com\/wp-content\/uploads\/2024\/09\/spenser-sembrat-3neKY5He8BE-unsplash-e1726242380673-570x320.jpg\" width=\"570\" height=\"320\" alt=\"Met\u00e1foras sobre la mesa, por Amuse Bouche\" \/><\/a><div class=\"post-info mb__10\"><h4 class=\"mg__0 fs__16 mb__5 ls__0\"><a class=\"cd chp\" href=\"https:\/\/pro.costa-verde.com\/es\/metaforas-sobre-la-mesa-por-amuse-bouche-gastronomia\/\">Met\u00e1foras sobre la mesa, por Amuse Bouche<\/a><\/h4><span class=\"post-author mr__5\">By <span class=\"cd\">Rita Pires<\/span><\/span><span class=\"post-time\">on <span class=\"cd\"><time class=\"entry-date published updated\">16 de septiembre, 2024<\/time><\/span><\/span><\/div><div class=\"post-content\">En los \u00faltimos a\u00f1os, la gastronom\u00eda portuguesa ha crecido, ha sido reconocida y se ha...<\/div><\/article><\/div><div class=\"jas-col-md-4 jas-col-sm-4 jas-col-xs-12 mb__40\"><article class=\"post-59715 post type-post status-publish format-standard has-post-thumbnail hentry category-costa-verde-es category-gastronomia-es category-sin-categorizar\"><a class=\"mb__15 db\" href=\"https:\/\/pro.costa-verde.com\/es\/estilo-minimalista-acogedor-por-th2\/\"><img loading=\"lazy\" decoding=\"async\" src=\"https:\/\/pro.costa-verde.com\/wp-content\/uploads\/2024\/07\/tu-tu-QZGQO3NvsLo-unsplash-e1720698217327-570x320.jpg\" width=\"570\" height=\"320\" alt=\"Minimalista acogedor, por TH2\" \/><\/a><div class=\"post-info mb__10\"><h4 class=\"mg__0 fs__16 mb__5 ls__0\"><a class=\"cd chp\" href=\"https:\/\/pro.costa-verde.com\/es\/estilo-minimalista-acogedor-por-th2\/\">Minimalista acogedor, por TH2<\/a><\/h4><span class=\"post-author mr__5\">By <span class=\"cd\">Rita Pires<\/span><\/span><span class=\"post-time\">on <span class=\"cd\"><time class=\"entry-date published updated\">23 de julio, 2024<\/time><\/span><\/span><\/div><div class=\"post-content\">L\u00edneas sencillas que transmiten una sensaci\u00f3n acogedora, para una decoraci\u00f3n distintiva en los ambientes Se...<\/div><\/article><\/div><div class=\"jas-col-md-4 jas-col-sm-4 jas-col-xs-12 mb__40\"><article class=\"post-59706 post type-post status-publish format-standard has-post-thumbnail hentry category-costa-verde-es category-gastronomia-es category-sin-categorizar\"><a class=\"mb__15 db\" href=\"https:\/\/pro.costa-verde.com\/es\/moods-el-nuevo-enfoque-en-porcelana-por-costa-verde\/\"><img loading=\"lazy\" decoding=\"async\" src=\"https:\/\/pro.costa-verde.com\/wp-content\/uploads\/2024\/07\/Moods-Costa-Verde-570x320.jpg\" width=\"570\" height=\"320\" alt=\"Moods, el nuevo enfoque en porcelana por Costa Verde!\" \/><\/a><div class=\"post-info mb__10\"><h4 class=\"mg__0 fs__16 mb__5 ls__0\"><a class=\"cd chp\" href=\"https:\/\/pro.costa-verde.com\/es\/moods-el-nuevo-enfoque-en-porcelana-por-costa-verde\/\">Moods, el nuevo enfoque en porcelana por Costa Verde!<\/a><\/h4><span class=\"post-author mr__5\">By <span class=\"cd\">Rita Pires<\/span><\/span><span class=\"post-time\">on <span class=\"cd\"><time class=\"entry-date published updated\">11 de julio, 2024<\/time><\/span><\/span><\/div><div class=\"post-content\">Ya antes de la pandemia, Costa Verde comenz\u00f3 a investigar acabados diferenciados en porcelana, habiendo...<\/div><\/article><\/div><div class=\"jas-col-md-4 jas-col-sm-4 jas-col-xs-12 mb__40\"><article class=\"post-59604 post type-post status-publish format-standard has-post-thumbnail hentry category-costa-verde-es category-gastronomia-es category-sin-categorizar\"><a class=\"mb__15 db\" href=\"https:\/\/pro.costa-verde.com\/es\/las-confesiones-de-los-mejores-chefs-del-mundo-por-nelson-marques\/\"><img loading=\"lazy\" decoding=\"async\" src=\"https:\/\/pro.costa-verde.com\/wp-content\/uploads\/2024\/07\/Shout-Estudio-Shout-Sauvage-CCB-Chefs-Sem-Reservas-Nelson-Marques-0150_websize-1-1-570x320.jpg\" width=\"570\" height=\"320\" alt=\"Las confesiones de los mejores chefs del mundo, por Nelson Marques\" \/><\/a><div class=\"post-info mb__10\"><h4 class=\"mg__0 fs__16 mb__5 ls__0\"><a class=\"cd chp\" href=\"https:\/\/pro.costa-verde.com\/es\/las-confesiones-de-los-mejores-chefs-del-mundo-por-nelson-marques\/\">Las confesiones de los mejores chefs del mundo, por Nelson Marques<\/a><\/h4><span class=\"post-author mr__5\">By <span class=\"cd\">Rita Pires<\/span><\/span><span class=\"post-time\">on <span class=\"cd\"><time class=\"entry-date published updated\">3 de julio, 2024<\/time><\/span><\/span><\/div><div class=\"post-content\">Hace seis a\u00f1os, cuando pens\u00e9 en publicar el primer libro \u201cChefs Sem Reservas\u201d (Cocineros Sin...<\/div><\/article><\/div><div class=\"jas-col-md-4 jas-col-sm-4 jas-col-xs-12 mb__40\"><article class=\"post-59592 post type-post status-publish format-standard has-post-thumbnail hentry category-costa-verde-es category-gastronomia-es category-sin-categorizar\"><a class=\"mb__15 db\" href=\"https:\/\/pro.costa-verde.com\/es\/costa-verde-en-vagos-sensation-gourmet-2024\/\"><img loading=\"lazy\" decoding=\"async\" src=\"https:\/\/pro.costa-verde.com\/wp-content\/uploads\/2024\/06\/VSG2024_parceiros-redes-sociais_feed-02-570x320.jpg\" width=\"570\" height=\"320\" alt=\"\u00a1Costa Verde en Vagos Sensation Gourmet 2024!\" \/><\/a><div class=\"post-info mb__10\"><h4 class=\"mg__0 fs__16 mb__5 ls__0\"><a class=\"cd chp\" href=\"https:\/\/pro.costa-verde.com\/es\/costa-verde-en-vagos-sensation-gourmet-2024\/\">\u00a1Costa Verde en Vagos Sensation Gourmet 2024!<\/a><\/h4><span class=\"post-author mr__5\">By <span class=\"cd\">Rita Pires<\/span><\/span><span class=\"post-time\">on <span class=\"cd\"><time class=\"entry-date published updated\">28 de junio, 2024<\/time><\/span><\/span><\/div><div class=\"post-content\">Costa Verde patrocina la edici\u00f3n 2024 de Vagos Sensation Gourmet, con el tema \"Expr\u00e9sate\". Praia...<\/div><\/article><\/div><div class=\"jas-col-md-4 jas-col-sm-4 jas-col-xs-12 mb__40\"><article class=\"post-58096 post type-post status-publish format-standard has-post-thumbnail hentry category-costa-verde-es category-gastronomia-es category-sin-categorizar\"><a class=\"mb__15 db\" href=\"https:\/\/pro.costa-verde.com\/es\/analisis-del-primer-semestre-de-2024-por-neoturis\/\"><img loading=\"lazy\" decoding=\"async\" src=\"https:\/\/pro.costa-verde.com\/wp-content\/uploads\/2024\/06\/sasha-kaunas-xEaAoizNFV8-unsplash-570x320.jpg\" width=\"570\" height=\"320\" alt=\"An\u00e1lisis del primer semestre de 2024, por neoturis\" \/><\/a><div class=\"post-info mb__10\"><h4 class=\"mg__0 fs__16 mb__5 ls__0\"><a class=\"cd chp\" href=\"https:\/\/pro.costa-verde.com\/es\/analisis-del-primer-semestre-de-2024-por-neoturis\/\">An\u00e1lisis del primer semestre de 2024, por neoturis<\/a><\/h4><span class=\"post-author mr__5\">By <span class=\"cd\">Rita Pires<\/span><\/span><span class=\"post-time\">on <span class=\"cd\"><time class=\"entry-date published updated\">13 de junio, 2024<\/time><\/span><\/span><\/div><div class=\"post-content\">Tras la pandemia, se plantearon varios interrogantes sobre la evoluci\u00f3n de la demanda tur\u00edstica -...<\/div><\/article><\/div><div class=\"jas-col-md-4 jas-col-sm-4 jas-col-xs-12 mb__40\"><article class=\"post-57820 post type-post status-publish format-standard has-post-thumbnail hentry category-costa-verde-es category-gastronomia-es category-sin-categorizar\"><a class=\"mb__15 db\" href=\"https:\/\/pro.costa-verde.com\/es\/comunidad-de-exito-en-el-sector-de-la-restauracion-por-o-gerente\/\"><img loading=\"lazy\" decoding=\"async\" src=\"https:\/\/pro.costa-verde.com\/wp-content\/uploads\/2024\/05\/zakaria-zayane-0uAVsDcyD0M-unsplash-570x320.jpg\" width=\"570\" height=\"320\" alt=\"Comunidad de \u00e9xito en el sector de la restauraci\u00f3n, por O Gerente\" \/><\/a><div class=\"post-info mb__10\"><h4 class=\"mg__0 fs__16 mb__5 ls__0\"><a class=\"cd chp\" href=\"https:\/\/pro.costa-verde.com\/es\/comunidad-de-exito-en-el-sector-de-la-restauracion-por-o-gerente\/\">Comunidad de \u00e9xito en el sector de la restauraci\u00f3n, por O Gerente<\/a><\/h4><span class=\"post-author mr__5\">By <span class=\"cd\">Rita Pires<\/span><\/span><span class=\"post-time\">on <span class=\"cd\"><time class=\"entry-date published updated\">13 de mayo, 2024<\/time><\/span><\/span><\/div><div class=\"post-content\">En el din\u00e1mico panorama de la restauraci\u00f3n, es crucial que los propietarios de restaurantes se...<\/div><\/article><\/div><div class=\"jas-col-md-4 jas-col-sm-4 jas-col-xs-12 mb__40\"><article class=\"post-57803 post type-post status-publish format-standard has-post-thumbnail hentry category-costa-verde-es category-gastronomia-es category-sin-categorizar\"><a class=\"mb__15 db\" href=\"https:\/\/pro.costa-verde.com\/es\/la-sostenibilidad-en-la-hosteleria-un-compromiso\/\"><img loading=\"lazy\" decoding=\"async\" src=\"https:\/\/pro.costa-verde.com\/wp-content\/uploads\/2024\/05\/modern-skyscrapers-reflect-sunset-glass-windows-generated-by-ai-570x320.jpg\" width=\"570\" height=\"320\" alt=\"La sostenibilidad en la hosteler\u00eda &#8211; \u00a1Un compromiso!\" \/><\/a><div class=\"post-info mb__10\"><h4 class=\"mg__0 fs__16 mb__5 ls__0\"><a class=\"cd chp\" href=\"https:\/\/pro.costa-verde.com\/es\/la-sostenibilidad-en-la-hosteleria-un-compromiso\/\">La sostenibilidad en la hosteler\u00eda &#8211; \u00a1Un compromiso!<\/a><\/h4><span class=\"post-author mr__5\">By <span class=\"cd\">Rita Pires<\/span><\/span><span class=\"post-time\">on <span class=\"cd\"><time class=\"entry-date published updated\">2 de mayo, 2024<\/time><\/span><\/span><\/div><div class=\"post-content\">En Costa Verde, y como resultado del sistema integrado de gesti\u00f3n, CVIS - Costa Verde...<\/div><\/article><\/div><div class=\"jas-col-md-4 jas-col-sm-4 jas-col-xs-12 mb__40\"><article class=\"post-57411 post type-post status-publish format-standard has-post-thumbnail hentry category-costa-verde-es category-gastronomia-es category-sin-categorizar\"><a class=\"mb__15 db\" href=\"https:\/\/pro.costa-verde.com\/es\/salud-sexual-en-la-hosteleria-por-th2\/\"><img loading=\"lazy\" decoding=\"async\" src=\"https:\/\/pro.costa-verde.com\/wp-content\/uploads\/2024\/04\/bilderboken-rlwE8f8anOc-unsplash-570x320.jpg\" width=\"570\" height=\"320\" alt=\"Salud sexual en la Hosteler\u00eda, por TH2\" \/><\/a><div class=\"post-info mb__10\"><h4 class=\"mg__0 fs__16 mb__5 ls__0\"><a class=\"cd chp\" href=\"https:\/\/pro.costa-verde.com\/es\/salud-sexual-en-la-hosteleria-por-th2\/\">Salud sexual en la Hosteler\u00eda, por TH2<\/a><\/h4><span class=\"post-author mr__5\">By <span class=\"cd\">Rita Pires<\/span><\/span><span class=\"post-time\">on <span class=\"cd\"><time class=\"entry-date published updated\">15 de abril, 2024<\/time><\/span><\/span><\/div><div class=\"post-content\">S\u00ed, las redes sociales siempre tienen la culpa, pero aqu\u00ed no es indiferente. Es una...<\/div><\/article><\/div><div class=\"jas-col-md-4 jas-col-sm-4 jas-col-xs-12 mb__40\"><article class=\"post-56171 post type-post status-publish format-standard has-post-thumbnail hentry category-costa-verde-es category-gastronomia-es category-sin-categorizar\"><a class=\"mb__15 db\" href=\"https:\/\/pro.costa-verde.com\/es\/innovacion-en-la-industria-ceramica-un-paso-hacia-la-sostenibilidad\/\"><img loading=\"lazy\" decoding=\"async\" src=\"https:\/\/pro.costa-verde.com\/wp-content\/uploads\/2024\/03\/Fotografia_fabrica-570x320.jpg\" width=\"570\" height=\"320\" alt=\"Innovaci\u00f3n en la industria cer\u00e1mica: un paso hacia la sostenibilidad, por C\u00e1tia Oliveira\" \/><\/a><div class=\"post-info mb__10\"><h4 class=\"mg__0 fs__16 mb__5 ls__0\"><a class=\"cd chp\" href=\"https:\/\/pro.costa-verde.com\/es\/innovacion-en-la-industria-ceramica-un-paso-hacia-la-sostenibilidad\/\">Innovaci\u00f3n en la industria cer\u00e1mica: un paso hacia la sostenibilidad, por C\u00e1tia Oliveira<\/a><\/h4><span class=\"post-author mr__5\">By <span class=\"cd\">Rita Pires<\/span><\/span><span class=\"post-time\">on <span class=\"cd\"><time class=\"entry-date published updated\">27 de marzo, 2024<\/time><\/span><\/span><\/div><div class=\"post-content\">El desarrollo de nuevos productos, servicios y procesos alineados con las preocupaciones de sostenibilidad es...<\/div><\/article><\/div><div class=\"jas-col-md-4 jas-col-sm-4 jas-col-xs-12 mb__40\"><article class=\"post-55766 post type-post status-publish format-standard has-post-thumbnail hentry category-costa-verde-es category-gastronomia-es category-sin-categorizar\"><a class=\"mb__15 db\" href=\"https:\/\/pro.costa-verde.com\/es\/porcelana-conozca-su-origen-composicion-y-sus-aplicaciones\/\"><img loading=\"lazy\" decoding=\"async\" src=\"https:\/\/pro.costa-verde.com\/wp-content\/uploads\/2022\/06\/Banner_Innovation-570x320.jpg\" width=\"570\" height=\"320\" alt=\"Porcelana: \u00a1Conozca su origen, composici\u00f3n y sus aplicaciones!\" \/><\/a><div class=\"post-info mb__10\"><h4 class=\"mg__0 fs__16 mb__5 ls__0\"><a class=\"cd chp\" href=\"https:\/\/pro.costa-verde.com\/es\/porcelana-conozca-su-origen-composicion-y-sus-aplicaciones\/\">Porcelana: \u00a1Conozca su origen, composici\u00f3n y sus aplicaciones!<\/a><\/h4><span class=\"post-author mr__5\">By <span class=\"cd\">Rita Pires<\/span><\/span><span class=\"post-time\">on <span class=\"cd\"><time class=\"entry-date published updated\">14 de marzo, 2024<\/time><\/span><\/span><\/div><div class=\"post-content\">La\u00a0porcelana, por si sola da vida a una comida. Con su\u00a0belleza y su tacto suave...<\/div><\/article><\/div><div class=\"jas-col-md-4 jas-col-sm-4 jas-col-xs-12 mb__40\"><article class=\"post-55571 post type-post status-publish format-standard has-post-thumbnail hentry category-costa-verde-es category-gastronomia-es category-sin-categorizar\"><a class=\"mb__15 db\" href=\"https:\/\/pro.costa-verde.com\/es\/las-perspectivas-para-2024-por-fernando-garrido-de-la-adhp\/\"><img loading=\"lazy\" decoding=\"async\" src=\"https:\/\/pro.costa-verde.com\/wp-content\/uploads\/2024\/02\/volkan-vardar-1H30uRC1plc-unsplash-e1709038766444-570x320.jpg\" width=\"570\" height=\"320\" alt=\"Perspectivas para 2024, por Fernando Garrido de ADHP\" \/><\/a><div class=\"post-info mb__10\"><h4 class=\"mg__0 fs__16 mb__5 ls__0\"><a class=\"cd chp\" href=\"https:\/\/pro.costa-verde.com\/es\/las-perspectivas-para-2024-por-fernando-garrido-de-la-adhp\/\">Perspectivas para 2024, por Fernando Garrido de ADHP<\/a><\/h4><span class=\"post-author mr__5\">By <span class=\"cd\">Rita Pires<\/span><\/span><span class=\"post-time\">on <span class=\"cd\"><time class=\"entry-date published updated\">29 de febrero, 2024<\/time><\/span><\/span><\/div><div class=\"post-content\">El comienzo de un nuevo a\u00f1o es siempre un momento de reflexi\u00f3n y planificaci\u00f3n. Bas\u00e1ndonos...<\/div><\/article><\/div><\/div><\/div>\t\t\t\t<\/div>\n\t\t\t\t<\/div>\n\t\t\t\t\t<\/div>\n\t\t<\/div>\n\t\t\t\t\t<\/div>\n\t\t<\/section>\n\t\t\t\t<\/div>\n\t\t","protected":false},"excerpt":{"rendered":"<p>Siga nuestro blog Aqu\u00ed publicamos a menudo art\u00edculos sobre el mundo de la porcelana y Costa Verde.Suscr\u00edbase al blog y reciba nuestras comunicaciones de primera mano.<\/p>\n","protected":false},"author":3,"featured_media":0,"parent":0,"menu_order":0,"comment_status":"closed","ping_status":"closed","template":"","meta":{"footnotes":""},"class_list":["post-18972","page","type-page","status-publish","hentry"],"yoast_head":"<!-- This site is optimized with the Yoast SEO plugin v26.9 - https:\/\/yoast.com\/product\/yoast-seo-wordpress\/ -->\n<title>Blog - Costa Verde<\/title>\n<meta name=\"robots\" content=\"index, follow, max-snippet:-1, max-image-preview:large, max-video-preview:-1\" \/>\n<link rel=\"canonical\" href=\"https:\/\/pro.costa-verde.com\/blog-costa-verde\/\" \/>\n<meta property=\"og:locale\" content=\"es_ES\" \/>\n<meta property=\"og:type\" content=\"article\" \/>\n<meta property=\"og:title\" content=\"Blog - Costa Verde\" \/>\n<meta property=\"og:description\" content=\"Siga nuestro blog Aqu\u00ed publicamos a menudo art\u00edculos sobre el mundo de la porcelana y Costa Verde.Suscr\u00edbase al blog y reciba nuestras comunicaciones de primera mano.\" \/>\n<meta property=\"og:url\" content=\"https:\/\/pro.costa-verde.com\/blog-costa-verde\/\" \/>\n<meta property=\"og:site_name\" content=\"Costa Verde\" \/>\n<meta property=\"article:publisher\" content=\"https:\/\/www.facebook.com\/costaverdeporcelanas\/\" \/>\n<meta property=\"article:modified_time\" content=\"2025-02-18T11:04:50+00:00\" \/>\n<meta property=\"og:image\" content=\"https:\/\/pro.costa-verde.com\/wp-content\/uploads\/2021\/04\/costa.verde_.png\" \/>\n\t<meta property=\"og:image:width\" content=\"200\" \/>\n\t<meta property=\"og:image:height\" content=\"200\" \/>\n\t<meta property=\"og:image:type\" content=\"image\/png\" \/>\n<meta name=\"twitter:card\" content=\"summary_large_image\" \/>\n<meta name=\"twitter:label1\" content=\"Tiempo de lectura\" \/>\n\t<meta name=\"twitter:data1\" content=\"10 minutos\" \/>\n<script type=\"application\/ld+json\" class=\"yoast-schema-graph\">{\"@context\":\"https:\/\/schema.org\",\"@graph\":[{\"@type\":\"WebPage\",\"@id\":\"https:\/\/pro.costa-verde.com\/blog-costa-verde\/\",\"url\":\"https:\/\/pro.costa-verde.com\/blog-costa-verde\/\",\"name\":\"Blog - Costa Verde\",\"isPartOf\":{\"@id\":\"https:\/\/pro.costa-verde.com\/#website\"},\"datePublished\":\"2021-01-25T09:51:41+00:00\",\"dateModified\":\"2025-02-18T11:04:50+00:00\",\"breadcrumb\":{\"@id\":\"https:\/\/pro.costa-verde.com\/blog-costa-verde\/#breadcrumb\"},\"inLanguage\":\"es\",\"potentialAction\":[{\"@type\":\"ReadAction\",\"target\":[\"https:\/\/pro.costa-verde.com\/blog-costa-verde\/\"]}]},{\"@type\":\"BreadcrumbList\",\"@id\":\"https:\/\/pro.costa-verde.com\/blog-costa-verde\/#breadcrumb\",\"itemListElement\":[{\"@type\":\"ListItem\",\"position\":1,\"name\":\"In\u00edcio\",\"item\":\"https:\/\/pro.costa-verde.com\/es\/\"},{\"@type\":\"ListItem\",\"position\":2,\"name\":\"Blog\"}]},{\"@type\":\"WebSite\",\"@id\":\"https:\/\/pro.costa-verde.com\/#website\",\"url\":\"https:\/\/pro.costa-verde.com\/\",\"name\":\"Costa Verde\",\"description\":\"Loja Online\",\"potentialAction\":[{\"@type\":\"SearchAction\",\"target\":{\"@type\":\"EntryPoint\",\"urlTemplate\":\"https:\/\/pro.costa-verde.com\/?s={search_term_string}\"},\"query-input\":{\"@type\":\"PropertyValueSpecification\",\"valueRequired\":true,\"valueName\":\"search_term_string\"}}],\"inLanguage\":\"es\"}]}<\/script>\n<!-- \/ Yoast SEO plugin. -->","yoast_head_json":{"title":"Blog - Costa Verde","robots":{"index":"index","follow":"follow","max-snippet":"max-snippet:-1","max-image-preview":"max-image-preview:large","max-video-preview":"max-video-preview:-1"},"canonical":"https:\/\/pro.costa-verde.com\/blog-costa-verde\/","og_locale":"es_ES","og_type":"article","og_title":"Blog - Costa Verde","og_description":"Siga nuestro blog Aqu\u00ed publicamos a menudo art\u00edculos sobre el mundo de la porcelana y Costa Verde.Suscr\u00edbase al blog y reciba nuestras comunicaciones de primera mano.","og_url":"https:\/\/pro.costa-verde.com\/blog-costa-verde\/","og_site_name":"Costa Verde","article_publisher":"https:\/\/www.facebook.com\/costaverdeporcelanas\/","article_modified_time":"2025-02-18T11:04:50+00:00","og_image":[{"width":200,"height":200,"url":"https:\/\/pro.costa-verde.com\/wp-content\/uploads\/2021\/04\/costa.verde_.png","type":"image\/png"}],"twitter_card":"summary_large_image","twitter_misc":{"Tiempo de lectura":"10 minutos"},"schema":{"@context":"https:\/\/schema.org","@graph":[{"@type":"WebPage","@id":"https:\/\/pro.costa-verde.com\/blog-costa-verde\/","url":"https:\/\/pro.costa-verde.com\/blog-costa-verde\/","name":"Blog - Costa Verde","isPartOf":{"@id":"https:\/\/pro.costa-verde.com\/#website"},"datePublished":"2021-01-25T09:51:41+00:00","dateModified":"2025-02-18T11:04:50+00:00","breadcrumb":{"@id":"https:\/\/pro.costa-verde.com\/blog-costa-verde\/#breadcrumb"},"inLanguage":"es","potentialAction":[{"@type":"ReadAction","target":["https:\/\/pro.costa-verde.com\/blog-costa-verde\/"]}]},{"@type":"BreadcrumbList","@id":"https:\/\/pro.costa-verde.com\/blog-costa-verde\/#breadcrumb","itemListElement":[{"@type":"ListItem","position":1,"name":"In\u00edcio","item":"https:\/\/pro.costa-verde.com\/es\/"},{"@type":"ListItem","position":2,"name":"Blog"}]},{"@type":"WebSite","@id":"https:\/\/pro.costa-verde.com\/#website","url":"https:\/\/pro.costa-verde.com\/","name":"Costa Verde","description":"Loja Online","potentialAction":[{"@type":"SearchAction","target":{"@type":"EntryPoint","urlTemplate":"https:\/\/pro.costa-verde.com\/?s={search_term_string}"},"query-input":{"@type":"PropertyValueSpecification","valueRequired":true,"valueName":"search_term_string"}}],"inLanguage":"es"}]}},"_links":{"self":[{"href":"https:\/\/pro.costa-verde.com\/es\/wp-json\/wp\/v2\/pages\/18972","targetHints":{"allow":["GET"]}}],"collection":[{"href":"https:\/\/pro.costa-verde.com\/es\/wp-json\/wp\/v2\/pages"}],"about":[{"href":"https:\/\/pro.costa-verde.com\/es\/wp-json\/wp\/v2\/types\/page"}],"author":[{"embeddable":true,"href":"https:\/\/pro.costa-verde.com\/es\/wp-json\/wp\/v2\/users\/3"}],"replies":[{"embeddable":true,"href":"https:\/\/pro.costa-verde.com\/es\/wp-json\/wp\/v2\/comments?post=18972"}],"version-history":[{"count":15,"href":"https:\/\/pro.costa-verde.com\/es\/wp-json\/wp\/v2\/pages\/18972\/revisions"}],"predecessor-version":[{"id":63381,"href":"https:\/\/pro.costa-verde.com\/es\/wp-json\/wp\/v2\/pages\/18972\/revisions\/63381"}],"wp:attachment":[{"href":"https:\/\/pro.costa-verde.com\/es\/wp-json\/wp\/v2\/media?parent=18972"}],"curies":[{"name":"wp","href":"https:\/\/api.w.org\/{rel}","templated":true}]}}