{"id":55464,"date":"2024-02-26T17:14:56","date_gmt":"2024-02-26T17:14:56","guid":{"rendered":"https:\/\/pro.costa-verde.com\/?page_id=55464"},"modified":"2024-02-26T17:16:33","modified_gmt":"2024-02-26T17:16:33","slug":"costa-verde-at-interdecoracao-2024","status":"publish","type":"page","link":"https:\/\/pro.costa-verde.com\/en\/costa-verde-at-interdecoracao-2024\/","title":{"rendered":"Costa Verde at Interdecora\u00e7\u00e3o 2024"},"content":{"rendered":"\t\t<div data-elementor-type=\"wp-page\" data-elementor-id=\"55464\" class=\"elementor elementor-55464 elementor-55463\" data-elementor-post-type=\"page\">\n\t\t\t\t\t\t<section class=\"elementor-section elementor-top-section elementor-element elementor-element-4e696d57 elementor-section-boxed elementor-section-height-default elementor-section-height-default\" data-id=\"4e696d57\" data-element_type=\"section\">\n\t\t\t\t\t\t<div class=\"elementor-container elementor-column-gap-default\">\n\t\t\t\t\t<div class=\"elementor-column elementor-col-100 elementor-top-column elementor-element elementor-element-7149df70\" data-id=\"7149df70\" data-element_type=\"column\">\n\t\t\t<div class=\"elementor-widget-wrap elementor-element-populated\">\n\t\t\t\t\t\t<div class=\"elementor-element elementor-element-3311861 elementor-widget elementor-widget-image\" data-id=\"3311861\" data-element_type=\"widget\" data-widget_type=\"image.default\">\n\t\t\t\t<div class=\"elementor-widget-container\">\n\t\t\t\t\t\t\t\t\t\t\t\t\t\t\t<img fetchpriority=\"high\" decoding=\"async\" width=\"1024\" height=\"1024\" src=\"https:\/\/pro.costa-verde.com\/wp-content\/uploads\/2024\/02\/DSC01254-1024x1024.jpg\" class=\"attachment-large size-large wp-image-55521\" alt=\"\" srcset=\"https:\/\/pro.costa-verde.com\/wp-content\/uploads\/2024\/02\/DSC01254-1024x1024.jpg 1024w, https:\/\/pro.costa-verde.com\/wp-content\/uploads\/2024\/02\/DSC01254-300x300.jpg 300w, https:\/\/pro.costa-verde.com\/wp-content\/uploads\/2024\/02\/DSC01254-150x150.jpg 150w, https:\/\/pro.costa-verde.com\/wp-content\/uploads\/2024\/02\/DSC01254-768x768.jpg 768w, https:\/\/pro.costa-verde.com\/wp-content\/uploads\/2024\/02\/DSC01254-1536x1536.jpg 1536w, https:\/\/pro.costa-verde.com\/wp-content\/uploads\/2024\/02\/DSC01254-600x600.jpg 600w, https:\/\/pro.costa-verde.com\/wp-content\/uploads\/2024\/02\/DSC01254-120x120.jpg 120w, https:\/\/pro.costa-verde.com\/wp-content\/uploads\/2024\/02\/DSC01254.jpg 1920w\" sizes=\"(max-width: 1024px) 100vw, 1024px\" \/>\t\t\t\t\t\t\t\t\t\t\t\t\t\t\t<\/div>\n\t\t\t\t<\/div>\n\t\t\t\t<div class=\"elementor-element elementor-element-7843fbcb elementor-widget elementor-widget-text-editor\" data-id=\"7843fbcb\" data-element_type=\"widget\" data-widget_type=\"text-editor.default\">\n\t\t\t\t<div class=\"elementor-widget-container\">\n\t\t\t\t\t\t\t\t\t<p>Costa Verde had a notable presence at the latest edition of the Interdecora\u00e7\u00e3o fair, which took place from February 22nd to 25th in Porto.\u00a0<\/p><p>At the invitation of designer Carla Magalh\u00e3es, Costa Verde showcased its latest collection, Foggy, Sandy and Groundy, known for its discreet and unique elegance, in an exhibition that highlighted table art and floral design.\u00a0<span style=\"color: var( --e-global-color-text );\">Carla Magalh\u00e3es, who started her career in 2000 in Brazil and has been in Portugal since 2016, also in an academy format, was responsible for the invitation. Self-described as &#8220;Cerimonialista,&#8221; Carla has always been passionate about flowers and has pursued training in table art and floral design throughout her career, including in England, Spain, and France.<\/span><\/p><p>Costa Verde extends its gratitude for the invitation and congratulates Carla Magalh\u00e3es on the initiative.<\/p>\t\t\t\t\t\t\t\t<\/div>\n\t\t\t\t<\/div>\n\t\t\t\t\t<\/div>\n\t\t<\/div>\n\t\t\t\t\t<\/div>\n\t\t<\/section>\n\t\t\t\t<section class=\"elementor-section elementor-top-section elementor-element elementor-element-889d5c0 elementor-section-boxed elementor-section-height-default elementor-section-height-default\" data-id=\"889d5c0\" data-element_type=\"section\">\n\t\t\t\t\t\t<div class=\"elementor-container elementor-column-gap-default\">\n\t\t\t\t\t<div class=\"elementor-column elementor-col-33 elementor-top-column elementor-element elementor-element-1cfc600\" data-id=\"1cfc600\" data-element_type=\"column\">\n\t\t\t<div class=\"elementor-widget-wrap elementor-element-populated\">\n\t\t\t\t\t\t<div class=\"elementor-element elementor-element-47b3fd5 elementor-widget elementor-widget-image\" data-id=\"47b3fd5\" data-element_type=\"widget\" data-widget_type=\"image.default\">\n\t\t\t\t<div class=\"elementor-widget-container\">\n\t\t\t\t\t\t\t\t\t\t\t\t\t\t\t<img decoding=\"async\" width=\"1024\" height=\"1024\" src=\"https:\/\/pro.costa-verde.com\/wp-content\/uploads\/2024\/02\/DSC01251-1024x1024.jpg\" class=\"attachment-large size-large wp-image-55517\" alt=\"\" srcset=\"https:\/\/pro.costa-verde.com\/wp-content\/uploads\/2024\/02\/DSC01251-1024x1024.jpg 1024w, https:\/\/pro.costa-verde.com\/wp-content\/uploads\/2024\/02\/DSC01251-300x300.jpg 300w, https:\/\/pro.costa-verde.com\/wp-content\/uploads\/2024\/02\/DSC01251-150x150.jpg 150w, https:\/\/pro.costa-verde.com\/wp-content\/uploads\/2024\/02\/DSC01251-768x768.jpg 768w, https:\/\/pro.costa-verde.com\/wp-content\/uploads\/2024\/02\/DSC01251-1536x1536.jpg 1536w, https:\/\/pro.costa-verde.com\/wp-content\/uploads\/2024\/02\/DSC01251-600x600.jpg 600w, https:\/\/pro.costa-verde.com\/wp-content\/uploads\/2024\/02\/DSC01251-120x120.jpg 120w, https:\/\/pro.costa-verde.com\/wp-content\/uploads\/2024\/02\/DSC01251.jpg 1920w\" sizes=\"(max-width: 1024px) 100vw, 1024px\" \/>\t\t\t\t\t\t\t\t\t\t\t\t\t\t\t<\/div>\n\t\t\t\t<\/div>\n\t\t\t\t\t<\/div>\n\t\t<\/div>\n\t\t\t\t<div class=\"elementor-column elementor-col-33 elementor-top-column elementor-element elementor-element-d588fc8\" data-id=\"d588fc8\" data-element_type=\"column\">\n\t\t\t<div class=\"elementor-widget-wrap elementor-element-populated\">\n\t\t\t\t\t\t<div class=\"elementor-element elementor-element-c575ed7 elementor-widget elementor-widget-image\" data-id=\"c575ed7\" data-element_type=\"widget\" data-widget_type=\"image.default\">\n\t\t\t\t<div class=\"elementor-widget-container\">\n\t\t\t\t\t\t\t\t\t\t\t\t\t\t\t<img decoding=\"async\" width=\"1024\" height=\"1024\" src=\"https:\/\/pro.costa-verde.com\/wp-content\/uploads\/2024\/02\/DSC01375-1024x1024.jpg\" class=\"attachment-large size-large wp-image-55533\" alt=\"\" srcset=\"https:\/\/pro.costa-verde.com\/wp-content\/uploads\/2024\/02\/DSC01375-1024x1024.jpg 1024w, https:\/\/pro.costa-verde.com\/wp-content\/uploads\/2024\/02\/DSC01375-300x300.jpg 300w, https:\/\/pro.costa-verde.com\/wp-content\/uploads\/2024\/02\/DSC01375-150x150.jpg 150w, https:\/\/pro.costa-verde.com\/wp-content\/uploads\/2024\/02\/DSC01375-768x768.jpg 768w, https:\/\/pro.costa-verde.com\/wp-content\/uploads\/2024\/02\/DSC01375-1536x1536.jpg 1536w, https:\/\/pro.costa-verde.com\/wp-content\/uploads\/2024\/02\/DSC01375-600x600.jpg 600w, https:\/\/pro.costa-verde.com\/wp-content\/uploads\/2024\/02\/DSC01375-120x120.jpg 120w, https:\/\/pro.costa-verde.com\/wp-content\/uploads\/2024\/02\/DSC01375.jpg 1920w\" sizes=\"(max-width: 1024px) 100vw, 1024px\" \/>\t\t\t\t\t\t\t\t\t\t\t\t\t\t\t<\/div>\n\t\t\t\t<\/div>\n\t\t\t\t\t<\/div>\n\t\t<\/div>\n\t\t\t\t<div class=\"elementor-column elementor-col-33 elementor-top-column elementor-element elementor-element-3d88f1e\" data-id=\"3d88f1e\" data-element_type=\"column\">\n\t\t\t<div class=\"elementor-widget-wrap elementor-element-populated\">\n\t\t\t\t\t\t<div class=\"elementor-element elementor-element-e23468c elementor-widget elementor-widget-image\" data-id=\"e23468c\" data-element_type=\"widget\" data-widget_type=\"image.default\">\n\t\t\t\t<div class=\"elementor-widget-container\">\n\t\t\t\t\t\t\t\t\t\t\t\t\t\t\t<img loading=\"lazy\" decoding=\"async\" width=\"1024\" height=\"1024\" src=\"https:\/\/pro.costa-verde.com\/wp-content\/uploads\/2024\/02\/DSC01255-1024x1024.jpg\" class=\"attachment-large size-large wp-image-55525\" alt=\"\" srcset=\"https:\/\/pro.costa-verde.com\/wp-content\/uploads\/2024\/02\/DSC01255-1024x1024.jpg 1024w, https:\/\/pro.costa-verde.com\/wp-content\/uploads\/2024\/02\/DSC01255-300x300.jpg 300w, https:\/\/pro.costa-verde.com\/wp-content\/uploads\/2024\/02\/DSC01255-150x150.jpg 150w, https:\/\/pro.costa-verde.com\/wp-content\/uploads\/2024\/02\/DSC01255-768x768.jpg 768w, https:\/\/pro.costa-verde.com\/wp-content\/uploads\/2024\/02\/DSC01255-1536x1536.jpg 1536w, https:\/\/pro.costa-verde.com\/wp-content\/uploads\/2024\/02\/DSC01255-600x600.jpg 600w, https:\/\/pro.costa-verde.com\/wp-content\/uploads\/2024\/02\/DSC01255-120x120.jpg 120w, https:\/\/pro.costa-verde.com\/wp-content\/uploads\/2024\/02\/DSC01255.jpg 1920w\" sizes=\"(max-width: 1024px) 100vw, 1024px\" \/>\t\t\t\t\t\t\t\t\t\t\t\t\t\t\t<\/div>\n\t\t\t\t<\/div>\n\t\t\t\t\t<\/div>\n\t\t<\/div>\n\t\t\t\t\t<\/div>\n\t\t<\/section>\n\t\t\t\t<\/div>\n\t\t","protected":false},"excerpt":{"rendered":"<p>Costa Verde had a notable presence at the latest edition of the Interdecora\u00e7\u00e3o fair, which took place from February 22nd to 25th in Porto.\u00a0 At the invitation of designer Carla Magalh\u00e3es, Costa Verde showcased its latest collection, Foggy, Sandy and Groundy, known for its discreet and unique elegance, in an exhibition that highlighted table art [&hellip;]<\/p>\n","protected":false},"author":438,"featured_media":55492,"parent":0,"menu_order":0,"comment_status":"open","ping_status":"closed","template":"","meta":{"footnotes":""},"class_list":["post-55464","page","type-page","status-publish","has-post-thumbnail","hentry"],"yoast_head":"<!-- This site is optimized with the Yoast SEO plugin v26.9 - https:\/\/yoast.com\/product\/yoast-seo-wordpress\/ -->\n<title>Costa Verde at Interdecora\u00e7\u00e3o 2024 - Costa Verde<\/title>\n<meta name=\"description\" content=\"Costa Verde had a notable presence at the latest edition of the Interdecora\u00e7\u00e3o fair, which took place from February 22nd to 25th in Porto.\" \/>\n<meta name=\"robots\" content=\"index, follow, max-snippet:-1, max-image-preview:large, max-video-preview:-1\" \/>\n<link rel=\"canonical\" href=\"https:\/\/pro.costa-verde.com\/a-costa-verde-na-interdecoracao-2024\/\" \/>\n<meta property=\"og:locale\" content=\"en_US\" \/>\n<meta property=\"og:type\" content=\"article\" \/>\n<meta property=\"og:title\" content=\"Costa Verde at Interdecora\u00e7\u00e3o 2024 - Costa Verde\" \/>\n<meta property=\"og:description\" content=\"Costa Verde had a notable presence at the latest edition of the Interdecora\u00e7\u00e3o fair, which took place from February 22nd to 25th in Porto.\" \/>\n<meta property=\"og:url\" content=\"https:\/\/pro.costa-verde.com\/a-costa-verde-na-interdecoracao-2024\/\" \/>\n<meta property=\"og:site_name\" content=\"Costa Verde\" \/>\n<meta property=\"article:publisher\" content=\"https:\/\/www.facebook.com\/costaverdeporcelanas\/\" \/>\n<meta property=\"article:modified_time\" content=\"2024-02-26T17:16:33+00:00\" \/>\n<meta property=\"og:image\" content=\"https:\/\/pro.costa-verde.com\/wp-content\/uploads\/2024\/02\/IMG_1737.jpg\" \/>\n\t<meta property=\"og:image:width\" content=\"1440\" \/>\n\t<meta property=\"og:image:height\" content=\"1920\" \/>\n\t<meta property=\"og:image:type\" content=\"image\/jpeg\" \/>\n<meta name=\"twitter:card\" content=\"summary_large_image\" \/>\n<meta name=\"twitter:label1\" content=\"Est. reading time\" \/>\n\t<meta name=\"twitter:data1\" content=\"2 minutes\" \/>\n<script type=\"application\/ld+json\" class=\"yoast-schema-graph\">{\"@context\":\"https:\/\/schema.org\",\"@graph\":[{\"@type\":\"WebPage\",\"@id\":\"https:\/\/pro.costa-verde.com\/a-costa-verde-na-interdecoracao-2024\/\",\"url\":\"https:\/\/pro.costa-verde.com\/a-costa-verde-na-interdecoracao-2024\/\",\"name\":\"Costa Verde at Interdecora\u00e7\u00e3o 2024 - Costa Verde\",\"isPartOf\":{\"@id\":\"https:\/\/pro.costa-verde.com\/#website\"},\"primaryImageOfPage\":{\"@id\":\"https:\/\/pro.costa-verde.com\/a-costa-verde-na-interdecoracao-2024\/#primaryimage\"},\"image\":{\"@id\":\"https:\/\/pro.costa-verde.com\/a-costa-verde-na-interdecoracao-2024\/#primaryimage\"},\"thumbnailUrl\":\"https:\/\/pro.costa-verde.com\/wp-content\/uploads\/2024\/02\/IMG_1737.jpg\",\"datePublished\":\"2024-02-26T17:14:56+00:00\",\"dateModified\":\"2024-02-26T17:16:33+00:00\",\"description\":\"Costa Verde had a notable presence at the latest edition of the Interdecora\u00e7\u00e3o fair, which took place from February 22nd to 25th in Porto.\",\"breadcrumb\":{\"@id\":\"https:\/\/pro.costa-verde.com\/a-costa-verde-na-interdecoracao-2024\/#breadcrumb\"},\"inLanguage\":\"en-US\",\"potentialAction\":[{\"@type\":\"ReadAction\",\"target\":[\"https:\/\/pro.costa-verde.com\/a-costa-verde-na-interdecoracao-2024\/\"]}]},{\"@type\":\"ImageObject\",\"inLanguage\":\"en-US\",\"@id\":\"https:\/\/pro.costa-verde.com\/a-costa-verde-na-interdecoracao-2024\/#primaryimage\",\"url\":\"https:\/\/pro.costa-verde.com\/wp-content\/uploads\/2024\/02\/IMG_1737.jpg\",\"contentUrl\":\"https:\/\/pro.costa-verde.com\/wp-content\/uploads\/2024\/02\/IMG_1737.jpg\",\"width\":1440,\"height\":1920,\"caption\":\"Costa Verde na Interdecora\u00e7\u00e3o\"},{\"@type\":\"BreadcrumbList\",\"@id\":\"https:\/\/pro.costa-verde.com\/a-costa-verde-na-interdecoracao-2024\/#breadcrumb\",\"itemListElement\":[{\"@type\":\"ListItem\",\"position\":1,\"name\":\"In\u00edcio\",\"item\":\"https:\/\/pro.costa-verde.com\/en\/\"},{\"@type\":\"ListItem\",\"position\":2,\"name\":\"Costa Verde at Interdecora\u00e7\u00e3o 2024\"}]},{\"@type\":\"WebSite\",\"@id\":\"https:\/\/pro.costa-verde.com\/#website\",\"url\":\"https:\/\/pro.costa-verde.com\/\",\"name\":\"Costa Verde\",\"description\":\"Loja Online\",\"potentialAction\":[{\"@type\":\"SearchAction\",\"target\":{\"@type\":\"EntryPoint\",\"urlTemplate\":\"https:\/\/pro.costa-verde.com\/?s={search_term_string}\"},\"query-input\":{\"@type\":\"PropertyValueSpecification\",\"valueRequired\":true,\"valueName\":\"search_term_string\"}}],\"inLanguage\":\"en-US\"}]}<\/script>\n<!-- \/ Yoast SEO plugin. -->","yoast_head_json":{"title":"Costa Verde at Interdecora\u00e7\u00e3o 2024 - Costa Verde","description":"Costa Verde had a notable presence at the latest edition of the Interdecora\u00e7\u00e3o fair, which took place from February 22nd to 25th in Porto.","robots":{"index":"index","follow":"follow","max-snippet":"max-snippet:-1","max-image-preview":"max-image-preview:large","max-video-preview":"max-video-preview:-1"},"canonical":"https:\/\/pro.costa-verde.com\/a-costa-verde-na-interdecoracao-2024\/","og_locale":"en_US","og_type":"article","og_title":"Costa Verde at Interdecora\u00e7\u00e3o 2024 - Costa Verde","og_description":"Costa Verde had a notable presence at the latest edition of the Interdecora\u00e7\u00e3o fair, which took place from February 22nd to 25th in Porto.","og_url":"https:\/\/pro.costa-verde.com\/a-costa-verde-na-interdecoracao-2024\/","og_site_name":"Costa Verde","article_publisher":"https:\/\/www.facebook.com\/costaverdeporcelanas\/","article_modified_time":"2024-02-26T17:16:33+00:00","og_image":[{"width":1440,"height":1920,"url":"https:\/\/pro.costa-verde.com\/wp-content\/uploads\/2024\/02\/IMG_1737.jpg","type":"image\/jpeg"}],"twitter_card":"summary_large_image","twitter_misc":{"Est. reading time":"2 minutes"},"schema":{"@context":"https:\/\/schema.org","@graph":[{"@type":"WebPage","@id":"https:\/\/pro.costa-verde.com\/a-costa-verde-na-interdecoracao-2024\/","url":"https:\/\/pro.costa-verde.com\/a-costa-verde-na-interdecoracao-2024\/","name":"Costa Verde at Interdecora\u00e7\u00e3o 2024 - Costa Verde","isPartOf":{"@id":"https:\/\/pro.costa-verde.com\/#website"},"primaryImageOfPage":{"@id":"https:\/\/pro.costa-verde.com\/a-costa-verde-na-interdecoracao-2024\/#primaryimage"},"image":{"@id":"https:\/\/pro.costa-verde.com\/a-costa-verde-na-interdecoracao-2024\/#primaryimage"},"thumbnailUrl":"https:\/\/pro.costa-verde.com\/wp-content\/uploads\/2024\/02\/IMG_1737.jpg","datePublished":"2024-02-26T17:14:56+00:00","dateModified":"2024-02-26T17:16:33+00:00","description":"Costa Verde had a notable presence at the latest edition of the Interdecora\u00e7\u00e3o fair, which took place from February 22nd to 25th in Porto.","breadcrumb":{"@id":"https:\/\/pro.costa-verde.com\/a-costa-verde-na-interdecoracao-2024\/#breadcrumb"},"inLanguage":"en-US","potentialAction":[{"@type":"ReadAction","target":["https:\/\/pro.costa-verde.com\/a-costa-verde-na-interdecoracao-2024\/"]}]},{"@type":"ImageObject","inLanguage":"en-US","@id":"https:\/\/pro.costa-verde.com\/a-costa-verde-na-interdecoracao-2024\/#primaryimage","url":"https:\/\/pro.costa-verde.com\/wp-content\/uploads\/2024\/02\/IMG_1737.jpg","contentUrl":"https:\/\/pro.costa-verde.com\/wp-content\/uploads\/2024\/02\/IMG_1737.jpg","width":1440,"height":1920,"caption":"Costa Verde na Interdecora\u00e7\u00e3o"},{"@type":"BreadcrumbList","@id":"https:\/\/pro.costa-verde.com\/a-costa-verde-na-interdecoracao-2024\/#breadcrumb","itemListElement":[{"@type":"ListItem","position":1,"name":"In\u00edcio","item":"https:\/\/pro.costa-verde.com\/en\/"},{"@type":"ListItem","position":2,"name":"Costa Verde at Interdecora\u00e7\u00e3o 2024"}]},{"@type":"WebSite","@id":"https:\/\/pro.costa-verde.com\/#website","url":"https:\/\/pro.costa-verde.com\/","name":"Costa Verde","description":"Loja Online","potentialAction":[{"@type":"SearchAction","target":{"@type":"EntryPoint","urlTemplate":"https:\/\/pro.costa-verde.com\/?s={search_term_string}"},"query-input":{"@type":"PropertyValueSpecification","valueRequired":true,"valueName":"search_term_string"}}],"inLanguage":"en-US"}]}},"_links":{"self":[{"href":"https:\/\/pro.costa-verde.com\/en\/wp-json\/wp\/v2\/pages\/55464","targetHints":{"allow":["GET"]}}],"collection":[{"href":"https:\/\/pro.costa-verde.com\/en\/wp-json\/wp\/v2\/pages"}],"about":[{"href":"https:\/\/pro.costa-verde.com\/en\/wp-json\/wp\/v2\/types\/page"}],"author":[{"embeddable":true,"href":"https:\/\/pro.costa-verde.com\/en\/wp-json\/wp\/v2\/users\/438"}],"replies":[{"embeddable":true,"href":"https:\/\/pro.costa-verde.com\/en\/wp-json\/wp\/v2\/comments?post=55464"}],"version-history":[{"count":4,"href":"https:\/\/pro.costa-verde.com\/en\/wp-json\/wp\/v2\/pages\/55464\/revisions"}],"predecessor-version":[{"id":55547,"href":"https:\/\/pro.costa-verde.com\/en\/wp-json\/wp\/v2\/pages\/55464\/revisions\/55547"}],"wp:featuredmedia":[{"embeddable":true,"href":"https:\/\/pro.costa-verde.com\/en\/wp-json\/wp\/v2\/media\/55492"}],"wp:attachment":[{"href":"https:\/\/pro.costa-verde.com\/en\/wp-json\/wp\/v2\/media?parent=55464"}],"curies":[{"name":"wp","href":"https:\/\/api.w.org\/{rel}","templated":true}]}}